{"id":15589,"date":"2026-02-21T16:27:07","date_gmt":"2026-02-21T16:27:07","guid":{"rendered":"https:\/\/carboniaturismo.it\/?post_type=tribe_events&#038;p=15589"},"modified":"2026-02-21T16:27:07","modified_gmt":"2026-02-21T16:27:07","slug":"monumenti-aperti-a-carbonia-2026-patrimonio-storico-e-culturale","status":"publish","type":"tribe_events","link":"https:\/\/carboniaturismo.it\/it\/event\/monumenti-aperti-a-carbonia-2026-patrimonio-storico-e-culturale\/","title":{"rendered":"MONUMENTI APERTI a Carbonia 2026: patrimonio storico e culturale"},"content":{"rendered":"<div class=\"text-base my-auto mx-auto [--thread-content-margin:--spacing(4)] @w-sm\/main:[--thread-content-margin:--spacing(6)] @w-lg\/main:[--thread-content-margin:--spacing(16)] px-(--thread-content-margin)\">\n<div class=\"[--thread-content-max-width:40rem] @w-lg\/main:[--thread-content-max-width:48rem] mx-auto max-w-(--thread-content-max-width) flex-1 group\/turn-messages focus-visible:outline-hidden relative flex w-full min-w-0 flex-col agent-turn\" tabindex=\"-1\">\n<div class=\"flex max-w-full flex-col grow\">\n<div class=\"min-h-8 text-message relative flex w-full flex-col items-end gap-2 text-start break-words whitespace-normal [.text-message+&amp;]:mt-1\" dir=\"auto\" data-message-author-role=\"assistant\" data-message-id=\"b4735f5a-da7f-4339-a9b1-3ba9c714e456\" data-message-model-slug=\"gpt-5-2-thinking\">\n<div class=\"flex w-full flex-col gap-1 empty:hidden first:pt-[1px]\">\n<div class=\"markdown prose dark:prose-invert w-full wrap-break-word light markdown-new-styling\">\n<p data-start=\"0\" data-end=\"862\"><strong data-start=\"0\" data-end=\"20\">Monumenti Aperti<\/strong> torna anche a Carbonia grazie alla partecipazione del <strong data-start=\"75\" data-end=\"97\" data-is-only-node=\"\">Comune di Carbonia<\/strong> a una delle principali manifestazioni italiane dedicate alla promozione e valorizzazione del patrimonio storico e culturale.<\/p>\n<blockquote>\n<p data-start=\"0\" data-end=\"862\">Un\u2019occasione per riscoprire l\u2019identit\u00e0 della citt\u00e0, raccontarne la storia, custodirne la memoria e condividerla con la comunit\u00e0 e con chi sceglie di visitarla. Per l\u2019edizione <strong data-start=\"398\" data-end=\"406\">2026<\/strong>, in programma <strong data-start=\"421\" data-end=\"439\">23 e 24 maggio<\/strong>, l\u2019<strong data-start=\"443\" data-end=\"471\">Assessorato alla Cultura<\/strong> e l\u2019<strong data-start=\"476\" data-end=\"516\">Assessorato alla Pubblica Istruzione<\/strong> hanno gi\u00e0 avviato il percorso organizzativo coinvolgendo associazioni e scuole cittadine, protagoniste di un lavoro che mette al centro conoscenza, partecipazione e senso di appartenenza.<\/p>\n<\/blockquote>\n<p data-start=\"0\" data-end=\"862\"><img fetchpriority=\"high\" decoding=\"async\" class=\"aligncenter wp-image-15596\" src=\"https:\/\/carboniaturismo.it\/wp-content\/uploads\/2026\/02\/Monumenti-aperti-a-Carbonia-2026-lr-600.jpg\" alt=\"\" width=\"400\" height=\"600\" \/><\/p>\n<p data-start=\"0\" data-end=\"862\"><strong>Carbonia si prepara cos\u00ec ad accogliere cittadini e visitatori nei suoi luoghi simbolo, trasformandoli in un\u2019esperienza collettiva di scoperta e condivisione.<\/strong><\/p>\n<\/div>\n<\/div>\n<\/div>\n<\/div>\n<div class=\"z-0 flex min-h-[46px] justify-start\"><\/div>\n<\/div>\n<\/div>\n","protected":false},"excerpt":{"rendered":"<p>Monumenti Aperti torna anche a Carbonia grazie alla partecipazione del Comune di Carbonia a una delle principali manifestazioni italiane dedicate alla promozione e valorizzazione del patrimonio storico e culturale. Un\u2019occasione [&hellip;]<\/p>\n","protected":false},"author":2,"featured_media":15590,"template":"","meta":{"rs_blank_template":"","rs_page_bg_color":"","slide_template_v7":"","_tribe_events_status":"","_tribe_events_status_reason":"","footnotes":""},"tags":[],"tribe_events_cat":[165,164,163,166,161],"class_list":["post-15589","tribe_events","type-tribe_events","status-publish","has-post-thumbnail","hentry","tribe_events_cat-archeologia","tribe_events_cat-che-cosa-fare-oggi-a-carbonia","tribe_events_cat-raduni","tribe_events_cat-scienza","tribe_events_cat-spettacoli","cat_archeologia","cat_che-cosa-fare-oggi-a-carbonia","cat_raduni","cat_scienza","cat_spettacoli"],"_links":{"self":[{"href":"https:\/\/carboniaturismo.it\/it\/wp-json\/wp\/v2\/tribe_events\/15589","targetHints":{"allow":["GET"]}}],"collection":[{"href":"https:\/\/carboniaturismo.it\/it\/wp-json\/wp\/v2\/tribe_events"}],"about":[{"href":"https:\/\/carboniaturismo.it\/it\/wp-json\/wp\/v2\/types\/tribe_events"}],"author":[{"embeddable":true,"href":"https:\/\/carboniaturismo.it\/it\/wp-json\/wp\/v2\/users\/2"}],"version-history":[{"count":1,"href":"https:\/\/carboniaturismo.it\/it\/wp-json\/wp\/v2\/tribe_events\/15589\/revisions"}],"predecessor-version":[{"id":15602,"href":"https:\/\/carboniaturismo.it\/it\/wp-json\/wp\/v2\/tribe_events\/15589\/revisions\/15602"}],"wp:featuredmedia":[{"embeddable":true,"href":"https:\/\/carboniaturismo.it\/it\/wp-json\/wp\/v2\/media\/15590"}],"wp:attachment":[{"href":"https:\/\/carboniaturismo.it\/it\/wp-json\/wp\/v2\/media?parent=15589"}],"wp:term":[{"taxonomy":"post_tag","embeddable":true,"href":"https:\/\/carboniaturismo.it\/it\/wp-json\/wp\/v2\/tags?post=15589"},{"taxonomy":"tribe_events_cat","embeddable":true,"href":"https:\/\/carboniaturismo.it\/it\/wp-json\/wp\/v2\/tribe_events_cat?post=15589"}],"curies":[{"name":"wp","href":"https:\/\/api.w.org\/{rel}","templated":true}]}}