{"id":1771,"date":"2024-12-30T08:15:47","date_gmt":"2024-12-30T08:15:47","guid":{"rendered":"https:\/\/carboniaturismo.it\/?page_id=1771"},"modified":"2025-03-30T17:25:24","modified_gmt":"2025-03-30T17:25:24","slug":"il-cammino-di-santa-barbara","status":"publish","type":"page","link":"https:\/\/carboniaturismo.it\/it\/idee-vacanza\/il-cammino-di-santa-barbara\/","title":{"rendered":"Il Cammino di Santa Barbara"},"content":{"rendered":"\t\t<div data-elementor-type=\"wp-page\" data-elementor-id=\"1771\" class=\"elementor elementor-1771\" data-elementor-post-type=\"page\">\n\t\t\t\t\t\t<section class=\"elementor-section elementor-top-section elementor-element elementor-element-1d2eff8 elementor-section-stretched elementor-section-boxed elementor-section-height-default elementor-section-height-default row-top\" data-id=\"1d2eff8\" data-element_type=\"section\" data-e-type=\"section\" data-settings=\"{&quot;stretch_section&quot;:&quot;section-stretched&quot;}\">\n\t\t\t\t\t\t<div class=\"elementor-container elementor-column-gap-default\">\n\t\t\t\t\t<div class=\"elementor-column elementor-col-50 elementor-top-column elementor-element elementor-element-f26ea9d\" data-id=\"f26ea9d\" data-element_type=\"column\" data-e-type=\"column\">\n\t\t\t<div class=\"elementor-widget-wrap elementor-element-populated\">\n\t\t\t\t\t\t<div class=\"elementor-element elementor-element-c2a4e05 animated-fast elementor-invisible elementor-widget elementor-widget-gva-heading-block\" data-id=\"c2a4e05\" data-element_type=\"widget\" data-e-type=\"widget\" data-settings=\"{&quot;_animation&quot;:&quot;fadeInUp&quot;}\" data-widget_type=\"gva-heading-block.default\">\n\t\t\t\t<div class=\"elementor-widget-container\">\n\t\t\t\t\t<div class=\"gva-element-gva-heading-block gva-element\">   <div class=\"align-left style-1 widget gsc-heading box-align-left auto-responsive\">\r\n      <div class=\"content-inner\">\r\n         \r\n                  \r\n           \r\n         \r\n                     <h2 class=\"title\">\r\n               <span>Da Carbonia, lungo il culto delle miniere.\n<\/span>\r\n            <\/h2>\r\n                  \r\n         \r\n      <\/div>\r\n   <\/div>\r\n<\/div>\t\t\t\t<\/div>\n\t\t\t\t<\/div>\n\t\t\t\t<div class=\"elementor-element elementor-element-923fc14 elementor-widget elementor-widget-text-editor\" data-id=\"923fc14\" data-element_type=\"widget\" data-e-type=\"widget\" data-widget_type=\"text-editor.default\">\n\t\t\t\t<div class=\"elementor-widget-container\">\n\t\t\t\t\t\t\t\t\t<p><strong>Un viaggio spirituale e naturalistico nel cuore del Sulcis. <span style=\"text-decoration: underline;\"><a href=\"https:\/\/www.camminominerariodisantabarbara.org\/\" target=\"_blank\" rel=\"noopener\">Il Cammino di Santa Barbara<\/a><\/span><\/strong> \u00e8 molto pi\u00f9 di un semplice percorso: \u00e8 un viaggio nel tempo, nella natura e nella cultura della Sardegna sud-occidentale. Prende il nome da <strong>Santa Barbara, la patrona dei minatori,<\/strong> ed \u00e8 un tributo alla memoria di coloro che hanno lavorato nelle miniere, vivendo in simbiosi con la terra e i suoi tesori nascosti. <strong>Il tracciato, che si snoda in un affascinante anello con partenza e arrivo nella citt\u00e0 di Iglesias,<\/strong> attraversa luoghi ricchi di storia e spiritualit\u00e0. Qui,<strong> boschi secolari, foreste rigogliose, dune di sabbia e la costa selvaggia del Sulcis Iglesiente<\/strong> diventano lo scenario di un&#8217;esperienza immersiva tra fede, natura e tradizione.<br \/>Il cammino offre un\u2019occasione unica per gli appassionati di trekking e sport nella natura, con tappe che mettono in risalto non solo la bellezza paesaggistica ma anche la ricchezza culturale del territorio.<\/p><p><strong>Per chi organizza le proprie vacanze nel Sulcis e vuole intraprendere il Cammino pu\u00f2 partire da Carbonia<\/strong> e percorrere le varie tappe. <strong>Partendo dalle tappe 25 e 26 del Cammino di Santa Barbara<\/strong> significa immergersi in un viaggio dentro il cuore autentico della Sardegna.<\/p>\t\t\t\t\t\t\t\t<\/div>\n\t\t\t\t<\/div>\n\t\t\t\t\t<\/div>\n\t\t<\/div>\n\t\t\t\t<div class=\"elementor-column elementor-col-50 elementor-top-column elementor-element elementor-element-99f8fd9 elementor-hidden-tablet elementor-hidden-mobile\" data-id=\"99f8fd9\" data-element_type=\"column\" data-e-type=\"column\">\n\t\t\t<div class=\"elementor-widget-wrap elementor-element-populated\">\n\t\t\t\t\t\t<div class=\"elementor-element elementor-element-3c76866 elementor-widget elementor-widget-image\" data-id=\"3c76866\" data-element_type=\"widget\" data-e-type=\"widget\" data-widget_type=\"image.default\">\n\t\t\t\t<div class=\"elementor-widget-container\">\n\t\t\t\t\t\t\t\t\t\t\t\t\t\t\t<img fetchpriority=\"high\" decoding=\"async\" width=\"900\" height=\"600\" src=\"https:\/\/carboniaturismo.it\/wp-content\/uploads\/2024\/12\/Carbonia-Turismo-Il-percorso-1024x683.jpg\" class=\"attachment-large size-large wp-image-1780\" alt=\"\" srcset=\"https:\/\/carboniaturismo.it\/wp-content\/uploads\/2024\/12\/Carbonia-Turismo-Il-percorso-1024x683.jpg 1024w, https:\/\/carboniaturismo.it\/wp-content\/uploads\/2024\/12\/Carbonia-Turismo-Il-percorso-768x512.jpg 768w, https:\/\/carboniaturismo.it\/wp-content\/uploads\/2024\/12\/Carbonia-Turismo-Il-percorso.jpg 1080w\" sizes=\"(max-width: 900px) 100vw, 900px\" \/>\t\t\t\t\t\t\t\t\t\t\t\t\t\t\t<\/div>\n\t\t\t\t<\/div>\n\t\t\t\t\t<\/div>\n\t\t<\/div>\n\t\t\t\t\t<\/div>\n\t\t<\/section>\n\t\t\t\t<section class=\"elementor-section elementor-top-section elementor-element elementor-element-c804d1c elementor-section-boxed elementor-section-height-default elementor-section-height-default row-top\" data-id=\"c804d1c\" data-element_type=\"section\" data-e-type=\"section\">\n\t\t\t\t\t\t<div class=\"elementor-container elementor-column-gap-default\">\n\t\t\t\t\t<div class=\"elementor-column elementor-col-100 elementor-top-column elementor-element elementor-element-8b865bc\" data-id=\"8b865bc\" data-element_type=\"column\" data-e-type=\"column\">\n\t\t\t<div class=\"elementor-widget-wrap elementor-element-populated\">\n\t\t\t\t\t\t<section class=\"elementor-section elementor-inner-section elementor-element elementor-element-da8bad3 elementor-section-boxed elementor-section-height-default elementor-section-height-default row-top\" data-id=\"da8bad3\" data-element_type=\"section\" data-e-type=\"section\">\n\t\t\t\t\t\t<div class=\"elementor-container elementor-column-gap-default\">\n\t\t\t\t\t<div class=\"elementor-column elementor-col-100 elementor-inner-column elementor-element elementor-element-59422a1\" data-id=\"59422a1\" data-element_type=\"column\" data-e-type=\"column\">\n\t\t\t<div class=\"elementor-widget-wrap elementor-element-populated\">\n\t\t\t\t\t\t<div class=\"elementor-element elementor-element-0bd0c51 elementor-widget elementor-widget-image\" data-id=\"0bd0c51\" data-element_type=\"widget\" data-e-type=\"widget\" data-widget_type=\"image.default\">\n\t\t\t\t<div class=\"elementor-widget-container\">\n\t\t\t\t\t\t\t\t\t\t\t\t\t\t\t<img decoding=\"async\" width=\"124\" height=\"124\" src=\"https:\/\/carboniaturismo.it\/wp-content\/uploads\/2024\/12\/Carbonia-Turismo-Turismo.png\" class=\"attachment-large size-large wp-image-1790\" alt=\"\" \/>\t\t\t\t\t\t\t\t\t\t\t\t\t\t\t<\/div>\n\t\t\t\t<\/div>\n\t\t\t\t\t<\/div>\n\t\t<\/div>\n\t\t\t\t\t<\/div>\n\t\t<\/section>\n\t\t\t\t\t<\/div>\n\t\t<\/div>\n\t\t\t\t\t<\/div>\n\t\t<\/section>\n\t\t\t\t<section class=\"elementor-section elementor-top-section elementor-element elementor-element-d506fea elementor-section-stretched elementor-section-boxed elementor-section-height-default elementor-section-height-default row-top\" data-id=\"d506fea\" data-element_type=\"section\" data-e-type=\"section\" data-settings=\"{&quot;stretch_section&quot;:&quot;section-stretched&quot;,&quot;background_background&quot;:&quot;classic&quot;}\">\n\t\t\t\t\t\t<div class=\"elementor-container elementor-column-gap-default\">\n\t\t\t\t\t<div class=\"elementor-column elementor-col-50 elementor-top-column elementor-element elementor-element-356b78d\" data-id=\"356b78d\" data-element_type=\"column\" data-e-type=\"column\">\n\t\t\t<div class=\"elementor-widget-wrap elementor-element-populated\">\n\t\t\t\t\t\t<div class=\"elementor-element elementor-element-cc58da5 elementor-widget elementor-widget-heading\" data-id=\"cc58da5\" data-element_type=\"widget\" data-e-type=\"widget\" data-widget_type=\"heading.default\">\n\t\t\t\t<div class=\"elementor-widget-container\">\n\t\t\t\t\t<h2 class=\"elementor-heading-title elementor-size-default\">SANT'ANTIOCO - CARBONIA: TAPPA 25<\/h2>\t\t\t\t<\/div>\n\t\t\t\t<\/div>\n\t\t\t\t<div class=\"elementor-element elementor-element-b4f7b29 elementor-widget elementor-widget-text-editor\" data-id=\"b4f7b29\" data-element_type=\"widget\" data-e-type=\"widget\" data-widget_type=\"text-editor.default\">\n\t\t\t\t<div class=\"elementor-widget-container\">\n\t\t\t\t\t\t\t\t\t<p>Dal mare alla citt\u00e0, lungo un sentiero carico di storia. <strong>La tappa 25 del Cammino collega l\u2019isola di Sant\u2019Antioco a Carbonia,<\/strong> seguendo in gran parte il vecchio tracciato delle Ferrovie Meridionali Sarde, oggi riconvertito in <strong>una comoda pista pedonale e ciclabile.<\/strong> Questo tratto, fondamentale nel passato per il trasporto del carbone dalla Grande Miniera di Serbariu al porto di Sant\u2019Antioco, \u00e8 ora un percorso che unisce storia e natura, ideale per chi cerca un\u2019avventura lenta e contemplativa.<\/p><p><strong>La tappa, una delle pi\u00f9 lunghe del Cammino, si sviluppa senza difficolt\u00e0 tecniche,<\/strong> rendendola accessibile a camminatori di ogni livello. Durante il percorso, potrai ammirare panorami che spaziano dalle campagne del Sulcis fino alla costa, immergendoti in una terra che racconta storie di lavoro e resistenza. \u00c8 una camminata che collega il passato minerario al presente, attraverso un viaggio tra memoria e paesaggi unici.<\/p><h4><strong>Un viaggio nel cuore della Sardegna<\/strong><\/h4><p>Che tu scelga di percorrere una tappa o l\u2019intero itinerario, il Cammino di Santa Barbara \u00e8 <strong>un\u2019esperienza indimenticabile, da vivere all\u2019interno di una vacanza nel Sulcis o del tuo viaggio in Sardegna.<\/strong> Ogni passo regala la possibilit\u00e0 di scoprire angoli nascosti e luoghi intrisi di tradizione, perfetti per chi ama lo sport nella natura e desidera coniugare attivit\u00e0 fisica e introspezione.\u00a0Questa terra, capace di sorprendere in ogni stagione, \u00e8 pronta a rivelare la sua anima pi\u00f9 autentica. Camminare nel Sulcis Iglesiente significa vivere un\u2019avventura che lascia il segno, dove ogni angolo racconta una storia e invita a fermarsi per assaporare la quiete della natura e la spiritualit\u00e0 del luogo.<\/p>\t\t\t\t\t\t\t\t<\/div>\n\t\t\t\t<\/div>\n\t\t\t\t<div class=\"elementor-element elementor-element-994c727 elementor-widget elementor-widget-heading\" data-id=\"994c727\" data-element_type=\"widget\" data-e-type=\"widget\" data-widget_type=\"heading.default\">\n\t\t\t\t<div class=\"elementor-widget-container\">\n\t\t\t\t\t<h2 class=\"elementor-heading-title elementor-size-default\">Il percorso<\/h2>\t\t\t\t<\/div>\n\t\t\t\t<\/div>\n\t\t\t\t<div class=\"elementor-element elementor-element-985134b elementor-icon-list--layout-traditional elementor-list-item-link-full_width elementor-widget elementor-widget-icon-list\" data-id=\"985134b\" data-element_type=\"widget\" data-e-type=\"widget\" data-widget_type=\"icon-list.default\">\n\t\t\t\t<div class=\"elementor-widget-container\">\n\t\t\t\t\t\t\t<ul class=\"elementor-icon-list-items\">\n\t\t\t\t\t\t\t<li class=\"elementor-icon-list-item\">\n\t\t\t\t\t\t\t\t\t\t\t<span class=\"elementor-icon-list-icon\">\n\t\t\t\t\t\t\t<i aria-hidden=\"true\" class=\" las la-map-pin\"><\/i>\t\t\t\t\t\t<\/span>\n\t\t\t\t\t\t\t\t\t\t<span class=\"elementor-icon-list-text\">Si parte dalle vie cittadine di <strong>Sant\u2019Antioco<\/strong><\/span>\n\t\t\t\t\t\t\t\t\t<\/li>\n\t\t\t\t\t\t\t\t<li class=\"elementor-icon-list-item\">\n\t\t\t\t\t\t\t\t\t\t\t<span class=\"elementor-icon-list-icon\">\n\t\t\t\t\t\t\t<i aria-hidden=\"true\" class=\" la la-long-arrow-down\"><\/i>\t\t\t\t\t\t<\/span>\n\t\t\t\t\t\t\t\t\t\t<span class=\"elementor-icon-list-text\">Usciti dalla citt\u00e0, si deve attraversare la <strong>SS 126 <\/strong><\/span>\n\t\t\t\t\t\t\t\t\t<\/li>\n\t\t\t\t\t\t\t\t<li class=\"elementor-icon-list-item\">\n\t\t\t\t\t\t\t\t\t\t\t<span class=\"elementor-icon-list-icon\">\n\t\t\t\t\t\t\t<i aria-hidden=\"true\" class=\" la la-long-arrow-down\"><\/i>\t\t\t\t\t\t<\/span>\n\t\t\t\t\t\t\t\t\t\t<span class=\"elementor-icon-list-text\">Il percorso procede sullo sviluppo della ciclabile, per poi trovare l\u2019attraversamento di una strada asfaltata al giungere della <strong>localit\u00e0 di Is Cordedda<\/strong>, in prossimit\u00e0 della rotonda sulla SS 126<\/span>\n\t\t\t\t\t\t\t\t\t<\/li>\n\t\t\t\t\t\t\t\t<li class=\"elementor-icon-list-item\">\n\t\t\t\t\t\t\t\t\t\t\t<span class=\"elementor-icon-list-icon\">\n\t\t\t\t\t\t\t<i aria-hidden=\"true\" class=\" la la-long-arrow-down\"><\/i>\t\t\t\t\t\t<\/span>\n\t\t\t\t\t\t\t\t\t\t<span class=\"elementor-icon-list-text\">Arrivati a <strong>San Giovanni Suergiu<\/strong>, sempre seguendo lo sviluppo della pista ciclabile, si deve attraversare la <strong>via Porto Botte<\/strong>, prosecuzione della SS 195 in urbano.<\/span>\n\t\t\t\t\t\t\t\t\t<\/li>\n\t\t\t\t\t\t\t\t<li class=\"elementor-icon-list-item\">\n\t\t\t\t\t\t\t\t\t\t\t<span class=\"elementor-icon-list-icon\">\n\t\t\t\t\t\t\t<i aria-hidden=\"true\" class=\" lab la-font-awesome-flag\"><\/i>\t\t\t\t\t\t<\/span>\n\t\t\t\t\t\t\t\t\t\t<span class=\"elementor-icon-list-text\">Giunti a <strong>Carbonia<\/strong>, si continua e si conclude lungo il percorso urbano<\/span>\n\t\t\t\t\t\t\t\t\t<\/li>\n\t\t\t\t\t\t<\/ul>\n\t\t\t\t\t\t<\/div>\n\t\t\t\t<\/div>\n\t\t\t\t\t<\/div>\n\t\t<\/div>\n\t\t\t\t<div class=\"elementor-column elementor-col-50 elementor-top-column elementor-element elementor-element-766ccc1\" data-id=\"766ccc1\" data-element_type=\"column\" data-e-type=\"column\">\n\t\t\t<div class=\"elementor-widget-wrap elementor-element-populated\">\n\t\t\t\t\t\t<div class=\"elementor-element elementor-element-dbd46e0 elementor-icon-list--layout-traditional elementor-list-item-link-full_width elementor-widget elementor-widget-icon-list\" data-id=\"dbd46e0\" data-element_type=\"widget\" data-e-type=\"widget\" data-widget_type=\"icon-list.default\">\n\t\t\t\t<div class=\"elementor-widget-container\">\n\t\t\t\t\t\t\t<ul class=\"elementor-icon-list-items\">\n\t\t\t\t\t\t\t<li class=\"elementor-icon-list-item\">\n\t\t\t\t\t\t\t\t\t\t\t<span class=\"elementor-icon-list-icon\">\n\t\t\t\t\t\t\t<i aria-hidden=\"true\" class=\"fas fa-route\"><\/i>\t\t\t\t\t\t<\/span>\n\t\t\t\t\t\t\t\t\t\t<span class=\"elementor-icon-list-text\">Lunghezza: 23,4 km<\/span>\n\t\t\t\t\t\t\t\t\t<\/li>\n\t\t\t\t\t\t\t\t<li class=\"elementor-icon-list-item\">\n\t\t\t\t\t\t\t\t\t\t\t<span class=\"elementor-icon-list-icon\">\n\t\t\t\t\t\t\t<i aria-hidden=\"true\" class=\"fas fa-chart-area\"><\/i>\t\t\t\t\t\t<\/span>\n\t\t\t\t\t\t\t\t\t\t<span class=\"elementor-icon-list-text\">Dislivello: salita 273 m; discesa 198 m<\/span>\n\t\t\t\t\t\t\t\t\t<\/li>\n\t\t\t\t\t\t\t\t<li class=\"elementor-icon-list-item\">\n\t\t\t\t\t\t\t\t\t\t\t<span class=\"elementor-icon-list-icon\">\n\t\t\t\t\t\t\t<i aria-hidden=\"true\" class=\"far fa-chart-bar\"><\/i>\t\t\t\t\t\t<\/span>\n\t\t\t\t\t\t\t\t\t\t<span class=\"elementor-icon-list-text\">Difficolt\u00e0: media<\/span>\n\t\t\t\t\t\t\t\t\t<\/li>\n\t\t\t\t\t\t\t\t<li class=\"elementor-icon-list-item\">\n\t\t\t\t\t\t\t\t\t\t\t<span class=\"elementor-icon-list-icon\">\n\t\t\t\t\t\t\t<i aria-hidden=\"true\" class=\"fas fa-history\"><\/i>\t\t\t\t\t\t<\/span>\n\t\t\t\t\t\t\t\t\t\t<span class=\"elementor-icon-list-text\">Durata: 7 ore e 30 min.<\/span>\n\t\t\t\t\t\t\t\t\t<\/li>\n\t\t\t\t\t\t<\/ul>\n\t\t\t\t\t\t<\/div>\n\t\t\t\t<\/div>\n\t\t\t\t\t<\/div>\n\t\t<\/div>\n\t\t\t\t\t<\/div>\n\t\t<\/section>\n\t\t\t\t<section class=\"elementor-section elementor-top-section elementor-element elementor-element-e010df2 elementor-section-stretched elementor-section-boxed elementor-section-height-default elementor-section-height-default row-top\" data-id=\"e010df2\" data-element_type=\"section\" data-e-type=\"section\" data-settings=\"{&quot;stretch_section&quot;:&quot;section-stretched&quot;,&quot;background_background&quot;:&quot;classic&quot;}\">\n\t\t\t\t\t\t<div class=\"elementor-container elementor-column-gap-default\">\n\t\t\t\t\t<div class=\"elementor-column elementor-col-50 elementor-top-column elementor-element elementor-element-63d3b5b\" data-id=\"63d3b5b\" data-element_type=\"column\" data-e-type=\"column\">\n\t\t\t<div class=\"elementor-widget-wrap elementor-element-populated\">\n\t\t\t\t\t\t<div class=\"elementor-element elementor-element-ed14c0d elementor-widget elementor-widget-heading\" data-id=\"ed14c0d\" data-element_type=\"widget\" data-e-type=\"widget\" data-widget_type=\"heading.default\">\n\t\t\t\t<div class=\"elementor-widget-container\">\n\t\t\t\t\t<h2 class=\"elementor-heading-title elementor-size-default\">CARBONIA - NURAXI FIGUS: TAPPA 26<\/h2>\t\t\t\t<\/div>\n\t\t\t\t<\/div>\n\t\t\t\t<div class=\"elementor-element elementor-element-5619155 elementor-widget elementor-widget-text-editor\" data-id=\"5619155\" data-element_type=\"widget\" data-e-type=\"widget\" data-widget_type=\"text-editor.default\">\n\t\t\t\t<div class=\"elementor-widget-container\">\n\t\t\t\t\t\t\t\t\t<p>Un viaggio tra archeologia, miniere e natura nel cuore del Sulcis. <strong>La tappa 26 del Cammino di Santa Barbara \u00e8 una delle pi\u00f9 emozionanti per chi desidera immergersi nell&#8217;essenza autentica del Sulcis Iglesiente.<\/strong> Questo percorso, che <strong>collega Carbonia a Nuraxi Figus, attraversa paesaggi che uniscono la maestosit\u00e0 della natura alla straordinaria ricchezza storica e culturale del territorio.<\/strong> Si tratta di un itinerario pi\u00f9 impegnativo e leggermente pi\u00f9 lungo rispetto ad altre tappe, ma che regala un\u2019esperienza unica per gli appassionati di trekking e avventure nella natura.<\/p><h4><strong>Un parco archeologico a cielo aperto<\/strong><\/h4><p>La tappa rappresenta un vero e proprio viaggio nel tempo. Partendo dalla citt\u00e0 di Carbonia, con la sua importante eredit\u00e0 di archeologia industriale, si <strong>passa attraverso luoghi che testimoniano la millenaria storia di questa terra.<\/strong> Da un lato, le maestose strutture della <strong>Grande Miniera di Serbariu,<\/strong> simbolo dell\u2019epoca mineraria del XX secolo; dall\u2019altro, si giunge alla <strong>miniera di Nuraxi Figus,<\/strong> ancora viva nel ricordo di chi ha vissuto il boom minerario.<\/p><p>Lungo il cammino, ogni passo \u00e8 un\u2019immersione nella memoria: non solo quella dell\u2019epoca industriale, ma anche quella pi\u00f9 antica, che risale a oltre 5.000 anni fa. Il territorio, infatti, <strong>custodisce tracce significative di archeologia classica e preistorica, come nuraghi, villaggi e altre testimonianze della civilt\u00e0 nuragica<\/strong> che rendono questa tappa un&#8217;avventura anche dal punto di vista culturale.<\/p><h4><strong>Esperienza nella natura e nello sport<\/strong><\/h4><p><strong>Questa tappa \u00e8 perfetta per chi cerca una combinazione di sport in Sardegna e immersione nella natura.<\/strong> Il percorso si snoda tra colline, pianure e sentieri, offrendo scorci mozzafiato sul paesaggio selvaggio del Sulcis Iglesiente. Camminare da Carbonia a Nuraxi Figus significa esplorare un ambiente unico, dove la vegetazione mediterranea si intreccia con la storia e le tradizioni di una terra che ha saputo resistere al tempo.<\/p><h4><strong>Vacanze nel Sulcis e turismo attivo<\/strong><\/h4><p><strong>La tappa 26 del Cammino di Santa Barbara<\/strong> \u00e8 un invito a vivere il Sulcis in modo autentico, dedicandosi a una forma di turismo attivo che unisce attivit\u00e0 fisica e scoperta culturale. Se stai programmando le tue vacanze nel Sulcis iglesiente, includere questa tappa ti permetter\u00e0 di <strong>scoprire luoghi meno conosciuti ma straordinariamente affascinanti,<\/strong> lontani dai percorsi turistici tradizionali.<\/p><p>Questo tratto rappresenta non solo una sfida per i camminatori, ma anche un\u2019opportunit\u00e0 per <strong>entrare in sintonia con il ritmo lento e profondo della Sardegna,<\/strong> una terra che sa regalare emozioni indimenticabili. <strong>Dalle miniere ai nuraghi, dal passato industriale alla preistoria,<\/strong> questa tappa \u00e8 un viaggio che racchiude tutto il fascino del Cuore del Sulcis.<\/p>\t\t\t\t\t\t\t\t<\/div>\n\t\t\t\t<\/div>\n\t\t\t\t<div class=\"elementor-element elementor-element-231ec5f elementor-widget elementor-widget-heading\" data-id=\"231ec5f\" data-element_type=\"widget\" data-e-type=\"widget\" data-widget_type=\"heading.default\">\n\t\t\t\t<div class=\"elementor-widget-container\">\n\t\t\t\t\t<h2 class=\"elementor-heading-title elementor-size-default\">Il percorso<\/h2>\t\t\t\t<\/div>\n\t\t\t\t<\/div>\n\t\t\t\t<div class=\"elementor-element elementor-element-226344a elementor-icon-list--layout-traditional elementor-list-item-link-full_width elementor-widget elementor-widget-icon-list\" data-id=\"226344a\" data-element_type=\"widget\" data-e-type=\"widget\" data-widget_type=\"icon-list.default\">\n\t\t\t\t<div class=\"elementor-widget-container\">\n\t\t\t\t\t\t\t<ul class=\"elementor-icon-list-items\">\n\t\t\t\t\t\t\t<li class=\"elementor-icon-list-item\">\n\t\t\t\t\t\t\t\t\t\t\t<span class=\"elementor-icon-list-icon\">\n\t\t\t\t\t\t\t<i aria-hidden=\"true\" class=\" las la-map-pin\"><\/i>\t\t\t\t\t\t<\/span>\n\t\t\t\t\t\t\t\t\t\t<span class=\"elementor-icon-list-text\">Si esce da <strong>Carbonia<\/strong> alla volta della <strong>Miniera di Serbariu<\/strong>, percorrendo un tratto urbano.<\/span>\n\t\t\t\t\t\t\t\t\t<\/li>\n\t\t\t\t\t\t\t\t<li class=\"elementor-icon-list-item\">\n\t\t\t\t\t\t\t\t\t\t\t<span class=\"elementor-icon-list-icon\">\n\t\t\t\t\t\t\t<i aria-hidden=\"true\" class=\" la la-long-arrow-down\"><\/i>\t\t\t\t\t\t<\/span>\n\t\t\t\t\t\t\t\t\t\t<span class=\"elementor-icon-list-text\">Attraversata la miniera e una volta usciti, si attraversa la <strong>SS 126<\/strong> per immettersi sulla strada sterrata che conduce al <strong>Nuraghe Sirai<\/strong> (prestare molta attenzione all\u2019attraversamento: la strada \u00e8 a traffico veicolare intenso e veloce).<\/span>\n\t\t\t\t\t\t\t\t\t<\/li>\n\t\t\t\t\t\t\t\t<li class=\"elementor-icon-list-item\">\n\t\t\t\t\t\t\t\t\t\t\t<span class=\"elementor-icon-list-icon\">\n\t\t\t\t\t\t\t<i aria-hidden=\"true\" class=\" la la-long-arrow-down\"><\/i>\t\t\t\t\t\t<\/span>\n\t\t\t\t\t\t\t\t\t\t<span class=\"elementor-icon-list-text\">Arrivati al <strong>depuratore di Flumentepido<\/strong>, \u00e8 necessario vedere se il Rio Flumentepido si trova in piena. In caso si deve percorrere la variante che ci porta a Cortoghiana, passando per <strong>Medau Desogus<\/strong>.<\/span>\n\t\t\t\t\t\t\t\t\t<\/li>\n\t\t\t\t\t\t\t\t<li class=\"elementor-icon-list-item\">\n\t\t\t\t\t\t\t\t\t\t\t<span class=\"elementor-icon-list-icon\">\n\t\t\t\t\t\t\t<i aria-hidden=\"true\" class=\" la la-long-arrow-down\"><\/i>\t\t\t\t\t\t<\/span>\n\t\t\t\t\t\t\t\t\t\t<span class=\"elementor-icon-list-text\">Si arriva poi all\u2019altezza di <strong>Cortoghiana<\/strong>, presso la zona commerciale dei mobilifici, e attraversa la SS 126 all\u2019altezza del semaforo.<\/span>\n\t\t\t\t\t\t\t\t\t<\/li>\n\t\t\t\t\t\t\t\t<li class=\"elementor-icon-list-item\">\n\t\t\t\t\t\t\t\t\t\t\t<span class=\"elementor-icon-list-icon\">\n\t\t\t\t\t\t\t<i aria-hidden=\"true\" class=\" lab la-font-awesome-flag\"><\/i>\t\t\t\t\t\t<\/span>\n\t\t\t\t\t\t\t\t\t\t<span class=\"elementor-icon-list-text\">Successivamente, si attraversa in parte Cortoghiana e si prosegue alla volta di <strong>Nuraxi Figus<\/strong> dove anche in questo caso si attraversa il paese su strade con traffico urbano.<\/span>\n\t\t\t\t\t\t\t\t\t<\/li>\n\t\t\t\t\t\t<\/ul>\n\t\t\t\t\t\t<\/div>\n\t\t\t\t<\/div>\n\t\t\t\t<div class=\"elementor-element elementor-element-07d0511 elementor-widget elementor-widget-text-editor\" data-id=\"07d0511\" data-element_type=\"widget\" data-e-type=\"widget\" data-widget_type=\"text-editor.default\">\n\t\t\t\t<div class=\"elementor-widget-container\">\n\t\t\t\t\t\t\t\t\t<p><strong>La tappa \u00e8 lunga, pertanto si consiglia una preparazione adeguata.<\/strong><\/p>\t\t\t\t\t\t\t\t<\/div>\n\t\t\t\t<\/div>\n\t\t\t\t\t<\/div>\n\t\t<\/div>\n\t\t\t\t<div class=\"elementor-column elementor-col-50 elementor-top-column elementor-element elementor-element-56cfb2a\" data-id=\"56cfb2a\" data-element_type=\"column\" data-e-type=\"column\">\n\t\t\t<div class=\"elementor-widget-wrap elementor-element-populated\">\n\t\t\t\t\t\t<div class=\"elementor-element elementor-element-d12cf74 elementor-icon-list--layout-traditional elementor-list-item-link-full_width elementor-widget elementor-widget-icon-list\" data-id=\"d12cf74\" data-element_type=\"widget\" data-e-type=\"widget\" data-widget_type=\"icon-list.default\">\n\t\t\t\t<div class=\"elementor-widget-container\">\n\t\t\t\t\t\t\t<ul class=\"elementor-icon-list-items\">\n\t\t\t\t\t\t\t<li class=\"elementor-icon-list-item\">\n\t\t\t\t\t\t\t\t\t\t\t<span class=\"elementor-icon-list-icon\">\n\t\t\t\t\t\t\t<i aria-hidden=\"true\" class=\"fas fa-route\"><\/i>\t\t\t\t\t\t<\/span>\n\t\t\t\t\t\t\t\t\t\t<span class=\"elementor-icon-list-text\">Lunghezza: 22,5 km<\/span>\n\t\t\t\t\t\t\t\t\t<\/li>\n\t\t\t\t\t\t\t\t<li class=\"elementor-icon-list-item\">\n\t\t\t\t\t\t\t\t\t\t\t<span class=\"elementor-icon-list-icon\">\n\t\t\t\t\t\t\t<i aria-hidden=\"true\" class=\"fas fa-chart-area\"><\/i>\t\t\t\t\t\t<\/span>\n\t\t\t\t\t\t\t\t\t\t<span class=\"elementor-icon-list-text\">Dislivello: salita 504 m; discesa 498 m<\/span>\n\t\t\t\t\t\t\t\t\t<\/li>\n\t\t\t\t\t\t\t\t<li class=\"elementor-icon-list-item\">\n\t\t\t\t\t\t\t\t\t\t\t<span class=\"elementor-icon-list-icon\">\n\t\t\t\t\t\t\t<i aria-hidden=\"true\" class=\"far fa-chart-bar\"><\/i>\t\t\t\t\t\t<\/span>\n\t\t\t\t\t\t\t\t\t\t<span class=\"elementor-icon-list-text\">Difficolt\u00e0: impegnativa<\/span>\n\t\t\t\t\t\t\t\t\t<\/li>\n\t\t\t\t\t\t\t\t<li class=\"elementor-icon-list-item\">\n\t\t\t\t\t\t\t\t\t\t\t<span class=\"elementor-icon-list-icon\">\n\t\t\t\t\t\t\t<i aria-hidden=\"true\" class=\"fas fa-history\"><\/i>\t\t\t\t\t\t<\/span>\n\t\t\t\t\t\t\t\t\t\t<span class=\"elementor-icon-list-text\">Durata: 8 ore <\/span>\n\t\t\t\t\t\t\t\t\t<\/li>\n\t\t\t\t\t\t<\/ul>\n\t\t\t\t\t\t<\/div>\n\t\t\t\t<\/div>\n\t\t\t\t\t<\/div>\n\t\t<\/div>\n\t\t\t\t\t<\/div>\n\t\t<\/section>\n\t\t\t\t<section class=\"elementor-section elementor-top-section elementor-element elementor-element-2427d8c elementor-section-boxed elementor-section-height-default elementor-section-height-default row-top\" data-id=\"2427d8c\" data-element_type=\"section\" data-e-type=\"section\">\n\t\t\t\t\t\t<div class=\"elementor-container elementor-column-gap-default\">\n\t\t\t\t\t<div class=\"elementor-column elementor-col-100 elementor-top-column elementor-element elementor-element-ffad1be\" data-id=\"ffad1be\" data-element_type=\"column\" data-e-type=\"column\">\n\t\t\t<div class=\"elementor-widget-wrap elementor-element-populated\">\n\t\t\t\t\t\t<div class=\"elementor-element elementor-element-220acdf elementor-widget elementor-widget-image\" data-id=\"220acdf\" data-element_type=\"widget\" data-e-type=\"widget\" data-widget_type=\"image.default\">\n\t\t\t\t<div class=\"elementor-widget-container\">\n\t\t\t\t\t\t\t\t\t\t\t\t\t\t\t<img decoding=\"async\" width=\"768\" height=\"211\" src=\"https:\/\/carboniaturismo.it\/wp-content\/uploads\/2024\/12\/Risorsa-3-768x211.png\" class=\"attachment-medium_large size-medium_large wp-image-1500\" alt=\"\" srcset=\"https:\/\/carboniaturismo.it\/wp-content\/uploads\/2024\/12\/Risorsa-3-768x211.png 768w, https:\/\/carboniaturismo.it\/wp-content\/uploads\/2024\/12\/Risorsa-3-1024x282.png 1024w, https:\/\/carboniaturismo.it\/wp-content\/uploads\/2024\/12\/Risorsa-3.png 1268w\" sizes=\"(max-width: 768px) 100vw, 768px\" \/>\t\t\t\t\t\t\t\t\t\t\t\t\t\t\t<\/div>\n\t\t\t\t<\/div>\n\t\t\t\t\t<\/div>\n\t\t<\/div>\n\t\t\t\t\t<\/div>\n\t\t<\/section>\n\t\t\t\t<section class=\"elementor-section elementor-top-section elementor-element elementor-element-14cf1e9 elementor-section-full_width elementor-section-stretched elementor-section-height-default elementor-section-height-default row-top\" data-id=\"14cf1e9\" data-element_type=\"section\" data-e-type=\"section\" data-settings=\"{&quot;stretch_section&quot;:&quot;section-stretched&quot;}\">\n\t\t\t\t\t\t<div class=\"elementor-container elementor-column-gap-default\">\n\t\t\t\t\t<div class=\"elementor-column elementor-col-50 elementor-top-column elementor-element elementor-element-8e1491a\" data-id=\"8e1491a\" data-element_type=\"column\" data-e-type=\"column\" data-settings=\"{&quot;background_background&quot;:&quot;classic&quot;}\">\n\t\t\t<div class=\"elementor-widget-wrap elementor-element-populated\">\n\t\t\t\t\t\t<div class=\"elementor-element elementor-element-32b6dd5 elementor-widget elementor-widget-spacer\" data-id=\"32b6dd5\" data-element_type=\"widget\" data-e-type=\"widget\" data-widget_type=\"spacer.default\">\n\t\t\t\t<div class=\"elementor-widget-container\">\n\t\t\t\t\t\t\t<div class=\"elementor-spacer\">\n\t\t\t<div class=\"elementor-spacer-inner\"><\/div>\n\t\t<\/div>\n\t\t\t\t\t\t<\/div>\n\t\t\t\t<\/div>\n\t\t\t\t\t<\/div>\n\t\t<\/div>\n\t\t\t\t<div class=\"elementor-column elementor-col-50 elementor-top-column elementor-element elementor-element-a4be183\" data-id=\"a4be183\" data-element_type=\"column\" data-e-type=\"column\" data-settings=\"{&quot;background_background&quot;:&quot;classic&quot;}\">\n\t\t\t<div class=\"elementor-widget-wrap elementor-element-populated\">\n\t\t\t\t\t\t<div class=\"elementor-element elementor-element-58714b9 elementor-widget elementor-widget-gva-heading-block\" data-id=\"58714b9\" data-element_type=\"widget\" data-e-type=\"widget\" data-widget_type=\"gva-heading-block.default\">\n\t\t\t\t<div class=\"elementor-widget-container\">\n\t\t\t\t\t<div class=\"gva-element-gva-heading-block gva-element\">   <div class=\"align-center style-1 widget gsc-heading box-align- auto-responsive\">\r\n      <div class=\"content-inner\">\r\n         \r\n                  \r\n                     <div class=\"sub-title\"><span>Organizza la tua vacanza<\/span><\/div>\r\n           \r\n         \r\n                     <h2 class=\"title\">\r\n               <span>Tutte le informazioni che ti servono per cominciare il tuo viaggio a Carbonia. <\/span>\r\n            <\/h2>\r\n                  \r\n                     <div class=\"heading-action\">\r\n               \t\t  <a href=\"https:\/\/carboniaturismo.it\/it\/idee-vacanza\/\" class=\"btn-cta btn-theme \">\r\n\t\t\t <span>Parti adesso<\/span>\r\n\t\t  <\/a>\r\n\r\n\t\t              <\/div>\r\n         \r\n      <\/div>\r\n   <\/div>\r\n<\/div>\t\t\t\t<\/div>\n\t\t\t\t<\/div>\n\t\t\t\t\t<\/div>\n\t\t<\/div>\n\t\t\t\t\t<\/div>\n\t\t<\/section>\n\t\t\t\t<\/div>\n\t\t","protected":false},"excerpt":{"rendered":"<p>Da Carbonia, lungo il culto delle miniere. Un viaggio spirituale e naturalistico nel cuore del Sulcis. Il Cammino di Santa Barbara \u00e8 molto pi\u00f9 di un semplice percorso: \u00e8 un [&hellip;]<\/p>\n","protected":false},"author":2,"featured_media":0,"parent":1742,"menu_order":0,"comment_status":"closed","ping_status":"closed","template":"","meta":{"rs_blank_template":"","rs_page_bg_color":"","slide_template_v7":"","footnotes":""},"class_list":["post-1771","page","type-page","status-publish","hentry"],"_links":{"self":[{"href":"https:\/\/carboniaturismo.it\/it\/wp-json\/wp\/v2\/pages\/1771","targetHints":{"allow":["GET"]}}],"collection":[{"href":"https:\/\/carboniaturismo.it\/it\/wp-json\/wp\/v2\/pages"}],"about":[{"href":"https:\/\/carboniaturismo.it\/it\/wp-json\/wp\/v2\/types\/page"}],"author":[{"embeddable":true,"href":"https:\/\/carboniaturismo.it\/it\/wp-json\/wp\/v2\/users\/2"}],"replies":[{"embeddable":true,"href":"https:\/\/carboniaturismo.it\/it\/wp-json\/wp\/v2\/comments?post=1771"}],"version-history":[{"count":28,"href":"https:\/\/carboniaturismo.it\/it\/wp-json\/wp\/v2\/pages\/1771\/revisions"}],"predecessor-version":[{"id":12205,"href":"https:\/\/carboniaturismo.it\/it\/wp-json\/wp\/v2\/pages\/1771\/revisions\/12205"}],"up":[{"embeddable":true,"href":"https:\/\/carboniaturismo.it\/it\/wp-json\/wp\/v2\/pages\/1742"}],"wp:attachment":[{"href":"https:\/\/carboniaturismo.it\/it\/wp-json\/wp\/v2\/media?parent=1771"}],"curies":[{"name":"wp","href":"https:\/\/api.w.org\/{rel}","templated":true}]}}