{"id":1689,"date":"2024-12-30T06:27:17","date_gmt":"2024-12-30T06:27:17","guid":{"rendered":"https:\/\/carboniaturismo.it\/?page_id=1689"},"modified":"2025-03-30T17:18:40","modified_gmt":"2025-03-30T17:18:40","slug":"spiagge","status":"publish","type":"page","link":"https:\/\/carboniaturismo.it\/it\/scopri-carbonia\/spiagge\/","title":{"rendered":"Spiagge"},"content":{"rendered":"\t\t<div data-elementor-type=\"wp-page\" data-elementor-id=\"1689\" class=\"elementor elementor-1689\" data-elementor-post-type=\"page\">\n\t\t\t\t\t\t<section class=\"elementor-section elementor-top-section elementor-element elementor-element-2328c3b elementor-section-stretched elementor-section-boxed elementor-section-height-default elementor-section-height-default row-top\" data-id=\"2328c3b\" data-element_type=\"section\" data-e-type=\"section\" data-settings=\"{&quot;stretch_section&quot;:&quot;section-stretched&quot;}\">\n\t\t\t\t\t\t<div class=\"elementor-container elementor-column-gap-default\">\n\t\t\t\t\t<div class=\"elementor-column elementor-col-50 elementor-top-column elementor-element elementor-element-176e0c9\" data-id=\"176e0c9\" data-element_type=\"column\" data-e-type=\"column\">\n\t\t\t<div class=\"elementor-widget-wrap elementor-element-populated\">\n\t\t\t\t\t\t<div class=\"elementor-element elementor-element-2c53006 animated-fast elementor-invisible elementor-widget elementor-widget-gva-heading-block\" data-id=\"2c53006\" data-element_type=\"widget\" data-e-type=\"widget\" data-settings=\"{&quot;_animation&quot;:&quot;fadeInUp&quot;}\" data-widget_type=\"gva-heading-block.default\">\n\t\t\t\t<div class=\"elementor-widget-container\">\n\t\t\t\t\t<div class=\"gva-element-gva-heading-block gva-element\">   <div class=\"align-left style-1 widget gsc-heading box-align-left auto-responsive\">\r\n      <div class=\"content-inner\">\r\n         \r\n                  \r\n           \r\n         \r\n                     <h2 class=\"title\">\r\n               <span>Carbonia \u00e8 anche fatta di mare.\n<\/span>\r\n            <\/h2>\r\n                  \r\n         \r\n      <\/div>\r\n   <\/div>\r\n<\/div>\t\t\t\t<\/div>\n\t\t\t\t<\/div>\n\t\t\t\t<div class=\"elementor-element elementor-element-065db81 elementor-widget elementor-widget-text-editor\" data-id=\"065db81\" data-element_type=\"widget\" data-e-type=\"widget\" data-widget_type=\"text-editor.default\">\n\t\t\t\t<div class=\"elementor-widget-container\">\n\t\t\t\t\t\t\t\t\t<div class=\"elementor-widget-container\"><p><strong>Carbonia \u00e8 una citt\u00e0 che sorprende per la sua vicinanza a paesaggi costieri di rara bellezza.<\/strong> Situata strategicamente nel cuore del Sulcis-Iglesiente, questa destinazione<strong> offre l\u2019opportunit\u00e0 unica di esplorare alcune delle spiagge pi\u00f9 belle della Sardegna.<\/strong> Per chi sceglie vacanze nel Sulcis, Carbonia \u00e8 il punto di partenza ideale: a breve distanza, si trovano spiagge da sogno, incastonate in un contesto naturale incontaminato, che alterna insenature, calette segrete e scogliere mozzafiato.<br \/>Tra le destinazioni pi\u00f9 rinomate, spiccano le spiagge di <strong>Porto Pino e Porto Paglietto,<\/strong> amate per il loro fascino selvaggio e i colori intensi del mare. Per chi desidera un\u2019esperienza ancora pi\u00f9 esclusiva, le mete imperdibili sono <strong>Sa Punta de s\u2019Arena<\/strong> e la celebre <strong>Tuerredda<\/strong>, gioielli del litorale sardo. In questi angoli di paradiso, l\u2019acqua cristallina incontra la sabbia finissima, regalando panorami mozzafiato che sembrano usciti da una cartolina.<br \/>Le vacanze nel Sulcis-Iglesiente permettono di vivere il mare in modo autentico, lontano dalle mete pi\u00f9 affollate, immergendosi in un\u2019atmosfera rilassante dove la natura regna sovrana. Qui, <strong>il mare \u00e8 protagonista indiscusso, ma \u00e8 anche un invito a esplorare il territorio, con le sue ricchezze storiche, culturali ed enogastronomiche.<\/strong><\/p><\/div>\t\t\t\t\t\t\t\t<\/div>\n\t\t\t\t<\/div>\n\t\t\t\t\t<\/div>\n\t\t<\/div>\n\t\t\t\t<div class=\"elementor-column elementor-col-50 elementor-top-column elementor-element elementor-element-3135245 elementor-hidden-tablet elementor-hidden-mobile\" data-id=\"3135245\" data-element_type=\"column\" data-e-type=\"column\">\n\t\t\t<div class=\"elementor-widget-wrap elementor-element-populated\">\n\t\t\t\t\t\t<div class=\"elementor-element elementor-element-3780c85 elementor-widget elementor-widget-image\" data-id=\"3780c85\" data-element_type=\"widget\" data-e-type=\"widget\" data-widget_type=\"image.default\">\n\t\t\t\t<div class=\"elementor-widget-container\">\n\t\t\t\t\t\t\t\t\t\t\t\t\t\t\t<img fetchpriority=\"high\" decoding=\"async\" width=\"900\" height=\"600\" src=\"https:\/\/carboniaturismo.it\/wp-content\/uploads\/2024\/12\/Carbonia-Turismo-Photo-by-Elena-Giglia-Mare-1.jpg\" class=\"attachment-large size-large wp-image-1691\" alt=\"\" srcset=\"https:\/\/carboniaturismo.it\/wp-content\/uploads\/2024\/12\/Carbonia-Turismo-Photo-by-Elena-Giglia-Mare-1.jpg 900w, https:\/\/carboniaturismo.it\/wp-content\/uploads\/2024\/12\/Carbonia-Turismo-Photo-by-Elena-Giglia-Mare-1-768x512.jpg 768w\" sizes=\"(max-width: 900px) 100vw, 900px\" \/>\t\t\t\t\t\t\t\t\t\t\t\t\t\t\t<\/div>\n\t\t\t\t<\/div>\n\t\t\t\t\t<\/div>\n\t\t<\/div>\n\t\t\t\t\t<\/div>\n\t\t<\/section>\n\t\t\t\t<section class=\"elementor-section elementor-top-section elementor-element elementor-element-dd3d99c elementor-section-boxed elementor-section-height-default elementor-section-height-default row-top\" data-id=\"dd3d99c\" data-element_type=\"section\" data-e-type=\"section\">\n\t\t\t\t\t\t<div class=\"elementor-container elementor-column-gap-default\">\n\t\t\t\t\t<div class=\"elementor-column elementor-col-100 elementor-top-column elementor-element elementor-element-0a4a074\" data-id=\"0a4a074\" data-element_type=\"column\" data-e-type=\"column\">\n\t\t\t<div class=\"elementor-widget-wrap elementor-element-populated\">\n\t\t\t\t\t\t<section class=\"elementor-section elementor-inner-section elementor-element elementor-element-179d950 elementor-section-boxed elementor-section-height-default elementor-section-height-default row-top\" data-id=\"179d950\" data-element_type=\"section\" data-e-type=\"section\">\n\t\t\t\t\t\t<div class=\"elementor-container elementor-column-gap-default\">\n\t\t\t\t\t<div class=\"elementor-column elementor-col-100 elementor-inner-column elementor-element elementor-element-b42325b\" data-id=\"b42325b\" data-element_type=\"column\" data-e-type=\"column\">\n\t\t\t<div class=\"elementor-widget-wrap elementor-element-populated\">\n\t\t\t\t\t\t<div class=\"elementor-element elementor-element-cbe7592 elementor-widget elementor-widget-image\" data-id=\"cbe7592\" data-element_type=\"widget\" data-e-type=\"widget\" data-widget_type=\"image.default\">\n\t\t\t\t<div class=\"elementor-widget-container\">\n\t\t\t\t\t\t\t\t\t\t\t\t\t\t\t<img decoding=\"async\" width=\"124\" height=\"124\" src=\"https:\/\/carboniaturismo.it\/wp-content\/uploads\/2024\/12\/Carbonia-Turismo-Mare.png\" class=\"attachment-large size-large wp-image-1692\" alt=\"\" \/>\t\t\t\t\t\t\t\t\t\t\t\t\t\t\t<\/div>\n\t\t\t\t<\/div>\n\t\t\t\t\t<\/div>\n\t\t<\/div>\n\t\t\t\t\t<\/div>\n\t\t<\/section>\n\t\t\t\t\t<\/div>\n\t\t<\/div>\n\t\t\t\t\t<\/div>\n\t\t<\/section>\n\t\t\t\t<section class=\"elementor-section elementor-top-section elementor-element elementor-element-0a819d4 elementor-section-stretched elementor-section-boxed elementor-section-height-default elementor-section-height-default row-top\" data-id=\"0a819d4\" data-element_type=\"section\" data-e-type=\"section\" data-settings=\"{&quot;stretch_section&quot;:&quot;section-stretched&quot;,&quot;background_background&quot;:&quot;classic&quot;}\">\n\t\t\t\t\t\t<div class=\"elementor-container elementor-column-gap-default\">\n\t\t\t\t\t<div class=\"elementor-column elementor-col-100 elementor-top-column elementor-element elementor-element-9f981f3\" data-id=\"9f981f3\" data-element_type=\"column\" data-e-type=\"column\">\n\t\t\t<div class=\"elementor-widget-wrap elementor-element-populated\">\n\t\t\t\t\t\t<div class=\"elementor-element elementor-element-0678912 elementor-widget elementor-widget-heading\" data-id=\"0678912\" data-element_type=\"widget\" data-e-type=\"widget\" data-widget_type=\"heading.default\">\n\t\t\t\t<div class=\"elementor-widget-container\">\n\t\t\t\t\t<h2 class=\"elementor-heading-title elementor-size-default\">Porto Pino\n<\/h2>\t\t\t\t<\/div>\n\t\t\t\t<\/div>\n\t\t\t\t<div class=\"elementor-element elementor-element-5f00b78 elementor-widget elementor-widget-text-editor\" data-id=\"5f00b78\" data-element_type=\"widget\" data-e-type=\"widget\" data-widget_type=\"text-editor.default\">\n\t\t\t\t<div class=\"elementor-widget-container\">\n\t\t\t\t\t\t\t\t\t<div class=\"elementor-widget-container\">Tra i luoghi imperdibili per chi sceglie vacanze nel Sulcis, <strong>la spiaggia di Porto Pino che si estende dal comune di Sant\u2019Anna Arresi sino al comune di Teulada, \u00e8 una vera meraviglia della natura.<\/strong> Questo paradiso \u00e8 noto per la sua sabbia bianca e finissima, che contrasta con l\u2019azzurro intenso del mare, creando uno scenario che incanta e rilassa. <strong>Porto Pino \u00e8 circondata da una vasta pineta, ideale per chi cerca un po\u2019 di ombra e frescura durante le calde giornate estive.<\/strong><br \/>Ma ci\u00f2 che rende questa spiaggia davvero speciale sono <strong>le sue spettacolari dune di sabbia bianca, tra le pi\u00f9 alte d\u2019Europa <\/strong>(nel comune di Teulada). Questi maestosi rilievi naturali offrono un\u2019esperienza unica, unendo la bellezza del mare a quella di <strong>un paesaggio quasi desertico, dove il silenzio e la tranquillit\u00e0 invitano alla contemplazione. <\/strong>Porto Pino \u00e8 un luogo perfetto per chi desidera vivere una giornata a contatto con la natura, tra mare e terra, e rappresenta <strong>una tappa imprescindibile durante le vacanze in Sardegna.<\/strong> Qui, il tempo sembra rallentare, permettendo ai visitatori di immergersi completamente nella bellezza autentica di questa terra.<br \/><br \/><\/div>\t\t\t\t\t\t\t\t<\/div>\n\t\t\t\t<\/div>\n\t\t\t\t\t<\/div>\n\t\t<\/div>\n\t\t\t\t\t<\/div>\n\t\t<\/section>\n\t\t\t\t<section class=\"elementor-section elementor-top-section elementor-element elementor-element-f9b3b47 elementor-section-stretched elementor-section-boxed elementor-section-height-default elementor-section-height-default row-top\" data-id=\"f9b3b47\" data-element_type=\"section\" data-e-type=\"section\" data-settings=\"{&quot;stretch_section&quot;:&quot;section-stretched&quot;,&quot;background_background&quot;:&quot;classic&quot;}\">\n\t\t\t\t\t\t<div class=\"elementor-container elementor-column-gap-default\">\n\t\t\t\t\t<div class=\"elementor-column elementor-col-33 elementor-top-column elementor-element elementor-element-d645027\" data-id=\"d645027\" data-element_type=\"column\" data-e-type=\"column\">\n\t\t\t<div class=\"elementor-widget-wrap elementor-element-populated\">\n\t\t\t\t\t\t<div class=\"elementor-element elementor-element-1516667 elementor-widget elementor-widget-image\" data-id=\"1516667\" data-element_type=\"widget\" data-e-type=\"widget\" data-widget_type=\"image.default\">\n\t\t\t\t<div class=\"elementor-widget-container\">\n\t\t\t\t\t\t\t\t\t\t\t\t<figure class=\"wp-caption\">\n\t\t\t\t\t\t\t\t\t\t<img decoding=\"async\" width=\"580\" height=\"450\" src=\"https:\/\/carboniaturismo.it\/wp-content\/uploads\/2024\/12\/Carbonia-Turismo-Photo-by-ROberto-Ferrari-SantAnna-Arresi-CI-580x450-1.jpg\" class=\"attachment-large size-large wp-image-1695\" alt=\"\" \/>\t\t\t\t\t\t\t\t\t\t\t<figcaption class=\"widget-image-caption wp-caption-text\">La spiaggia di Porto Pino si estende dal comune di Sant\u2019Anna Arresi sino al comune di Teulada.<\/figcaption>\n\t\t\t\t\t\t\t\t\t\t<\/figure>\n\t\t\t\t\t\t\t\t\t<\/div>\n\t\t\t\t<\/div>\n\t\t\t\t\t<\/div>\n\t\t<\/div>\n\t\t\t\t<div class=\"elementor-column elementor-col-33 elementor-top-column elementor-element elementor-element-b57df4e\" data-id=\"b57df4e\" data-element_type=\"column\" data-e-type=\"column\">\n\t\t\t<div class=\"elementor-widget-wrap elementor-element-populated\">\n\t\t\t\t\t\t<div class=\"elementor-element elementor-element-f1a0eaa elementor-widget elementor-widget-image\" data-id=\"f1a0eaa\" data-element_type=\"widget\" data-e-type=\"widget\" data-widget_type=\"image.default\">\n\t\t\t\t<div class=\"elementor-widget-container\">\n\t\t\t\t\t\t\t\t\t\t\t\t<figure class=\"wp-caption\">\n\t\t\t\t\t\t\t\t\t\t<img loading=\"lazy\" decoding=\"async\" width=\"580\" height=\"450\" src=\"https:\/\/carboniaturismo.it\/wp-content\/uploads\/2024\/12\/Carbonia-Turismo-Photo-by-KS-photo-of-Porto-Pino-beach-SantAnna-Aresi-Sardinia-Italy-580x450-1.jpg\" class=\"attachment-large size-large wp-image-1694\" alt=\"\" \/>\t\t\t\t\t\t\t\t\t\t\t<figcaption class=\"widget-image-caption wp-caption-text\">La  lunghissima spiaggia  di circa 4 km \u00e8 il luogo perfetto per una giornata a contatto con la natura.<\/figcaption>\n\t\t\t\t\t\t\t\t\t\t<\/figure>\n\t\t\t\t\t\t\t\t\t<\/div>\n\t\t\t\t<\/div>\n\t\t\t\t\t<\/div>\n\t\t<\/div>\n\t\t\t\t<div class=\"elementor-column elementor-col-33 elementor-top-column elementor-element elementor-element-f4aa7f6\" data-id=\"f4aa7f6\" data-element_type=\"column\" data-e-type=\"column\">\n\t\t\t<div class=\"elementor-widget-wrap elementor-element-populated\">\n\t\t\t\t\t\t<div class=\"elementor-element elementor-element-8205ad0 elementor-widget elementor-widget-image\" data-id=\"8205ad0\" data-element_type=\"widget\" data-e-type=\"widget\" data-widget_type=\"image.default\">\n\t\t\t\t<div class=\"elementor-widget-container\">\n\t\t\t\t\t\t\t\t\t\t\t\t<figure class=\"wp-caption\">\n\t\t\t\t\t\t\t\t\t\t<img loading=\"lazy\" decoding=\"async\" width=\"580\" height=\"450\" src=\"https:\/\/carboniaturismo.it\/wp-content\/uploads\/2024\/12\/Carbonia-Turismo-Photo-by-Gian-Luca-Bucci-Dune-di-Porto-Pino-S.-Anna-Arresi-CI-580x450-1.jpg\" class=\"attachment-large size-large wp-image-1693\" alt=\"\" \/>\t\t\t\t\t\t\t\t\t\t\t<figcaption class=\"widget-image-caption wp-caption-text\">Le spettacolari dune di sabbia bianca sono tra le pi\u00f9 alte d\u2019Europa (nel comune di Teulada).<\/figcaption>\n\t\t\t\t\t\t\t\t\t\t<\/figure>\n\t\t\t\t\t\t\t\t\t<\/div>\n\t\t\t\t<\/div>\n\t\t\t\t\t<\/div>\n\t\t<\/div>\n\t\t\t\t\t<\/div>\n\t\t<\/section>\n\t\t\t\t<section class=\"elementor-section elementor-top-section elementor-element elementor-element-ea97183 elementor-section-stretched elementor-section-boxed elementor-section-height-default elementor-section-height-default row-top\" data-id=\"ea97183\" data-element_type=\"section\" data-e-type=\"section\" data-settings=\"{&quot;stretch_section&quot;:&quot;section-stretched&quot;,&quot;background_background&quot;:&quot;classic&quot;}\">\n\t\t\t\t\t\t<div class=\"elementor-container elementor-column-gap-default\">\n\t\t\t\t\t<div class=\"elementor-column elementor-col-100 elementor-top-column elementor-element elementor-element-ec9796c\" data-id=\"ec9796c\" data-element_type=\"column\" data-e-type=\"column\">\n\t\t\t<div class=\"elementor-widget-wrap elementor-element-populated\">\n\t\t\t\t\t\t<section class=\"elementor-section elementor-inner-section elementor-element elementor-element-69c14d3 elementor-section-boxed elementor-section-height-default elementor-section-height-default row-top\" data-id=\"69c14d3\" data-element_type=\"section\" data-e-type=\"section\">\n\t\t\t\t\t\t<div class=\"elementor-container elementor-column-gap-default\">\n\t\t\t\t\t<div class=\"elementor-column elementor-col-50 elementor-inner-column elementor-element elementor-element-c51653e\" data-id=\"c51653e\" data-element_type=\"column\" data-e-type=\"column\">\n\t\t\t<div class=\"elementor-widget-wrap elementor-element-populated\">\n\t\t\t\t\t\t<div class=\"elementor-element elementor-element-eab9ca1 elementor-position-inline-start elementor-view-default elementor-mobile-position-block-start elementor-widget elementor-widget-icon-box\" data-id=\"eab9ca1\" data-element_type=\"widget\" data-e-type=\"widget\" data-widget_type=\"icon-box.default\">\n\t\t\t\t<div class=\"elementor-widget-container\">\n\t\t\t\t\t\t\t<div class=\"elementor-icon-box-wrapper\">\n\n\t\t\t\t\t\t<div class=\"elementor-icon-box-icon\">\n\t\t\t\t<a href=\"https:\/\/www.google.com\/maps\/place\/Spiaggia+di+Porto+Pino\/@38.9503246,8.5938306,15z\/data=!4m6!3m5!1s0x12e6fdb4b6419c25:0x79744537d4204e4d!8m2!3d38.9481209!4d8.6208777!16s%2Fg%2F1ptwq9lh8?coh=164777&#038;entry=tt&#038;shorturl=1\" target=\"_blank\" class=\"elementor-icon\" tabindex=\"-1\" aria-label=\"Dov&#039;\u00e8\">\n\t\t\t\t<i aria-hidden=\"true\" class=\" flaticon-reisekarte\"><\/i>\t\t\t\t<\/a>\n\t\t\t<\/div>\n\t\t\t\n\t\t\t\t\t\t<div class=\"elementor-icon-box-content\">\n\n\t\t\t\t\t\t\t\t\t<h3 class=\"elementor-icon-box-title\">\n\t\t\t\t\t\t<a href=\"https:\/\/www.google.com\/maps\/place\/Spiaggia+di+Porto+Pino\/@38.9503246,8.5938306,15z\/data=!4m6!3m5!1s0x12e6fdb4b6419c25:0x79744537d4204e4d!8m2!3d38.9481209!4d8.6208777!16s%2Fg%2F1ptwq9lh8?coh=164777&#038;entry=tt&#038;shorturl=1\" target=\"_blank\" >\n\t\t\t\t\t\t\tDov'\u00e8\t\t\t\t\t\t<\/a>\n\t\t\t\t\t<\/h3>\n\t\t\t\t\n\t\t\t\t\t\t\t\t\t<p class=\"elementor-icon-box-description\">\n\t\t\t\t\t\t\u00bb <strong>Comune di Sant\u2019Anna Arresi e Comune di Teulada<\/strong><br>\n\u00bb Circa 80 km da Cagliari (1 ora e 30 min. in auto)<br>\n\u00bb Circa 40 km da Carbonia (30 min. in auto)\n\t\t\t\t\t<\/p>\n\t\t\t\t\n\t\t\t<\/div>\n\t\t\t\n\t\t<\/div>\n\t\t\t\t\t\t<\/div>\n\t\t\t\t<\/div>\n\t\t\t\t<div class=\"elementor-element elementor-element-e8b425d elementor-position-inline-start elementor-view-default elementor-mobile-position-block-start elementor-widget elementor-widget-icon-box\" data-id=\"e8b425d\" data-element_type=\"widget\" data-e-type=\"widget\" data-widget_type=\"icon-box.default\">\n\t\t\t\t<div class=\"elementor-widget-container\">\n\t\t\t\t\t\t\t<div class=\"elementor-icon-box-wrapper\">\n\n\t\t\t\t\t\t<div class=\"elementor-icon-box-icon\">\n\t\t\t\t<span  class=\"elementor-icon\">\n\t\t\t\t<i aria-hidden=\"true\" class=\" flaticon-location\"><\/i>\t\t\t\t<\/span>\n\t\t\t<\/div>\n\t\t\t\n\t\t\t\t\t\t<div class=\"elementor-icon-box-content\">\n\n\t\t\t\t\t\t\t\t\t<h3 class=\"elementor-icon-box-title\">\n\t\t\t\t\t\t<span  >\n\t\t\t\t\t\t\tTipologia\t\t\t\t\t\t<\/span>\n\t\t\t\t\t<\/h3>\n\t\t\t\t\n\t\t\t\t\t\t\t\t\t<p class=\"elementor-icon-box-description\">\n\t\t\t\t\t\tSpiaggia sabbia fina, scogli\t\t\t\t\t<\/p>\n\t\t\t\t\n\t\t\t<\/div>\n\t\t\t\n\t\t<\/div>\n\t\t\t\t\t\t<\/div>\n\t\t\t\t<\/div>\n\t\t\t\t\t<\/div>\n\t\t<\/div>\n\t\t\t\t<div class=\"elementor-column elementor-col-50 elementor-inner-column elementor-element elementor-element-3d580ef\" data-id=\"3d580ef\" data-element_type=\"column\" data-e-type=\"column\">\n\t\t\t<div class=\"elementor-widget-wrap elementor-element-populated\">\n\t\t\t\t\t\t<div class=\"elementor-element elementor-element-9e8b3ed elementor-position-inline-start elementor-view-default elementor-mobile-position-block-start elementor-widget elementor-widget-icon-box\" data-id=\"9e8b3ed\" data-element_type=\"widget\" data-e-type=\"widget\" data-widget_type=\"icon-box.default\">\n\t\t\t\t<div class=\"elementor-widget-container\">\n\t\t\t\t\t\t\t<div class=\"elementor-icon-box-wrapper\">\n\n\t\t\t\t\t\t<div class=\"elementor-icon-box-icon\">\n\t\t\t\t<span  class=\"elementor-icon\">\n\t\t\t\t<i aria-hidden=\"true\" class=\" las la-info-circle\"><\/i>\t\t\t\t<\/span>\n\t\t\t<\/div>\n\t\t\t\n\t\t\t\t\t\t<div class=\"elementor-icon-box-content\">\n\n\t\t\t\t\t\t\t\t\t<h3 class=\"elementor-icon-box-title\">\n\t\t\t\t\t\t<span  >\n\t\t\t\t\t\t\tCaratteristiche\t\t\t\t\t\t<\/span>\n\t\t\t\t\t<\/h3>\n\t\t\t\t\n\t\t\t\t\t\t\t\t\t<p class=\"elementor-icon-box-description\">\n\t\t\t\t\t\t\u00bb <b>Gestione:<\/b> stabilimento, libera <br>\u00bb <b>Parcheggio<\/b> <br>\n\u00bb <b>Accessibilit\u00e0 disabili<\/b><br>\n\u00bb <b>Servizi<\/b>: ristoro\t\t\t\t\t<\/p>\n\t\t\t\t\n\t\t\t<\/div>\n\t\t\t\n\t\t<\/div>\n\t\t\t\t\t\t<\/div>\n\t\t\t\t<\/div>\n\t\t\t\t\t<\/div>\n\t\t<\/div>\n\t\t\t\t\t<\/div>\n\t\t<\/section>\n\t\t\t\t\t<\/div>\n\t\t<\/div>\n\t\t\t\t\t<\/div>\n\t\t<\/section>\n\t\t\t\t<section class=\"elementor-section elementor-top-section elementor-element elementor-element-136a00e elementor-section-stretched elementor-section-boxed elementor-section-height-default elementor-section-height-default row-top\" data-id=\"136a00e\" data-element_type=\"section\" data-e-type=\"section\" data-settings=\"{&quot;stretch_section&quot;:&quot;section-stretched&quot;}\">\n\t\t\t\t\t\t<div class=\"elementor-container elementor-column-gap-default\">\n\t\t\t\t\t<div class=\"elementor-column elementor-col-100 elementor-top-column elementor-element elementor-element-ae3569a\" data-id=\"ae3569a\" data-element_type=\"column\" data-e-type=\"column\">\n\t\t\t<div class=\"elementor-widget-wrap elementor-element-populated\">\n\t\t\t\t\t\t<div class=\"elementor-element elementor-element-9f16f44 elementor-widget elementor-widget-heading\" data-id=\"9f16f44\" data-element_type=\"widget\" data-e-type=\"widget\" data-widget_type=\"heading.default\">\n\t\t\t\t<div class=\"elementor-widget-container\">\n\t\t\t\t\t<h2 class=\"elementor-heading-title elementor-size-default\">Portopaglietto<\/h2>\t\t\t\t<\/div>\n\t\t\t\t<\/div>\n\t\t\t\t<div class=\"elementor-element elementor-element-34cf7a0 elementor-widget elementor-widget-text-editor\" data-id=\"34cf7a0\" data-element_type=\"widget\" data-e-type=\"widget\" data-widget_type=\"text-editor.default\">\n\t\t\t\t<div class=\"elementor-widget-container\">\n\t\t\t\t\t\t\t\t\t<p><strong>Portopaglietto, situata nel comune di Portoscuso,<\/strong> \u00e8 una delle mete da non perdere durante le vacanze nel Sulcis Iglesiente. Questa<strong> incantevole baia, riparata dal tipico vento di Maestrale<\/strong> offre un rifugio tranquillo per chi cerca relax e bellezza in un ambiente naturale e autentico.<br \/>La spiaggia di Portopaglietto si distingue per la sua <strong>sabbia bianca dalle sfumature ambrate, incorniciata da maestose scogliere<\/strong> che aggiungono fascino al paesaggio. Su una di queste scogliere si erge<strong> la storica Torre di Portoscuso, un\u2019importante testimonianza del passato,<\/strong> che domina il panorama e regala scorci mozzafiato, soprattutto al tramonto.<br \/>Uno degli elementi distintivi di questa spiaggia \u00e8 l\u2019affaccio su un grande scoglio noto come <strong>La Ghinghetta, una formazione naturale che diventa protagonista del panorama<\/strong> e offre un punto di riferimento unico. Portopaglietto \u00e8 un luogo perfetto per una giornata all\u2019insegna del relax o per una passeggiata lungo la riva, dove il suono delle onde e la brezza marina creano un\u2019atmosfera magica. Perfetta per famiglie, coppie o viaggiatori solitari, <strong>questa spiaggia vi conquister\u00e0 con la sua atmosfera intima e la sua vicinanza alle altre meraviglie del Sulcis-Iglesiente.<\/strong> Da qui, infatti, \u00e8 possibile partire alla scoperta di altri angoli nascosti e paesaggi unici che rendono questa regione una meta imperdibile.<\/p>\t\t\t\t\t\t\t\t<\/div>\n\t\t\t\t<\/div>\n\t\t\t\t\t<\/div>\n\t\t<\/div>\n\t\t\t\t\t<\/div>\n\t\t<\/section>\n\t\t\t\t<section class=\"elementor-section elementor-top-section elementor-element elementor-element-87d8647 elementor-section-stretched elementor-section-boxed elementor-section-height-default elementor-section-height-default row-top\" data-id=\"87d8647\" data-element_type=\"section\" data-e-type=\"section\" data-settings=\"{&quot;stretch_section&quot;:&quot;section-stretched&quot;}\">\n\t\t\t\t\t\t<div class=\"elementor-container elementor-column-gap-default\">\n\t\t\t\t\t<div class=\"elementor-column elementor-col-33 elementor-top-column elementor-element elementor-element-4308f57\" data-id=\"4308f57\" data-element_type=\"column\" data-e-type=\"column\">\n\t\t\t<div class=\"elementor-widget-wrap elementor-element-populated\">\n\t\t\t\t\t\t<div class=\"elementor-element elementor-element-3da21bf elementor-widget elementor-widget-image\" data-id=\"3da21bf\" data-element_type=\"widget\" data-e-type=\"widget\" data-widget_type=\"image.default\">\n\t\t\t\t<div class=\"elementor-widget-container\">\n\t\t\t\t\t\t\t\t\t\t\t\t<figure class=\"wp-caption\">\n\t\t\t\t\t\t\t\t\t\t<img loading=\"lazy\" decoding=\"async\" width=\"580\" height=\"450\" src=\"https:\/\/carboniaturismo.it\/wp-content\/uploads\/2024\/12\/Carbonia-Turismo-Portopaglietto-580x450-1.jpg\" class=\"attachment-large size-large wp-image-1698\" alt=\"\" \/>\t\t\t\t\t\t\t\t\t\t\t<figcaption class=\"widget-image-caption wp-caption-text\">La sabbia bianca dalle sfumature ambrate di Portopaglietto \u00e8  incorniciata da maestose scogliere.<\/figcaption>\n\t\t\t\t\t\t\t\t\t\t<\/figure>\n\t\t\t\t\t\t\t\t\t<\/div>\n\t\t\t\t<\/div>\n\t\t\t\t\t<\/div>\n\t\t<\/div>\n\t\t\t\t<div class=\"elementor-column elementor-col-33 elementor-top-column elementor-element elementor-element-ff26c70\" data-id=\"ff26c70\" data-element_type=\"column\" data-e-type=\"column\">\n\t\t\t<div class=\"elementor-widget-wrap elementor-element-populated\">\n\t\t\t\t\t\t<div class=\"elementor-element elementor-element-d68b382 elementor-widget elementor-widget-image\" data-id=\"d68b382\" data-element_type=\"widget\" data-e-type=\"widget\" data-widget_type=\"image.default\">\n\t\t\t\t<div class=\"elementor-widget-container\">\n\t\t\t\t\t\t\t\t\t\t\t\t<figure class=\"wp-caption\">\n\t\t\t\t\t\t\t\t\t\t<img loading=\"lazy\" decoding=\"async\" width=\"580\" height=\"450\" src=\"https:\/\/carboniaturismo.it\/wp-content\/uploads\/2024\/12\/Carbonia-Turismo-Photo-by-Paolo-Cannas-Portopaglietto-580x450-1.jpg\" class=\"attachment-large size-large wp-image-1697\" alt=\"\" \/>\t\t\t\t\t\t\t\t\t\t\t<figcaption class=\"widget-image-caption wp-caption-text\">Portopaglietto vi conquister\u00e0  per l'atmosfera intima e la vicinanza alle meraviglie del Sulcis-Iglesiente. <\/figcaption>\n\t\t\t\t\t\t\t\t\t\t<\/figure>\n\t\t\t\t\t\t\t\t\t<\/div>\n\t\t\t\t<\/div>\n\t\t\t\t\t<\/div>\n\t\t<\/div>\n\t\t\t\t<div class=\"elementor-column elementor-col-33 elementor-top-column elementor-element elementor-element-f8642da\" data-id=\"f8642da\" data-element_type=\"column\" data-e-type=\"column\">\n\t\t\t<div class=\"elementor-widget-wrap elementor-element-populated\">\n\t\t\t\t\t\t<div class=\"elementor-element elementor-element-309af43 elementor-widget elementor-widget-image\" data-id=\"309af43\" data-element_type=\"widget\" data-e-type=\"widget\" data-widget_type=\"image.default\">\n\t\t\t\t<div class=\"elementor-widget-container\">\n\t\t\t\t\t\t\t\t\t\t\t\t<figure class=\"wp-caption\">\n\t\t\t\t\t\t\t\t\t\t<img loading=\"lazy\" decoding=\"async\" width=\"580\" height=\"450\" src=\"https:\/\/carboniaturismo.it\/wp-content\/uploads\/2024\/12\/Carbonia-Turismo-Photo-by-Marco-C.-Spiaggia-di-Portopaglietto-580x450-1.jpg\" class=\"attachment-large size-large wp-image-1696\" alt=\"\" \/>\t\t\t\t\t\t\t\t\t\t\t<figcaption class=\"widget-image-caption wp-caption-text\">Portopaglietto \u00e8 un'incantevole baia, riparata dal tipico vento di Maestrale.<\/figcaption>\n\t\t\t\t\t\t\t\t\t\t<\/figure>\n\t\t\t\t\t\t\t\t\t<\/div>\n\t\t\t\t<\/div>\n\t\t\t\t\t<\/div>\n\t\t<\/div>\n\t\t\t\t\t<\/div>\n\t\t<\/section>\n\t\t\t\t<section class=\"elementor-section elementor-top-section elementor-element elementor-element-f0c6712 elementor-section-stretched elementor-section-boxed elementor-section-height-default elementor-section-height-default row-top\" data-id=\"f0c6712\" data-element_type=\"section\" data-e-type=\"section\" data-settings=\"{&quot;stretch_section&quot;:&quot;section-stretched&quot;,&quot;background_background&quot;:&quot;classic&quot;}\">\n\t\t\t\t\t\t<div class=\"elementor-container elementor-column-gap-default\">\n\t\t\t\t\t<div class=\"elementor-column elementor-col-100 elementor-top-column elementor-element elementor-element-5f63f13\" data-id=\"5f63f13\" data-element_type=\"column\" data-e-type=\"column\">\n\t\t\t<div class=\"elementor-widget-wrap elementor-element-populated\">\n\t\t\t\t\t\t<section class=\"elementor-section elementor-inner-section elementor-element elementor-element-3b08532 elementor-section-boxed elementor-section-height-default elementor-section-height-default row-top\" data-id=\"3b08532\" data-element_type=\"section\" data-e-type=\"section\">\n\t\t\t\t\t\t<div class=\"elementor-container elementor-column-gap-default\">\n\t\t\t\t\t<div class=\"elementor-column elementor-col-50 elementor-inner-column elementor-element elementor-element-3b9c4cb\" data-id=\"3b9c4cb\" data-element_type=\"column\" data-e-type=\"column\">\n\t\t\t<div class=\"elementor-widget-wrap elementor-element-populated\">\n\t\t\t\t\t\t<div class=\"elementor-element elementor-element-58f57ab elementor-position-inline-start elementor-view-default elementor-mobile-position-block-start elementor-widget elementor-widget-icon-box\" data-id=\"58f57ab\" data-element_type=\"widget\" data-e-type=\"widget\" data-widget_type=\"icon-box.default\">\n\t\t\t\t<div class=\"elementor-widget-container\">\n\t\t\t\t\t\t\t<div class=\"elementor-icon-box-wrapper\">\n\n\t\t\t\t\t\t<div class=\"elementor-icon-box-icon\">\n\t\t\t\t<a href=\"https:\/\/www.google.com\/maps\/place\/Spiaggia+di+Portopaglietto\/@39.2095516,8.3739164,15z\/data=!3m1!4b1!4m6!3m5!1s0x12e7a5bf65fc51e9:0xec672a835bb5d99c!8m2!3d39.2095522!4d8.3739164!16s%2Fg%2F11c2rbmp2g?entry=ttu&#038;g_ep=EgoyMDI1MDEyMi4wIKXMDSoASAFQAw%3D%3D\" target=\"_blank\" class=\"elementor-icon\" tabindex=\"-1\" aria-label=\"Dov&#039;\u00e8\">\n\t\t\t\t<i aria-hidden=\"true\" class=\" flaticon-reisekarte\"><\/i>\t\t\t\t<\/a>\n\t\t\t<\/div>\n\t\t\t\n\t\t\t\t\t\t<div class=\"elementor-icon-box-content\">\n\n\t\t\t\t\t\t\t\t\t<h3 class=\"elementor-icon-box-title\">\n\t\t\t\t\t\t<a href=\"https:\/\/www.google.com\/maps\/place\/Spiaggia+di+Portopaglietto\/@39.2095516,8.3739164,15z\/data=!3m1!4b1!4m6!3m5!1s0x12e7a5bf65fc51e9:0xec672a835bb5d99c!8m2!3d39.2095522!4d8.3739164!16s%2Fg%2F11c2rbmp2g?entry=ttu&#038;g_ep=EgoyMDI1MDEyMi4wIKXMDSoASAFQAw%3D%3D\" target=\"_blank\" >\n\t\t\t\t\t\t\tDov'\u00e8\t\t\t\t\t\t<\/a>\n\t\t\t\t\t<\/h3>\n\t\t\t\t\n\t\t\t\t\t\t\t\t\t<p class=\"elementor-icon-box-description\">\n\t\t\t\t\t\t\u00bb <strong>Comune di Portoscuso<\/strong><br>\n\u00bb Circa 80 km da Cagliari (1 ora e 15 min. in auto)<br>\n\u00bb Circa 20 km da Carbonia (20 min. in auto)\n\t\t\t\t\t<\/p>\n\t\t\t\t\n\t\t\t<\/div>\n\t\t\t\n\t\t<\/div>\n\t\t\t\t\t\t<\/div>\n\t\t\t\t<\/div>\n\t\t\t\t<div class=\"elementor-element elementor-element-52a2ba6 elementor-position-inline-start elementor-view-default elementor-mobile-position-block-start elementor-widget elementor-widget-icon-box\" data-id=\"52a2ba6\" data-element_type=\"widget\" data-e-type=\"widget\" data-widget_type=\"icon-box.default\">\n\t\t\t\t<div class=\"elementor-widget-container\">\n\t\t\t\t\t\t\t<div class=\"elementor-icon-box-wrapper\">\n\n\t\t\t\t\t\t<div class=\"elementor-icon-box-icon\">\n\t\t\t\t<span  class=\"elementor-icon\">\n\t\t\t\t<i aria-hidden=\"true\" class=\" flaticon-location\"><\/i>\t\t\t\t<\/span>\n\t\t\t<\/div>\n\t\t\t\n\t\t\t\t\t\t<div class=\"elementor-icon-box-content\">\n\n\t\t\t\t\t\t\t\t\t<h3 class=\"elementor-icon-box-title\">\n\t\t\t\t\t\t<span  >\n\t\t\t\t\t\t\tTipologia\t\t\t\t\t\t<\/span>\n\t\t\t\t\t<\/h3>\n\t\t\t\t\n\t\t\t\t\t\t\t\t\t<p class=\"elementor-icon-box-description\">\n\t\t\t\t\t\tSpiaggia sabbia fina, scogli\t\t\t\t\t<\/p>\n\t\t\t\t\n\t\t\t<\/div>\n\t\t\t\n\t\t<\/div>\n\t\t\t\t\t\t<\/div>\n\t\t\t\t<\/div>\n\t\t\t\t\t<\/div>\n\t\t<\/div>\n\t\t\t\t<div class=\"elementor-column elementor-col-50 elementor-inner-column elementor-element elementor-element-8fd1710\" data-id=\"8fd1710\" data-element_type=\"column\" data-e-type=\"column\">\n\t\t\t<div class=\"elementor-widget-wrap elementor-element-populated\">\n\t\t\t\t\t\t<div class=\"elementor-element elementor-element-f780fe5 elementor-position-inline-start elementor-view-default elementor-mobile-position-block-start elementor-widget elementor-widget-icon-box\" data-id=\"f780fe5\" data-element_type=\"widget\" data-e-type=\"widget\" data-widget_type=\"icon-box.default\">\n\t\t\t\t<div class=\"elementor-widget-container\">\n\t\t\t\t\t\t\t<div class=\"elementor-icon-box-wrapper\">\n\n\t\t\t\t\t\t<div class=\"elementor-icon-box-icon\">\n\t\t\t\t<span  class=\"elementor-icon\">\n\t\t\t\t<i aria-hidden=\"true\" class=\" las la-info-circle\"><\/i>\t\t\t\t<\/span>\n\t\t\t<\/div>\n\t\t\t\n\t\t\t\t\t\t<div class=\"elementor-icon-box-content\">\n\n\t\t\t\t\t\t\t\t\t<h3 class=\"elementor-icon-box-title\">\n\t\t\t\t\t\t<span  >\n\t\t\t\t\t\t\tCaratteristiche\t\t\t\t\t\t<\/span>\n\t\t\t\t\t<\/h3>\n\t\t\t\t\n\t\t\t\t\t\t\t\t\t<p class=\"elementor-icon-box-description\">\n\t\t\t\t\t\t\u00bb <b>Servizi<\/b>: ristoro\t\t\t\t\t<\/p>\n\t\t\t\t\n\t\t\t<\/div>\n\t\t\t\n\t\t<\/div>\n\t\t\t\t\t\t<\/div>\n\t\t\t\t<\/div>\n\t\t\t\t\t<\/div>\n\t\t<\/div>\n\t\t\t\t\t<\/div>\n\t\t<\/section>\n\t\t\t\t\t<\/div>\n\t\t<\/div>\n\t\t\t\t\t<\/div>\n\t\t<\/section>\n\t\t\t\t<section class=\"elementor-section elementor-top-section elementor-element elementor-element-a713fbc elementor-section-stretched elementor-section-boxed elementor-section-height-default elementor-section-height-default row-top\" data-id=\"a713fbc\" data-element_type=\"section\" data-e-type=\"section\" data-settings=\"{&quot;stretch_section&quot;:&quot;section-stretched&quot;,&quot;background_background&quot;:&quot;classic&quot;}\">\n\t\t\t\t\t\t<div class=\"elementor-container elementor-column-gap-default\">\n\t\t\t\t\t<div class=\"elementor-column elementor-col-100 elementor-top-column elementor-element elementor-element-6552a37\" data-id=\"6552a37\" data-element_type=\"column\" data-e-type=\"column\">\n\t\t\t<div class=\"elementor-widget-wrap elementor-element-populated\">\n\t\t\t\t\t\t<div class=\"elementor-element elementor-element-999120b elementor-widget elementor-widget-heading\" data-id=\"999120b\" data-element_type=\"widget\" data-e-type=\"widget\" data-widget_type=\"heading.default\">\n\t\t\t\t<div class=\"elementor-widget-container\">\n\t\t\t\t\t<h2 class=\"elementor-heading-title elementor-size-default\">Sa Punta de S\u2019Arena<\/h2>\t\t\t\t<\/div>\n\t\t\t\t<\/div>\n\t\t\t\t<div class=\"elementor-element elementor-element-54d5ef5 elementor-widget elementor-widget-text-editor\" data-id=\"54d5ef5\" data-element_type=\"widget\" data-e-type=\"widget\" data-widget_type=\"text-editor.default\">\n\t\t\t\t<div class=\"elementor-widget-container\">\n\t\t\t\t\t\t\t\t\t<p>Nel suggestivo comune di Gonnesa, un piccolo gioiello nel cuore del Sulcis Iglesiente, si trova <strong>Sa Punta de S\u2019Arena, una delle spiagge pi\u00f9 incantevoli e caratteristiche<\/strong> per chi sceglie di trascorrere le proprie vacanze in Sardegna. <strong>Il suo nome, che in sardo significa &#8220;la punta della sabbia&#8221;,<\/strong> richiama una peculiarit\u00e0 naturale unica: una sporgenza di sabbia che si incastra armoniosamente tra un gruppo di scogli, creando un paesaggio spettacolare.<br \/>La spiaggia di Sa Punta de S\u2019Arena si estende lungo la costa per circa 700 metri ed \u00e8 <strong>caratterizzata da una sabbia dorata che, al tramonto, assume sfumature calde e avvolgenti.<\/strong> Questo luogo \u00e8 perfetto per chi desidera rilassarsi immerso in una natura incontaminata, lontano dal caos delle mete pi\u00f9 affollate. Tra la flora e la fauna che popolano questi fondali, non mancano pesci colorati e altre meraviglie sottomarine che rendono l\u2019esperienza unica.<br \/><strong>Sa Punta de S\u2019Arena offre uno dei panorami pi\u00f9 straordinari della costa sud-occidentale della Sardegna.<\/strong> Da qui, infatti, si pu\u00f2 ammirare il celebre <strong>Pan di Zucchero, il faraglione pi\u00f9 alto del Mediterraneo con i suoi 133 metri.<\/strong> Questa imponente formazione rocciosa, che emerge dalle acque turchesi del mare, \u00e8 una delle attrazioni pi\u00f9 iconiche del Sulcis Iglesiente e rappresenta uno spettacolo imperdibile per chi visita la zona.<br \/>La posizione strategica di Sa Punta de S\u2019Arena rende questa spiaggia una tappa perfetta per esplorare altre localit\u00e0 affascinanti del Sulcis, combinando relax e avventura. \u00c8 un luogo che incarna perfettamente la bellezza selvaggia e autentica della Sardegna, ideale per una giornata indimenticabile all\u2019insegna del mare e della natura.<\/p>\t\t\t\t\t\t\t\t<\/div>\n\t\t\t\t<\/div>\n\t\t\t\t\t<\/div>\n\t\t<\/div>\n\t\t\t\t\t<\/div>\n\t\t<\/section>\n\t\t\t\t<section class=\"elementor-section elementor-top-section elementor-element elementor-element-b59b97b elementor-section-stretched elementor-section-boxed elementor-section-height-default elementor-section-height-default row-top\" data-id=\"b59b97b\" data-element_type=\"section\" data-e-type=\"section\" data-settings=\"{&quot;stretch_section&quot;:&quot;section-stretched&quot;,&quot;background_background&quot;:&quot;classic&quot;}\">\n\t\t\t\t\t\t<div class=\"elementor-container elementor-column-gap-default\">\n\t\t\t\t\t<div class=\"elementor-column elementor-col-33 elementor-top-column elementor-element elementor-element-9c7a462\" data-id=\"9c7a462\" data-element_type=\"column\" data-e-type=\"column\">\n\t\t\t<div class=\"elementor-widget-wrap elementor-element-populated\">\n\t\t\t\t\t\t<div class=\"elementor-element elementor-element-10571c7 elementor-widget elementor-widget-image\" data-id=\"10571c7\" data-element_type=\"widget\" data-e-type=\"widget\" data-widget_type=\"image.default\">\n\t\t\t\t<div class=\"elementor-widget-container\">\n\t\t\t\t\t\t\t\t\t\t\t\t\t\t\t<img loading=\"lazy\" decoding=\"async\" width=\"580\" height=\"450\" src=\"https:\/\/carboniaturismo.it\/wp-content\/uploads\/2024\/12\/Carbonia-Turismo-Barca-a-Sa-Punta-de-SArena-580x450-1.jpg\" class=\"attachment-large size-large wp-image-1723\" alt=\"\" \/>\t\t\t\t\t\t\t\t\t\t\t\t\t\t\t<\/div>\n\t\t\t\t<\/div>\n\t\t\t\t\t<\/div>\n\t\t<\/div>\n\t\t\t\t<div class=\"elementor-column elementor-col-33 elementor-top-column elementor-element elementor-element-19d1c72\" data-id=\"19d1c72\" data-element_type=\"column\" data-e-type=\"column\">\n\t\t\t<div class=\"elementor-widget-wrap elementor-element-populated\">\n\t\t\t\t\t\t<div class=\"elementor-element elementor-element-2ed6024 elementor-widget elementor-widget-image\" data-id=\"2ed6024\" data-element_type=\"widget\" data-e-type=\"widget\" data-widget_type=\"image.default\">\n\t\t\t\t<div class=\"elementor-widget-container\">\n\t\t\t\t\t\t\t\t\t\t\t\t\t\t\t<img loading=\"lazy\" decoding=\"async\" width=\"580\" height=\"450\" src=\"https:\/\/carboniaturismo.it\/wp-content\/uploads\/2024\/12\/Carbonia-Turismo-Photo-by-Mboesch-580x450-1.jpg\" class=\"attachment-large size-large wp-image-1722\" alt=\"\" \/>\t\t\t\t\t\t\t\t\t\t\t\t\t\t\t<\/div>\n\t\t\t\t<\/div>\n\t\t\t\t\t<\/div>\n\t\t<\/div>\n\t\t\t\t<div class=\"elementor-column elementor-col-33 elementor-top-column elementor-element elementor-element-9b4ee35\" data-id=\"9b4ee35\" data-element_type=\"column\" data-e-type=\"column\">\n\t\t\t<div class=\"elementor-widget-wrap elementor-element-populated\">\n\t\t\t\t\t\t<div class=\"elementor-element elementor-element-daa0f8d elementor-widget elementor-widget-image\" data-id=\"daa0f8d\" data-element_type=\"widget\" data-e-type=\"widget\" data-widget_type=\"image.default\">\n\t\t\t\t<div class=\"elementor-widget-container\">\n\t\t\t\t\t\t\t\t\t\t\t\t\t\t\t<img loading=\"lazy\" decoding=\"async\" width=\"580\" height=\"450\" src=\"https:\/\/carboniaturismo.it\/wp-content\/uploads\/2024\/12\/Carbonia-Turismo-Spiaggia-Carbonia-Turismo-Spiaggia-Sa-Punta-de-SArena-580x450-1.jpg\" class=\"attachment-large size-large wp-image-1721\" alt=\"\" \/>\t\t\t\t\t\t\t\t\t\t\t\t\t\t\t<\/div>\n\t\t\t\t<\/div>\n\t\t\t\t\t<\/div>\n\t\t<\/div>\n\t\t\t\t\t<\/div>\n\t\t<\/section>\n\t\t\t\t<section class=\"elementor-section elementor-top-section elementor-element elementor-element-ec53ea0 elementor-section-stretched elementor-section-boxed elementor-section-height-default elementor-section-height-default row-top\" data-id=\"ec53ea0\" data-element_type=\"section\" data-e-type=\"section\" data-settings=\"{&quot;stretch_section&quot;:&quot;section-stretched&quot;,&quot;background_background&quot;:&quot;classic&quot;}\">\n\t\t\t\t\t\t<div class=\"elementor-container elementor-column-gap-default\">\n\t\t\t\t\t<div class=\"elementor-column elementor-col-100 elementor-top-column elementor-element elementor-element-f7c2f29\" data-id=\"f7c2f29\" data-element_type=\"column\" data-e-type=\"column\">\n\t\t\t<div class=\"elementor-widget-wrap elementor-element-populated\">\n\t\t\t\t\t\t<section class=\"elementor-section elementor-inner-section elementor-element elementor-element-1c13a00 elementor-section-boxed elementor-section-height-default elementor-section-height-default row-top\" data-id=\"1c13a00\" data-element_type=\"section\" data-e-type=\"section\">\n\t\t\t\t\t\t<div class=\"elementor-container elementor-column-gap-default\">\n\t\t\t\t\t<div class=\"elementor-column elementor-col-50 elementor-inner-column elementor-element elementor-element-d890a86\" data-id=\"d890a86\" data-element_type=\"column\" data-e-type=\"column\">\n\t\t\t<div class=\"elementor-widget-wrap elementor-element-populated\">\n\t\t\t\t\t\t<div class=\"elementor-element elementor-element-b69202e elementor-position-inline-start elementor-view-default elementor-mobile-position-block-start elementor-widget elementor-widget-icon-box\" data-id=\"b69202e\" data-element_type=\"widget\" data-e-type=\"widget\" data-widget_type=\"icon-box.default\">\n\t\t\t\t<div class=\"elementor-widget-container\">\n\t\t\t\t\t\t\t<div class=\"elementor-icon-box-wrapper\">\n\n\t\t\t\t\t\t<div class=\"elementor-icon-box-icon\">\n\t\t\t\t<a href=\"https:\/\/www.google.com\/maps\/place\/Spiaggia+di+Sa+Punta+e+S&#039;Arena\/@39.2748426,8.395488,14z\/data=!3m1!4b1!4m6!3m5!1s0x12e7a12552f03ab9:0xf2c5353f31e5869d!8m2!3d39.274848!4d8.4292629!16s%2Fg%2F11bw4pb5m5?coh=164777&#038;entry=tt&#038;shorturl=1\" target=\"_blank\" class=\"elementor-icon\" tabindex=\"-1\" aria-label=\"Dov&#039;\u00e8\">\n\t\t\t\t<i aria-hidden=\"true\" class=\" flaticon-reisekarte\"><\/i>\t\t\t\t<\/a>\n\t\t\t<\/div>\n\t\t\t\n\t\t\t\t\t\t<div class=\"elementor-icon-box-content\">\n\n\t\t\t\t\t\t\t\t\t<h3 class=\"elementor-icon-box-title\">\n\t\t\t\t\t\t<a href=\"https:\/\/www.google.com\/maps\/place\/Spiaggia+di+Sa+Punta+e+S&#039;Arena\/@39.2748426,8.395488,14z\/data=!3m1!4b1!4m6!3m5!1s0x12e7a12552f03ab9:0xf2c5353f31e5869d!8m2!3d39.274848!4d8.4292629!16s%2Fg%2F11bw4pb5m5?coh=164777&#038;entry=tt&#038;shorturl=1\" target=\"_blank\" >\n\t\t\t\t\t\t\tDov'\u00e8\t\t\t\t\t\t<\/a>\n\t\t\t\t\t<\/h3>\n\t\t\t\t\n\t\t\t\t\t\t\t\t\t<p class=\"elementor-icon-box-description\">\n\t\t\t\t\t\t\u00bb <strong>Comune di Gonnesa<\/strong><br>\n\u00bb Circa 70 km da Cagliari (1 ora in auto)<br>\n\u00bb Circa 18 km da Carbonia (20 min. in auto)\n\t\t\t\t\t<\/p>\n\t\t\t\t\n\t\t\t<\/div>\n\t\t\t\n\t\t<\/div>\n\t\t\t\t\t\t<\/div>\n\t\t\t\t<\/div>\n\t\t\t\t<div class=\"elementor-element elementor-element-a9db518 elementor-position-inline-start elementor-view-default elementor-mobile-position-block-start elementor-widget elementor-widget-icon-box\" data-id=\"a9db518\" data-element_type=\"widget\" data-e-type=\"widget\" data-widget_type=\"icon-box.default\">\n\t\t\t\t<div class=\"elementor-widget-container\">\n\t\t\t\t\t\t\t<div class=\"elementor-icon-box-wrapper\">\n\n\t\t\t\t\t\t<div class=\"elementor-icon-box-icon\">\n\t\t\t\t<span  class=\"elementor-icon\">\n\t\t\t\t<i aria-hidden=\"true\" class=\" flaticon-location\"><\/i>\t\t\t\t<\/span>\n\t\t\t<\/div>\n\t\t\t\n\t\t\t\t\t\t<div class=\"elementor-icon-box-content\">\n\n\t\t\t\t\t\t\t\t\t<h3 class=\"elementor-icon-box-title\">\n\t\t\t\t\t\t<span  >\n\t\t\t\t\t\t\tTipologia\t\t\t\t\t\t<\/span>\n\t\t\t\t\t<\/h3>\n\t\t\t\t\n\t\t\t\t\t\t\t\t\t<p class=\"elementor-icon-box-description\">\n\t\t\t\t\t\tSpiaggia sabbia fina\t\t\t\t\t<\/p>\n\t\t\t\t\n\t\t\t<\/div>\n\t\t\t\n\t\t<\/div>\n\t\t\t\t\t\t<\/div>\n\t\t\t\t<\/div>\n\t\t\t\t\t<\/div>\n\t\t<\/div>\n\t\t\t\t<div class=\"elementor-column elementor-col-50 elementor-inner-column elementor-element elementor-element-b1cdab5\" data-id=\"b1cdab5\" data-element_type=\"column\" data-e-type=\"column\">\n\t\t\t<div class=\"elementor-widget-wrap elementor-element-populated\">\n\t\t\t\t\t\t<div class=\"elementor-element elementor-element-ad8f856 elementor-position-inline-start elementor-view-default elementor-mobile-position-block-start elementor-widget elementor-widget-icon-box\" data-id=\"ad8f856\" data-element_type=\"widget\" data-e-type=\"widget\" data-widget_type=\"icon-box.default\">\n\t\t\t\t<div class=\"elementor-widget-container\">\n\t\t\t\t\t\t\t<div class=\"elementor-icon-box-wrapper\">\n\n\t\t\t\t\t\t<div class=\"elementor-icon-box-icon\">\n\t\t\t\t<span  class=\"elementor-icon\">\n\t\t\t\t<i aria-hidden=\"true\" class=\" las la-info-circle\"><\/i>\t\t\t\t<\/span>\n\t\t\t<\/div>\n\t\t\t\n\t\t\t\t\t\t<div class=\"elementor-icon-box-content\">\n\n\t\t\t\t\t\t\t\t\t<h3 class=\"elementor-icon-box-title\">\n\t\t\t\t\t\t<span  >\n\t\t\t\t\t\t\tCaratteristiche\t\t\t\t\t\t<\/span>\n\t\t\t\t\t<\/h3>\n\t\t\t\t\n\t\t\t\t\t\t\t\t\t<p class=\"elementor-icon-box-description\">\n\t\t\t\t\t\t\u00bb <b>Servizi<\/b>: ristoro\t\t\t\t\t<\/p>\n\t\t\t\t\n\t\t\t<\/div>\n\t\t\t\n\t\t<\/div>\n\t\t\t\t\t\t<\/div>\n\t\t\t\t<\/div>\n\t\t\t\t\t<\/div>\n\t\t<\/div>\n\t\t\t\t\t<\/div>\n\t\t<\/section>\n\t\t\t\t\t<\/div>\n\t\t<\/div>\n\t\t\t\t\t<\/div>\n\t\t<\/section>\n\t\t\t\t<section class=\"elementor-section elementor-top-section elementor-element elementor-element-7c60c74 elementor-section-stretched elementor-section-boxed elementor-section-height-default elementor-section-height-default row-top\" data-id=\"7c60c74\" data-element_type=\"section\" data-e-type=\"section\" data-settings=\"{&quot;stretch_section&quot;:&quot;section-stretched&quot;,&quot;background_background&quot;:&quot;classic&quot;}\">\n\t\t\t\t\t\t<div class=\"elementor-container elementor-column-gap-default\">\n\t\t\t\t\t<div class=\"elementor-column elementor-col-100 elementor-top-column elementor-element elementor-element-d8c7511\" data-id=\"d8c7511\" data-element_type=\"column\" data-e-type=\"column\">\n\t\t\t<div class=\"elementor-widget-wrap elementor-element-populated\">\n\t\t\t\t\t\t<div class=\"elementor-element elementor-element-010ad14 elementor-widget elementor-widget-heading\" data-id=\"010ad14\" data-element_type=\"widget\" data-e-type=\"widget\" data-widget_type=\"heading.default\">\n\t\t\t\t<div class=\"elementor-widget-container\">\n\t\t\t\t\t<h2 class=\"elementor-heading-title elementor-size-default\">Coaquaddus<\/h2>\t\t\t\t<\/div>\n\t\t\t\t<\/div>\n\t\t\t\t<div class=\"elementor-element elementor-element-d8800e0 elementor-widget elementor-widget-text-editor\" data-id=\"d8800e0\" data-element_type=\"widget\" data-e-type=\"widget\" data-widget_type=\"text-editor.default\">\n\t\t\t\t<div class=\"elementor-widget-container\">\n\t\t\t\t\t\t\t\t\t<p>Tra le meraviglie che la Sardegna offre a chi sceglie di trascorrere le proprie vacanze nel Sulcis Iglesiente,<strong> la spiaggia di Coaquaddus spicca per la sua bellezza e particolarit\u00e0.<\/strong> Situata nell\u2019isola di Sant\u2019Antioco, \u00e8 la spiaggia pi\u00f9 grande di questo incantevole angolo del sud-ovest sardo e una delle mete pi\u00f9 amate per chi desidera unire relax e scoperta della natura incontaminata.<br \/><strong>Coaquaddus, che in sardo significa &#8220;coda di cavalli&#8221;, prende il nome dalla forma sinuosa e ondulata della sua costa,<\/strong> resa ancora pi\u00f9 affascinante dalle numerose insenature che la caratterizzano. Il paesaggio \u00e8 un perfetto mix di elementi: <strong>una possente roccia divide in due la spiaggia, creando un\u2019atmosfera suggestiva e unica,<\/strong> mentre le scogliere calcaree che la circondano aggiungono un tocco selvaggio al panorama.<br \/><strong>Questo tratto di litorale \u00e8 abbracciato dal verde intenso delle colline,<\/strong> che sembra tuffarsi nelle acque turchesi e cristalline. Il contrasto tra il verde della vegetazione e il blu del mare crea uno spettacolo visivo che incanta i visitatori. Le acque trasparenti e i fondali dolcemente digradanti rendono Coaquaddus una destinazione perfetta per famiglie, coppie e amanti del mare. \u00c8 anche un luogo ideale per praticare snorkeling, grazie alla ricchezza della fauna marina che popola questa zona. <strong>Coaquaddus si trova lungo una costa che offre una straordinaria variet\u00e0 di paesaggi, con numerose calette e spiagge da esplorare,<\/strong> perfette per chi desidera avventurarsi alla scoperta del territorio. Grazie alla sua posizione privilegiata, \u00e8 facilmente raggiungibile e offre una vasta gamma di servizi per accogliere i visitatori, senza mai perdere il suo fascino naturale e autentico.<\/p>\t\t\t\t\t\t\t\t<\/div>\n\t\t\t\t<\/div>\n\t\t\t\t\t<\/div>\n\t\t<\/div>\n\t\t\t\t\t<\/div>\n\t\t<\/section>\n\t\t\t\t<section class=\"elementor-section elementor-top-section elementor-element elementor-element-25a93f5 elementor-section-stretched elementor-section-boxed elementor-section-height-default elementor-section-height-default row-top\" data-id=\"25a93f5\" data-element_type=\"section\" data-e-type=\"section\" data-settings=\"{&quot;stretch_section&quot;:&quot;section-stretched&quot;,&quot;background_background&quot;:&quot;classic&quot;}\">\n\t\t\t\t\t\t<div class=\"elementor-container elementor-column-gap-default\">\n\t\t\t\t\t<div class=\"elementor-column elementor-col-33 elementor-top-column elementor-element elementor-element-0e288af\" data-id=\"0e288af\" data-element_type=\"column\" data-e-type=\"column\">\n\t\t\t<div class=\"elementor-widget-wrap elementor-element-populated\">\n\t\t\t\t\t\t<div class=\"elementor-element elementor-element-4da250c elementor-widget elementor-widget-image\" data-id=\"4da250c\" data-element_type=\"widget\" data-e-type=\"widget\" data-widget_type=\"image.default\">\n\t\t\t\t<div class=\"elementor-widget-container\">\n\t\t\t\t\t\t\t\t\t\t\t\t\t\t\t<img loading=\"lazy\" decoding=\"async\" width=\"580\" height=\"450\" src=\"https:\/\/carboniaturismo.it\/wp-content\/uploads\/2024\/12\/Cabonia-Turismo-Photo-by-Alessio-Gaggioli-Coaquaddus-580x450-1.jpg\" class=\"attachment-large size-large wp-image-1720\" alt=\"\" \/>\t\t\t\t\t\t\t\t\t\t\t\t\t\t\t<\/div>\n\t\t\t\t<\/div>\n\t\t\t\t\t<\/div>\n\t\t<\/div>\n\t\t\t\t<div class=\"elementor-column elementor-col-33 elementor-top-column elementor-element elementor-element-7325de6\" data-id=\"7325de6\" data-element_type=\"column\" data-e-type=\"column\">\n\t\t\t<div class=\"elementor-widget-wrap elementor-element-populated\">\n\t\t\t\t\t\t<div class=\"elementor-element elementor-element-f4bb839 elementor-widget elementor-widget-image\" data-id=\"f4bb839\" data-element_type=\"widget\" data-e-type=\"widget\" data-widget_type=\"image.default\">\n\t\t\t\t<div class=\"elementor-widget-container\">\n\t\t\t\t\t\t\t\t\t\t\t\t\t\t\t<img loading=\"lazy\" decoding=\"async\" width=\"580\" height=\"450\" src=\"https:\/\/carboniaturismo.it\/wp-content\/uploads\/2024\/12\/Carbonia-Turismo-Photo-by-Luca-Villaraggia-Coaquaddus-580x450-1.jpg\" class=\"attachment-large size-large wp-image-1719\" alt=\"\" \/>\t\t\t\t\t\t\t\t\t\t\t\t\t\t\t<\/div>\n\t\t\t\t<\/div>\n\t\t\t\t\t<\/div>\n\t\t<\/div>\n\t\t\t\t<div class=\"elementor-column elementor-col-33 elementor-top-column elementor-element elementor-element-a99c985\" data-id=\"a99c985\" data-element_type=\"column\" data-e-type=\"column\">\n\t\t\t<div class=\"elementor-widget-wrap elementor-element-populated\">\n\t\t\t\t\t\t<div class=\"elementor-element elementor-element-4e80ae2 elementor-widget elementor-widget-image\" data-id=\"4e80ae2\" data-element_type=\"widget\" data-e-type=\"widget\" data-widget_type=\"image.default\">\n\t\t\t\t<div class=\"elementor-widget-container\">\n\t\t\t\t\t\t\t\t\t\t\t\t\t\t\t<img loading=\"lazy\" decoding=\"async\" width=\"580\" height=\"450\" src=\"https:\/\/carboniaturismo.it\/wp-content\/uploads\/2024\/12\/Carbonia-Turismo-Coaquaddus-580x450-1.jpg\" class=\"attachment-large size-large wp-image-1718\" alt=\"\" \/>\t\t\t\t\t\t\t\t\t\t\t\t\t\t\t<\/div>\n\t\t\t\t<\/div>\n\t\t\t\t\t<\/div>\n\t\t<\/div>\n\t\t\t\t\t<\/div>\n\t\t<\/section>\n\t\t\t\t<section class=\"elementor-section elementor-top-section elementor-element elementor-element-5fd28f7 elementor-section-stretched elementor-section-boxed elementor-section-height-default elementor-section-height-default row-top\" data-id=\"5fd28f7\" data-element_type=\"section\" data-e-type=\"section\" data-settings=\"{&quot;stretch_section&quot;:&quot;section-stretched&quot;,&quot;background_background&quot;:&quot;classic&quot;}\">\n\t\t\t\t\t\t<div class=\"elementor-container elementor-column-gap-default\">\n\t\t\t\t\t<div class=\"elementor-column elementor-col-100 elementor-top-column elementor-element elementor-element-c4483c6\" data-id=\"c4483c6\" data-element_type=\"column\" data-e-type=\"column\">\n\t\t\t<div class=\"elementor-widget-wrap elementor-element-populated\">\n\t\t\t\t\t\t<section class=\"elementor-section elementor-inner-section elementor-element elementor-element-7d2519c elementor-section-boxed elementor-section-height-default elementor-section-height-default row-top\" data-id=\"7d2519c\" data-element_type=\"section\" data-e-type=\"section\">\n\t\t\t\t\t\t<div class=\"elementor-container elementor-column-gap-default\">\n\t\t\t\t\t<div class=\"elementor-column elementor-col-50 elementor-inner-column elementor-element elementor-element-7b44018\" data-id=\"7b44018\" data-element_type=\"column\" data-e-type=\"column\">\n\t\t\t<div class=\"elementor-widget-wrap elementor-element-populated\">\n\t\t\t\t\t\t<div class=\"elementor-element elementor-element-93ec1d2 elementor-position-inline-start elementor-view-default elementor-mobile-position-block-start elementor-widget elementor-widget-icon-box\" data-id=\"93ec1d2\" data-element_type=\"widget\" data-e-type=\"widget\" data-widget_type=\"icon-box.default\">\n\t\t\t\t<div class=\"elementor-widget-container\">\n\t\t\t\t\t\t\t<div class=\"elementor-icon-box-wrapper\">\n\n\t\t\t\t\t\t<div class=\"elementor-icon-box-icon\">\n\t\t\t\t<a href=\"https:\/\/www.google.com\/maps\/place\/Spiaggia+Coaquaddus\/@38.981928,8.4410674,17z\/data=!3m1!4b1!4m6!3m5!1s0x12e655617ded461b:0x7800d0ba5618e32d!8m2!3d38.981928!4d8.4432614!16s%2Fg%2F11ft8_4qjp?coh=164777&#038;entry=tt&#038;shorturl=1\" target=\"_blank\" class=\"elementor-icon\" tabindex=\"-1\" aria-label=\"Dov&#039;\u00e8\">\n\t\t\t\t<i aria-hidden=\"true\" class=\" flaticon-reisekarte\"><\/i>\t\t\t\t<\/a>\n\t\t\t<\/div>\n\t\t\t\n\t\t\t\t\t\t<div class=\"elementor-icon-box-content\">\n\n\t\t\t\t\t\t\t\t\t<h3 class=\"elementor-icon-box-title\">\n\t\t\t\t\t\t<a href=\"https:\/\/www.google.com\/maps\/place\/Spiaggia+Coaquaddus\/@38.981928,8.4410674,17z\/data=!3m1!4b1!4m6!3m5!1s0x12e655617ded461b:0x7800d0ba5618e32d!8m2!3d38.981928!4d8.4432614!16s%2Fg%2F11ft8_4qjp?coh=164777&#038;entry=tt&#038;shorturl=1\" target=\"_blank\" >\n\t\t\t\t\t\t\tDov'\u00e8\t\t\t\t\t\t<\/a>\n\t\t\t\t\t<\/h3>\n\t\t\t\t\n\t\t\t\t\t\t\t\t\t<p class=\"elementor-icon-box-description\">\n\t\t\t\t\t\t\u00bb <strong>Comune di Sant\u2019Antioco<\/strong><br>\n\u00bb Circa 100 km da Cagliari (1 ora e 30 min. in auto)<br>\n\u00bb Circa 26 km da Carbonia (30 min. in auto)\t\t\t\t\t<\/p>\n\t\t\t\t\n\t\t\t<\/div>\n\t\t\t\n\t\t<\/div>\n\t\t\t\t\t\t<\/div>\n\t\t\t\t<\/div>\n\t\t\t\t<div class=\"elementor-element elementor-element-c11de25 elementor-position-inline-start elementor-view-default elementor-mobile-position-block-start elementor-widget elementor-widget-icon-box\" data-id=\"c11de25\" data-element_type=\"widget\" data-e-type=\"widget\" data-widget_type=\"icon-box.default\">\n\t\t\t\t<div class=\"elementor-widget-container\">\n\t\t\t\t\t\t\t<div class=\"elementor-icon-box-wrapper\">\n\n\t\t\t\t\t\t<div class=\"elementor-icon-box-icon\">\n\t\t\t\t<span  class=\"elementor-icon\">\n\t\t\t\t<i aria-hidden=\"true\" class=\" flaticon-location\"><\/i>\t\t\t\t<\/span>\n\t\t\t<\/div>\n\t\t\t\n\t\t\t\t\t\t<div class=\"elementor-icon-box-content\">\n\n\t\t\t\t\t\t\t\t\t<h3 class=\"elementor-icon-box-title\">\n\t\t\t\t\t\t<span  >\n\t\t\t\t\t\t\tTipologia\t\t\t\t\t\t<\/span>\n\t\t\t\t\t<\/h3>\n\t\t\t\t\n\t\t\t\t\t\t\t\t\t<p class=\"elementor-icon-box-description\">\n\t\t\t\t\t\tSpiaggia sabbia fina\t\t\t\t\t<\/p>\n\t\t\t\t\n\t\t\t<\/div>\n\t\t\t\n\t\t<\/div>\n\t\t\t\t\t\t<\/div>\n\t\t\t\t<\/div>\n\t\t\t\t\t<\/div>\n\t\t<\/div>\n\t\t\t\t<div class=\"elementor-column elementor-col-50 elementor-inner-column elementor-element elementor-element-14456a8\" data-id=\"14456a8\" data-element_type=\"column\" data-e-type=\"column\">\n\t\t\t<div class=\"elementor-widget-wrap elementor-element-populated\">\n\t\t\t\t\t\t<div class=\"elementor-element elementor-element-b2d2a4c elementor-position-inline-start elementor-view-default elementor-mobile-position-block-start elementor-widget elementor-widget-icon-box\" data-id=\"b2d2a4c\" data-element_type=\"widget\" data-e-type=\"widget\" data-widget_type=\"icon-box.default\">\n\t\t\t\t<div class=\"elementor-widget-container\">\n\t\t\t\t\t\t\t<div class=\"elementor-icon-box-wrapper\">\n\n\t\t\t\t\t\t<div class=\"elementor-icon-box-icon\">\n\t\t\t\t<span  class=\"elementor-icon\">\n\t\t\t\t<i aria-hidden=\"true\" class=\" las la-info-circle\"><\/i>\t\t\t\t<\/span>\n\t\t\t<\/div>\n\t\t\t\n\t\t\t\t\t\t<div class=\"elementor-icon-box-content\">\n\n\t\t\t\t\t\t\t\t\t<h3 class=\"elementor-icon-box-title\">\n\t\t\t\t\t\t<span  >\n\t\t\t\t\t\t\tCaratteristiche\t\t\t\t\t\t<\/span>\n\t\t\t\t\t<\/h3>\n\t\t\t\t\n\t\t\t\t\t\t\t\t\t<p class=\"elementor-icon-box-description\">\n\t\t\t\t\t\t\u00bb<strong> Parcheggio<\/strong> <br>\n\u00bb <b>Adatta ai bambini<\/b><br>\n\u00bb <b>Servizi<\/b>: ristoro<br>\n\u00bb <b>Riparata dal Maestrale<\/b>\t\t\t\t\t<\/p>\n\t\t\t\t\n\t\t\t<\/div>\n\t\t\t\n\t\t<\/div>\n\t\t\t\t\t\t<\/div>\n\t\t\t\t<\/div>\n\t\t\t\t\t<\/div>\n\t\t<\/div>\n\t\t\t\t\t<\/div>\n\t\t<\/section>\n\t\t\t\t\t<\/div>\n\t\t<\/div>\n\t\t\t\t\t<\/div>\n\t\t<\/section>\n\t\t\t\t<section class=\"elementor-section elementor-top-section elementor-element elementor-element-231fc0e elementor-section-stretched elementor-section-boxed elementor-section-height-default elementor-section-height-default row-top\" data-id=\"231fc0e\" data-element_type=\"section\" data-e-type=\"section\" data-settings=\"{&quot;stretch_section&quot;:&quot;section-stretched&quot;,&quot;background_background&quot;:&quot;classic&quot;}\">\n\t\t\t\t\t\t<div class=\"elementor-container elementor-column-gap-default\">\n\t\t\t\t\t<div class=\"elementor-column elementor-col-100 elementor-top-column elementor-element elementor-element-5aba987\" data-id=\"5aba987\" data-element_type=\"column\" data-e-type=\"column\">\n\t\t\t<div class=\"elementor-widget-wrap elementor-element-populated\">\n\t\t\t\t\t\t<div class=\"elementor-element elementor-element-6376623 elementor-widget elementor-widget-heading\" data-id=\"6376623\" data-element_type=\"widget\" data-e-type=\"widget\" data-widget_type=\"heading.default\">\n\t\t\t\t<div class=\"elementor-widget-container\">\n\t\t\t\t\t<h2 class=\"elementor-heading-title elementor-size-default\">Le spiagge della Marina di Gonnesa<\/h2>\t\t\t\t<\/div>\n\t\t\t\t<\/div>\n\t\t\t\t<div class=\"elementor-element elementor-element-00e8ec7 elementor-widget elementor-widget-text-editor\" data-id=\"00e8ec7\" data-element_type=\"widget\" data-e-type=\"widget\" data-widget_type=\"text-editor.default\">\n\t\t\t\t<div class=\"elementor-widget-container\">\n\t\t\t\t\t\t\t\t\t<p><strong>Tra le meraviglie naturali del Sulcis Iglesiente, nel Golfo del Leone, la Marina di Gonnesa,<\/strong> si distingue come una delle mete pi\u00f9 affascinanti per chi desidera vivere le proprie vacanze nel Sulcis in totale relax. <strong>Questa spiaggia incantevole \u00e8 caratterizzata da una lunga distesa di sabbia soffice e dorata, che si estende per oltre tre chilometri,<\/strong> incorniciata da dune fossili e avvolta dall\u2019intenso profumo della macchia mediterranea.<br \/>Il mare che bagna la Marina di Gonnesa \u00e8 un vero spettacolo: le sue acque cristalline, dai riflessi azzurro intenso e verde smeraldo, invitano a tuffarsi e a lasciarsi cullare dalla bellezza di un luogo dove natura e tranquillit\u00e0 si fondono perfettamente.\u00a0<\/p><h4><strong>Le quattro spiagge di Gonnesa\u00a0<\/strong><\/h4><p>Una particolarit\u00e0 della Marina di Gonnesa \u00e8 la sua suddivisione in quattro spiagge, ognuna con caratteristiche uniche:<\/p><ol><li><strong>Porto Paglia:<\/strong> la spiaggia principale, celebre per la sua sabbia morbida e i colori intensi del mare, perfetta per famiglie e amanti del relax.<\/li><li><strong>Sa Punta de s\u2019Arena:<\/strong> una baia incantevole, amata da chi cerca un angolo di pace immerso nella natura.<\/li><li><strong>Plag\u2019e Mesu:<\/strong> un tratto che combina la bellezza naturale con la comodit\u00e0, offrendo spazi ideali per chi pratica sport acquatici.<\/li><li><strong>Fontanamare:<\/strong> una spiaggia suggestiva, circondata da un panorama che incanta grazie alla vista mozzafiato sul mare aperto.<\/li><\/ol><h4><strong>Un tuffo nella storia: la tonnara di Porto Paglia<\/strong><\/h4><p><strong>Il nome Porto Paglia richiama le sue radici storiche, legate all\u2019antica tonnara risalente al XVIII secolo.<\/strong> Le strutture, che si intravedono ancora adagiate sul promontorio meridionale, <strong>raccontano storie di un tempo in cui questa zona era un punto nevralgico per la pesca del tonno.<\/strong> Visitare Porto Paglia significa immergersi non solo nella sua bellezza naturale, ma anche nella sua eredit\u00e0 culturale e storica, che contribuisce a rendere questo luogo unico nel panorama delle vacanze nel Sulcis Iglesiente.<\/p>\t\t\t\t\t\t\t\t<\/div>\n\t\t\t\t<\/div>\n\t\t\t\t\t<\/div>\n\t\t<\/div>\n\t\t\t\t\t<\/div>\n\t\t<\/section>\n\t\t\t\t<section class=\"elementor-section elementor-top-section elementor-element elementor-element-44cfeb7 elementor-section-stretched elementor-section-boxed elementor-section-height-default elementor-section-height-default row-top\" data-id=\"44cfeb7\" data-element_type=\"section\" data-e-type=\"section\" data-settings=\"{&quot;stretch_section&quot;:&quot;section-stretched&quot;,&quot;background_background&quot;:&quot;classic&quot;}\">\n\t\t\t\t\t\t<div class=\"elementor-container elementor-column-gap-default\">\n\t\t\t\t\t<div class=\"elementor-column elementor-col-33 elementor-top-column elementor-element elementor-element-b2075a3\" data-id=\"b2075a3\" data-element_type=\"column\" data-e-type=\"column\">\n\t\t\t<div class=\"elementor-widget-wrap elementor-element-populated\">\n\t\t\t\t\t\t<div class=\"elementor-element elementor-element-6414e92 elementor-widget elementor-widget-image\" data-id=\"6414e92\" data-element_type=\"widget\" data-e-type=\"widget\" data-widget_type=\"image.default\">\n\t\t\t\t<div class=\"elementor-widget-container\">\n\t\t\t\t\t\t\t\t\t\t\t\t\t\t\t<img loading=\"lazy\" decoding=\"async\" width=\"580\" height=\"450\" src=\"https:\/\/carboniaturismo.it\/wp-content\/uploads\/2024\/12\/Carbonia-Turismo-Photo-By-Mboesch-Porto-Paglia-580x450-1.jpg\" class=\"attachment-large size-large wp-image-1717\" alt=\"\" \/>\t\t\t\t\t\t\t\t\t\t\t\t\t\t\t<\/div>\n\t\t\t\t<\/div>\n\t\t\t\t\t<\/div>\n\t\t<\/div>\n\t\t\t\t<div class=\"elementor-column elementor-col-33 elementor-top-column elementor-element elementor-element-7851f95\" data-id=\"7851f95\" data-element_type=\"column\" data-e-type=\"column\">\n\t\t\t<div class=\"elementor-widget-wrap elementor-element-populated\">\n\t\t\t\t\t\t<div class=\"elementor-element elementor-element-255c327 elementor-widget elementor-widget-image\" data-id=\"255c327\" data-element_type=\"widget\" data-e-type=\"widget\" data-widget_type=\"image.default\">\n\t\t\t\t<div class=\"elementor-widget-container\">\n\t\t\t\t\t\t\t\t\t\t\t\t\t\t\t<img loading=\"lazy\" decoding=\"async\" width=\"580\" height=\"450\" src=\"https:\/\/carboniaturismo.it\/wp-content\/uploads\/2024\/12\/Carbonia-Turismo-Photo-by-Pianti-Sergio-Ruderi-della-torre-di-Porto-Paglia-580x450-1.jpg\" class=\"attachment-large size-large wp-image-1716\" alt=\"\" \/>\t\t\t\t\t\t\t\t\t\t\t\t\t\t\t<\/div>\n\t\t\t\t<\/div>\n\t\t\t\t\t<\/div>\n\t\t<\/div>\n\t\t\t\t<div class=\"elementor-column elementor-col-33 elementor-top-column elementor-element elementor-element-38b886c\" data-id=\"38b886c\" data-element_type=\"column\" data-e-type=\"column\">\n\t\t\t<div class=\"elementor-widget-wrap elementor-element-populated\">\n\t\t\t\t\t\t<div class=\"elementor-element elementor-element-5842748 elementor-widget elementor-widget-image\" data-id=\"5842748\" data-element_type=\"widget\" data-e-type=\"widget\" data-widget_type=\"image.default\">\n\t\t\t\t<div class=\"elementor-widget-container\">\n\t\t\t\t\t\t\t\t\t\t\t\t\t\t\t<img loading=\"lazy\" decoding=\"async\" width=\"580\" height=\"450\" src=\"https:\/\/carboniaturismo.it\/wp-content\/uploads\/2024\/12\/Carbonia-Turismo-Photo-by-Mboesch-Porto-Paglia-Tonnara-580x450-1.jpg\" class=\"attachment-large size-large wp-image-1715\" alt=\"\" \/>\t\t\t\t\t\t\t\t\t\t\t\t\t\t\t<\/div>\n\t\t\t\t<\/div>\n\t\t\t\t\t<\/div>\n\t\t<\/div>\n\t\t\t\t\t<\/div>\n\t\t<\/section>\n\t\t\t\t<section class=\"elementor-section elementor-top-section elementor-element elementor-element-034e35b elementor-section-stretched elementor-section-boxed elementor-section-height-default elementor-section-height-default row-top\" data-id=\"034e35b\" data-element_type=\"section\" data-e-type=\"section\" data-settings=\"{&quot;stretch_section&quot;:&quot;section-stretched&quot;,&quot;background_background&quot;:&quot;classic&quot;}\">\n\t\t\t\t\t\t<div class=\"elementor-container elementor-column-gap-default\">\n\t\t\t\t\t<div class=\"elementor-column elementor-col-100 elementor-top-column elementor-element elementor-element-b1b4246\" data-id=\"b1b4246\" data-element_type=\"column\" data-e-type=\"column\">\n\t\t\t<div class=\"elementor-widget-wrap elementor-element-populated\">\n\t\t\t\t\t\t<section class=\"elementor-section elementor-inner-section elementor-element elementor-element-405f51e elementor-section-boxed elementor-section-height-default elementor-section-height-default row-top\" data-id=\"405f51e\" data-element_type=\"section\" data-e-type=\"section\">\n\t\t\t\t\t\t<div class=\"elementor-container elementor-column-gap-default\">\n\t\t\t\t\t<div class=\"elementor-column elementor-col-50 elementor-inner-column elementor-element elementor-element-91d9dcc\" data-id=\"91d9dcc\" data-element_type=\"column\" data-e-type=\"column\">\n\t\t\t<div class=\"elementor-widget-wrap elementor-element-populated\">\n\t\t\t\t\t\t<div class=\"elementor-element elementor-element-dd97a61 elementor-position-inline-start elementor-view-default elementor-mobile-position-block-start elementor-widget elementor-widget-icon-box\" data-id=\"dd97a61\" data-element_type=\"widget\" data-e-type=\"widget\" data-widget_type=\"icon-box.default\">\n\t\t\t\t<div class=\"elementor-widget-container\">\n\t\t\t\t\t\t\t<div class=\"elementor-icon-box-wrapper\">\n\n\t\t\t\t\t\t<div class=\"elementor-icon-box-icon\">\n\t\t\t\t<a href=\"https:\/\/www.google.com\/maps\/place\/Spiaggia+Di+Porto+Paglia\/@39.2689086,8.4253818,15z\/data=!3m1!4b1!4m6!3m5!1s0x12e7a133dda38f21:0x48d45f484cdffe49!8m2!3d39.2689092!4d8.4253818!16s%2Fg%2F11bxgm4mwz?entry=ttu&#038;g_ep=EgoyMDI1MDEyMi4wIKXMDSoASAFQAw%3D%3D\" target=\"_blank\" class=\"elementor-icon\" tabindex=\"-1\" aria-label=\"Dov&#039;\u00e8\">\n\t\t\t\t<i aria-hidden=\"true\" class=\" flaticon-reisekarte\"><\/i>\t\t\t\t<\/a>\n\t\t\t<\/div>\n\t\t\t\n\t\t\t\t\t\t<div class=\"elementor-icon-box-content\">\n\n\t\t\t\t\t\t\t\t\t<h3 class=\"elementor-icon-box-title\">\n\t\t\t\t\t\t<a href=\"https:\/\/www.google.com\/maps\/place\/Spiaggia+Di+Porto+Paglia\/@39.2689086,8.4253818,15z\/data=!3m1!4b1!4m6!3m5!1s0x12e7a133dda38f21:0x48d45f484cdffe49!8m2!3d39.2689092!4d8.4253818!16s%2Fg%2F11bxgm4mwz?entry=ttu&#038;g_ep=EgoyMDI1MDEyMi4wIKXMDSoASAFQAw%3D%3D\" target=\"_blank\" >\n\t\t\t\t\t\t\tDov'\u00e8\t\t\t\t\t\t<\/a>\n\t\t\t\t\t<\/h3>\n\t\t\t\t\n\t\t\t\t\t\t\t\t\t<p class=\"elementor-icon-box-description\">\n\t\t\t\t\t\t\u00bb <strong>Comune di Gonnesa<\/strong><br>\n\u00bb Circa 70 km da Cagliari (1 ora in auto)<br>\n\u00bb Circa 18 km da Carbonia (20 min. in auto)\n\t\t\t\t\t<\/p>\n\t\t\t\t\n\t\t\t<\/div>\n\t\t\t\n\t\t<\/div>\n\t\t\t\t\t\t<\/div>\n\t\t\t\t<\/div>\n\t\t\t\t<div class=\"elementor-element elementor-element-72ce487 elementor-position-inline-start elementor-view-default elementor-mobile-position-block-start elementor-widget elementor-widget-icon-box\" data-id=\"72ce487\" data-element_type=\"widget\" data-e-type=\"widget\" data-widget_type=\"icon-box.default\">\n\t\t\t\t<div class=\"elementor-widget-container\">\n\t\t\t\t\t\t\t<div class=\"elementor-icon-box-wrapper\">\n\n\t\t\t\t\t\t<div class=\"elementor-icon-box-icon\">\n\t\t\t\t<span  class=\"elementor-icon\">\n\t\t\t\t<i aria-hidden=\"true\" class=\" flaticon-location\"><\/i>\t\t\t\t<\/span>\n\t\t\t<\/div>\n\t\t\t\n\t\t\t\t\t\t<div class=\"elementor-icon-box-content\">\n\n\t\t\t\t\t\t\t\t\t<h3 class=\"elementor-icon-box-title\">\n\t\t\t\t\t\t<span  >\n\t\t\t\t\t\t\tTipologia\t\t\t\t\t\t<\/span>\n\t\t\t\t\t<\/h3>\n\t\t\t\t\n\t\t\t\t\t\t\t\t\t<p class=\"elementor-icon-box-description\">\n\t\t\t\t\t\tSpiaggia sabbia fina\t\t\t\t\t<\/p>\n\t\t\t\t\n\t\t\t<\/div>\n\t\t\t\n\t\t<\/div>\n\t\t\t\t\t\t<\/div>\n\t\t\t\t<\/div>\n\t\t\t\t\t<\/div>\n\t\t<\/div>\n\t\t\t\t<div class=\"elementor-column elementor-col-50 elementor-inner-column elementor-element elementor-element-dc1712e\" data-id=\"dc1712e\" data-element_type=\"column\" data-e-type=\"column\">\n\t\t\t<div class=\"elementor-widget-wrap elementor-element-populated\">\n\t\t\t\t\t\t<div class=\"elementor-element elementor-element-a01aa01 elementor-position-inline-start elementor-view-default elementor-mobile-position-block-start elementor-widget elementor-widget-icon-box\" data-id=\"a01aa01\" data-element_type=\"widget\" data-e-type=\"widget\" data-widget_type=\"icon-box.default\">\n\t\t\t\t<div class=\"elementor-widget-container\">\n\t\t\t\t\t\t\t<div class=\"elementor-icon-box-wrapper\">\n\n\t\t\t\t\t\t<div class=\"elementor-icon-box-icon\">\n\t\t\t\t<span  class=\"elementor-icon\">\n\t\t\t\t<i aria-hidden=\"true\" class=\" las la-info-circle\"><\/i>\t\t\t\t<\/span>\n\t\t\t<\/div>\n\t\t\t\n\t\t\t\t\t\t<div class=\"elementor-icon-box-content\">\n\n\t\t\t\t\t\t\t\t\t<h3 class=\"elementor-icon-box-title\">\n\t\t\t\t\t\t<span  >\n\t\t\t\t\t\t\tCaratteristiche\t\t\t\t\t\t<\/span>\n\t\t\t\t\t<\/h3>\n\t\t\t\t\n\t\t\t\t\t\t\t\t\t<p class=\"elementor-icon-box-description\">\n\t\t\t\t\t\t\u00bb <b>Gestione:<\/b> stabilimento, libera <br>\u00bb <b>Parcheggio<\/b> <br>\n\u00bb <b>Servizi<\/b>: ristoro\t\t\t\t\t<\/p>\n\t\t\t\t\n\t\t\t<\/div>\n\t\t\t\n\t\t<\/div>\n\t\t\t\t\t\t<\/div>\n\t\t\t\t<\/div>\n\t\t\t\t\t<\/div>\n\t\t<\/div>\n\t\t\t\t\t<\/div>\n\t\t<\/section>\n\t\t\t\t\t<\/div>\n\t\t<\/div>\n\t\t\t\t\t<\/div>\n\t\t<\/section>\n\t\t\t\t<section class=\"elementor-section elementor-top-section elementor-element elementor-element-83c4eec elementor-section-stretched elementor-section-boxed elementor-section-height-default elementor-section-height-default row-top\" data-id=\"83c4eec\" data-element_type=\"section\" data-e-type=\"section\" data-settings=\"{&quot;stretch_section&quot;:&quot;section-stretched&quot;,&quot;background_background&quot;:&quot;classic&quot;}\">\n\t\t\t\t\t\t<div class=\"elementor-container elementor-column-gap-default\">\n\t\t\t\t\t<div class=\"elementor-column elementor-col-100 elementor-top-column elementor-element elementor-element-e54fd15\" data-id=\"e54fd15\" data-element_type=\"column\" data-e-type=\"column\">\n\t\t\t<div class=\"elementor-widget-wrap elementor-element-populated\">\n\t\t\t\t\t\t<div class=\"elementor-element elementor-element-c6984b4 elementor-widget elementor-widget-heading\" data-id=\"c6984b4\" data-element_type=\"widget\" data-e-type=\"widget\" data-widget_type=\"heading.default\">\n\t\t\t\t<div class=\"elementor-widget-container\">\n\t\t\t\t\t<h2 class=\"elementor-heading-title elementor-size-default\">Masua<\/h2>\t\t\t\t<\/div>\n\t\t\t\t<\/div>\n\t\t\t\t<div class=\"elementor-element elementor-element-18436c7 elementor-widget elementor-widget-text-editor\" data-id=\"18436c7\" data-element_type=\"widget\" data-e-type=\"widget\" data-widget_type=\"text-editor.default\">\n\t\t\t\t<div class=\"elementor-widget-container\">\n\t\t\t\t\t\t\t\t\t<p><strong>Masua \u00e8 molto pi\u00f9 di una semplice spiaggia: \u00e8 una spettacolare insenatura incastonata nella costa sud-occidentale della Sardegna.<\/strong> Con il suo panorama mozzafiato, rappresenta una meta imperdibile per chi desidera vivere vacanze nel Sulcis all\u2019insegna della natura, dell\u2019avventura e della bellezza autentica di quest\u2019isola straordinaria.<br \/><strong>Caratterizzata da un\u2019atmosfera suggestiva e selvaggia, Masua si distingue per i suoi maestosi faraglioni,<\/strong> che emergono come giganti silenziosi dal mare turchese. Tra questi, spicca<strong> il Pan di Zucchero, il faraglione pi\u00f9 alto del Mediterraneo con i suoi 133 metri di pura roccia calcarea cambrica.<\/strong> Accanto a lui, altri faraglioni minori completano uno scenario che sembra disegnato per incantare chiunque vi posi lo sguardo.<\/p><h4><strong>Avventura e relax a Masua<\/strong><\/h4><p><strong>Masua \u00e8 il paradiso per gli appassionati di climbing, grazie alle sue pareti naturali<\/strong> che offrono sfide entusiasmanti a chi ama arrampicarsi. Allo stesso tempo, le sue acque limpide e cristalline, spesso mosse dal vento, rendono questa baia una meta prediletta per surfisti provenienti da tutta l\u2019Isola e dal mondo. Masua sapr\u00e0 regalarvi un\u2019esperienza unica durante le vostre vacanze nel Sulcis Iglesiente.<\/p><h4><strong>Porto Flavia: la storia incontra la natura<\/strong><\/h4><p>A rendere ancora pi\u00f9 affascinante questa destinazione \u00e8 <strong>la presenza di Porto Flavia, un tunnel minerario che sbocca a strapiombo sul mare.<\/strong> Questo straordinario esempio di ingegneria industriale del XX secolo non solo racconta la storia mineraria della Sardegna, ma si integra perfettamente con il paesaggio circostante, creando uno scenario che unisce natura e cultura. <strong>Visitare Porto Flavia significa fare un viaggio nel passato, scoprendo le radici minerarie del territorio e immergendosi in un contesto naturale di rara bellezza.<\/strong><\/p><h4><strong>Masua: la destinazione perfetta per vacanze in Sardegna<\/strong><\/h4><p>Che siate appassionati di sport acquatici, amanti della natura o curiosi esploratori della storia mineraria della Sardegna, Masua \u00e8 il luogo ideale per trascorrere le vostre vacanze nel Sulcis Iglesiente. <strong>La combinazione di paesaggi spettacolari, avventure emozionanti e testimonianze storiche render\u00e0 il vostro soggiorno indimenticabile,<\/strong> lasciandovi ricordi che porterete con voi per sempre.<\/p><p>\u00a0<\/p>\t\t\t\t\t\t\t\t<\/div>\n\t\t\t\t<\/div>\n\t\t\t\t\t<\/div>\n\t\t<\/div>\n\t\t\t\t\t<\/div>\n\t\t<\/section>\n\t\t\t\t<section class=\"elementor-section elementor-top-section elementor-element elementor-element-594f49d elementor-section-stretched elementor-section-boxed elementor-section-height-default elementor-section-height-default row-top\" data-id=\"594f49d\" data-element_type=\"section\" data-e-type=\"section\" data-settings=\"{&quot;stretch_section&quot;:&quot;section-stretched&quot;,&quot;background_background&quot;:&quot;classic&quot;}\">\n\t\t\t\t\t\t<div class=\"elementor-container elementor-column-gap-default\">\n\t\t\t\t\t<div class=\"elementor-column elementor-col-33 elementor-top-column elementor-element elementor-element-a3c8d0a\" data-id=\"a3c8d0a\" data-element_type=\"column\" data-e-type=\"column\">\n\t\t\t<div class=\"elementor-widget-wrap elementor-element-populated\">\n\t\t\t\t\t\t<div class=\"elementor-element elementor-element-4a64a56 elementor-widget elementor-widget-image\" data-id=\"4a64a56\" data-element_type=\"widget\" data-e-type=\"widget\" data-widget_type=\"image.default\">\n\t\t\t\t<div class=\"elementor-widget-container\">\n\t\t\t\t\t\t\t\t\t\t\t\t\t\t\t<img loading=\"lazy\" decoding=\"async\" width=\"580\" height=\"450\" src=\"https:\/\/carboniaturismo.it\/wp-content\/uploads\/2024\/12\/Carbonia-Turismo-Scorcio-di-Masua-580x450-1.jpg\" class=\"attachment-large size-large wp-image-1714\" alt=\"\" \/>\t\t\t\t\t\t\t\t\t\t\t\t\t\t\t<\/div>\n\t\t\t\t<\/div>\n\t\t\t\t\t<\/div>\n\t\t<\/div>\n\t\t\t\t<div class=\"elementor-column elementor-col-33 elementor-top-column elementor-element elementor-element-1ed8e7e\" data-id=\"1ed8e7e\" data-element_type=\"column\" data-e-type=\"column\">\n\t\t\t<div class=\"elementor-widget-wrap elementor-element-populated\">\n\t\t\t\t\t\t<div class=\"elementor-element elementor-element-5f70661 elementor-widget elementor-widget-image\" data-id=\"5f70661\" data-element_type=\"widget\" data-e-type=\"widget\" data-widget_type=\"image.default\">\n\t\t\t\t<div class=\"elementor-widget-container\">\n\t\t\t\t\t\t\t\t\t\t\t\t\t\t\t<img loading=\"lazy\" decoding=\"async\" width=\"580\" height=\"450\" src=\"https:\/\/carboniaturismo.it\/wp-content\/uploads\/2024\/12\/Carbonia-Turismo-Spiaggia-di-Masua-580x450-1.jpg\" class=\"attachment-large size-large wp-image-1713\" alt=\"\" \/>\t\t\t\t\t\t\t\t\t\t\t\t\t\t\t<\/div>\n\t\t\t\t<\/div>\n\t\t\t\t\t<\/div>\n\t\t<\/div>\n\t\t\t\t<div class=\"elementor-column elementor-col-33 elementor-top-column elementor-element elementor-element-f7a0cb6\" data-id=\"f7a0cb6\" data-element_type=\"column\" data-e-type=\"column\">\n\t\t\t<div class=\"elementor-widget-wrap elementor-element-populated\">\n\t\t\t\t\t\t<div class=\"elementor-element elementor-element-017e0f5 elementor-widget elementor-widget-image\" data-id=\"017e0f5\" data-element_type=\"widget\" data-e-type=\"widget\" data-widget_type=\"image.default\">\n\t\t\t\t<div class=\"elementor-widget-container\">\n\t\t\t\t\t\t\t\t\t\t\t\t\t\t\t<img loading=\"lazy\" decoding=\"async\" width=\"580\" height=\"450\" src=\"https:\/\/carboniaturismo.it\/wp-content\/uploads\/2024\/12\/Carbonia-Turismo-Masua-vista-su-Pan-di-Zucchero-580x450-1.jpg\" class=\"attachment-large size-large wp-image-1712\" alt=\"\" \/>\t\t\t\t\t\t\t\t\t\t\t\t\t\t\t<\/div>\n\t\t\t\t<\/div>\n\t\t\t\t\t<\/div>\n\t\t<\/div>\n\t\t\t\t\t<\/div>\n\t\t<\/section>\n\t\t\t\t<section class=\"elementor-section elementor-top-section elementor-element elementor-element-65eced6 elementor-section-stretched elementor-section-boxed elementor-section-height-default elementor-section-height-default row-top\" data-id=\"65eced6\" data-element_type=\"section\" data-e-type=\"section\" data-settings=\"{&quot;stretch_section&quot;:&quot;section-stretched&quot;,&quot;background_background&quot;:&quot;classic&quot;}\">\n\t\t\t\t\t\t<div class=\"elementor-container elementor-column-gap-default\">\n\t\t\t\t\t<div class=\"elementor-column elementor-col-100 elementor-top-column elementor-element elementor-element-8723566\" data-id=\"8723566\" data-element_type=\"column\" data-e-type=\"column\">\n\t\t\t<div class=\"elementor-widget-wrap elementor-element-populated\">\n\t\t\t\t\t\t<section class=\"elementor-section elementor-inner-section elementor-element elementor-element-dd89de7 elementor-section-boxed elementor-section-height-default elementor-section-height-default row-top\" data-id=\"dd89de7\" data-element_type=\"section\" data-e-type=\"section\">\n\t\t\t\t\t\t<div class=\"elementor-container elementor-column-gap-default\">\n\t\t\t\t\t<div class=\"elementor-column elementor-col-50 elementor-inner-column elementor-element elementor-element-d201d91\" data-id=\"d201d91\" data-element_type=\"column\" data-e-type=\"column\">\n\t\t\t<div class=\"elementor-widget-wrap elementor-element-populated\">\n\t\t\t\t\t\t<div class=\"elementor-element elementor-element-145b343 elementor-position-inline-start elementor-view-default elementor-mobile-position-block-start elementor-widget elementor-widget-icon-box\" data-id=\"145b343\" data-element_type=\"widget\" data-e-type=\"widget\" data-widget_type=\"icon-box.default\">\n\t\t\t\t<div class=\"elementor-widget-container\">\n\t\t\t\t\t\t\t<div class=\"elementor-icon-box-wrapper\">\n\n\t\t\t\t\t\t<div class=\"elementor-icon-box-icon\">\n\t\t\t\t<a href=\"https:\/\/www.google.com\/maps\/place\/Spiaggia+di+Masua\/@39.3335087,8.4194755,15z\/data=!3m1!4b1!4m6!3m5!1s0x12e7a1c268975caf:0xd2c47ee9559a9148!8m2!3d39.3335093!4d8.4194755!16s%2Fg%2F11ckfnxvn7?entry=ttu&#038;g_ep=EgoyMDI1MDEyMi4wIKXMDSoASAFQAw%3D%3D\" target=\"_blank\" class=\"elementor-icon\" tabindex=\"-1\" aria-label=\"Dov&#039;\u00e8\">\n\t\t\t\t<i aria-hidden=\"true\" class=\" flaticon-reisekarte\"><\/i>\t\t\t\t<\/a>\n\t\t\t<\/div>\n\t\t\t\n\t\t\t\t\t\t<div class=\"elementor-icon-box-content\">\n\n\t\t\t\t\t\t\t\t\t<h3 class=\"elementor-icon-box-title\">\n\t\t\t\t\t\t<a href=\"https:\/\/www.google.com\/maps\/place\/Spiaggia+di+Masua\/@39.3335087,8.4194755,15z\/data=!3m1!4b1!4m6!3m5!1s0x12e7a1c268975caf:0xd2c47ee9559a9148!8m2!3d39.3335093!4d8.4194755!16s%2Fg%2F11ckfnxvn7?entry=ttu&#038;g_ep=EgoyMDI1MDEyMi4wIKXMDSoASAFQAw%3D%3D\" target=\"_blank\" >\n\t\t\t\t\t\t\tDov'\u00e8\t\t\t\t\t\t<\/a>\n\t\t\t\t\t<\/h3>\n\t\t\t\t\n\t\t\t\t\t\t\t\t\t<p class=\"elementor-icon-box-description\">\n\t\t\t\t\t\t\u00bb  <strong>Comune di Iglesias <\/strong><br>\n\u00bb  Circa 80 km da Cagliari (1 ora e 10 min. in auto)<br>\n\u00bb  Circa 26 km da Carbonia (33 min. in auto)\n\t\t\t\t\t<\/p>\n\t\t\t\t\n\t\t\t<\/div>\n\t\t\t\n\t\t<\/div>\n\t\t\t\t\t\t<\/div>\n\t\t\t\t<\/div>\n\t\t\t\t<div class=\"elementor-element elementor-element-347023e elementor-position-inline-start elementor-view-default elementor-mobile-position-block-start elementor-widget elementor-widget-icon-box\" data-id=\"347023e\" data-element_type=\"widget\" data-e-type=\"widget\" data-widget_type=\"icon-box.default\">\n\t\t\t\t<div class=\"elementor-widget-container\">\n\t\t\t\t\t\t\t<div class=\"elementor-icon-box-wrapper\">\n\n\t\t\t\t\t\t<div class=\"elementor-icon-box-icon\">\n\t\t\t\t<span  class=\"elementor-icon\">\n\t\t\t\t<i aria-hidden=\"true\" class=\" flaticon-location\"><\/i>\t\t\t\t<\/span>\n\t\t\t<\/div>\n\t\t\t\n\t\t\t\t\t\t<div class=\"elementor-icon-box-content\">\n\n\t\t\t\t\t\t\t\t\t<h3 class=\"elementor-icon-box-title\">\n\t\t\t\t\t\t<span  >\n\t\t\t\t\t\t\tTipologia\t\t\t\t\t\t<\/span>\n\t\t\t\t\t<\/h3>\n\t\t\t\t\n\t\t\t\t\t\t\t\t\t<p class=\"elementor-icon-box-description\">\n\t\t\t\t\t\tSpiaggia sabbia fina, scogli\t\t\t\t\t<\/p>\n\t\t\t\t\n\t\t\t<\/div>\n\t\t\t\n\t\t<\/div>\n\t\t\t\t\t\t<\/div>\n\t\t\t\t<\/div>\n\t\t\t\t\t<\/div>\n\t\t<\/div>\n\t\t\t\t<div class=\"elementor-column elementor-col-50 elementor-inner-column elementor-element elementor-element-3747a82\" data-id=\"3747a82\" data-element_type=\"column\" data-e-type=\"column\">\n\t\t\t<div class=\"elementor-widget-wrap elementor-element-populated\">\n\t\t\t\t\t\t<div class=\"elementor-element elementor-element-3b2eaa7 elementor-position-inline-start elementor-view-default elementor-mobile-position-block-start elementor-widget elementor-widget-icon-box\" data-id=\"3b2eaa7\" data-element_type=\"widget\" data-e-type=\"widget\" data-widget_type=\"icon-box.default\">\n\t\t\t\t<div class=\"elementor-widget-container\">\n\t\t\t\t\t\t\t<div class=\"elementor-icon-box-wrapper\">\n\n\t\t\t\t\t\t<div class=\"elementor-icon-box-icon\">\n\t\t\t\t<span  class=\"elementor-icon\">\n\t\t\t\t<i aria-hidden=\"true\" class=\" las la-info-circle\"><\/i>\t\t\t\t<\/span>\n\t\t\t<\/div>\n\t\t\t\n\t\t\t\t\t\t<div class=\"elementor-icon-box-content\">\n\n\t\t\t\t\t\t\t\t\t<h3 class=\"elementor-icon-box-title\">\n\t\t\t\t\t\t<span  >\n\t\t\t\t\t\t\tCaratteristiche\t\t\t\t\t\t<\/span>\n\t\t\t\t\t<\/h3>\n\t\t\t\t\n\t\t\t\t\t\t\t\t\t<p class=\"elementor-icon-box-description\">\n\t\t\t\t\t\t\u00bb <b>Gestione:<\/b> stabilimento, libera <br>\u00bb <b>Parcheggio<\/b> <br>\n\u00bb <b>Servizi<\/b>: ristoro\t\t\t\t\t<\/p>\n\t\t\t\t\n\t\t\t<\/div>\n\t\t\t\n\t\t<\/div>\n\t\t\t\t\t\t<\/div>\n\t\t\t\t<\/div>\n\t\t\t\t\t<\/div>\n\t\t<\/div>\n\t\t\t\t\t<\/div>\n\t\t<\/section>\n\t\t\t\t\t<\/div>\n\t\t<\/div>\n\t\t\t\t\t<\/div>\n\t\t<\/section>\n\t\t\t\t<section class=\"elementor-section elementor-top-section elementor-element elementor-element-10049c1 elementor-section-stretched elementor-section-boxed elementor-section-height-default elementor-section-height-default row-top\" data-id=\"10049c1\" data-element_type=\"section\" data-e-type=\"section\" data-settings=\"{&quot;stretch_section&quot;:&quot;section-stretched&quot;,&quot;background_background&quot;:&quot;classic&quot;}\">\n\t\t\t\t\t\t<div class=\"elementor-container elementor-column-gap-default\">\n\t\t\t\t\t<div class=\"elementor-column elementor-col-100 elementor-top-column elementor-element elementor-element-ccf6f3b\" data-id=\"ccf6f3b\" data-element_type=\"column\" data-e-type=\"column\">\n\t\t\t<div class=\"elementor-widget-wrap elementor-element-populated\">\n\t\t\t\t\t\t<div class=\"elementor-element elementor-element-f9572a4 elementor-widget elementor-widget-heading\" data-id=\"f9572a4\" data-element_type=\"widget\" data-e-type=\"widget\" data-widget_type=\"heading.default\">\n\t\t\t\t<div class=\"elementor-widget-container\">\n\t\t\t\t\t<h2 class=\"elementor-heading-title elementor-size-default\">Porto Tramatzu<\/h2>\t\t\t\t<\/div>\n\t\t\t\t<\/div>\n\t\t\t\t<div class=\"elementor-element elementor-element-d9beb9d elementor-widget elementor-widget-text-editor\" data-id=\"d9beb9d\" data-element_type=\"widget\" data-e-type=\"widget\" data-widget_type=\"text-editor.default\">\n\t\t\t\t<div class=\"elementor-widget-container\">\n\t\t\t\t\t\t\t\t\t<p><strong>Porto Tramatzu, situata nel comune di Teulada,<\/strong> rappresenta una delle mete pi\u00f9 incantevoli e accessibili per chi desidera vivere vacanze nel Sulcis Iglesiente all\u2019insegna del relax e della bellezza naturale. <strong>Questa spiaggia si trova lungo una costa rinomata per le sue calette e le sue baie incontaminate,<\/strong> che sembrano dipinte da un artista ispirato.<br \/>La sabbia di Porto Tramatzu \u00e8 straordinariamente sottile e bianca, una caratteristica che rende questa localit\u00e0 un luogo perfetto per chi cerca tranquillit\u00e0 e paesaggi suggestivi. <strong>Il mare, con i suoi colori che variano dal turchese al verde smeraldo, si combina a un fondale basso e sicuro,<\/strong> ideale per famiglie con bambini o per chi ama nuotare e immergersi in un ambiente marino ricco di vita.<\/p><h4><strong>L\u2019Isola Rossa e gli sport acquatici<\/strong><\/h4><p><strong>Uno dei tratti distintivi di Porto Tramatzu \u00e8 la vista mozzafiato sull\u2019Isola Rossa,<\/strong> un piccolo isolotto che si erge poco distante dalla costa. Questo elemento naturale crea un panorama unico, offrendo ai visitatori un\u2019esperienza visiva che rimane impressa nella memoria. Le acque circostanti, limpide e tranquille, sono perfette per lo snorkeling, permettendo di esplorare i fondali marini ricchi di fauna e flora.<br \/><strong>Gli amanti dello sport troveranno a Porto Tramatzu il luogo ideale<\/strong> per praticare il windsurf, grazie alla presenza dei venti che soffiano lungo questa parte della costa. La combinazione di condizioni atmosferiche favorevoli e scenari naturali spettacolari fa di questa spiaggia una destinazione apprezzata non solo dai turisti, ma anche dagli sportivi di tutto il mondo.<\/p><h4><strong>Una destinazione perfetta per le vacanze in Sardegna<\/strong><\/h4><p><strong>Porto Tramatzu \u00e8 una tappa imperdibile per la sua bellezza incontaminata, la facilit\u00e0 di accesso e la variet\u00e0 di attivit\u00e0 disponibili<\/strong> la rendono una delle mete pi\u00f9 amate della zona. Che siate in cerca di una giornata di relax sulla sabbia, di una nuotata rigenerante o di un\u2019avventura sportiva, questa spiaggia sapr\u00e0 soddisfare ogni desiderio. Non dimenticate che Porto Tramatzu \u00e8 solo una delle meraviglie offerte dalla costa di Teulada. Approfittate della vostra visita per esplorare anche le altre spiagge e calette della zona, dove il tempo sembra essersi fermato e la natura regna sovrana.\u00a0<\/p>\t\t\t\t\t\t\t\t<\/div>\n\t\t\t\t<\/div>\n\t\t\t\t\t<\/div>\n\t\t<\/div>\n\t\t\t\t\t<\/div>\n\t\t<\/section>\n\t\t\t\t<section class=\"elementor-section elementor-top-section elementor-element elementor-element-b417c36 elementor-section-stretched elementor-section-boxed elementor-section-height-default elementor-section-height-default row-top\" data-id=\"b417c36\" data-element_type=\"section\" data-e-type=\"section\" data-settings=\"{&quot;stretch_section&quot;:&quot;section-stretched&quot;,&quot;background_background&quot;:&quot;classic&quot;}\">\n\t\t\t\t\t\t<div class=\"elementor-container elementor-column-gap-default\">\n\t\t\t\t\t<div class=\"elementor-column elementor-col-33 elementor-top-column elementor-element elementor-element-d190a77\" data-id=\"d190a77\" data-element_type=\"column\" data-e-type=\"column\">\n\t\t\t<div class=\"elementor-widget-wrap elementor-element-populated\">\n\t\t\t\t\t\t<div class=\"elementor-element elementor-element-a3bf538 elementor-widget elementor-widget-image\" data-id=\"a3bf538\" data-element_type=\"widget\" data-e-type=\"widget\" data-widget_type=\"image.default\">\n\t\t\t\t<div class=\"elementor-widget-container\">\n\t\t\t\t\t\t\t\t\t\t\t\t\t\t\t<img loading=\"lazy\" decoding=\"async\" width=\"580\" height=\"450\" src=\"https:\/\/carboniaturismo.it\/wp-content\/uploads\/2024\/12\/Carbonia-Turismo-Photo-by-Fabio-Menna-Isola-Rossa-580x450-1.jpg\" class=\"attachment-large size-large wp-image-1711\" alt=\"\" \/>\t\t\t\t\t\t\t\t\t\t\t\t\t\t\t<\/div>\n\t\t\t\t<\/div>\n\t\t\t\t\t<\/div>\n\t\t<\/div>\n\t\t\t\t<div class=\"elementor-column elementor-col-33 elementor-top-column elementor-element elementor-element-f669b30\" data-id=\"f669b30\" data-element_type=\"column\" data-e-type=\"column\">\n\t\t\t<div class=\"elementor-widget-wrap elementor-element-populated\">\n\t\t\t\t\t\t<div class=\"elementor-element elementor-element-dfcc531 elementor-widget elementor-widget-image\" data-id=\"dfcc531\" data-element_type=\"widget\" data-e-type=\"widget\" data-widget_type=\"image.default\">\n\t\t\t\t<div class=\"elementor-widget-container\">\n\t\t\t\t\t\t\t\t\t\t\t\t\t\t\t<img loading=\"lazy\" decoding=\"async\" width=\"580\" height=\"450\" src=\"https:\/\/carboniaturismo.it\/wp-content\/uploads\/2024\/12\/Carbonia-Turismo-Photo-by-Boxley-Mare-di-Porto-Tramatzu-580x450-1.jpg\" class=\"attachment-large size-large wp-image-1710\" alt=\"\" \/>\t\t\t\t\t\t\t\t\t\t\t\t\t\t\t<\/div>\n\t\t\t\t<\/div>\n\t\t\t\t\t<\/div>\n\t\t<\/div>\n\t\t\t\t<div class=\"elementor-column elementor-col-33 elementor-top-column elementor-element elementor-element-9725277\" data-id=\"9725277\" data-element_type=\"column\" data-e-type=\"column\">\n\t\t\t<div class=\"elementor-widget-wrap elementor-element-populated\">\n\t\t\t\t\t\t<div class=\"elementor-element elementor-element-48e8700 elementor-widget elementor-widget-image\" data-id=\"48e8700\" data-element_type=\"widget\" data-e-type=\"widget\" data-widget_type=\"image.default\">\n\t\t\t\t<div class=\"elementor-widget-container\">\n\t\t\t\t\t\t\t\t\t\t\t\t\t\t\t<img loading=\"lazy\" decoding=\"async\" width=\"580\" height=\"450\" src=\"https:\/\/carboniaturismo.it\/wp-content\/uploads\/2024\/12\/Carbonia-Turismo-Photo-by-Toleo-Isola-Rossa-Teulada-580x450-1.jpg\" class=\"attachment-large size-large wp-image-1709\" alt=\"\" \/>\t\t\t\t\t\t\t\t\t\t\t\t\t\t\t<\/div>\n\t\t\t\t<\/div>\n\t\t\t\t\t<\/div>\n\t\t<\/div>\n\t\t\t\t\t<\/div>\n\t\t<\/section>\n\t\t\t\t<section class=\"elementor-section elementor-top-section elementor-element elementor-element-6d492ea elementor-section-stretched elementor-section-boxed elementor-section-height-default elementor-section-height-default row-top\" data-id=\"6d492ea\" data-element_type=\"section\" data-e-type=\"section\" data-settings=\"{&quot;stretch_section&quot;:&quot;section-stretched&quot;,&quot;background_background&quot;:&quot;classic&quot;}\">\n\t\t\t\t\t\t<div class=\"elementor-container elementor-column-gap-default\">\n\t\t\t\t\t<div class=\"elementor-column elementor-col-100 elementor-top-column elementor-element elementor-element-a234717\" data-id=\"a234717\" data-element_type=\"column\" data-e-type=\"column\">\n\t\t\t<div class=\"elementor-widget-wrap elementor-element-populated\">\n\t\t\t\t\t\t<section class=\"elementor-section elementor-inner-section elementor-element elementor-element-5938752 elementor-section-boxed elementor-section-height-default elementor-section-height-default row-top\" data-id=\"5938752\" data-element_type=\"section\" data-e-type=\"section\">\n\t\t\t\t\t\t<div class=\"elementor-container elementor-column-gap-default\">\n\t\t\t\t\t<div class=\"elementor-column elementor-col-50 elementor-inner-column elementor-element elementor-element-a5fcfcb\" data-id=\"a5fcfcb\" data-element_type=\"column\" data-e-type=\"column\">\n\t\t\t<div class=\"elementor-widget-wrap elementor-element-populated\">\n\t\t\t\t\t\t<div class=\"elementor-element elementor-element-9e7e56c elementor-position-inline-start elementor-view-default elementor-mobile-position-block-start elementor-widget elementor-widget-icon-box\" data-id=\"9e7e56c\" data-element_type=\"widget\" data-e-type=\"widget\" data-widget_type=\"icon-box.default\">\n\t\t\t\t<div class=\"elementor-widget-container\">\n\t\t\t\t\t\t\t<div class=\"elementor-icon-box-wrapper\">\n\n\t\t\t\t\t\t<div class=\"elementor-icon-box-icon\">\n\t\t\t\t<a href=\"https:\/\/www.google.com\/maps\/place\/Spiaggia+di+Porto+Tramatzu\/@39.4484331,9.6056796,14z\/data=!3m1!4b1!4m6!3m5!1s0x12e09a28c0e3aa1d:0x46df527d03c67d23!8m2!3d39.4484385!4d9.6394545!16s%2Fg%2F1pp2tgy7q?coh=164777&#038;entry=tt&#038;shorturl=1\" target=\"_blank\" class=\"elementor-icon\" tabindex=\"-1\" aria-label=\"Dov&#039;\u00e8\">\n\t\t\t\t<i aria-hidden=\"true\" class=\" flaticon-reisekarte\"><\/i>\t\t\t\t<\/a>\n\t\t\t<\/div>\n\t\t\t\n\t\t\t\t\t\t<div class=\"elementor-icon-box-content\">\n\n\t\t\t\t\t\t\t\t\t<h3 class=\"elementor-icon-box-title\">\n\t\t\t\t\t\t<a href=\"https:\/\/www.google.com\/maps\/place\/Spiaggia+di+Porto+Tramatzu\/@39.4484331,9.6056796,14z\/data=!3m1!4b1!4m6!3m5!1s0x12e09a28c0e3aa1d:0x46df527d03c67d23!8m2!3d39.4484385!4d9.6394545!16s%2Fg%2F1pp2tgy7q?coh=164777&#038;entry=tt&#038;shorturl=1\" target=\"_blank\" >\n\t\t\t\t\t\t\tDov'\u00e8\t\t\t\t\t\t<\/a>\n\t\t\t\t\t<\/h3>\n\t\t\t\t\n\t\t\t\t\t\t\t\t\t<p class=\"elementor-icon-box-description\">\n\t\t\t\t\t\t\u00bb <strong>Comune di Teulada<\/strong> <br>\n\u00bb Circa 85 km da Cagliari (1 ora e 25 min. in auto)<br>\n\u00bb Circa 30 km da Carbonia (26 min. in auto)\n\t\t\t\t\t<\/p>\n\t\t\t\t\n\t\t\t<\/div>\n\t\t\t\n\t\t<\/div>\n\t\t\t\t\t\t<\/div>\n\t\t\t\t<\/div>\n\t\t\t\t<div class=\"elementor-element elementor-element-63583eb elementor-position-inline-start elementor-view-default elementor-mobile-position-block-start elementor-widget elementor-widget-icon-box\" data-id=\"63583eb\" data-element_type=\"widget\" data-e-type=\"widget\" data-widget_type=\"icon-box.default\">\n\t\t\t\t<div class=\"elementor-widget-container\">\n\t\t\t\t\t\t\t<div class=\"elementor-icon-box-wrapper\">\n\n\t\t\t\t\t\t<div class=\"elementor-icon-box-icon\">\n\t\t\t\t<span  class=\"elementor-icon\">\n\t\t\t\t<i aria-hidden=\"true\" class=\" flaticon-location\"><\/i>\t\t\t\t<\/span>\n\t\t\t<\/div>\n\t\t\t\n\t\t\t\t\t\t<div class=\"elementor-icon-box-content\">\n\n\t\t\t\t\t\t\t\t\t<h3 class=\"elementor-icon-box-title\">\n\t\t\t\t\t\t<span  >\n\t\t\t\t\t\t\tTipologia\t\t\t\t\t\t<\/span>\n\t\t\t\t\t<\/h3>\n\t\t\t\t\n\t\t\t\t\t\t\t\t\t<p class=\"elementor-icon-box-description\">\n\t\t\t\t\t\tSpiaggia sabbia fina, scogli\t\t\t\t\t<\/p>\n\t\t\t\t\n\t\t\t<\/div>\n\t\t\t\n\t\t<\/div>\n\t\t\t\t\t\t<\/div>\n\t\t\t\t<\/div>\n\t\t\t\t\t<\/div>\n\t\t<\/div>\n\t\t\t\t<div class=\"elementor-column elementor-col-50 elementor-inner-column elementor-element elementor-element-926846d\" data-id=\"926846d\" data-element_type=\"column\" data-e-type=\"column\">\n\t\t\t<div class=\"elementor-widget-wrap elementor-element-populated\">\n\t\t\t\t\t\t<div class=\"elementor-element elementor-element-044b25e elementor-position-inline-start elementor-view-default elementor-mobile-position-block-start elementor-widget elementor-widget-icon-box\" data-id=\"044b25e\" data-element_type=\"widget\" data-e-type=\"widget\" data-widget_type=\"icon-box.default\">\n\t\t\t\t<div class=\"elementor-widget-container\">\n\t\t\t\t\t\t\t<div class=\"elementor-icon-box-wrapper\">\n\n\t\t\t\t\t\t<div class=\"elementor-icon-box-icon\">\n\t\t\t\t<span  class=\"elementor-icon\">\n\t\t\t\t<i aria-hidden=\"true\" class=\" las la-info-circle\"><\/i>\t\t\t\t<\/span>\n\t\t\t<\/div>\n\t\t\t\n\t\t\t\t\t\t<div class=\"elementor-icon-box-content\">\n\n\t\t\t\t\t\t\t\t\t<h3 class=\"elementor-icon-box-title\">\n\t\t\t\t\t\t<span  >\n\t\t\t\t\t\t\tCaratteristiche\t\t\t\t\t\t<\/span>\n\t\t\t\t\t<\/h3>\n\t\t\t\t\n\t\t\t\t\t\t\t\t\t<p class=\"elementor-icon-box-description\">\n\t\t\t\t\t\t\u00bb <b>Gestione:<\/b> stabilimento, libera <br>\u00bb <b>Parcheggio<\/b> <br>\n\u00bb <b>Accessibilit\u00e0 disabili<\/b><br>\n\u00bb <b>Servizi<\/b>: ristoro\t\t\t\t\t<\/p>\n\t\t\t\t\n\t\t\t<\/div>\n\t\t\t\n\t\t<\/div>\n\t\t\t\t\t\t<\/div>\n\t\t\t\t<\/div>\n\t\t\t\t\t<\/div>\n\t\t<\/div>\n\t\t\t\t\t<\/div>\n\t\t<\/section>\n\t\t\t\t\t<\/div>\n\t\t<\/div>\n\t\t\t\t\t<\/div>\n\t\t<\/section>\n\t\t\t\t<section class=\"elementor-section elementor-top-section elementor-element elementor-element-bd191ec elementor-section-stretched elementor-section-boxed elementor-section-height-default elementor-section-height-default row-top\" data-id=\"bd191ec\" data-element_type=\"section\" data-e-type=\"section\" data-settings=\"{&quot;stretch_section&quot;:&quot;section-stretched&quot;,&quot;background_background&quot;:&quot;classic&quot;}\">\n\t\t\t\t\t\t<div class=\"elementor-container elementor-column-gap-default\">\n\t\t\t\t\t<div class=\"elementor-column elementor-col-100 elementor-top-column elementor-element elementor-element-60d57a1\" data-id=\"60d57a1\" data-element_type=\"column\" data-e-type=\"column\">\n\t\t\t<div class=\"elementor-widget-wrap elementor-element-populated\">\n\t\t\t\t\t\t<div class=\"elementor-element elementor-element-a26c4af elementor-widget elementor-widget-heading\" data-id=\"a26c4af\" data-element_type=\"widget\" data-e-type=\"widget\" data-widget_type=\"heading.default\">\n\t\t\t\t<div class=\"elementor-widget-container\">\n\t\t\t\t\t<h2 class=\"elementor-heading-title elementor-size-default\">Tuerredda <\/h2>\t\t\t\t<\/div>\n\t\t\t\t<\/div>\n\t\t\t\t<div class=\"elementor-element elementor-element-ed220e5 elementor-widget elementor-widget-text-editor\" data-id=\"ed220e5\" data-element_type=\"widget\" data-e-type=\"widget\" data-widget_type=\"text-editor.default\">\n\t\t\t\t<div class=\"elementor-widget-container\">\n\t\t\t\t\t\t\t\t\t<p>Un autentico capolavoro naturalistico,<strong> Tuerredda \u00e8 una delle spiagge pi\u00f9 belle e amate della Sardegna.<\/strong> Situata nel comune di Teulada, questa baia incantevole rappresenta una delle mete pi\u00f9 ambite per chi desidera trascorrere le proprie vacanze nel Sulcis.<br \/>Caratterizzata da oltre mezzo chilometro di sabbia finissima dal colore dorato, Tuerredda \u00e8 abbracciata dal verde della macchia mediterranea che la circonda e<strong> accarezzata da un mare limpido, dai toni che spaziano dal turchese al blu intenso.<\/strong> Le sue acque calme e cristalline, spesso paragonate a quelle di un paradiso tropicale, la rendono un luogo ideale per rilassarsi e godere di un\u2019esperienza unica.<\/p><h4><strong>Tra Capo Malfatano e Capo Spartivento: la magia di Tuerredda<\/strong><\/h4><p><strong>Tuerredda si trova in una posizione privilegiata, tra Capo Malfatano e Capo Spartivento, due promontori che aggiungono fascino e protezione a questa baia<\/strong>, spesso riparata dal Maestrale. Questa peculiarit\u00e0 la rende perfetta anche nelle giornate ventose, regalando momenti di pace e tranquillit\u00e0 in un contesto naturale di straordinaria bellezza.<br \/><strong>Una delle caratteristiche pi\u00f9 amate di Tuerredda \u00e8 la presenza di un piccolo isolotto,<\/strong> raggiungibile a nuoto in pochi minuti. Questo angolo appartato offre una vista mozzafiato sulla baia e rappresenta una vera oasi di quiete, dove immergersi in un\u2019atmosfera primordiale e rilassante.<\/p><h4><strong>Un\u2019esperienza indimenticabile durante le vacanze in Sardegna<\/strong><\/h4><p>Visitare Tuerredda durante le vostre vacanze in Sardegna significa<strong> entrare in contatto con uno dei luoghi pi\u00f9 iconici dell\u2019isola,<\/strong> dove la natura sembra voler offrire il meglio di s\u00e9. Le acque cristalline sono perfette per lo snorkeling, permettendo di esplorare i fondali marini ricchi di vita, mentre la spiaggia \u00e8 un rifugio ideale per rilassarsi al sole e ammirare i colori del paesaggio. Non solo bellezza, ma anche comfort: <strong>Tuerredda offre servizi ben organizzati, tra cui punti ristoro e noleggio attrezzature, per rendere la visita ancora pi\u00f9 piacevole e comoda.<\/strong> Questo mix di natura incontaminata e servizi moderni fa di Tuerredda una tappa imperdibile.<\/p>\t\t\t\t\t\t\t\t<\/div>\n\t\t\t\t<\/div>\n\t\t\t\t\t<\/div>\n\t\t<\/div>\n\t\t\t\t\t<\/div>\n\t\t<\/section>\n\t\t\t\t<section class=\"elementor-section elementor-top-section elementor-element elementor-element-7729c74 elementor-section-stretched elementor-section-boxed elementor-section-height-default elementor-section-height-default row-top\" data-id=\"7729c74\" data-element_type=\"section\" data-e-type=\"section\" data-settings=\"{&quot;stretch_section&quot;:&quot;section-stretched&quot;,&quot;background_background&quot;:&quot;classic&quot;}\">\n\t\t\t\t\t\t<div class=\"elementor-container elementor-column-gap-default\">\n\t\t\t\t\t<div class=\"elementor-column elementor-col-33 elementor-top-column elementor-element elementor-element-43a6b01\" data-id=\"43a6b01\" data-element_type=\"column\" data-e-type=\"column\">\n\t\t\t<div class=\"elementor-widget-wrap elementor-element-populated\">\n\t\t\t\t\t\t<div class=\"elementor-element elementor-element-52680ac elementor-widget elementor-widget-image\" data-id=\"52680ac\" data-element_type=\"widget\" data-e-type=\"widget\" data-widget_type=\"image.default\">\n\t\t\t\t<div class=\"elementor-widget-container\">\n\t\t\t\t\t\t\t\t\t\t\t\t\t\t\t<img loading=\"lazy\" decoding=\"async\" width=\"580\" height=\"450\" src=\"https:\/\/carboniaturismo.it\/wp-content\/uploads\/2024\/12\/Carbonia-Turismo-Photo-by-Gian-Luca-Bucci-Capo-Malfatano-Teulada-580x450-1.jpg\" class=\"attachment-large size-large wp-image-1708\" alt=\"\" \/>\t\t\t\t\t\t\t\t\t\t\t\t\t\t\t<\/div>\n\t\t\t\t<\/div>\n\t\t\t\t\t<\/div>\n\t\t<\/div>\n\t\t\t\t<div class=\"elementor-column elementor-col-33 elementor-top-column elementor-element elementor-element-b26fbf4\" data-id=\"b26fbf4\" data-element_type=\"column\" data-e-type=\"column\">\n\t\t\t<div class=\"elementor-widget-wrap elementor-element-populated\">\n\t\t\t\t\t\t<div class=\"elementor-element elementor-element-2b44b19 elementor-widget elementor-widget-image\" data-id=\"2b44b19\" data-element_type=\"widget\" data-e-type=\"widget\" data-widget_type=\"image.default\">\n\t\t\t\t<div class=\"elementor-widget-container\">\n\t\t\t\t\t\t\t\t\t\t\t\t\t\t\t<img loading=\"lazy\" decoding=\"async\" width=\"580\" height=\"450\" src=\"https:\/\/carboniaturismo.it\/wp-content\/uploads\/2024\/12\/Carbonia-Turismo-Photo-by-Giorgio-Michele-Spiaggia-di-Tuerredda-580x450-1.jpg\" class=\"attachment-large size-large wp-image-1707\" alt=\"\" \/>\t\t\t\t\t\t\t\t\t\t\t\t\t\t\t<\/div>\n\t\t\t\t<\/div>\n\t\t\t\t\t<\/div>\n\t\t<\/div>\n\t\t\t\t<div class=\"elementor-column elementor-col-33 elementor-top-column elementor-element elementor-element-d8837e8\" data-id=\"d8837e8\" data-element_type=\"column\" data-e-type=\"column\">\n\t\t\t<div class=\"elementor-widget-wrap elementor-element-populated\">\n\t\t\t\t\t\t<div class=\"elementor-element elementor-element-010a21e elementor-widget elementor-widget-image\" data-id=\"010a21e\" data-element_type=\"widget\" data-e-type=\"widget\" data-widget_type=\"image.default\">\n\t\t\t\t<div class=\"elementor-widget-container\">\n\t\t\t\t\t\t\t\t\t\t\t\t\t\t\t<img loading=\"lazy\" decoding=\"async\" width=\"580\" height=\"450\" src=\"https:\/\/carboniaturismo.it\/wp-content\/uploads\/2024\/12\/Carbonia-Turismo-Photo-by-Ilaria-isola-di-Tuerredda-580x450-1.jpg\" class=\"attachment-large size-large wp-image-1706\" alt=\"\" \/>\t\t\t\t\t\t\t\t\t\t\t\t\t\t\t<\/div>\n\t\t\t\t<\/div>\n\t\t\t\t\t<\/div>\n\t\t<\/div>\n\t\t\t\t\t<\/div>\n\t\t<\/section>\n\t\t\t\t<section class=\"elementor-section elementor-top-section elementor-element elementor-element-7bbd23b elementor-section-stretched elementor-section-boxed elementor-section-height-default elementor-section-height-default row-top\" data-id=\"7bbd23b\" data-element_type=\"section\" data-e-type=\"section\" data-settings=\"{&quot;stretch_section&quot;:&quot;section-stretched&quot;,&quot;background_background&quot;:&quot;classic&quot;}\">\n\t\t\t\t\t\t<div class=\"elementor-container elementor-column-gap-default\">\n\t\t\t\t\t<div class=\"elementor-column elementor-col-100 elementor-top-column elementor-element elementor-element-c9c1c02\" data-id=\"c9c1c02\" data-element_type=\"column\" data-e-type=\"column\">\n\t\t\t<div class=\"elementor-widget-wrap elementor-element-populated\">\n\t\t\t\t\t\t<section class=\"elementor-section elementor-inner-section elementor-element elementor-element-1f47f95 elementor-section-boxed elementor-section-height-default elementor-section-height-default row-top\" data-id=\"1f47f95\" data-element_type=\"section\" data-e-type=\"section\">\n\t\t\t\t\t\t<div class=\"elementor-container elementor-column-gap-default\">\n\t\t\t\t\t<div class=\"elementor-column elementor-col-50 elementor-inner-column elementor-element elementor-element-a2755ae\" data-id=\"a2755ae\" data-element_type=\"column\" data-e-type=\"column\">\n\t\t\t<div class=\"elementor-widget-wrap elementor-element-populated\">\n\t\t\t\t\t\t<div class=\"elementor-element elementor-element-56239dd elementor-position-inline-start elementor-view-default elementor-mobile-position-block-start elementor-widget elementor-widget-icon-box\" data-id=\"56239dd\" data-element_type=\"widget\" data-e-type=\"widget\" data-widget_type=\"icon-box.default\">\n\t\t\t\t<div class=\"elementor-widget-container\">\n\t\t\t\t\t\t\t<div class=\"elementor-icon-box-wrapper\">\n\n\t\t\t\t\t\t<div class=\"elementor-icon-box-icon\">\n\t\t\t\t<a href=\"https:\/\/www.google.com\/maps\/place\/Spiaggia+di+Tuerredda\/@38.8946095,8.8109543,17z\/data=!3m1!4b1!4m6!3m5!1s0x12e6e7378d569d7f:0xfe8af765f15074f0!8m2!3d38.8946095!4d8.8131483!16s%2Fg%2F12q4r5ypd?coh=164777&#038;entry=tt&#038;shorturl=1\" target=\"_blank\" class=\"elementor-icon\" tabindex=\"-1\" aria-label=\"Dov&#039;\u00e8\">\n\t\t\t\t<i aria-hidden=\"true\" class=\" flaticon-reisekarte\"><\/i>\t\t\t\t<\/a>\n\t\t\t<\/div>\n\t\t\t\n\t\t\t\t\t\t<div class=\"elementor-icon-box-content\">\n\n\t\t\t\t\t\t\t\t\t<h3 class=\"elementor-icon-box-title\">\n\t\t\t\t\t\t<a href=\"https:\/\/www.google.com\/maps\/place\/Spiaggia+di+Tuerredda\/@38.8946095,8.8109543,17z\/data=!3m1!4b1!4m6!3m5!1s0x12e6e7378d569d7f:0xfe8af765f15074f0!8m2!3d38.8946095!4d8.8131483!16s%2Fg%2F12q4r5ypd?coh=164777&#038;entry=tt&#038;shorturl=1\" target=\"_blank\" >\n\t\t\t\t\t\t\tDov'\u00e8\t\t\t\t\t\t<\/a>\n\t\t\t\t\t<\/h3>\n\t\t\t\t\n\t\t\t\t\t\t\t\t\t<p class=\"elementor-icon-box-description\">\n\t\t\t\t\t\t\u00bb <strong>Comune di Teulada <\/strong><br>\n\u00bb Circa 58 km da Cagliari (1 ora in auto)<br>\n\u00bb Circa 55 km da Carbonia (1 ora in auto)\n\t\t\t\t\t<\/p>\n\t\t\t\t\n\t\t\t<\/div>\n\t\t\t\n\t\t<\/div>\n\t\t\t\t\t\t<\/div>\n\t\t\t\t<\/div>\n\t\t\t\t<div class=\"elementor-element elementor-element-88fb66f elementor-position-inline-start elementor-view-default elementor-mobile-position-block-start elementor-widget elementor-widget-icon-box\" data-id=\"88fb66f\" data-element_type=\"widget\" data-e-type=\"widget\" data-widget_type=\"icon-box.default\">\n\t\t\t\t<div class=\"elementor-widget-container\">\n\t\t\t\t\t\t\t<div class=\"elementor-icon-box-wrapper\">\n\n\t\t\t\t\t\t<div class=\"elementor-icon-box-icon\">\n\t\t\t\t<span  class=\"elementor-icon\">\n\t\t\t\t<i aria-hidden=\"true\" class=\" flaticon-location\"><\/i>\t\t\t\t<\/span>\n\t\t\t<\/div>\n\t\t\t\n\t\t\t\t\t\t<div class=\"elementor-icon-box-content\">\n\n\t\t\t\t\t\t\t\t\t<h3 class=\"elementor-icon-box-title\">\n\t\t\t\t\t\t<span  >\n\t\t\t\t\t\t\tTipologia\t\t\t\t\t\t<\/span>\n\t\t\t\t\t<\/h3>\n\t\t\t\t\n\t\t\t\t\t\t\t\t\t<p class=\"elementor-icon-box-description\">\n\t\t\t\t\t\tSpiaggia sabbia fina\t\t\t\t\t<\/p>\n\t\t\t\t\n\t\t\t<\/div>\n\t\t\t\n\t\t<\/div>\n\t\t\t\t\t\t<\/div>\n\t\t\t\t<\/div>\n\t\t\t\t\t<\/div>\n\t\t<\/div>\n\t\t\t\t<div class=\"elementor-column elementor-col-50 elementor-inner-column elementor-element elementor-element-36745bd\" data-id=\"36745bd\" data-element_type=\"column\" data-e-type=\"column\">\n\t\t\t<div class=\"elementor-widget-wrap elementor-element-populated\">\n\t\t\t\t\t\t<div class=\"elementor-element elementor-element-5342a5d elementor-position-inline-start elementor-view-default elementor-mobile-position-block-start elementor-widget elementor-widget-icon-box\" data-id=\"5342a5d\" data-element_type=\"widget\" data-e-type=\"widget\" data-widget_type=\"icon-box.default\">\n\t\t\t\t<div class=\"elementor-widget-container\">\n\t\t\t\t\t\t\t<div class=\"elementor-icon-box-wrapper\">\n\n\t\t\t\t\t\t<div class=\"elementor-icon-box-icon\">\n\t\t\t\t<span  class=\"elementor-icon\">\n\t\t\t\t<i aria-hidden=\"true\" class=\" las la-info-circle\"><\/i>\t\t\t\t<\/span>\n\t\t\t<\/div>\n\t\t\t\n\t\t\t\t\t\t<div class=\"elementor-icon-box-content\">\n\n\t\t\t\t\t\t\t\t\t<h3 class=\"elementor-icon-box-title\">\n\t\t\t\t\t\t<span  >\n\t\t\t\t\t\t\tCaratteristiche\t\t\t\t\t\t<\/span>\n\t\t\t\t\t<\/h3>\n\t\t\t\t\n\t\t\t\t\t\t\t\t\t<p class=\"elementor-icon-box-description\">\n\t\t\t\t\t\t\u00bb <b>Gestione:<\/b> stabilimento, libera <br>\u00bb <b>Parcheggio<\/b> <br>\n\u00bb <b>Accessibilit\u00e0 disabili<\/b><br>\n\u00bb <b>Servizi<\/b>: ristoro\t\t\t\t\t<\/p>\n\t\t\t\t\n\t\t\t<\/div>\n\t\t\t\n\t\t<\/div>\n\t\t\t\t\t\t<\/div>\n\t\t\t\t<\/div>\n\t\t\t\t\t<\/div>\n\t\t<\/div>\n\t\t\t\t\t<\/div>\n\t\t<\/section>\n\t\t\t\t\t<\/div>\n\t\t<\/div>\n\t\t\t\t\t<\/div>\n\t\t<\/section>\n\t\t\t\t<section class=\"elementor-section elementor-top-section elementor-element elementor-element-fd5f2c1 elementor-section-boxed elementor-section-height-default elementor-section-height-default row-top\" data-id=\"fd5f2c1\" data-element_type=\"section\" data-e-type=\"section\">\n\t\t\t\t\t\t<div class=\"elementor-container elementor-column-gap-default\">\n\t\t\t\t\t<div class=\"elementor-column elementor-col-100 elementor-top-column elementor-element elementor-element-c833a9b\" data-id=\"c833a9b\" data-element_type=\"column\" data-e-type=\"column\">\n\t\t\t<div class=\"elementor-widget-wrap elementor-element-populated\">\n\t\t\t\t\t\t<div class=\"elementor-element elementor-element-58d79ad elementor-widget elementor-widget-image\" data-id=\"58d79ad\" data-element_type=\"widget\" data-e-type=\"widget\" data-widget_type=\"image.default\">\n\t\t\t\t<div class=\"elementor-widget-container\">\n\t\t\t\t\t\t\t\t\t\t\t\t\t\t\t<img loading=\"lazy\" decoding=\"async\" width=\"768\" height=\"211\" src=\"https:\/\/carboniaturismo.it\/wp-content\/uploads\/2024\/12\/Risorsa-3-768x211.png\" class=\"attachment-medium_large size-medium_large wp-image-1500\" alt=\"\" srcset=\"https:\/\/carboniaturismo.it\/wp-content\/uploads\/2024\/12\/Risorsa-3-768x211.png 768w, https:\/\/carboniaturismo.it\/wp-content\/uploads\/2024\/12\/Risorsa-3-1024x282.png 1024w, https:\/\/carboniaturismo.it\/wp-content\/uploads\/2024\/12\/Risorsa-3.png 1268w\" sizes=\"(max-width: 768px) 100vw, 768px\" \/>\t\t\t\t\t\t\t\t\t\t\t\t\t\t\t<\/div>\n\t\t\t\t<\/div>\n\t\t\t\t\t<\/div>\n\t\t<\/div>\n\t\t\t\t\t<\/div>\n\t\t<\/section>\n\t\t\t\t<section class=\"elementor-section elementor-top-section elementor-element elementor-element-95692ba elementor-section-full_width elementor-section-stretched elementor-section-height-default elementor-section-height-default row-top\" data-id=\"95692ba\" data-element_type=\"section\" data-e-type=\"section\" data-settings=\"{&quot;stretch_section&quot;:&quot;section-stretched&quot;}\">\n\t\t\t\t\t\t<div class=\"elementor-container elementor-column-gap-default\">\n\t\t\t\t\t<div class=\"elementor-column elementor-col-50 elementor-top-column elementor-element elementor-element-0e50970\" data-id=\"0e50970\" data-element_type=\"column\" data-e-type=\"column\" data-settings=\"{&quot;background_background&quot;:&quot;classic&quot;}\">\n\t\t\t<div class=\"elementor-widget-wrap elementor-element-populated\">\n\t\t\t\t\t\t<div class=\"elementor-element elementor-element-ae6c446 elementor-widget elementor-widget-spacer\" data-id=\"ae6c446\" data-element_type=\"widget\" data-e-type=\"widget\" data-widget_type=\"spacer.default\">\n\t\t\t\t<div class=\"elementor-widget-container\">\n\t\t\t\t\t\t\t<div class=\"elementor-spacer\">\n\t\t\t<div class=\"elementor-spacer-inner\"><\/div>\n\t\t<\/div>\n\t\t\t\t\t\t<\/div>\n\t\t\t\t<\/div>\n\t\t\t\t\t<\/div>\n\t\t<\/div>\n\t\t\t\t<div class=\"elementor-column elementor-col-50 elementor-top-column elementor-element elementor-element-50a2b7e\" data-id=\"50a2b7e\" data-element_type=\"column\" data-e-type=\"column\" data-settings=\"{&quot;background_background&quot;:&quot;classic&quot;}\">\n\t\t\t<div class=\"elementor-widget-wrap elementor-element-populated\">\n\t\t\t\t\t\t<div class=\"elementor-element elementor-element-1334a5d elementor-widget elementor-widget-gva-heading-block\" data-id=\"1334a5d\" data-element_type=\"widget\" data-e-type=\"widget\" data-widget_type=\"gva-heading-block.default\">\n\t\t\t\t<div class=\"elementor-widget-container\">\n\t\t\t\t\t<div class=\"gva-element-gva-heading-block gva-element\">   <div class=\"align-center style-1 widget gsc-heading box-align- auto-responsive\">\r\n      <div class=\"content-inner\">\r\n         \r\n                  \r\n                     <div class=\"sub-title\"><span>Organizza la tua vacanza<\/span><\/div>\r\n           \r\n         \r\n                     <h2 class=\"title\">\r\n               <span>Tutte le informazioni che ti servono per cominciare il tuo viaggio a Carbonia. <\/span>\r\n            <\/h2>\r\n                  \r\n                     <div class=\"heading-action\">\r\n               \t\t  <a href=\"https:\/\/carboniaturismo.it\/it\/idee-vacanza\/\" class=\"btn-cta btn-theme \">\r\n\t\t\t <span>Parti adesso<\/span>\r\n\t\t  <\/a>\r\n\r\n\t\t              <\/div>\r\n         \r\n      <\/div>\r\n   <\/div>\r\n<\/div>\t\t\t\t<\/div>\n\t\t\t\t<\/div>\n\t\t\t\t\t<\/div>\n\t\t<\/div>\n\t\t\t\t\t<\/div>\n\t\t<\/section>\n\t\t\t\t<\/div>\n\t\t","protected":false},"excerpt":{"rendered":"<p>Carbonia \u00e8 anche fatta di mare. Carbonia \u00e8 una citt\u00e0 che sorprende per la sua vicinanza a paesaggi costieri di rara bellezza. Situata strategicamente nel cuore del Sulcis-Iglesiente, questa destinazione [&hellip;]<\/p>\n","protected":false},"author":2,"featured_media":0,"parent":1562,"menu_order":0,"comment_status":"closed","ping_status":"closed","template":"","meta":{"rs_blank_template":"","rs_page_bg_color":"","slide_template_v7":"","footnotes":""},"class_list":["post-1689","page","type-page","status-publish","hentry"],"_links":{"self":[{"href":"https:\/\/carboniaturismo.it\/it\/wp-json\/wp\/v2\/pages\/1689","targetHints":{"allow":["GET"]}}],"collection":[{"href":"https:\/\/carboniaturismo.it\/it\/wp-json\/wp\/v2\/pages"}],"about":[{"href":"https:\/\/carboniaturismo.it\/it\/wp-json\/wp\/v2\/types\/page"}],"author":[{"embeddable":true,"href":"https:\/\/carboniaturismo.it\/it\/wp-json\/wp\/v2\/users\/2"}],"replies":[{"embeddable":true,"href":"https:\/\/carboniaturismo.it\/it\/wp-json\/wp\/v2\/comments?post=1689"}],"version-history":[{"count":88,"href":"https:\/\/carboniaturismo.it\/it\/wp-json\/wp\/v2\/pages\/1689\/revisions"}],"predecessor-version":[{"id":12190,"href":"https:\/\/carboniaturismo.it\/it\/wp-json\/wp\/v2\/pages\/1689\/revisions\/12190"}],"up":[{"embeddable":true,"href":"https:\/\/carboniaturismo.it\/it\/wp-json\/wp\/v2\/pages\/1562"}],"wp:attachment":[{"href":"https:\/\/carboniaturismo.it\/it\/wp-json\/wp\/v2\/media?parent=1689"}],"curies":[{"name":"wp","href":"https:\/\/api.w.org\/{rel}","templated":true}]}}