{"id":1467,"date":"2024-12-27T10:58:54","date_gmt":"2024-12-27T10:58:54","guid":{"rendered":"https:\/\/carboniaturismo.it\/?page_id=1467"},"modified":"2026-02-26T11:35:15","modified_gmt":"2026-02-26T11:35:15","slug":"homev2","status":"publish","type":"page","link":"https:\/\/carboniaturismo.it\/it\/","title":{"rendered":"Homev2"},"content":{"rendered":"\t\t<div data-elementor-type=\"wp-page\" data-elementor-id=\"1467\" class=\"elementor elementor-1467\" data-elementor-post-type=\"page\">\n\t\t\t\t\t\t<section class=\"elementor-section elementor-top-section elementor-element elementor-element-8a8e84f elementor-section-full_width elementor-section-height-default elementor-section-height-default row-top\" data-id=\"8a8e84f\" data-element_type=\"section\" data-e-type=\"section\">\n\t\t\t\t\t\t<div class=\"elementor-container elementor-column-gap-default\">\n\t\t\t\t\t<div class=\"elementor-column elementor-col-100 elementor-top-column elementor-element elementor-element-343f32f\" data-id=\"343f32f\" data-element_type=\"column\" data-e-type=\"column\">\n\t\t\t<div class=\"elementor-widget-wrap elementor-element-populated\">\n\t\t\t\t\t\t<div class=\"elementor-element elementor-element-bc244cc elementor--h-position-center elementor--v-position-middle elementor-arrows-position-inside elementor-pagination-position-inside elementor-widget elementor-widget-slides\" data-id=\"bc244cc\" data-element_type=\"widget\" data-e-type=\"widget\" data-settings=\"{&quot;navigation&quot;:&quot;both&quot;,&quot;autoplay&quot;:&quot;yes&quot;,&quot;pause_on_hover&quot;:&quot;yes&quot;,&quot;pause_on_interaction&quot;:&quot;yes&quot;,&quot;autoplay_speed&quot;:5000,&quot;infinite&quot;:&quot;yes&quot;,&quot;transition&quot;:&quot;slide&quot;,&quot;transition_speed&quot;:500}\" data-widget_type=\"slides.default\">\n\t\t\t\t<div class=\"elementor-widget-container\">\n\t\t\t\t\t\t\t\t\t<div class=\"elementor-swiper\">\n\t\t\t\t\t<div class=\"elementor-slides-wrapper elementor-main-swiper swiper\" role=\"region\" aria-roledescription=\"carousel\" aria-label=\"Slides\" dir=\"ltr\" data-animation=\"fadeInUp\">\n\t\t\t\t<div class=\"swiper-wrapper elementor-slides\">\n\t\t\t\t\t\t\t\t\t\t<div class=\"elementor-repeater-item-34d27b7 swiper-slide\" role=\"group\" aria-roledescription=\"slide\"><div class=\"swiper-slide-bg elementor-ken-burns elementor-ken-burns--in\" role=\"img\" aria-label=\"Carbonia-Turismo-Monte-Sirai-e-il-suo-paesaggio-1\"><\/div><a class=\"swiper-slide-inner\" href=\"https:\/\/carboniaturismo.it\/it\/idee-vacanza\/carbonia-tutto-lanno\/\"><div class=\"swiper-slide-contents\"><div class=\"elementor-slide-heading\">Carbonia per ogni stagione<\/div><div class=\"elementor-slide-description\">Tutto l\u2019anno, una vacanza fuori dalle solite rotte.\n<\/div><div  class=\"elementor-button elementor-slide-button elementor-size-sm\">Inizia il viaggio<\/div><\/div><\/a><\/div><div class=\"elementor-repeater-item-bced266 swiper-slide\" role=\"group\" aria-roledescription=\"slide\"><div class=\"swiper-slide-bg elementor-ken-burns elementor-ken-burns--in\" role=\"img\" aria-label=\"Carbonia-Turismo-Grande-miniera-di-Serbariu-Museo-del-Carbone\"><\/div><a class=\"swiper-slide-inner\" href=\"https:\/\/carboniaturismo.it\/it\/idee-vacanza\/le-vie-del-carbone\/\"><div class=\"swiper-slide-contents\"><div class=\"elementor-slide-heading\">La citt\u00e0 del carbone<\/div><div class=\"elementor-slide-description\">Carbonia, cuore profondo della Sardegna. \n<\/div><div  class=\"elementor-button elementor-slide-button elementor-size-sm\">DENTRO LE MINIERE<\/div><\/div><\/a><\/div><div class=\"elementor-repeater-item-743dd9f swiper-slide\" role=\"group\" aria-roledescription=\"slide\"><div class=\"swiper-slide-bg elementor-ken-burns elementor-ken-burns--in\" role=\"img\" aria-label=\"Carbonia-Turismo-dentro-il-culto-delle-miniere-1\"><\/div><a class=\"swiper-slide-inner\" href=\"https:\/\/carboniaturismo.it\/it\/idee-vacanza\/il-cammino-di-santa-barbara\/\"><div class=\"swiper-slide-contents\"><div class=\"elementor-slide-heading\">Dentro il culto delle miniere<\/div><div class=\"elementor-slide-description\">Il Cammino di Santa Barbara, protettrice dei minatori.<\/div><div  class=\"elementor-button elementor-slide-button elementor-size-sm\">Parti adesso<\/div><\/div><\/a><\/div><div class=\"elementor-repeater-item-f78d331 swiper-slide\" role=\"group\" aria-roledescription=\"slide\"><div class=\"swiper-slide-bg elementor-ken-burns elementor-ken-burns--in\" role=\"img\" aria-label=\"Carbonia-Turismo-Vigneti-del-Carignano-2\"><\/div><a class=\"swiper-slide-inner\" href=\"https:\/\/carboniaturismo.it\/it\/idee-vacanza\/itinerari-del-gusto\/\"><div class=\"swiper-slide-contents\"><div class=\"elementor-slide-heading\">Terra del Carignano<\/div><div class=\"elementor-slide-description\">Un sorso di Sulcis, un assaggio di Sardegna.<\/div><div  class=\"elementor-button elementor-slide-button elementor-size-sm\">Gusta ora<\/div><\/div><\/a><\/div><div class=\"elementor-repeater-item-a5bb859 swiper-slide\" role=\"group\" aria-roledescription=\"slide\"><div class=\"swiper-slide-bg elementor-ken-burns elementor-ken-burns--in\" role=\"img\" aria-label=\"tuerredda-i-mari-del-sud\"><\/div><a class=\"swiper-slide-inner\" href=\"https:\/\/carboniaturismo.it\/it\/scopri-carbonia\/spiagge\/\"><div class=\"swiper-slide-contents\"><div class=\"elementor-slide-heading\">Carbonia \u00e8 anche fatta di mare<\/div><div class=\"elementor-slide-description\">Immergiti nell\u2019acqua cristallina. <\/div><div  class=\"elementor-button elementor-slide-button elementor-size-sm\">Parti adesso<\/div><\/div><\/a><\/div>\t\t\t\t<\/div>\n\t\t\t\t\t\t\t\t\t\t\t\t\t\t\t<div class=\"elementor-swiper-button elementor-swiper-button-prev\" role=\"button\" tabindex=\"0\" aria-label=\"Previous slide\">\n\t\t\t\t\t\t\t<i aria-hidden=\"true\" class=\"eicon-chevron-left\"><\/i>\t\t\t\t\t\t<\/div>\n\t\t\t\t\t\t<div class=\"elementor-swiper-button elementor-swiper-button-next\" role=\"button\" tabindex=\"0\" aria-label=\"Next slide\">\n\t\t\t\t\t\t\t<i aria-hidden=\"true\" class=\"eicon-chevron-right\"><\/i>\t\t\t\t\t\t<\/div>\n\t\t\t\t\t\t\t\t\t\t\t\t\t\t\t\t<div class=\"swiper-pagination\"><\/div>\n\t\t\t\t\t\t\t\t\t\t\t\t<\/div>\n\t\t\t\t<\/div>\n\t\t\t\t\t\t\t\t<\/div>\n\t\t\t\t<\/div>\n\t\t\t\t\t<\/div>\n\t\t<\/div>\n\t\t\t\t\t<\/div>\n\t\t<\/section>\n\t\t\t\t<section class=\"elementor-section elementor-top-section elementor-element elementor-element-ed3a406 elementor-section-full_width elementor-hidden-desktop elementor-hidden-tablet elementor-hidden-mobile elementor-section-height-default elementor-section-height-default row-top\" data-id=\"ed3a406\" data-element_type=\"section\" data-e-type=\"section\">\n\t\t\t\t\t\t<div class=\"elementor-container elementor-column-gap-default\">\n\t\t\t\t\t<div class=\"elementor-column elementor-col-100 elementor-top-column elementor-element elementor-element-74a93e5\" data-id=\"74a93e5\" data-element_type=\"column\" data-e-type=\"column\">\n\t\t\t<div class=\"elementor-widget-wrap\">\n\t\t\t\t\t\t\t<\/div>\n\t\t<\/div>\n\t\t\t\t\t<\/div>\n\t\t<\/section>\n\t\t\t\t<section class=\"elementor-section elementor-top-section elementor-element elementor-element-d7a4aef elementor-section-boxed elementor-section-height-default elementor-section-height-default row-top\" data-id=\"d7a4aef\" data-element_type=\"section\" data-e-type=\"section\">\n\t\t\t\t\t\t<div class=\"elementor-container elementor-column-gap-default\">\n\t\t\t\t\t<div class=\"elementor-column elementor-col-100 elementor-top-column elementor-element elementor-element-6e19a4a\" data-id=\"6e19a4a\" data-element_type=\"column\" data-e-type=\"column\">\n\t\t\t<div class=\"elementor-widget-wrap elementor-element-populated\">\n\t\t\t\t\t\t<div class=\"elementor-element elementor-element-0858b36 animated-fast elementor-invisible elementor-widget elementor-widget-gva-heading-block\" data-id=\"0858b36\" data-element_type=\"widget\" data-e-type=\"widget\" data-settings=\"{&quot;_animation&quot;:&quot;fadeInUp&quot;}\" data-widget_type=\"gva-heading-block.default\">\n\t\t\t\t<div class=\"elementor-widget-container\">\n\t\t\t\t\t<div class=\"gva-element-gva-heading-block gva-element\">   <div class=\"align-center style-1 widget gsc-heading box-align-left auto-responsive\">\r\n      <div class=\"content-inner\">\r\n         \r\n                  \r\n                     <div class=\"sub-title\"><span>Carbonia da scoprire<\/span><\/div>\r\n           \r\n         \r\n                     <h2 class=\"title\">\r\n               <span>Eventi<\/span>\r\n            <\/h2>\r\n                  \r\n         \r\n      <\/div>\r\n   <\/div>\r\n<\/div>\t\t\t\t<\/div>\n\t\t\t\t<\/div>\n\t\t\t\t<section class=\"elementor-section elementor-inner-section elementor-element elementor-element-e0a519d elementor-section-boxed elementor-section-height-default elementor-section-height-default row-top\" data-id=\"e0a519d\" data-element_type=\"section\" data-e-type=\"section\">\n\t\t\t\t\t\t<div class=\"elementor-container elementor-column-gap-default\">\n\t\t\t\t\t<div class=\"elementor-column elementor-col-100 elementor-inner-column elementor-element elementor-element-95ed04e\" data-id=\"95ed04e\" data-element_type=\"column\" data-e-type=\"column\">\n\t\t\t<div class=\"elementor-widget-wrap elementor-element-populated\">\n\t\t\t\t\t\t<div class=\"elementor-element elementor-element-46046a6 elementor-widget elementor-widget-shortcode\" data-id=\"46046a6\" data-element_type=\"widget\" data-e-type=\"widget\" data-widget_type=\"shortcode.default\">\n\t\t\t\t<div class=\"elementor-widget-container\">\n\t\t\t\t\t\t\t<div class=\"elementor-shortcode\">    <div class=\"tec-upcoming-events\">\n                    <div class=\"tec-event-card\">\n\n                <!-- Image -->\n                <div class=\"tec-event-image\">\n                                            <img fetchpriority=\"high\" decoding=\"async\" width=\"600\" height=\"600\" src=\"https:\/\/carboniaturismo.it\/wp-content\/uploads\/2026\/04\/Teatro-Centrale-Carbonia-Pianororte-e-quintetto-darchi-600.jpg\" class=\"attachment-medium size-medium wp-post-image\" alt=\"\" srcset=\"https:\/\/carboniaturismo.it\/wp-content\/uploads\/2026\/04\/Teatro-Centrale-Carbonia-Pianororte-e-quintetto-darchi-600.jpg 600w, https:\/\/carboniaturismo.it\/wp-content\/uploads\/2026\/04\/Teatro-Centrale-Carbonia-Pianororte-e-quintetto-darchi-600-180x180.jpg 180w, https:\/\/carboniaturismo.it\/wp-content\/uploads\/2026\/04\/Teatro-Centrale-Carbonia-Pianororte-e-quintetto-darchi-600-100x100.jpg 100w\" sizes=\"(max-width: 600px) 100vw, 600px\" \/>                    \n                    <div class=\"tec-date-badge\">\n                        <span class=\"day\">29<\/span>\n                        <span class=\"month\">APR<\/span>\n                    <\/div>\n                <\/div>\n\n                <!-- Content -->\n                <div class=\"tec-event-content\">\n                    <div class=\"tec-meta\">\n                        <span class=\"tec-time\">\n                            Aprile 29                                                            \u2013 8:00                                                    <\/span>\n\n                                                    <span class=\"tec-location\">\n                                Carbonia, Teatro Centrale                            <\/span>\n                                            <\/div>\n\n                    <h3 class=\"tec-title\">\n                        <a href=\"https:\/\/carboniaturismo.it\/it\/event\/teatro-centrale-carbonia-concerto-di-musica-classica-pianoforte-e-quintetto-darchi\/\">\n                            Teatro Centrale Carbonia: Concerto di musica classica, pianoforte e quintetto d&#8217;archi                        <\/a>\n                    <\/h3>\n\n                    <p class=\"tec-excerpt\">\n                        Un appuntamento di grande fascino musicale, dove il pianoforte dialoga con il quintetto d\u2019archi in un perfetto equilibrio&hellip;                    <\/p>\n                <\/div>\n\n                <!-- Button -->\n                <div class=\"tec-event-action\">\n                    <a class=\"tec-btn\" href=\"https:\/\/carboniaturismo.it\/it\/event\/teatro-centrale-carbonia-concerto-di-musica-classica-pianoforte-e-quintetto-darchi\/\">\n                        JOIN EVENT\n                    <\/a>\n                <\/div>\n\n            <\/div>\n                    <div class=\"tec-event-card\">\n\n                <!-- Image -->\n                <div class=\"tec-event-image\">\n                                            <img decoding=\"async\" width=\"600\" height=\"600\" src=\"https:\/\/carboniaturismo.it\/wp-content\/uploads\/2026\/04\/Teatro-Centrale-Carbonia-Il-tema-con-variazioni-600.jpg\" class=\"attachment-medium size-medium wp-post-image\" alt=\"\" srcset=\"https:\/\/carboniaturismo.it\/wp-content\/uploads\/2026\/04\/Teatro-Centrale-Carbonia-Il-tema-con-variazioni-600.jpg 600w, https:\/\/carboniaturismo.it\/wp-content\/uploads\/2026\/04\/Teatro-Centrale-Carbonia-Il-tema-con-variazioni-600-180x180.jpg 180w, https:\/\/carboniaturismo.it\/wp-content\/uploads\/2026\/04\/Teatro-Centrale-Carbonia-Il-tema-con-variazioni-600-100x100.jpg 100w\" sizes=\"(max-width: 600px) 100vw, 600px\" \/>                    \n                    <div class=\"tec-date-badge\">\n                        <span class=\"day\">05<\/span>\n                        <span class=\"month\">MAG<\/span>\n                    <\/div>\n                <\/div>\n\n                <!-- Content -->\n                <div class=\"tec-event-content\">\n                    <div class=\"tec-meta\">\n                        <span class=\"tec-time\">\n                            Maggio 5                                                            \u2013 18:30                                                    <\/span>\n\n                                                    <span class=\"tec-location\">\n                                Carbonia, Teatro Centrale                            <\/span>\n                                            <\/div>\n\n                    <h3 class=\"tec-title\">\n                        <a href=\"https:\/\/carboniaturismo.it\/it\/event\/teatro-centrale-carbonia-il-tema-con-variazioni-nella-letteratura-pianistica\/\">\n                            Teatro Centrale Carbonia: Il tema con variazioni nella letteratura pianistica                        <\/a>\n                    <\/h3>\n\n                    <p class=\"tec-excerpt\">\n                        Concerto per pianoforte: un affascinante viaggio nella forma musicale del tema con variazioni, uno dei linguaggi pi\u00f9 raffinati&hellip;                    <\/p>\n                <\/div>\n\n                <!-- Button -->\n                <div class=\"tec-event-action\">\n                    <a class=\"tec-btn\" href=\"https:\/\/carboniaturismo.it\/it\/event\/teatro-centrale-carbonia-il-tema-con-variazioni-nella-letteratura-pianistica\/\">\n                        JOIN EVENT\n                    <\/a>\n                <\/div>\n\n            <\/div>\n                    <div class=\"tec-event-card\">\n\n                <!-- Image -->\n                <div class=\"tec-event-image\">\n                                            <img decoding=\"async\" width=\"600\" height=\"600\" src=\"https:\/\/carboniaturismo.it\/wp-content\/uploads\/2026\/04\/Teatro-Centrale-Carbonia-Jazz-Piano-Solo-Recital-600.jpg\" class=\"attachment-medium size-medium wp-post-image\" alt=\"\" srcset=\"https:\/\/carboniaturismo.it\/wp-content\/uploads\/2026\/04\/Teatro-Centrale-Carbonia-Jazz-Piano-Solo-Recital-600.jpg 600w, https:\/\/carboniaturismo.it\/wp-content\/uploads\/2026\/04\/Teatro-Centrale-Carbonia-Jazz-Piano-Solo-Recital-600-180x180.jpg 180w, https:\/\/carboniaturismo.it\/wp-content\/uploads\/2026\/04\/Teatro-Centrale-Carbonia-Jazz-Piano-Solo-Recital-600-100x100.jpg 100w\" sizes=\"(max-width: 600px) 100vw, 600px\" \/>                    \n                    <div class=\"tec-date-badge\">\n                        <span class=\"day\">06<\/span>\n                        <span class=\"month\">MAG<\/span>\n                    <\/div>\n                <\/div>\n\n                <!-- Content -->\n                <div class=\"tec-event-content\">\n                    <div class=\"tec-meta\">\n                        <span class=\"tec-time\">\n                            Maggio 6                                                            \u2013 18:30                                                    <\/span>\n\n                                                    <span class=\"tec-location\">\n                                Carbonia, Teatro Centrale                            <\/span>\n                                            <\/div>\n\n                    <h3 class=\"tec-title\">\n                        <a href=\"https:\/\/carboniaturismo.it\/it\/event\/teatro-centrale-carbonia-jazz-piano-solo-recital-concerto-per-pianoforte\/\">\n                            Teatro Centrale Carbonia: Jazz Piano Solo Recital, concerto per pianoforte                        <\/a>\n                    <\/h3>\n\n                    <p class=\"tec-excerpt\">\n                        Un viaggio intimo e suggestivo nelle atmosfere del jazz, dove improvvisazione, eleganza e libert\u00e0 espressiva si incontrano in&hellip;                    <\/p>\n                <\/div>\n\n                <!-- Button -->\n                <div class=\"tec-event-action\">\n                    <a class=\"tec-btn\" href=\"https:\/\/carboniaturismo.it\/it\/event\/teatro-centrale-carbonia-jazz-piano-solo-recital-concerto-per-pianoforte\/\">\n                        JOIN EVENT\n                    <\/a>\n                <\/div>\n\n            <\/div>\n                    <div class=\"tec-event-card\">\n\n                <!-- Image -->\n                <div class=\"tec-event-image\">\n                                            <img loading=\"lazy\" decoding=\"async\" width=\"600\" height=\"600\" src=\"https:\/\/carboniaturismo.it\/wp-content\/uploads\/2026\/04\/Grande-Miniera-di-Serbariu-European-Mining-Day-600.jpg\" class=\"attachment-medium size-medium wp-post-image\" alt=\"\" srcset=\"https:\/\/carboniaturismo.it\/wp-content\/uploads\/2026\/04\/Grande-Miniera-di-Serbariu-European-Mining-Day-600.jpg 600w, https:\/\/carboniaturismo.it\/wp-content\/uploads\/2026\/04\/Grande-Miniera-di-Serbariu-European-Mining-Day-600-180x180.jpg 180w\" sizes=\"(max-width: 600px) 100vw, 600px\" \/>                    \n                    <div class=\"tec-date-badge\">\n                        <span class=\"day\">09<\/span>\n                        <span class=\"month\">MAG<\/span>\n                    <\/div>\n                <\/div>\n\n                <!-- Content -->\n                <div class=\"tec-event-content\">\n                    <div class=\"tec-meta\">\n                        <span class=\"tec-time\">\n                            Maggio 9                                                            \u2013 8:30                                                    <\/span>\n\n                                                    <span class=\"tec-location\">\n                                Carbonia, Monte Sirai                            <\/span>\n                                            <\/div>\n\n                    <h3 class=\"tec-title\">\n                        <a href=\"https:\/\/carboniaturismo.it\/it\/event\/grande-miniera-di-serbariu-european-mining-routes-day-2026\/\">\n                            Grande Miniera di Serbariu: EUROPEAN MINING ROUTES DAY 2026                        <\/a>\n                    <\/h3>\n\n                    <p class=\"tec-excerpt\">\n                        Un viaggio tra storia, natura e cultura mineraria.\u00a0Sabato 9 maggio 2026, vivi un\u2019esperienza unica nel cuore del Sulcis&hellip;                    <\/p>\n                <\/div>\n\n                <!-- Button -->\n                <div class=\"tec-event-action\">\n                    <a class=\"tec-btn\" href=\"https:\/\/carboniaturismo.it\/it\/event\/grande-miniera-di-serbariu-european-mining-routes-day-2026\/\">\n                        JOIN EVENT\n                    <\/a>\n                <\/div>\n\n            <\/div>\n                    <div class=\"tec-event-card\">\n\n                <!-- Image -->\n                <div class=\"tec-event-image\">\n                                            <img loading=\"lazy\" decoding=\"async\" width=\"180\" height=\"125\" src=\"https:\/\/carboniaturismo.it\/wp-content\/uploads\/2025\/11\/Teatro-Le-nostre-donne-Bizzarri-180-lr.webp\" class=\"attachment-medium size-medium wp-post-image\" alt=\"\" \/>                    \n                    <div class=\"tec-date-badge\">\n                        <span class=\"day\">13<\/span>\n                        <span class=\"month\">MAG<\/span>\n                    <\/div>\n                <\/div>\n\n                <!-- Content -->\n                <div class=\"tec-event-content\">\n                    <div class=\"tec-meta\">\n                        <span class=\"tec-time\">\n                            Maggio 13                                                            \u2013 20:30                                                    <\/span>\n\n                                                    <span class=\"tec-location\">\n                                Carbonia, Teatro Centrale                            <\/span>\n                                            <\/div>\n\n                    <h3 class=\"tec-title\">\n                        <a href=\"https:\/\/carboniaturismo.it\/it\/event\/teatro-centrale-carbonia-le-nostre-donne\/\">\n                            Teatro Centrale Carbonia: Le nostre donne                        <\/a>\n                    <\/h3>\n\n                    <p class=\"tec-excerpt\">\n                        Le nostre donne: Max (Luca Bizzarri), Paul (Enzo Paci) e Simon (Antonio Zavatteri) sono amici da trent\u2019anni, affermati&hellip;                    <\/p>\n                <\/div>\n\n                <!-- Button -->\n                <div class=\"tec-event-action\">\n                    <a class=\"tec-btn\" href=\"https:\/\/carboniaturismo.it\/it\/event\/teatro-centrale-carbonia-le-nostre-donne\/\">\n                        JOIN EVENT\n                    <\/a>\n                <\/div>\n\n            <\/div>\n                    <div class=\"tec-event-card\">\n\n                <!-- Image -->\n                <div class=\"tec-event-image\">\n                                            <img loading=\"lazy\" decoding=\"async\" width=\"93\" height=\"140\" src=\"https:\/\/carboniaturismo.it\/wp-content\/uploads\/2026\/02\/Monumenti-aperti-a-Carbonia-2026-lr-140.jpg\" class=\"attachment-medium size-medium wp-post-image\" alt=\"\" \/>                    \n                    <div class=\"tec-date-badge\">\n                        <span class=\"day\">23<\/span>\n                        <span class=\"month\">MAG<\/span>\n                    <\/div>\n                <\/div>\n\n                <!-- Content -->\n                <div class=\"tec-event-content\">\n                    <div class=\"tec-meta\">\n                        <span class=\"tec-time\">\n                            Maggio 23                                                    <\/span>\n\n                                            <\/div>\n\n                    <h3 class=\"tec-title\">\n                        <a href=\"https:\/\/carboniaturismo.it\/it\/event\/monumenti-aperti-a-carbonia-2026-patrimonio-storico-e-culturale\/\">\n                            MONUMENTI APERTI a Carbonia 2026: patrimonio storico e culturale                        <\/a>\n                    <\/h3>\n\n                    <p class=\"tec-excerpt\">\n                        Monumenti Aperti torna anche a Carbonia grazie alla partecipazione del Comune di Carbonia a una delle principali manifestazioni&hellip;                    <\/p>\n                <\/div>\n\n                <!-- Button -->\n                <div class=\"tec-event-action\">\n                    <a class=\"tec-btn\" href=\"https:\/\/carboniaturismo.it\/it\/event\/monumenti-aperti-a-carbonia-2026-patrimonio-storico-e-culturale\/\">\n                        JOIN EVENT\n                    <\/a>\n                <\/div>\n\n            <\/div>\n            <\/div>\n    <\/div>\n\t\t\t\t\t\t<\/div>\n\t\t\t\t<\/div>\n\t\t\t\t\t<\/div>\n\t\t<\/div>\n\t\t\t\t\t<\/div>\n\t\t<\/section>\n\t\t\t\t<div class=\"elementor-element elementor-element-fb877b4 elementor-align-center elementor-widget elementor-widget-button\" data-id=\"fb877b4\" data-element_type=\"widget\" data-e-type=\"widget\" data-widget_type=\"button.default\">\n\t\t\t\t<div class=\"elementor-widget-container\">\n\t\t\t\t\t\t\t\t\t<div class=\"elementor-button-wrapper\">\n\t\t\t\t\t<a class=\"elementor-button elementor-button-link elementor-size-sm\" href=\"https:\/\/carboniaturismo.it\/it\/eventi\/elenco\/\">\n\t\t\t\t\t\t<span class=\"elementor-button-content-wrapper\">\n\t\t\t\t\t\t\t\t\t<span class=\"elementor-button-text\">TUTTI GLI EVENTI<\/span>\n\t\t\t\t\t<\/span>\n\t\t\t\t\t<\/a>\n\t\t\t\t<\/div>\n\t\t\t\t\t\t\t\t<\/div>\n\t\t\t\t<\/div>\n\t\t\t\t\t<\/div>\n\t\t<\/div>\n\t\t\t\t\t<\/div>\n\t\t<\/section>\n\t\t\t\t<section class=\"elementor-section elementor-top-section elementor-element elementor-element-711541e elementor-section-boxed elementor-section-height-default elementor-section-height-default row-top\" data-id=\"711541e\" data-element_type=\"section\" data-e-type=\"section\" data-settings=\"{&quot;background_background&quot;:&quot;classic&quot;}\">\n\t\t\t\t\t\t<div class=\"elementor-container elementor-column-gap-default\">\n\t\t\t\t\t<div class=\"elementor-column elementor-col-33 elementor-top-column elementor-element elementor-element-156c07e\" data-id=\"156c07e\" data-element_type=\"column\" data-e-type=\"column\">\n\t\t\t<div class=\"elementor-widget-wrap elementor-element-populated\">\n\t\t\t\t\t\t<div class=\"elementor-element elementor-element-af6bae6 elementor-widget elementor-widget-image\" data-id=\"af6bae6\" data-element_type=\"widget\" data-e-type=\"widget\" data-widget_type=\"image.default\">\n\t\t\t\t<div class=\"elementor-widget-container\">\n\t\t\t\t\t\t\t\t\t\t\t\t\t\t\t<img loading=\"lazy\" decoding=\"async\" width=\"250\" height=\"250\" src=\"https:\/\/carboniaturismo.it\/wp-content\/uploads\/2024\/12\/Carbonia-animazione-icone.gif\" class=\"attachment-large size-large wp-image-1469\" alt=\"\" \/>\t\t\t\t\t\t\t\t\t\t\t\t\t\t\t<\/div>\n\t\t\t\t<\/div>\n\t\t\t\t\t<\/div>\n\t\t<\/div>\n\t\t\t\t<div class=\"elementor-column elementor-col-66 elementor-top-column elementor-element elementor-element-dca51a3\" data-id=\"dca51a3\" data-element_type=\"column\" data-e-type=\"column\">\n\t\t\t<div class=\"elementor-widget-wrap elementor-element-populated\">\n\t\t\t\t\t\t<section class=\"elementor-section elementor-inner-section elementor-element elementor-element-b0611bf elementor-section-boxed elementor-section-height-default elementor-section-height-default row-top\" data-id=\"b0611bf\" data-element_type=\"section\" data-e-type=\"section\">\n\t\t\t\t\t\t<div class=\"elementor-container elementor-column-gap-default\">\n\t\t\t\t\t<div class=\"elementor-column elementor-col-100 elementor-inner-column elementor-element elementor-element-7965e50\" data-id=\"7965e50\" data-element_type=\"column\" data-e-type=\"column\">\n\t\t\t<div class=\"elementor-widget-wrap elementor-element-populated\">\n\t\t\t\t\t\t<div class=\"elementor-element elementor-element-4067f0d elementor-widget elementor-widget-gva-heading-block\" data-id=\"4067f0d\" data-element_type=\"widget\" data-e-type=\"widget\" data-widget_type=\"gva-heading-block.default\">\n\t\t\t\t<div class=\"elementor-widget-container\">\n\t\t\t\t\t<div class=\"gva-element-gva-heading-block gva-element\">   <div class=\"align-left style-1 widget gsc-heading box-align-center auto-responsive\">\r\n      <div class=\"content-inner\">\r\n         \r\n                  \r\n                     <div class=\"sub-title\"><span>Dentro Carbonia<\/span><\/div>\r\n           \r\n         \r\n                     <h2 class=\"title\">\r\n               <span>Benvenuti nella citt\u00e0 delle miniere<\/span>\r\n            <\/h2>\r\n                  \r\n         \r\n      <\/div>\r\n   <\/div>\r\n<\/div>\t\t\t\t<\/div>\n\t\t\t\t<\/div>\n\t\t\t\t\t<\/div>\n\t\t<\/div>\n\t\t\t\t\t<\/div>\n\t\t<\/section>\n\t\t\t\t<section class=\"elementor-section elementor-inner-section elementor-element elementor-element-fc4904c elementor-section-boxed elementor-section-height-default elementor-section-height-default row-top\" data-id=\"fc4904c\" data-element_type=\"section\" data-e-type=\"section\">\n\t\t\t\t\t\t<div class=\"elementor-container elementor-column-gap-default\">\n\t\t\t\t\t<div class=\"elementor-column elementor-col-100 elementor-inner-column elementor-element elementor-element-d6bd29a\" data-id=\"d6bd29a\" data-element_type=\"column\" data-e-type=\"column\">\n\t\t\t<div class=\"elementor-widget-wrap elementor-element-populated\">\n\t\t\t\t\t\t<div class=\"elementor-element elementor-element-0db3172 elementor-widget elementor-widget-text-editor\" data-id=\"0db3172\" data-element_type=\"widget\" data-e-type=\"widget\" data-widget_type=\"text-editor.default\">\n\t\t\t\t<div class=\"elementor-widget-container\">\n\t\t\t\t\t\t\t\t\t<p>Benvenuti nella citt\u00e0 delle miniere, un luogo in cui convivono natura, cultura, storia e tradizioni. <strong>Carbonia \u00e8 una citt\u00e0 che racconta una storia fatta di duro lavoro e resilienza,<\/strong> collocata tra il suggestivo entroterra e la costa mozzafiato del sud-ovest della Sardegna. <strong>\u00c8 il punto di partenza ideale per un viaggio affascinante alla scoperta delle miniere, delle antiche tradizioni locali e di una cultura unica,<\/strong> legata profondamente alle sue radici ma proiettata verso il futuro. Carbonia non \u00e8 solo una meta turistica, ma un\u2019avventura in grado di svelare il lato pi\u00f9 autentico e appassionante della Sardegna.<\/p>\t\t\t\t\t\t\t\t<\/div>\n\t\t\t\t<\/div>\n\t\t\t\t<div class=\"elementor-element elementor-element-f08aed1 elementor-align-left elementor-widget elementor-widget-button\" data-id=\"f08aed1\" data-element_type=\"widget\" data-e-type=\"widget\" data-widget_type=\"button.default\">\n\t\t\t\t<div class=\"elementor-widget-container\">\n\t\t\t\t\t\t\t\t\t<div class=\"elementor-button-wrapper\">\n\t\t\t\t\t<a class=\"elementor-button elementor-button-link elementor-size-sm\" href=\"https:\/\/carboniaturismo.it\/it\/idee-vacanza\/\">\n\t\t\t\t\t\t<span class=\"elementor-button-content-wrapper\">\n\t\t\t\t\t\t\t\t\t<span class=\"elementor-button-text\">Scopri di pi\u00f9<\/span>\n\t\t\t\t\t<\/span>\n\t\t\t\t\t<\/a>\n\t\t\t\t<\/div>\n\t\t\t\t\t\t\t\t<\/div>\n\t\t\t\t<\/div>\n\t\t\t\t\t<\/div>\n\t\t<\/div>\n\t\t\t\t\t<\/div>\n\t\t<\/section>\n\t\t\t\t\t<\/div>\n\t\t<\/div>\n\t\t\t\t\t<\/div>\n\t\t<\/section>\n\t\t\t\t<section class=\"elementor-section elementor-top-section elementor-element elementor-element-2a9edd9 elementor-section-boxed elementor-section-height-default elementor-section-height-default row-top\" data-id=\"2a9edd9\" data-element_type=\"section\" data-e-type=\"section\">\n\t\t\t\t\t\t<div class=\"elementor-container elementor-column-gap-default\">\n\t\t\t\t\t<div class=\"elementor-column elementor-col-100 elementor-top-column elementor-element elementor-element-350d7b8\" data-id=\"350d7b8\" data-element_type=\"column\" data-e-type=\"column\">\n\t\t\t<div class=\"elementor-widget-wrap elementor-element-populated\">\n\t\t\t\t\t\t<section class=\"elementor-section elementor-inner-section elementor-element elementor-element-76d36a4 elementor-section-boxed elementor-section-height-default elementor-section-height-default row-top\" data-id=\"76d36a4\" data-element_type=\"section\" data-e-type=\"section\">\n\t\t\t\t\t\t<div class=\"elementor-container elementor-column-gap-default\">\n\t\t\t\t\t<div class=\"elementor-column elementor-col-100 elementor-inner-column elementor-element elementor-element-b3e14fd\" data-id=\"b3e14fd\" data-element_type=\"column\" data-e-type=\"column\">\n\t\t\t<div class=\"elementor-widget-wrap elementor-element-populated\">\n\t\t\t\t\t\t<div class=\"elementor-element elementor-element-ed1b4a0 animated-fast elementor-invisible elementor-widget elementor-widget-gva-heading-block\" data-id=\"ed1b4a0\" data-element_type=\"widget\" data-e-type=\"widget\" data-settings=\"{&quot;_animation&quot;:&quot;fadeInUp&quot;}\" data-widget_type=\"gva-heading-block.default\">\n\t\t\t\t<div class=\"elementor-widget-container\">\n\t\t\t\t\t<div class=\"gva-element-gva-heading-block gva-element\">   <div class=\"align-left style-1 widget gsc-heading box-align-left auto-responsive\">\r\n      <div class=\"content-inner\">\r\n         \r\n                  \r\n                     <div class=\"sub-title\"><span>Dalla terra al mare <\/span><\/div>\r\n           \r\n         \r\n                     <h2 class=\"title\">\r\n               <span>Perch\u00e9 scegliere Carbonia<\/span>\r\n            <\/h2>\r\n                  \r\n         \r\n      <\/div>\r\n   <\/div>\r\n<\/div>\t\t\t\t<\/div>\n\t\t\t\t<\/div>\n\t\t\t\t\t<\/div>\n\t\t<\/div>\n\t\t\t\t\t<\/div>\n\t\t<\/section>\n\t\t\t\t<div class=\"elementor-element elementor-element-7933034 elementor-widget elementor-widget-text-editor\" data-id=\"7933034\" data-element_type=\"widget\" data-e-type=\"widget\" data-widget_type=\"text-editor.default\">\n\t\t\t\t<div class=\"elementor-widget-container\">\n\t\t\t\t\t\t\t\t\t<p><strong>Carbonia \u00e8 il cuore pulsante del Sulcis-Iglesiente,<\/strong> posizionata strategicamente<strong> tra la fertile pianura del Campidano e le incantevoli spiagge della costa sud-occidentale della Sardegna.<\/strong> Questa citt\u00e0, testimonianza vivente di un passato minerario e archeologico, \u00e8 la porta d\u2019accesso a un territorio ricco di storie e culture. Il suo patrimonio spazia dalle antiche miniere della Grande Miniera di Serbariu ai musei, dagli itinerari naturalistici ai percorsi enogastronomici che permettono di scoprire i sapori autentici della Sardegna. Scegliere Carbonia significa entrare in contatto con un luogo senza tempo, dove passato e presente si fondono, regalando a ogni visitatore una vacanza indimenticabile.<\/p>\t\t\t\t\t\t\t\t<\/div>\n\t\t\t\t<\/div>\n\t\t\t\t<section class=\"elementor-section elementor-inner-section elementor-element elementor-element-68bad65 elementor-section-boxed elementor-section-height-default elementor-section-height-default row-top\" data-id=\"68bad65\" data-element_type=\"section\" data-e-type=\"section\">\n\t\t\t\t\t\t<div class=\"elementor-container elementor-column-gap-default\">\n\t\t\t\t\t<div class=\"elementor-column elementor-col-33 elementor-inner-column elementor-element elementor-element-7007d60\" data-id=\"7007d60\" data-element_type=\"column\" data-e-type=\"column\">\n\t\t\t<div class=\"elementor-widget-wrap elementor-element-populated\">\n\t\t\t\t\t\t<div class=\"elementor-element elementor-element-6660e3f elementor-widget elementor-widget-image\" data-id=\"6660e3f\" data-element_type=\"widget\" data-e-type=\"widget\" data-widget_type=\"image.default\">\n\t\t\t\t<div class=\"elementor-widget-container\">\n\t\t\t\t\t\t\t\t\t\t\t\t\t\t\t<img loading=\"lazy\" decoding=\"async\" width=\"580\" height=\"450\" src=\"https:\/\/carboniaturismo.it\/wp-content\/uploads\/2024\/12\/Carbonia-Turismo-Perche-scegliere-Carbonia-le-miniere-580x450-4.jpg\" class=\"attachment-large size-large wp-image-1472\" alt=\"\" \/>\t\t\t\t\t\t\t\t\t\t\t\t\t\t\t<\/div>\n\t\t\t\t<\/div>\n\t\t\t\t\t<\/div>\n\t\t<\/div>\n\t\t\t\t<div class=\"elementor-column elementor-col-33 elementor-inner-column elementor-element elementor-element-916ed2b\" data-id=\"916ed2b\" data-element_type=\"column\" data-e-type=\"column\">\n\t\t\t<div class=\"elementor-widget-wrap elementor-element-populated\">\n\t\t\t\t\t\t<div class=\"elementor-element elementor-element-3552aa4 elementor-widget elementor-widget-image\" data-id=\"3552aa4\" data-element_type=\"widget\" data-e-type=\"widget\" data-widget_type=\"image.default\">\n\t\t\t\t<div class=\"elementor-widget-container\">\n\t\t\t\t\t\t\t\t\t\t\t\t\t\t\t<img loading=\"lazy\" decoding=\"async\" width=\"580\" height=\"450\" src=\"https:\/\/carboniaturismo.it\/wp-content\/uploads\/2024\/12\/Carbonia-Turismo-Perche-scegliere-Carbonia-il-paesaggio-580x450-2.jpg\" class=\"attachment-large size-large wp-image-1473\" alt=\"\" \/>\t\t\t\t\t\t\t\t\t\t\t\t\t\t\t<\/div>\n\t\t\t\t<\/div>\n\t\t\t\t\t<\/div>\n\t\t<\/div>\n\t\t\t\t<div class=\"elementor-column elementor-col-33 elementor-inner-column elementor-element elementor-element-0ddb056\" data-id=\"0ddb056\" data-element_type=\"column\" data-e-type=\"column\">\n\t\t\t<div class=\"elementor-widget-wrap elementor-element-populated\">\n\t\t\t\t\t\t<div class=\"elementor-element elementor-element-32c6faa elementor-widget elementor-widget-image\" data-id=\"32c6faa\" data-element_type=\"widget\" data-e-type=\"widget\" data-widget_type=\"image.default\">\n\t\t\t\t<div class=\"elementor-widget-container\">\n\t\t\t\t\t\t\t\t\t\t\t\t\t\t\t<img loading=\"lazy\" decoding=\"async\" width=\"580\" height=\"450\" src=\"https:\/\/carboniaturismo.it\/wp-content\/uploads\/2024\/12\/Carbonia-Turismo-Perche-scegliere-Carbonia-la-citta-580x450-2.jpg\" class=\"attachment-large size-large wp-image-1471\" alt=\"\" \/>\t\t\t\t\t\t\t\t\t\t\t\t\t\t\t<\/div>\n\t\t\t\t<\/div>\n\t\t\t\t\t<\/div>\n\t\t<\/div>\n\t\t\t\t\t<\/div>\n\t\t<\/section>\n\t\t\t\t\t<\/div>\n\t\t<\/div>\n\t\t\t\t\t<\/div>\n\t\t<\/section>\n\t\t\t\t<section class=\"elementor-section elementor-top-section elementor-element elementor-element-6d01fc9 elementor-section-boxed elementor-section-height-default elementor-section-height-default row-top\" data-id=\"6d01fc9\" data-element_type=\"section\" data-e-type=\"section\" data-settings=\"{&quot;background_background&quot;:&quot;classic&quot;}\">\n\t\t\t\t\t\t<div class=\"elementor-container elementor-column-gap-default\">\n\t\t\t\t\t<div class=\"elementor-column elementor-col-100 elementor-top-column elementor-element elementor-element-c10df00\" data-id=\"c10df00\" data-element_type=\"column\" data-e-type=\"column\">\n\t\t\t<div class=\"elementor-widget-wrap elementor-element-populated\">\n\t\t\t\t\t\t<section class=\"elementor-section elementor-inner-section elementor-element elementor-element-9cc4386 elementor-section-boxed elementor-section-height-default elementor-section-height-default row-top\" data-id=\"9cc4386\" data-element_type=\"section\" data-e-type=\"section\">\n\t\t\t\t\t\t<div class=\"elementor-container elementor-column-gap-default\">\n\t\t\t\t\t<div class=\"elementor-column elementor-col-100 elementor-inner-column elementor-element elementor-element-79df824\" data-id=\"79df824\" data-element_type=\"column\" data-e-type=\"column\">\n\t\t\t<div class=\"elementor-widget-wrap elementor-element-populated\">\n\t\t\t\t\t\t<div class=\"elementor-element elementor-element-cd74505 animated-fast elementor-invisible elementor-widget elementor-widget-gva-heading-block\" data-id=\"cd74505\" data-element_type=\"widget\" data-e-type=\"widget\" data-settings=\"{&quot;_animation&quot;:&quot;fadeInUp&quot;}\" data-widget_type=\"gva-heading-block.default\">\n\t\t\t\t<div class=\"elementor-widget-container\">\n\t\t\t\t\t<div class=\"gva-element-gva-heading-block gva-element\">   <div class=\"align-center style-1 widget gsc-heading box-align-left auto-responsive\">\r\n      <div class=\"content-inner\">\r\n         \r\n                  \r\n                     <div class=\"sub-title\"><span>Idee vacanza<\/span><\/div>\r\n           \r\n         \r\n                     <h2 class=\"title\">\r\n               <span>Carbonia da scoprire<\/span>\r\n            <\/h2>\r\n                  \r\n         \r\n      <\/div>\r\n   <\/div>\r\n<\/div>\t\t\t\t<\/div>\n\t\t\t\t<\/div>\n\t\t\t\t\t<\/div>\n\t\t<\/div>\n\t\t\t\t\t<\/div>\n\t\t<\/section>\n\t\t\t\t<section class=\"elementor-section elementor-inner-section elementor-element elementor-element-b2ed6e7 elementor-section-boxed elementor-section-height-default elementor-section-height-default row-top\" data-id=\"b2ed6e7\" data-element_type=\"section\" data-e-type=\"section\">\n\t\t\t\t\t\t<div class=\"elementor-container elementor-column-gap-default\">\n\t\t\t\t\t<div class=\"elementor-column elementor-col-33 elementor-inner-column elementor-element elementor-element-d67bd04\" data-id=\"d67bd04\" data-element_type=\"column\" data-e-type=\"column\">\n\t\t\t<div class=\"elementor-widget-wrap elementor-element-populated\">\n\t\t\t\t\t\t<div class=\"elementor-element elementor-element-ae33db9 elementor-widget elementor-widget-image\" data-id=\"ae33db9\" data-element_type=\"widget\" data-e-type=\"widget\" data-widget_type=\"image.default\">\n\t\t\t\t<div class=\"elementor-widget-container\">\n\t\t\t\t\t\t\t\t\t\t\t\t\t\t\t<img loading=\"lazy\" decoding=\"async\" width=\"900\" height=\"600\" src=\"https:\/\/carboniaturismo.it\/wp-content\/uploads\/2024\/12\/Carbonia-Turismo-Dentro-la-storia-2.jpg\" class=\"attachment-large size-large wp-image-1474\" alt=\"\" srcset=\"https:\/\/carboniaturismo.it\/wp-content\/uploads\/2024\/12\/Carbonia-Turismo-Dentro-la-storia-2.jpg 900w, https:\/\/carboniaturismo.it\/wp-content\/uploads\/2024\/12\/Carbonia-Turismo-Dentro-la-storia-2-768x512.jpg 768w\" sizes=\"(max-width: 900px) 100vw, 900px\" \/>\t\t\t\t\t\t\t\t\t\t\t\t\t\t\t<\/div>\n\t\t\t\t<\/div>\n\t\t\t\t\t<\/div>\n\t\t<\/div>\n\t\t\t\t<div class=\"elementor-column elementor-col-33 elementor-inner-column elementor-element elementor-element-fa99490\" data-id=\"fa99490\" data-element_type=\"column\" data-e-type=\"column\">\n\t\t\t<div class=\"elementor-widget-wrap elementor-element-populated\">\n\t\t\t\t\t\t<div class=\"elementor-element elementor-element-589cc61 elementor-widget elementor-widget-image\" data-id=\"589cc61\" data-element_type=\"widget\" data-e-type=\"widget\" data-widget_type=\"image.default\">\n\t\t\t\t<div class=\"elementor-widget-container\">\n\t\t\t\t\t\t\t\t\t\t\t\t\t\t\t<img loading=\"lazy\" decoding=\"async\" width=\"900\" height=\"600\" src=\"https:\/\/carboniaturismo.it\/wp-content\/uploads\/2024\/12\/Carbonia-Turismo-Le-vie-del-carbone-2.jpg\" class=\"attachment-large size-large wp-image-1475\" alt=\"\" srcset=\"https:\/\/carboniaturismo.it\/wp-content\/uploads\/2024\/12\/Carbonia-Turismo-Le-vie-del-carbone-2.jpg 900w, https:\/\/carboniaturismo.it\/wp-content\/uploads\/2024\/12\/Carbonia-Turismo-Le-vie-del-carbone-2-768x512.jpg 768w\" sizes=\"(max-width: 900px) 100vw, 900px\" \/>\t\t\t\t\t\t\t\t\t\t\t\t\t\t\t<\/div>\n\t\t\t\t<\/div>\n\t\t\t\t\t<\/div>\n\t\t<\/div>\n\t\t\t\t<div class=\"elementor-column elementor-col-33 elementor-inner-column elementor-element elementor-element-fb1584b\" data-id=\"fb1584b\" data-element_type=\"column\" data-e-type=\"column\">\n\t\t\t<div class=\"elementor-widget-wrap elementor-element-populated\">\n\t\t\t\t\t\t<div class=\"elementor-element elementor-element-6c97539 elementor-widget elementor-widget-image\" data-id=\"6c97539\" data-element_type=\"widget\" data-e-type=\"widget\" data-widget_type=\"image.default\">\n\t\t\t\t<div class=\"elementor-widget-container\">\n\t\t\t\t\t\t\t\t\t\t\t\t\t\t\t<img loading=\"lazy\" decoding=\"async\" width=\"900\" height=\"600\" src=\"https:\/\/carboniaturismo.it\/wp-content\/uploads\/2024\/12\/Carbonia-Turismo-Photo-by-Elena-Giglia-Tuerredda-1-2.jpg\" class=\"attachment-large size-large wp-image-1476\" alt=\"\" srcset=\"https:\/\/carboniaturismo.it\/wp-content\/uploads\/2024\/12\/Carbonia-Turismo-Photo-by-Elena-Giglia-Tuerredda-1-2.jpg 900w, https:\/\/carboniaturismo.it\/wp-content\/uploads\/2024\/12\/Carbonia-Turismo-Photo-by-Elena-Giglia-Tuerredda-1-2-768x512.jpg 768w\" sizes=\"(max-width: 900px) 100vw, 900px\" \/>\t\t\t\t\t\t\t\t\t\t\t\t\t\t\t<\/div>\n\t\t\t\t<\/div>\n\t\t\t\t\t<\/div>\n\t\t<\/div>\n\t\t\t\t\t<\/div>\n\t\t<\/section>\n\t\t\t\t<section class=\"elementor-section elementor-inner-section elementor-element elementor-element-d9f6cd8 elementor-section-boxed elementor-section-height-default elementor-section-height-default row-top\" data-id=\"d9f6cd8\" data-element_type=\"section\" data-e-type=\"section\">\n\t\t\t\t\t\t<div class=\"elementor-container elementor-column-gap-default\">\n\t\t\t\t\t<div class=\"elementor-column elementor-col-33 elementor-inner-column elementor-element elementor-element-20f2876\" data-id=\"20f2876\" data-element_type=\"column\" data-e-type=\"column\" data-settings=\"{&quot;background_background&quot;:&quot;classic&quot;}\">\n\t\t\t<div class=\"elementor-widget-wrap elementor-element-populated\">\n\t\t\t\t\t\t<div class=\"elementor-element elementor-element-c8f424b elementor-widget elementor-widget-heading\" data-id=\"c8f424b\" data-element_type=\"widget\" data-e-type=\"widget\" data-widget_type=\"heading.default\">\n\t\t\t\t<div class=\"elementor-widget-container\">\n\t\t\t\t\t<h2 class=\"elementor-heading-title elementor-size-default\">\n                    Dentro la storia                <\/h2>\t\t\t\t<\/div>\n\t\t\t\t<\/div>\n\t\t\t\t<div class=\"elementor-element elementor-element-ae4222e elementor-widget elementor-widget-text-editor\" data-id=\"ae4222e\" data-element_type=\"widget\" data-e-type=\"widget\" data-widget_type=\"text-editor.default\">\n\t\t\t\t<div class=\"elementor-widget-container\">\n\t\t\t\t\t\t\t\t\t<p>Carbonia offre mille modi per essere scoperta, grazie a un sistema museale ben organizzato e a un distretto archeologico tra i pi\u00f9 importanti dell\u2019isola. Visitare Carbonia significa immergersi in un percorso attraverso i secoli, che consente di esplorare non soltanto le sue miniere e i suoi musei, ma anche la sua anima pi\u00f9 autentica, fatta di tante storie, cultura e di antiche tradizioni.<\/p>\t\t\t\t\t\t\t\t<\/div>\n\t\t\t\t<\/div>\n\t\t\t\t<div class=\"elementor-element elementor-element-1ccf141 elementor-align-center elementor-widget elementor-widget-button\" data-id=\"1ccf141\" data-element_type=\"widget\" data-e-type=\"widget\" data-widget_type=\"button.default\">\n\t\t\t\t<div class=\"elementor-widget-container\">\n\t\t\t\t\t\t\t\t\t<div class=\"elementor-button-wrapper\">\n\t\t\t\t\t<a class=\"elementor-button elementor-button-link elementor-size-sm\" href=\"https:\/\/carboniaturismo.it\/it\/scopri-carbonia\/storia\/\">\n\t\t\t\t\t\t<span class=\"elementor-button-content-wrapper\">\n\t\t\t\t\t\t\t\t\t<span class=\"elementor-button-text\">                                                                                 Scopri la storia                                    <\/span>\n\t\t\t\t\t<\/span>\n\t\t\t\t\t<\/a>\n\t\t\t\t<\/div>\n\t\t\t\t\t\t\t\t<\/div>\n\t\t\t\t<\/div>\n\t\t\t\t\t<\/div>\n\t\t<\/div>\n\t\t\t\t<div class=\"elementor-column elementor-col-33 elementor-inner-column elementor-element elementor-element-e3da690\" data-id=\"e3da690\" data-element_type=\"column\" data-e-type=\"column\" data-settings=\"{&quot;background_background&quot;:&quot;classic&quot;}\">\n\t\t\t<div class=\"elementor-widget-wrap elementor-element-populated\">\n\t\t\t\t\t\t<div class=\"elementor-element elementor-element-2e21da8 elementor-widget elementor-widget-heading\" data-id=\"2e21da8\" data-element_type=\"widget\" data-e-type=\"widget\" data-widget_type=\"heading.default\">\n\t\t\t\t<div class=\"elementor-widget-container\">\n\t\t\t\t\t<h2 class=\"elementor-heading-title elementor-size-default\">\n                    Le vie del carbone                <\/h2>\t\t\t\t<\/div>\n\t\t\t\t<\/div>\n\t\t\t\t<div class=\"elementor-element elementor-element-3179351 elementor-widget elementor-widget-text-editor\" data-id=\"3179351\" data-element_type=\"widget\" data-e-type=\"widget\" data-widget_type=\"text-editor.default\">\n\t\t\t\t<div class=\"elementor-widget-container\">\n\t\t\t\t\t\t\t\t\t<p>Dal profondo della terra emerge l\u2019essenza di Carbonia, centro minerario e da cui traspare l\u2019antico legame col carbone. Questo territorio \u00e8 la base di un viaggio per scoprire le miniere storiche: ogni galleria, ogni angolo raccontano il sacrificio e la tenacia dei minatori. Esplorare le vie del carbone per riscoprire il passato industriale della Sardegna, delle sue radici pi\u00f9 profonde.<\/p>\t\t\t\t\t\t\t\t<\/div>\n\t\t\t\t<\/div>\n\t\t\t\t<div class=\"elementor-element elementor-element-11a85f0 elementor-align-center elementor-widget elementor-widget-button\" data-id=\"11a85f0\" data-element_type=\"widget\" data-e-type=\"widget\" data-widget_type=\"button.default\">\n\t\t\t\t<div class=\"elementor-widget-container\">\n\t\t\t\t\t\t\t\t\t<div class=\"elementor-button-wrapper\">\n\t\t\t\t\t<a class=\"elementor-button elementor-button-link elementor-size-sm\" href=\"https:\/\/carboniaturismo.it\/it\/idee-vacanza\/le-vie-del-carbone\/\">\n\t\t\t\t\t\t<span class=\"elementor-button-content-wrapper\">\n\t\t\t\t\t\t\t\t\t<span class=\"elementor-button-text\">                                                                                 Scopri le miniere                                    <\/span>\n\t\t\t\t\t<\/span>\n\t\t\t\t\t<\/a>\n\t\t\t\t<\/div>\n\t\t\t\t\t\t\t\t<\/div>\n\t\t\t\t<\/div>\n\t\t\t\t\t<\/div>\n\t\t<\/div>\n\t\t\t\t<div class=\"elementor-column elementor-col-33 elementor-inner-column elementor-element elementor-element-d6c0bb9\" data-id=\"d6c0bb9\" data-element_type=\"column\" data-e-type=\"column\" data-settings=\"{&quot;background_background&quot;:&quot;classic&quot;}\">\n\t\t\t<div class=\"elementor-widget-wrap elementor-element-populated\">\n\t\t\t\t\t\t<div class=\"elementor-element elementor-element-f6d6d22 elementor-widget elementor-widget-heading\" data-id=\"f6d6d22\" data-element_type=\"widget\" data-e-type=\"widget\" data-widget_type=\"heading.default\">\n\t\t\t\t<div class=\"elementor-widget-container\">\n\t\t\t\t\t<h2 class=\"elementor-heading-title elementor-size-default\">\n                    I mari del sud                <\/h2>\t\t\t\t<\/div>\n\t\t\t\t<\/div>\n\t\t\t\t<div class=\"elementor-element elementor-element-64ffa2a elementor-widget elementor-widget-text-editor\" data-id=\"64ffa2a\" data-element_type=\"widget\" data-e-type=\"widget\" data-widget_type=\"text-editor.default\">\n\t\t\t\t<div class=\"elementor-widget-container\">\n\t\t\t\t\t\t\t\t\t<p>Carbonia \u00e8 il punto di partenza strategico per scoprire le meraviglie del Sulcis-Iglesiente: spiagge da sogno, scogliere mozzafiato e acque cristalline. Meno di un\u2019ora di viaggio per raggiungere spiagge incantevoli nel sud-ovest della Sardegna, perfette per chi ama il mare, la tranquillit\u00e0 e i panorami da cartolina, un angolo di paradiso dove il mare incontra la natura incontaminata.<\/p>\t\t\t\t\t\t\t\t<\/div>\n\t\t\t\t<\/div>\n\t\t\t\t<div class=\"elementor-element elementor-element-56bd71e elementor-align-center elementor-widget elementor-widget-button\" data-id=\"56bd71e\" data-element_type=\"widget\" data-e-type=\"widget\" data-widget_type=\"button.default\">\n\t\t\t\t<div class=\"elementor-widget-container\">\n\t\t\t\t\t\t\t\t\t<div class=\"elementor-button-wrapper\">\n\t\t\t\t\t<a class=\"elementor-button elementor-button-link elementor-size-sm\" href=\"https:\/\/carboniaturismo.it\/it\/scopri-carbonia\/spiagge\/\">\n\t\t\t\t\t\t<span class=\"elementor-button-content-wrapper\">\n\t\t\t\t\t\t\t\t\t<span class=\"elementor-button-text\">                                                                                 Scopri il mare                                    <\/span>\n\t\t\t\t\t<\/span>\n\t\t\t\t\t<\/a>\n\t\t\t\t<\/div>\n\t\t\t\t\t\t\t\t<\/div>\n\t\t\t\t<\/div>\n\t\t\t\t\t<\/div>\n\t\t<\/div>\n\t\t\t\t\t<\/div>\n\t\t<\/section>\n\t\t\t\t\t<\/div>\n\t\t<\/div>\n\t\t\t\t\t<\/div>\n\t\t<\/section>\n\t\t\t\t<section class=\"elementor-section elementor-top-section elementor-element elementor-element-c32acaa elementor-section-boxed elementor-section-height-default elementor-section-height-default row-top\" data-id=\"c32acaa\" data-element_type=\"section\" data-e-type=\"section\">\n\t\t\t\t\t\t<div class=\"elementor-container elementor-column-gap-default\">\n\t\t\t\t\t<div class=\"elementor-column elementor-col-100 elementor-top-column elementor-element elementor-element-9553e2c\" data-id=\"9553e2c\" data-element_type=\"column\" data-e-type=\"column\">\n\t\t\t<div class=\"elementor-widget-wrap\">\n\t\t\t\t\t\t\t<\/div>\n\t\t<\/div>\n\t\t\t\t\t<\/div>\n\t\t<\/section>\n\t\t\t\t<section class=\"elementor-section elementor-top-section elementor-element elementor-element-c68ec41 elementor-hidden-desktop elementor-hidden-tablet elementor-hidden-mobile elementor-section-boxed elementor-section-height-default elementor-section-height-default row-top\" data-id=\"c68ec41\" data-element_type=\"section\" data-e-type=\"section\">\n\t\t\t\t\t\t<div class=\"elementor-container elementor-column-gap-default\">\n\t\t\t\t\t<div class=\"elementor-column elementor-col-100 elementor-top-column elementor-element elementor-element-ad22b62\" data-id=\"ad22b62\" data-element_type=\"column\" data-e-type=\"column\">\n\t\t\t<div class=\"elementor-widget-wrap elementor-element-populated\">\n\t\t\t\t\t\t<div class=\"elementor-element elementor-element-921de0a animated-fast elementor-invisible elementor-widget elementor-widget-gva-heading-block\" data-id=\"921de0a\" data-element_type=\"widget\" data-e-type=\"widget\" data-settings=\"{&quot;_animation&quot;:&quot;fadeInUp&quot;}\" data-widget_type=\"gva-heading-block.default\">\n\t\t\t\t<div class=\"elementor-widget-container\">\n\t\t\t\t\t<div class=\"gva-element-gva-heading-block gva-element\">   <div class=\"align-center style-1 widget gsc-heading box-align-left auto-responsive\">\r\n      <div class=\"content-inner\">\r\n         \r\n                  \r\n                     <div class=\"sub-title\"><span>Carbonia da scoprire<\/span><\/div>\r\n           \r\n         \r\n                     <h2 class=\"title\">\r\n               <span>Eventi<\/span>\r\n            <\/h2>\r\n                  \r\n         \r\n      <\/div>\r\n   <\/div>\r\n<\/div>\t\t\t\t<\/div>\n\t\t\t\t<\/div>\n\t\t\t\t<section class=\"elementor-section elementor-inner-section elementor-element elementor-element-4e50297 elementor-section-boxed elementor-section-height-default elementor-section-height-default row-top\" data-id=\"4e50297\" data-element_type=\"section\" data-e-type=\"section\">\n\t\t\t\t\t\t<div class=\"elementor-container elementor-column-gap-default\">\n\t\t\t\t\t<div class=\"elementor-column elementor-col-100 elementor-inner-column elementor-element elementor-element-051a5be\" data-id=\"051a5be\" data-element_type=\"column\" data-e-type=\"column\">\n\t\t\t<div class=\"elementor-widget-wrap elementor-element-populated\">\n\t\t\t\t\t\t<div class=\"elementor-element elementor-element-30c1d43 elementor-widget elementor-widget-shortcode\" data-id=\"30c1d43\" data-element_type=\"widget\" data-e-type=\"widget\" data-widget_type=\"shortcode.default\">\n\t\t\t\t<div class=\"elementor-widget-container\">\n\t\t\t\t\t\t\t<div class=\"elementor-shortcode\">    <div class=\"tec-upcoming-events\">\n                    <div class=\"tec-event-card\">\n\n                <!-- Image -->\n                <div class=\"tec-event-image\">\n                                            <img fetchpriority=\"high\" decoding=\"async\" width=\"600\" height=\"600\" src=\"https:\/\/carboniaturismo.it\/wp-content\/uploads\/2026\/04\/Teatro-Centrale-Carbonia-Pianororte-e-quintetto-darchi-600.jpg\" class=\"attachment-medium size-medium wp-post-image\" alt=\"\" srcset=\"https:\/\/carboniaturismo.it\/wp-content\/uploads\/2026\/04\/Teatro-Centrale-Carbonia-Pianororte-e-quintetto-darchi-600.jpg 600w, https:\/\/carboniaturismo.it\/wp-content\/uploads\/2026\/04\/Teatro-Centrale-Carbonia-Pianororte-e-quintetto-darchi-600-180x180.jpg 180w, https:\/\/carboniaturismo.it\/wp-content\/uploads\/2026\/04\/Teatro-Centrale-Carbonia-Pianororte-e-quintetto-darchi-600-100x100.jpg 100w\" sizes=\"(max-width: 600px) 100vw, 600px\" \/>                    \n                    <div class=\"tec-date-badge\">\n                        <span class=\"day\">29<\/span>\n                        <span class=\"month\">APR<\/span>\n                    <\/div>\n                <\/div>\n\n                <!-- Content -->\n                <div class=\"tec-event-content\">\n                    <div class=\"tec-meta\">\n                        <span class=\"tec-time\">\n                            Aprile 29                                                            \u2013 8:00                                                    <\/span>\n\n                                                    <span class=\"tec-location\">\n                                Carbonia, Teatro Centrale                            <\/span>\n                                            <\/div>\n\n                    <h3 class=\"tec-title\">\n                        <a href=\"https:\/\/carboniaturismo.it\/it\/event\/teatro-centrale-carbonia-concerto-di-musica-classica-pianoforte-e-quintetto-darchi\/\">\n                            Teatro Centrale Carbonia: Concerto di musica classica, pianoforte e quintetto d&#8217;archi                        <\/a>\n                    <\/h3>\n\n                    <p class=\"tec-excerpt\">\n                        Un appuntamento di grande fascino musicale, dove il pianoforte dialoga con il quintetto d\u2019archi in un perfetto equilibrio&hellip;                    <\/p>\n                <\/div>\n\n                <!-- Button -->\n                <div class=\"tec-event-action\">\n                    <a class=\"tec-btn\" href=\"https:\/\/carboniaturismo.it\/it\/event\/teatro-centrale-carbonia-concerto-di-musica-classica-pianoforte-e-quintetto-darchi\/\">\n                        JOIN EVENT\n                    <\/a>\n                <\/div>\n\n            <\/div>\n                    <div class=\"tec-event-card\">\n\n                <!-- Image -->\n                <div class=\"tec-event-image\">\n                                            <img decoding=\"async\" width=\"600\" height=\"600\" src=\"https:\/\/carboniaturismo.it\/wp-content\/uploads\/2026\/04\/Teatro-Centrale-Carbonia-Il-tema-con-variazioni-600.jpg\" class=\"attachment-medium size-medium wp-post-image\" alt=\"\" srcset=\"https:\/\/carboniaturismo.it\/wp-content\/uploads\/2026\/04\/Teatro-Centrale-Carbonia-Il-tema-con-variazioni-600.jpg 600w, https:\/\/carboniaturismo.it\/wp-content\/uploads\/2026\/04\/Teatro-Centrale-Carbonia-Il-tema-con-variazioni-600-180x180.jpg 180w, https:\/\/carboniaturismo.it\/wp-content\/uploads\/2026\/04\/Teatro-Centrale-Carbonia-Il-tema-con-variazioni-600-100x100.jpg 100w\" sizes=\"(max-width: 600px) 100vw, 600px\" \/>                    \n                    <div class=\"tec-date-badge\">\n                        <span class=\"day\">05<\/span>\n                        <span class=\"month\">MAG<\/span>\n                    <\/div>\n                <\/div>\n\n                <!-- Content -->\n                <div class=\"tec-event-content\">\n                    <div class=\"tec-meta\">\n                        <span class=\"tec-time\">\n                            Maggio 5                                                            \u2013 18:30                                                    <\/span>\n\n                                                    <span class=\"tec-location\">\n                                Carbonia, Teatro Centrale                            <\/span>\n                                            <\/div>\n\n                    <h3 class=\"tec-title\">\n                        <a href=\"https:\/\/carboniaturismo.it\/it\/event\/teatro-centrale-carbonia-il-tema-con-variazioni-nella-letteratura-pianistica\/\">\n                            Teatro Centrale Carbonia: Il tema con variazioni nella letteratura pianistica                        <\/a>\n                    <\/h3>\n\n                    <p class=\"tec-excerpt\">\n                        Concerto per pianoforte: un affascinante viaggio nella forma musicale del tema con variazioni, uno dei linguaggi pi\u00f9 raffinati&hellip;                    <\/p>\n                <\/div>\n\n                <!-- Button -->\n                <div class=\"tec-event-action\">\n                    <a class=\"tec-btn\" href=\"https:\/\/carboniaturismo.it\/it\/event\/teatro-centrale-carbonia-il-tema-con-variazioni-nella-letteratura-pianistica\/\">\n                        JOIN EVENT\n                    <\/a>\n                <\/div>\n\n            <\/div>\n                    <div class=\"tec-event-card\">\n\n                <!-- Image -->\n                <div class=\"tec-event-image\">\n                                            <img decoding=\"async\" width=\"600\" height=\"600\" src=\"https:\/\/carboniaturismo.it\/wp-content\/uploads\/2026\/04\/Teatro-Centrale-Carbonia-Jazz-Piano-Solo-Recital-600.jpg\" class=\"attachment-medium size-medium wp-post-image\" alt=\"\" srcset=\"https:\/\/carboniaturismo.it\/wp-content\/uploads\/2026\/04\/Teatro-Centrale-Carbonia-Jazz-Piano-Solo-Recital-600.jpg 600w, https:\/\/carboniaturismo.it\/wp-content\/uploads\/2026\/04\/Teatro-Centrale-Carbonia-Jazz-Piano-Solo-Recital-600-180x180.jpg 180w, https:\/\/carboniaturismo.it\/wp-content\/uploads\/2026\/04\/Teatro-Centrale-Carbonia-Jazz-Piano-Solo-Recital-600-100x100.jpg 100w\" sizes=\"(max-width: 600px) 100vw, 600px\" \/>                    \n                    <div class=\"tec-date-badge\">\n                        <span class=\"day\">06<\/span>\n                        <span class=\"month\">MAG<\/span>\n                    <\/div>\n                <\/div>\n\n                <!-- Content -->\n                <div class=\"tec-event-content\">\n                    <div class=\"tec-meta\">\n                        <span class=\"tec-time\">\n                            Maggio 6                                                            \u2013 18:30                                                    <\/span>\n\n                                                    <span class=\"tec-location\">\n                                Carbonia, Teatro Centrale                            <\/span>\n                                            <\/div>\n\n                    <h3 class=\"tec-title\">\n                        <a href=\"https:\/\/carboniaturismo.it\/it\/event\/teatro-centrale-carbonia-jazz-piano-solo-recital-concerto-per-pianoforte\/\">\n                            Teatro Centrale Carbonia: Jazz Piano Solo Recital, concerto per pianoforte                        <\/a>\n                    <\/h3>\n\n                    <p class=\"tec-excerpt\">\n                        Un viaggio intimo e suggestivo nelle atmosfere del jazz, dove improvvisazione, eleganza e libert\u00e0 espressiva si incontrano in&hellip;                    <\/p>\n                <\/div>\n\n                <!-- Button -->\n                <div class=\"tec-event-action\">\n                    <a class=\"tec-btn\" href=\"https:\/\/carboniaturismo.it\/it\/event\/teatro-centrale-carbonia-jazz-piano-solo-recital-concerto-per-pianoforte\/\">\n                        JOIN EVENT\n                    <\/a>\n                <\/div>\n\n            <\/div>\n                    <div class=\"tec-event-card\">\n\n                <!-- Image -->\n                <div class=\"tec-event-image\">\n                                            <img loading=\"lazy\" decoding=\"async\" width=\"600\" height=\"600\" src=\"https:\/\/carboniaturismo.it\/wp-content\/uploads\/2026\/04\/Grande-Miniera-di-Serbariu-European-Mining-Day-600.jpg\" class=\"attachment-medium size-medium wp-post-image\" alt=\"\" srcset=\"https:\/\/carboniaturismo.it\/wp-content\/uploads\/2026\/04\/Grande-Miniera-di-Serbariu-European-Mining-Day-600.jpg 600w, https:\/\/carboniaturismo.it\/wp-content\/uploads\/2026\/04\/Grande-Miniera-di-Serbariu-European-Mining-Day-600-180x180.jpg 180w\" sizes=\"(max-width: 600px) 100vw, 600px\" \/>                    \n                    <div class=\"tec-date-badge\">\n                        <span class=\"day\">09<\/span>\n                        <span class=\"month\">MAG<\/span>\n                    <\/div>\n                <\/div>\n\n                <!-- Content -->\n                <div class=\"tec-event-content\">\n                    <div class=\"tec-meta\">\n                        <span class=\"tec-time\">\n                            Maggio 9                                                            \u2013 8:30                                                    <\/span>\n\n                                                    <span class=\"tec-location\">\n                                Carbonia, Monte Sirai                            <\/span>\n                                            <\/div>\n\n                    <h3 class=\"tec-title\">\n                        <a href=\"https:\/\/carboniaturismo.it\/it\/event\/grande-miniera-di-serbariu-european-mining-routes-day-2026\/\">\n                            Grande Miniera di Serbariu: EUROPEAN MINING ROUTES DAY 2026                        <\/a>\n                    <\/h3>\n\n                    <p class=\"tec-excerpt\">\n                        Un viaggio tra storia, natura e cultura mineraria.\u00a0Sabato 9 maggio 2026, vivi un\u2019esperienza unica nel cuore del Sulcis&hellip;                    <\/p>\n                <\/div>\n\n                <!-- Button -->\n                <div class=\"tec-event-action\">\n                    <a class=\"tec-btn\" href=\"https:\/\/carboniaturismo.it\/it\/event\/grande-miniera-di-serbariu-european-mining-routes-day-2026\/\">\n                        JOIN EVENT\n                    <\/a>\n                <\/div>\n\n            <\/div>\n                    <div class=\"tec-event-card\">\n\n                <!-- Image -->\n                <div class=\"tec-event-image\">\n                                            <img loading=\"lazy\" decoding=\"async\" width=\"180\" height=\"125\" src=\"https:\/\/carboniaturismo.it\/wp-content\/uploads\/2025\/11\/Teatro-Le-nostre-donne-Bizzarri-180-lr.webp\" class=\"attachment-medium size-medium wp-post-image\" alt=\"\" \/>                    \n                    <div class=\"tec-date-badge\">\n                        <span class=\"day\">13<\/span>\n                        <span class=\"month\">MAG<\/span>\n                    <\/div>\n                <\/div>\n\n                <!-- Content -->\n                <div class=\"tec-event-content\">\n                    <div class=\"tec-meta\">\n                        <span class=\"tec-time\">\n                            Maggio 13                                                            \u2013 20:30                                                    <\/span>\n\n                                                    <span class=\"tec-location\">\n                                Carbonia, Teatro Centrale                            <\/span>\n                                            <\/div>\n\n                    <h3 class=\"tec-title\">\n                        <a href=\"https:\/\/carboniaturismo.it\/it\/event\/teatro-centrale-carbonia-le-nostre-donne\/\">\n                            Teatro Centrale Carbonia: Le nostre donne                        <\/a>\n                    <\/h3>\n\n                    <p class=\"tec-excerpt\">\n                        Le nostre donne: Max (Luca Bizzarri), Paul (Enzo Paci) e Simon (Antonio Zavatteri) sono amici da trent\u2019anni, affermati&hellip;                    <\/p>\n                <\/div>\n\n                <!-- Button -->\n                <div class=\"tec-event-action\">\n                    <a class=\"tec-btn\" href=\"https:\/\/carboniaturismo.it\/it\/event\/teatro-centrale-carbonia-le-nostre-donne\/\">\n                        JOIN EVENT\n                    <\/a>\n                <\/div>\n\n            <\/div>\n                    <div class=\"tec-event-card\">\n\n                <!-- Image -->\n                <div class=\"tec-event-image\">\n                                            <img loading=\"lazy\" decoding=\"async\" width=\"93\" height=\"140\" src=\"https:\/\/carboniaturismo.it\/wp-content\/uploads\/2026\/02\/Monumenti-aperti-a-Carbonia-2026-lr-140.jpg\" class=\"attachment-medium size-medium wp-post-image\" alt=\"\" \/>                    \n                    <div class=\"tec-date-badge\">\n                        <span class=\"day\">23<\/span>\n                        <span class=\"month\">MAG<\/span>\n                    <\/div>\n                <\/div>\n\n                <!-- Content -->\n                <div class=\"tec-event-content\">\n                    <div class=\"tec-meta\">\n                        <span class=\"tec-time\">\n                            Maggio 23                                                    <\/span>\n\n                                            <\/div>\n\n                    <h3 class=\"tec-title\">\n                        <a href=\"https:\/\/carboniaturismo.it\/it\/event\/monumenti-aperti-a-carbonia-2026-patrimonio-storico-e-culturale\/\">\n                            MONUMENTI APERTI a Carbonia 2026: patrimonio storico e culturale                        <\/a>\n                    <\/h3>\n\n                    <p class=\"tec-excerpt\">\n                        Monumenti Aperti torna anche a Carbonia grazie alla partecipazione del Comune di Carbonia a una delle principali manifestazioni&hellip;                    <\/p>\n                <\/div>\n\n                <!-- Button -->\n                <div class=\"tec-event-action\">\n                    <a class=\"tec-btn\" href=\"https:\/\/carboniaturismo.it\/it\/event\/monumenti-aperti-a-carbonia-2026-patrimonio-storico-e-culturale\/\">\n                        JOIN EVENT\n                    <\/a>\n                <\/div>\n\n            <\/div>\n            <\/div>\n    <\/div>\n\t\t\t\t\t\t<\/div>\n\t\t\t\t<\/div>\n\t\t\t\t<div class=\"elementor-element elementor-element-e2d57be elementor-grid-4 elementor-hidden-desktop elementor-hidden-tablet elementor-hidden-mobile elementor-grid-tablet-2 elementor-grid-mobile-1 elementor-posts--thumbnail-top elementor-card-shadow-yes elementor-posts__hover-gradient elementor-widget elementor-widget-posts\" data-id=\"e2d57be\" data-element_type=\"widget\" data-e-type=\"widget\" data-settings=\"{&quot;cards_columns&quot;:&quot;4&quot;,&quot;cards_columns_tablet&quot;:&quot;2&quot;,&quot;cards_columns_mobile&quot;:&quot;1&quot;,&quot;cards_row_gap&quot;:{&quot;unit&quot;:&quot;px&quot;,&quot;size&quot;:35,&quot;sizes&quot;:[]},&quot;cards_row_gap_tablet&quot;:{&quot;unit&quot;:&quot;px&quot;,&quot;size&quot;:&quot;&quot;,&quot;sizes&quot;:[]},&quot;cards_row_gap_mobile&quot;:{&quot;unit&quot;:&quot;px&quot;,&quot;size&quot;:&quot;&quot;,&quot;sizes&quot;:[]}}\" data-widget_type=\"posts.cards\">\n\t\t\t\t<div class=\"elementor-widget-container\">\n\t\t\t\t\t\t\t<div class=\"elementor-posts-container elementor-posts elementor-posts--skin-cards elementor-grid\" role=\"list\">\n\t\t\t\t<article class=\"elementor-post elementor-grid-item post-15773 tribe_events type-tribe_events status-publish has-post-thumbnail hentry tribe_events_cat-archeologia tribe_events_cat-che-cosa-fare-oggi-a-carbonia tribe_events_cat-raduni tribe_events_cat-scienza tribe_events_cat-seminars tribe_events_cat-sport cat_archeologia cat_che-cosa-fare-oggi-a-carbonia cat_raduni cat_scienza cat_seminars cat_sport\" role=\"listitem\">\n\t\t\t<div class=\"elementor-post__card\">\n\t\t\t\t<a class=\"elementor-post__thumbnail__link\" href=\"https:\/\/carboniaturismo.it\/it\/event\/grande-miniera-di-serbariu-european-mining-routes-day-2026\/\" tabindex=\"-1\" ><div class=\"elementor-post__thumbnail\"><img loading=\"lazy\" decoding=\"async\" width=\"600\" height=\"600\" src=\"https:\/\/carboniaturismo.it\/wp-content\/uploads\/2026\/04\/Grande-Miniera-di-Serbariu-European-Mining-Day-600.jpg\" class=\"attachment-medium size-medium wp-image-15774\" alt=\"\" srcset=\"https:\/\/carboniaturismo.it\/wp-content\/uploads\/2026\/04\/Grande-Miniera-di-Serbariu-European-Mining-Day-600.jpg 600w, https:\/\/carboniaturismo.it\/wp-content\/uploads\/2026\/04\/Grande-Miniera-di-Serbariu-European-Mining-Day-600-180x180.jpg 180w\" sizes=\"(max-width: 600px) 100vw, 600px\" \/><\/div><\/a>\n\t\t\t\t<div class=\"elementor-post__text\">\n\t\t\t\t<h3 class=\"elementor-post__title\">\n\t\t\t<a href=\"https:\/\/carboniaturismo.it\/it\/event\/grande-miniera-di-serbariu-european-mining-routes-day-2026\/\" >\n\t\t\t\tGrande Miniera di Serbariu: EUROPEAN MINING ROUTES DAY 2026\t\t\t<\/a>\n\t\t<\/h3>\n\t\t\t\t<div class=\"elementor-post__excerpt\">\n\t\t\t<p>Un viaggio tra storia, natura e cultura mineraria.\u00a0Sabato 9 maggio<\/p>\n\t\t<\/div>\n\t\t\n\t\t<a class=\"elementor-post__read-more\" href=\"https:\/\/carboniaturismo.it\/it\/event\/grande-miniera-di-serbariu-european-mining-routes-day-2026\/\" aria-label=\"Read more about Grande Miniera di Serbariu: EUROPEAN MINING ROUTES DAY 2026\" tabindex=\"-1\" >\n\t\t\tLeggi di pi\u00f9 \u00bb\t\t<\/a>\n\n\t\t\t\t<\/div>\n\t\t\t\t<div class=\"elementor-post__meta-data\">\n\t\t\t\t\t<span class=\"elementor-post-date\">\n\t\t\t28 Aprile 2026\t\t<\/span>\n\t\t\t\t<\/div>\n\t\t\t\t\t<\/div>\n\t\t<\/article>\n\t\t\t\t<article class=\"elementor-post elementor-grid-item post-15757 tribe_events type-tribe_events status-publish has-post-thumbnail hentry tribe_events_cat-che-cosa-fare-oggi-a-carbonia tribe_events_cat-concerti tribe_events_cat-spettacoli tribe_events_cat-teatro cat_che-cosa-fare-oggi-a-carbonia cat_concerti cat_spettacoli cat_teatro\" role=\"listitem\">\n\t\t\t<div class=\"elementor-post__card\">\n\t\t\t\t<a class=\"elementor-post__thumbnail__link\" href=\"https:\/\/carboniaturismo.it\/it\/event\/teatro-centrale-carbonia-jazz-piano-solo-recital-concerto-per-pianoforte\/\" tabindex=\"-1\" ><div class=\"elementor-post__thumbnail\"><img loading=\"lazy\" decoding=\"async\" width=\"600\" height=\"600\" src=\"https:\/\/carboniaturismo.it\/wp-content\/uploads\/2026\/04\/Teatro-Centrale-Carbonia-Jazz-Piano-Solo-Recital-600.jpg\" class=\"attachment-medium size-medium wp-image-15758\" alt=\"\" srcset=\"https:\/\/carboniaturismo.it\/wp-content\/uploads\/2026\/04\/Teatro-Centrale-Carbonia-Jazz-Piano-Solo-Recital-600.jpg 600w, https:\/\/carboniaturismo.it\/wp-content\/uploads\/2026\/04\/Teatro-Centrale-Carbonia-Jazz-Piano-Solo-Recital-600-180x180.jpg 180w, https:\/\/carboniaturismo.it\/wp-content\/uploads\/2026\/04\/Teatro-Centrale-Carbonia-Jazz-Piano-Solo-Recital-600-100x100.jpg 100w\" sizes=\"(max-width: 600px) 100vw, 600px\" \/><\/div><\/a>\n\t\t\t\t<div class=\"elementor-post__text\">\n\t\t\t\t<h3 class=\"elementor-post__title\">\n\t\t\t<a href=\"https:\/\/carboniaturismo.it\/it\/event\/teatro-centrale-carbonia-jazz-piano-solo-recital-concerto-per-pianoforte\/\" >\n\t\t\t\tTeatro Centrale Carbonia: Jazz Piano Solo Recital, concerto per pianoforte\t\t\t<\/a>\n\t\t<\/h3>\n\t\t\t\t<div class=\"elementor-post__excerpt\">\n\t\t\t<p>Un viaggio intimo e suggestivo nelle atmosfere del jazz, dove<\/p>\n\t\t<\/div>\n\t\t\n\t\t<a class=\"elementor-post__read-more\" href=\"https:\/\/carboniaturismo.it\/it\/event\/teatro-centrale-carbonia-jazz-piano-solo-recital-concerto-per-pianoforte\/\" aria-label=\"Read more about Teatro Centrale Carbonia: Jazz Piano Solo Recital, concerto per pianoforte\" tabindex=\"-1\" >\n\t\t\tLeggi di pi\u00f9 \u00bb\t\t<\/a>\n\n\t\t\t\t<\/div>\n\t\t\t\t<div class=\"elementor-post__meta-data\">\n\t\t\t\t\t<span class=\"elementor-post-date\">\n\t\t\t28 Aprile 2026\t\t<\/span>\n\t\t\t\t<\/div>\n\t\t\t\t\t<\/div>\n\t\t<\/article>\n\t\t\t\t<article class=\"elementor-post elementor-grid-item post-15747 tribe_events type-tribe_events status-publish has-post-thumbnail hentry tribe_events_cat-che-cosa-fare-oggi-a-carbonia tribe_events_cat-concerti tribe_events_cat-spettacoli tribe_events_cat-teatro cat_che-cosa-fare-oggi-a-carbonia cat_concerti cat_spettacoli cat_teatro\" role=\"listitem\">\n\t\t\t<div class=\"elementor-post__card\">\n\t\t\t\t<a class=\"elementor-post__thumbnail__link\" href=\"https:\/\/carboniaturismo.it\/it\/event\/teatro-centrale-carbonia-il-tema-con-variazioni-nella-letteratura-pianistica\/\" tabindex=\"-1\" ><div class=\"elementor-post__thumbnail\"><img loading=\"lazy\" decoding=\"async\" width=\"600\" height=\"600\" src=\"https:\/\/carboniaturismo.it\/wp-content\/uploads\/2026\/04\/Teatro-Centrale-Carbonia-Il-tema-con-variazioni-600.jpg\" class=\"attachment-medium size-medium wp-image-15748\" alt=\"\" srcset=\"https:\/\/carboniaturismo.it\/wp-content\/uploads\/2026\/04\/Teatro-Centrale-Carbonia-Il-tema-con-variazioni-600.jpg 600w, https:\/\/carboniaturismo.it\/wp-content\/uploads\/2026\/04\/Teatro-Centrale-Carbonia-Il-tema-con-variazioni-600-180x180.jpg 180w, https:\/\/carboniaturismo.it\/wp-content\/uploads\/2026\/04\/Teatro-Centrale-Carbonia-Il-tema-con-variazioni-600-100x100.jpg 100w\" sizes=\"(max-width: 600px) 100vw, 600px\" \/><\/div><\/a>\n\t\t\t\t<div class=\"elementor-post__text\">\n\t\t\t\t<h3 class=\"elementor-post__title\">\n\t\t\t<a href=\"https:\/\/carboniaturismo.it\/it\/event\/teatro-centrale-carbonia-il-tema-con-variazioni-nella-letteratura-pianistica\/\" >\n\t\t\t\tTeatro Centrale Carbonia: Il tema con variazioni nella letteratura pianistica\t\t\t<\/a>\n\t\t<\/h3>\n\t\t\t\t<div class=\"elementor-post__excerpt\">\n\t\t\t<p>Concerto per pianoforte: un affascinante viaggio nella forma musicale del<\/p>\n\t\t<\/div>\n\t\t\n\t\t<a class=\"elementor-post__read-more\" href=\"https:\/\/carboniaturismo.it\/it\/event\/teatro-centrale-carbonia-il-tema-con-variazioni-nella-letteratura-pianistica\/\" aria-label=\"Read more about Teatro Centrale Carbonia: Il tema con variazioni nella letteratura pianistica\" tabindex=\"-1\" >\n\t\t\tLeggi di pi\u00f9 \u00bb\t\t<\/a>\n\n\t\t\t\t<\/div>\n\t\t\t\t<div class=\"elementor-post__meta-data\">\n\t\t\t\t\t<span class=\"elementor-post-date\">\n\t\t\t28 Aprile 2026\t\t<\/span>\n\t\t\t\t<\/div>\n\t\t\t\t\t<\/div>\n\t\t<\/article>\n\t\t\t\t<article class=\"elementor-post elementor-grid-item post-15739 tribe_events type-tribe_events status-publish has-post-thumbnail hentry tribe_events_cat-che-cosa-fare-oggi-a-carbonia tribe_events_cat-concerti tribe_events_cat-spettacoli tribe_events_cat-teatro cat_che-cosa-fare-oggi-a-carbonia cat_concerti cat_spettacoli cat_teatro\" role=\"listitem\">\n\t\t\t<div class=\"elementor-post__card\">\n\t\t\t\t<a class=\"elementor-post__thumbnail__link\" href=\"https:\/\/carboniaturismo.it\/it\/event\/teatro-centrale-carbonia-concerto-di-musica-classica-pianoforte-e-quintetto-darchi\/\" tabindex=\"-1\" ><div class=\"elementor-post__thumbnail\"><img loading=\"lazy\" decoding=\"async\" width=\"600\" height=\"600\" src=\"https:\/\/carboniaturismo.it\/wp-content\/uploads\/2026\/04\/Teatro-Centrale-Carbonia-Pianororte-e-quintetto-darchi-600.jpg\" class=\"attachment-medium size-medium wp-image-15740\" alt=\"\" srcset=\"https:\/\/carboniaturismo.it\/wp-content\/uploads\/2026\/04\/Teatro-Centrale-Carbonia-Pianororte-e-quintetto-darchi-600.jpg 600w, https:\/\/carboniaturismo.it\/wp-content\/uploads\/2026\/04\/Teatro-Centrale-Carbonia-Pianororte-e-quintetto-darchi-600-180x180.jpg 180w, https:\/\/carboniaturismo.it\/wp-content\/uploads\/2026\/04\/Teatro-Centrale-Carbonia-Pianororte-e-quintetto-darchi-600-100x100.jpg 100w\" sizes=\"(max-width: 600px) 100vw, 600px\" \/><\/div><\/a>\n\t\t\t\t<div class=\"elementor-post__text\">\n\t\t\t\t<h3 class=\"elementor-post__title\">\n\t\t\t<a href=\"https:\/\/carboniaturismo.it\/it\/event\/teatro-centrale-carbonia-concerto-di-musica-classica-pianoforte-e-quintetto-darchi\/\" >\n\t\t\t\tTeatro Centrale Carbonia: Concerto di musica classica, pianoforte e quintetto d&#8217;archi\t\t\t<\/a>\n\t\t<\/h3>\n\t\t\t\t<div class=\"elementor-post__excerpt\">\n\t\t\t<p>Un appuntamento di grande fascino musicale, dove il pianoforte dialoga<\/p>\n\t\t<\/div>\n\t\t\n\t\t<a class=\"elementor-post__read-more\" href=\"https:\/\/carboniaturismo.it\/it\/event\/teatro-centrale-carbonia-concerto-di-musica-classica-pianoforte-e-quintetto-darchi\/\" aria-label=\"Read more about Teatro Centrale Carbonia: Concerto di musica classica, pianoforte e quintetto d&#8217;archi\" tabindex=\"-1\" >\n\t\t\tLeggi di pi\u00f9 \u00bb\t\t<\/a>\n\n\t\t\t\t<\/div>\n\t\t\t\t<div class=\"elementor-post__meta-data\">\n\t\t\t\t\t<span class=\"elementor-post-date\">\n\t\t\t28 Aprile 2026\t\t<\/span>\n\t\t\t\t<\/div>\n\t\t\t\t\t<\/div>\n\t\t<\/article>\n\t\t\t\t<article class=\"elementor-post elementor-grid-item post-15730 tribe_events type-tribe_events status-publish has-post-thumbnail hentry tribe_events_cat-che-cosa-fare-oggi-a-carbonia tribe_events_cat-concerti tribe_events_cat-spettacoli tribe_events_cat-teatro cat_che-cosa-fare-oggi-a-carbonia cat_concerti cat_spettacoli cat_teatro\" role=\"listitem\">\n\t\t\t<div class=\"elementor-post__card\">\n\t\t\t\t<a class=\"elementor-post__thumbnail__link\" href=\"https:\/\/carboniaturismo.it\/it\/event\/teatro-centrale-carbonia-canti-damore-concerto-per-mezzosoprano-e-pianoforte\/\" tabindex=\"-1\" ><div class=\"elementor-post__thumbnail\"><img loading=\"lazy\" decoding=\"async\" width=\"600\" height=\"600\" src=\"https:\/\/carboniaturismo.it\/wp-content\/uploads\/2026\/04\/Teatro-Centrale-Carbonia-Canti-damore-600.jpg\" class=\"attachment-medium size-medium wp-image-15731\" alt=\"\" srcset=\"https:\/\/carboniaturismo.it\/wp-content\/uploads\/2026\/04\/Teatro-Centrale-Carbonia-Canti-damore-600.jpg 600w, https:\/\/carboniaturismo.it\/wp-content\/uploads\/2026\/04\/Teatro-Centrale-Carbonia-Canti-damore-600-180x180.jpg 180w, https:\/\/carboniaturismo.it\/wp-content\/uploads\/2026\/04\/Teatro-Centrale-Carbonia-Canti-damore-600-100x100.jpg 100w\" sizes=\"(max-width: 600px) 100vw, 600px\" \/><\/div><\/a>\n\t\t\t\t<div class=\"elementor-post__text\">\n\t\t\t\t<h3 class=\"elementor-post__title\">\n\t\t\t<a href=\"https:\/\/carboniaturismo.it\/it\/event\/teatro-centrale-carbonia-canti-damore-concerto-per-mezzosoprano-e-pianoforte\/\" >\n\t\t\t\tTeatro Centrale Carbonia: Canti d&#8217;amore, concerto per mezzosoprano e pianoforte\t\t\t<\/a>\n\t\t<\/h3>\n\t\t\t\t<div class=\"elementor-post__excerpt\">\n\t\t\t<p>Il fascino senza tempo della musica incontra l\u2019emozione universale dell\u2019amore<\/p>\n\t\t<\/div>\n\t\t\n\t\t<a class=\"elementor-post__read-more\" href=\"https:\/\/carboniaturismo.it\/it\/event\/teatro-centrale-carbonia-canti-damore-concerto-per-mezzosoprano-e-pianoforte\/\" aria-label=\"Read more about Teatro Centrale Carbonia: Canti d&#8217;amore, concerto per mezzosoprano e pianoforte\" tabindex=\"-1\" >\n\t\t\tLeggi di pi\u00f9 \u00bb\t\t<\/a>\n\n\t\t\t\t<\/div>\n\t\t\t\t<div class=\"elementor-post__meta-data\">\n\t\t\t\t\t<span class=\"elementor-post-date\">\n\t\t\t28 Aprile 2026\t\t<\/span>\n\t\t\t\t<\/div>\n\t\t\t\t\t<\/div>\n\t\t<\/article>\n\t\t\t\t<article class=\"elementor-post elementor-grid-item post-15704 tribe_events type-tribe_events status-publish has-post-thumbnail hentry tribe_events_cat-che-cosa-fare-oggi-a-carbonia tribe_events_cat-scienza tribe_events_cat-seminars cat_che-cosa-fare-oggi-a-carbonia cat_scienza cat_seminars\" role=\"listitem\">\n\t\t\t<div class=\"elementor-post__card\">\n\t\t\t\t<a class=\"elementor-post__thumbnail__link\" href=\"https:\/\/carboniaturismo.it\/it\/event\/progetto-artour-servizi-di-innovazione-digitale-nel-turismo-e-nella-cultura\/\" tabindex=\"-1\" ><div class=\"elementor-post__thumbnail\"><img loading=\"lazy\" decoding=\"async\" width=\"600\" height=\"400\" src=\"https:\/\/carboniaturismo.it\/wp-content\/uploads\/2026\/03\/Progetto-ARTOUR-600.jpg\" class=\"attachment-medium size-medium wp-image-15702\" alt=\"\" srcset=\"https:\/\/carboniaturismo.it\/wp-content\/uploads\/2026\/03\/Progetto-ARTOUR-600.jpg 600w, https:\/\/carboniaturismo.it\/wp-content\/uploads\/2026\/03\/Progetto-ARTOUR-600-120x80.jpg 120w\" sizes=\"(max-width: 600px) 100vw, 600px\" \/><\/div><\/a>\n\t\t\t\t<div class=\"elementor-post__text\">\n\t\t\t\t<h3 class=\"elementor-post__title\">\n\t\t\t<a href=\"https:\/\/carboniaturismo.it\/it\/event\/progetto-artour-servizi-di-innovazione-digitale-nel-turismo-e-nella-cultura\/\" >\n\t\t\t\tProgetto ARTOUR, servizi di innovazione digitale nel Turismo e nella Cultura\t\t\t<\/a>\n\t\t<\/h3>\n\t\t\t\t<div class=\"elementor-post__excerpt\">\n\t\t\t<p>ARTOUR \u00e8 un progetto del Programma Interreg Italia-Francia Marittimo che<\/p>\n\t\t<\/div>\n\t\t\n\t\t<a class=\"elementor-post__read-more\" href=\"https:\/\/carboniaturismo.it\/it\/event\/progetto-artour-servizi-di-innovazione-digitale-nel-turismo-e-nella-cultura\/\" aria-label=\"Read more about Progetto ARTOUR, servizi di innovazione digitale nel Turismo e nella Cultura\" tabindex=\"-1\" >\n\t\t\tLeggi di pi\u00f9 \u00bb\t\t<\/a>\n\n\t\t\t\t<\/div>\n\t\t\t\t<div class=\"elementor-post__meta-data\">\n\t\t\t\t\t<span class=\"elementor-post-date\">\n\t\t\t20 Marzo 2026\t\t<\/span>\n\t\t\t\t<\/div>\n\t\t\t\t\t<\/div>\n\t\t<\/article>\n\t\t\t\t<article class=\"elementor-post elementor-grid-item post-15694 tribe_events type-tribe_events status-publish has-post-thumbnail hentry tribe_events_cat-che-cosa-fare-oggi-a-carbonia tribe_events_cat-raduni tribe_events_cat-spettacoli tribe_events_cat-sport cat_che-cosa-fare-oggi-a-carbonia cat_raduni cat_spettacoli cat_sport\" role=\"listitem\">\n\t\t\t<div class=\"elementor-post__card\">\n\t\t\t\t<a class=\"elementor-post__thumbnail__link\" href=\"https:\/\/carboniaturismo.it\/it\/event\/sulcis-dance-festival-competizione-nazionale-di-danza-sportiva-xii-edizione-2\/\" tabindex=\"-1\" ><div class=\"elementor-post__thumbnail\"><img loading=\"lazy\" decoding=\"async\" width=\"600\" height=\"600\" src=\"https:\/\/carboniaturismo.it\/wp-content\/uploads\/2026\/03\/Sulcis-Dance-Festival-Carbonia-a-lr.jpg\" class=\"attachment-medium size-medium wp-image-15687\" alt=\"\" srcset=\"https:\/\/carboniaturismo.it\/wp-content\/uploads\/2026\/03\/Sulcis-Dance-Festival-Carbonia-a-lr.jpg 600w, https:\/\/carboniaturismo.it\/wp-content\/uploads\/2026\/03\/Sulcis-Dance-Festival-Carbonia-a-lr-180x180.jpg 180w, https:\/\/carboniaturismo.it\/wp-content\/uploads\/2026\/03\/Sulcis-Dance-Festival-Carbonia-a-lr-100x100.jpg 100w\" sizes=\"(max-width: 600px) 100vw, 600px\" \/><\/div><\/a>\n\t\t\t\t<div class=\"elementor-post__text\">\n\t\t\t\t<h3 class=\"elementor-post__title\">\n\t\t\t<a href=\"https:\/\/carboniaturismo.it\/it\/event\/sulcis-dance-festival-competizione-nazionale-di-danza-sportiva-xii-edizione-2\/\" >\n\t\t\t\tSulcis Dance Festival: Competizione nazionale di danza sportiva, XII edizione\t\t\t<\/a>\n\t\t<\/h3>\n\t\t\t\t<div class=\"elementor-post__excerpt\">\n\t\t\t<p>Il 22 e 23 marzo 2025 il Palazzetto dello Sport<\/p>\n\t\t<\/div>\n\t\t\n\t\t<a class=\"elementor-post__read-more\" href=\"https:\/\/carboniaturismo.it\/it\/event\/sulcis-dance-festival-competizione-nazionale-di-danza-sportiva-xii-edizione-2\/\" aria-label=\"Read more about Sulcis Dance Festival: Competizione nazionale di danza sportiva, XII edizione\" tabindex=\"-1\" >\n\t\t\tLeggi di pi\u00f9 \u00bb\t\t<\/a>\n\n\t\t\t\t<\/div>\n\t\t\t\t<div class=\"elementor-post__meta-data\">\n\t\t\t\t\t<span class=\"elementor-post-date\">\n\t\t\t10 Marzo 2026\t\t<\/span>\n\t\t\t\t<\/div>\n\t\t\t\t\t<\/div>\n\t\t<\/article>\n\t\t\t\t<article class=\"elementor-post elementor-grid-item post-15680 tribe_events type-tribe_events status-publish has-post-thumbnail hentry tribe_events_cat-che-cosa-fare-oggi-a-carbonia tribe_events_cat-raduni tribe_events_cat-spettacoli tribe_events_cat-sport cat_che-cosa-fare-oggi-a-carbonia cat_raduni cat_spettacoli cat_sport\" role=\"listitem\">\n\t\t\t<div class=\"elementor-post__card\">\n\t\t\t\t<a class=\"elementor-post__thumbnail__link\" href=\"https:\/\/carboniaturismo.it\/it\/event\/sulcis-dance-festival-competizione-nazionale-di-danza-sportiva-xii-edizione\/\" tabindex=\"-1\" ><div class=\"elementor-post__thumbnail\"><img loading=\"lazy\" decoding=\"async\" width=\"600\" height=\"600\" src=\"https:\/\/carboniaturismo.it\/wp-content\/uploads\/2026\/03\/Sulcis-Dance-Festival-Carbonia-a-lr.jpg\" class=\"attachment-medium size-medium wp-image-15687\" alt=\"\" srcset=\"https:\/\/carboniaturismo.it\/wp-content\/uploads\/2026\/03\/Sulcis-Dance-Festival-Carbonia-a-lr.jpg 600w, https:\/\/carboniaturismo.it\/wp-content\/uploads\/2026\/03\/Sulcis-Dance-Festival-Carbonia-a-lr-180x180.jpg 180w, https:\/\/carboniaturismo.it\/wp-content\/uploads\/2026\/03\/Sulcis-Dance-Festival-Carbonia-a-lr-100x100.jpg 100w\" sizes=\"(max-width: 600px) 100vw, 600px\" \/><\/div><\/a>\n\t\t\t\t<div class=\"elementor-post__text\">\n\t\t\t\t<h3 class=\"elementor-post__title\">\n\t\t\t<a href=\"https:\/\/carboniaturismo.it\/it\/event\/sulcis-dance-festival-competizione-nazionale-di-danza-sportiva-xii-edizione\/\" >\n\t\t\t\tSulcis Dance Festival: Competizione nazionale di danza sportiva, XII edizione\t\t\t<\/a>\n\t\t<\/h3>\n\t\t\t\t<div class=\"elementor-post__excerpt\">\n\t\t\t<p>Il 22 e 23 marzo 2025 il Palazzetto dello Sport<\/p>\n\t\t<\/div>\n\t\t\n\t\t<a class=\"elementor-post__read-more\" href=\"https:\/\/carboniaturismo.it\/it\/event\/sulcis-dance-festival-competizione-nazionale-di-danza-sportiva-xii-edizione\/\" aria-label=\"Read more about Sulcis Dance Festival: Competizione nazionale di danza sportiva, XII edizione\" tabindex=\"-1\" >\n\t\t\tLeggi di pi\u00f9 \u00bb\t\t<\/a>\n\n\t\t\t\t<\/div>\n\t\t\t\t<div class=\"elementor-post__meta-data\">\n\t\t\t\t\t<span class=\"elementor-post-date\">\n\t\t\t10 Marzo 2026\t\t<\/span>\n\t\t\t\t<\/div>\n\t\t\t\t\t<\/div>\n\t\t<\/article>\n\t\t\t\t<\/div>\n\t\t\n\t\t\t\t\t\t<\/div>\n\t\t\t\t<\/div>\n\t\t\t\t\t<\/div>\n\t\t<\/div>\n\t\t\t\t\t<\/div>\n\t\t<\/section>\n\t\t\t\t\t<\/div>\n\t\t<\/div>\n\t\t\t\t\t<\/div>\n\t\t<\/section>\n\t\t\t\t<section class=\"elementor-section elementor-top-section elementor-element elementor-element-7294e03 elementor-hidden-desktop elementor-hidden-tablet elementor-hidden-mobile elementor-section-boxed elementor-section-height-default elementor-section-height-default row-top\" data-id=\"7294e03\" data-element_type=\"section\" data-e-type=\"section\">\n\t\t\t\t\t\t<div class=\"elementor-container elementor-column-gap-default\">\n\t\t\t\t\t<div class=\"elementor-column elementor-col-100 elementor-top-column elementor-element elementor-element-85bd3a2\" data-id=\"85bd3a2\" data-element_type=\"column\" data-e-type=\"column\">\n\t\t\t<div class=\"elementor-widget-wrap elementor-element-populated\">\n\t\t\t\t\t\t<div class=\"elementor-element elementor-element-ca847cb elementor-align-center elementor-widget elementor-widget-button\" data-id=\"ca847cb\" data-element_type=\"widget\" data-e-type=\"widget\" data-widget_type=\"button.default\">\n\t\t\t\t<div class=\"elementor-widget-container\">\n\t\t\t\t\t\t\t\t\t<div class=\"elementor-button-wrapper\">\n\t\t\t\t\t<a class=\"elementor-button elementor-button-link elementor-size-sm\" href=\"https:\/\/carboniaturismo.it\/it\/eventi\/elenco\/\">\n\t\t\t\t\t\t<span class=\"elementor-button-content-wrapper\">\n\t\t\t\t\t\t\t\t\t<span class=\"elementor-button-text\">TUTTI GLI EVENTI<\/span>\n\t\t\t\t\t<\/span>\n\t\t\t\t\t<\/a>\n\t\t\t\t<\/div>\n\t\t\t\t\t\t\t\t<\/div>\n\t\t\t\t<\/div>\n\t\t\t\t\t<\/div>\n\t\t<\/div>\n\t\t\t\t\t<\/div>\n\t\t<\/section>\n\t\t\t\t<section class=\"elementor-section elementor-top-section elementor-element elementor-element-c9fffe2 elementor-section-boxed elementor-section-height-default elementor-section-height-default row-top\" data-id=\"c9fffe2\" data-element_type=\"section\" data-e-type=\"section\" data-settings=\"{&quot;background_background&quot;:&quot;classic&quot;}\">\n\t\t\t\t\t\t<div class=\"elementor-container elementor-column-gap-default\">\n\t\t\t\t\t<div class=\"elementor-column elementor-col-50 elementor-top-column elementor-element elementor-element-f7500e1\" data-id=\"f7500e1\" data-element_type=\"column\" data-e-type=\"column\">\n\t\t\t<div class=\"elementor-widget-wrap elementor-element-populated\">\n\t\t\t\t\t\t<div class=\"elementor-element elementor-element-9aeb4fa animated-fast elementor-invisible elementor-widget elementor-widget-gva-heading-block\" data-id=\"9aeb4fa\" data-element_type=\"widget\" data-e-type=\"widget\" data-settings=\"{&quot;_animation&quot;:&quot;fadeInUp&quot;}\" data-widget_type=\"gva-heading-block.default\">\n\t\t\t\t<div class=\"elementor-widget-container\">\n\t\t\t\t\t<div class=\"gva-element-gva-heading-block gva-element\">   <div class=\"align-left style-1 widget gsc-heading box-align-left auto-responsive\">\r\n      <div class=\"content-inner\">\r\n         \r\n                  \r\n                     <div class=\"sub-title\"><span>Carbonia<\/span><\/div>\r\n           \r\n         \r\n                     <h2 class=\"title\">\r\n               <span>Come arrivare<\/span>\r\n            <\/h2>\r\n                  \r\n         \r\n      <\/div>\r\n   <\/div>\r\n<\/div>\t\t\t\t<\/div>\n\t\t\t\t<\/div>\n\t\t\t\t<div class=\"elementor-element elementor-element-8d0fd41 elementor-widget elementor-widget-text-editor\" data-id=\"8d0fd41\" data-element_type=\"widget\" data-e-type=\"widget\" data-widget_type=\"text-editor.default\">\n\t\t\t\t<div class=\"elementor-widget-container\">\n\t\t\t\t\t\t\t\t\t<p>Carbonia \u00e8 perfettamente collegata al resto della Sardegna. Si trova a circa un\u2019ora di macchina da Cagliari, capitale dell\u2019isola, in una posizione che la rende facilmente raggiungibile sia dal mare sia dall\u2019entroterra. Che si arrivi in aereo, in nave, in treno o in auto, Carbonia offre diverse opzioni per ogni esigenza.<\/p>\t\t\t\t\t\t\t\t<\/div>\n\t\t\t\t<\/div>\n\t\t\t\t<div class=\"elementor-element elementor-element-c85b209 elementor-widget elementor-widget-image\" data-id=\"c85b209\" data-element_type=\"widget\" data-e-type=\"widget\" data-widget_type=\"image.default\">\n\t\t\t\t<div class=\"elementor-widget-container\">\n\t\t\t\t\t\t\t\t\t\t\t\t\t\t\t<img loading=\"lazy\" decoding=\"async\" width=\"188\" height=\"75\" src=\"https:\/\/carboniaturismo.it\/wp-content\/uploads\/2021\/10\/bg-line-map.png\" class=\"attachment-full size-full wp-image-1035\" alt=\"\" \/>\t\t\t\t\t\t\t\t\t\t\t\t\t\t\t<\/div>\n\t\t\t\t<\/div>\n\t\t\t\t\t<\/div>\n\t\t<\/div>\n\t\t\t\t<div class=\"elementor-column elementor-col-50 elementor-top-column elementor-element elementor-element-6cab98e\" data-id=\"6cab98e\" data-element_type=\"column\" data-e-type=\"column\">\n\t\t\t<div class=\"elementor-widget-wrap elementor-element-populated\">\n\t\t\t\t\t\t<div class=\"elementor-element elementor-element-98855a8 elementor-widget elementor-widget-toggle\" data-id=\"98855a8\" data-element_type=\"widget\" data-e-type=\"widget\" data-widget_type=\"toggle.default\">\n\t\t\t\t<div class=\"elementor-widget-container\">\n\t\t\t\t\t\t\t<div class=\"elementor-toggle\">\n\t\t\t\t\t\t\t<div class=\"elementor-toggle-item\">\n\t\t\t\t\t<div id=\"elementor-tab-title-1591\" class=\"elementor-tab-title\" data-tab=\"1\" role=\"button\" aria-controls=\"elementor-tab-content-1591\" aria-expanded=\"false\">\n\t\t\t\t\t\t\t\t\t\t\t\t<span class=\"elementor-toggle-icon elementor-toggle-icon-left\" aria-hidden=\"true\">\n\t\t\t\t\t\t\t\t\t\t\t\t\t\t\t<span class=\"elementor-toggle-icon-closed\"><i class=\" flaticon-travel\"><\/i><\/span>\n\t\t\t\t\t\t\t\t<span class=\"elementor-toggle-icon-opened\"><i class=\"elementor-toggle-icon-opened fas fa-caret-up\"><\/i><\/span>\n\t\t\t\t\t\t\t\t\t\t\t\t\t<\/span>\n\t\t\t\t\t\t\t\t\t\t\t\t<a class=\"elementor-toggle-title\" tabindex=\"0\">In aereo<\/a>\n\t\t\t\t\t<\/div>\n\n\t\t\t\t\t<div id=\"elementor-tab-content-1591\" class=\"elementor-tab-content elementor-clearfix\" data-tab=\"1\" role=\"region\" aria-labelledby=\"elementor-tab-title-1591\"><p>L\u2019aeroporto di Cagliari-Elmas, situato a soli 70 km da Carbonia, \u00e8 il pi\u00f9 vicino alla citt\u00e0. Grazie ai voli frequenti da numerose citt\u00e0 italiane ed europee, \u00e8 facile raggiungere la Sardegna e godersi un soggiorno alla scoperta di Carbonia e dintorni. Diverse compagnie, incluse quelle low cost, collegano l\u2019aeroporto con molte destinazioni.<\/p><\/div>\n\t\t\t\t<\/div>\n\t\t\t\t\t\t\t\t<\/div>\n\t\t\t\t\t\t<\/div>\n\t\t\t\t<\/div>\n\t\t\t\t<div class=\"elementor-element elementor-element-724baeb elementor-widget elementor-widget-toggle\" data-id=\"724baeb\" data-element_type=\"widget\" data-e-type=\"widget\" data-widget_type=\"toggle.default\">\n\t\t\t\t<div class=\"elementor-widget-container\">\n\t\t\t\t\t\t\t<div class=\"elementor-toggle\">\n\t\t\t\t\t\t\t<div class=\"elementor-toggle-item\">\n\t\t\t\t\t<div id=\"elementor-tab-title-1191\" class=\"elementor-tab-title\" data-tab=\"1\" role=\"button\" aria-controls=\"elementor-tab-content-1191\" aria-expanded=\"false\">\n\t\t\t\t\t\t\t\t\t\t\t\t<span class=\"elementor-toggle-icon elementor-toggle-icon-left\" aria-hidden=\"true\">\n\t\t\t\t\t\t\t\t\t\t\t\t\t\t\t<span class=\"elementor-toggle-icon-closed\"><i class=\" flaticon-car\"><\/i><\/span>\n\t\t\t\t\t\t\t\t<span class=\"elementor-toggle-icon-opened\"><i class=\"elementor-toggle-icon-opened fas fa-caret-up\"><\/i><\/span>\n\t\t\t\t\t\t\t\t\t\t\t\t\t<\/span>\n\t\t\t\t\t\t\t\t\t\t\t\t<a class=\"elementor-toggle-title\" tabindex=\"0\">In auto e in nave<\/a>\n\t\t\t\t\t<\/div>\n\n\t\t\t\t\t<div id=\"elementor-tab-content-1191\" class=\"elementor-tab-content elementor-clearfix\" data-tab=\"1\" role=\"region\" aria-labelledby=\"elementor-tab-title-1191\"><p><span class=\"TextRun SCXW32049938 BCX0\" lang=\"IT-IT\" xml:lang=\"IT-IT\" data-contrast=\"auto\"><span class=\"NormalTextRun SCXW32049938 BCX0\">Arrivando in nave, si pu\u00f2 scegliere tra i principali porti della Sardegna, collegati con diverse citt\u00e0 italiane ed europee. Dal porto di Cagliari, \u00e8 semplice raggiungere Carbonia attraverso strade a scorrimento veloce come la SS 130. Carbonia \u00e8 anche facilmente raggiungibile dai porti di Olbia, Porto Torres e Golfo Aranci, permettendo ai visitatori di pianificare il loro viaggio in base alle proprie esigenze.<\/span><\/span><span class=\"EOP SCXW32049938 BCX0\" data-ccp-props=\"{}\">\u00a0<\/span><\/p><\/div>\n\t\t\t\t<\/div>\n\t\t\t\t\t\t\t\t<\/div>\n\t\t\t\t\t\t<\/div>\n\t\t\t\t<\/div>\n\t\t\t\t<div class=\"elementor-element elementor-element-0485649 elementor-widget elementor-widget-toggle\" data-id=\"0485649\" data-element_type=\"widget\" data-e-type=\"widget\" data-widget_type=\"toggle.default\">\n\t\t\t\t<div class=\"elementor-widget-container\">\n\t\t\t\t\t\t\t<div class=\"elementor-toggle\">\n\t\t\t\t\t\t\t<div class=\"elementor-toggle-item\">\n\t\t\t\t\t<div id=\"elementor-tab-title-4741\" class=\"elementor-tab-title\" data-tab=\"1\" role=\"button\" aria-controls=\"elementor-tab-content-4741\" aria-expanded=\"false\">\n\t\t\t\t\t\t\t\t\t\t\t\t<span class=\"elementor-toggle-icon elementor-toggle-icon-left\" aria-hidden=\"true\">\n\t\t\t\t\t\t\t\t\t\t\t\t\t\t\t<span class=\"elementor-toggle-icon-closed\"><i class=\" flaticon-travel-1\"><\/i><\/span>\n\t\t\t\t\t\t\t\t<span class=\"elementor-toggle-icon-opened\"><i class=\"elementor-toggle-icon-opened fas fa-caret-up\"><\/i><\/span>\n\t\t\t\t\t\t\t\t\t\t\t\t\t<\/span>\n\t\t\t\t\t\t\t\t\t\t\t\t<a class=\"elementor-toggle-title\" tabindex=\"0\">In treno<\/a>\n\t\t\t\t\t<\/div>\n\n\t\t\t\t\t<div id=\"elementor-tab-content-4741\" class=\"elementor-tab-content elementor-clearfix\" data-tab=\"1\" role=\"region\" aria-labelledby=\"elementor-tab-title-4741\"><p><strong><span style=\"vertical-align: inherit;\">La stazione di Carbonia <\/span><\/strong><span style=\"vertical-align: inherit;\">\u00e8 ben collegata e facilmente raggiungibile con la linea <\/span><b><span style=\"vertical-align: inherit;\">Cagliari-Decimomannu-Carbonia\/Iglesias.<\/span><\/b><\/p><\/div>\n\t\t\t\t<\/div>\n\t\t\t\t\t\t\t\t<\/div>\n\t\t\t\t\t\t<\/div>\n\t\t\t\t<\/div>\n\t\t\t\t<div class=\"elementor-element elementor-element-05ee5da elementor-widget elementor-widget-toggle\" data-id=\"05ee5da\" data-element_type=\"widget\" data-e-type=\"widget\" data-widget_type=\"toggle.default\">\n\t\t\t\t<div class=\"elementor-widget-container\">\n\t\t\t\t\t\t\t<div class=\"elementor-toggle\">\n\t\t\t\t\t\t\t<div class=\"elementor-toggle-item\">\n\t\t\t\t\t<div id=\"elementor-tab-title-6211\" class=\"elementor-tab-title\" data-tab=\"1\" role=\"button\" aria-controls=\"elementor-tab-content-6211\" aria-expanded=\"false\">\n\t\t\t\t\t\t\t\t\t\t\t\t<span class=\"elementor-toggle-icon elementor-toggle-icon-left\" aria-hidden=\"true\">\n\t\t\t\t\t\t\t\t\t\t\t\t\t\t\t<span class=\"elementor-toggle-icon-closed\"><i class=\" las la-bicycle\"><\/i><\/span>\n\t\t\t\t\t\t\t\t<span class=\"elementor-toggle-icon-opened\"><i class=\"elementor-toggle-icon-opened fas fa-caret-up\"><\/i><\/span>\n\t\t\t\t\t\t\t\t\t\t\t\t\t<\/span>\n\t\t\t\t\t\t\t\t\t\t\t\t<a class=\"elementor-toggle-title\" tabindex=\"0\">In bicicletta<\/a>\n\t\t\t\t\t<\/div>\n\n\t\t\t\t\t<div id=\"elementor-tab-content-6211\" class=\"elementor-tab-content elementor-clearfix\" data-tab=\"1\" role=\"region\" aria-labelledby=\"elementor-tab-title-6211\"><p>Carbonia \u00e8 raggiungibile anche in bicicletta o a piedi, seguendo percorsi panoramici che attraversano campagne e paesaggi unici. Per chi sceglie di viaggiare in bicicletta, il percorso da Cagliari \u00e8 di circa 68 km e permette di godersi scorci straordinari lungo la SP 2.<\/p><p><span style=\"vertical-align: inherit;\">\u2022 <\/span><strong><span style=\"vertical-align: inherit;\">Tempo:<\/span><\/strong><span style=\"vertical-align: inherit;\"> circa 3 ore e 30 minuti.<\/span><br \/><span style=\"vertical-align: inherit;\">\u2022 <\/span><strong><span style=\"vertical-align: inherit;\">Km<\/span><\/strong><span style=\"vertical-align: inherit;\">: 68 <\/span><br \/><span style=\"vertical-align: inherit;\">\u2022 <\/span><strong><span style=\"vertical-align: inherit;\">Road<\/span><\/strong><span style=\"vertical-align: inherit;\">: SP 2<\/span><\/p><\/div>\n\t\t\t\t<\/div>\n\t\t\t\t\t\t\t\t<\/div>\n\t\t\t\t\t\t<\/div>\n\t\t\t\t<\/div>\n\t\t\t\t<div class=\"elementor-element elementor-element-47cd4eb elementor-widget elementor-widget-toggle\" data-id=\"47cd4eb\" data-element_type=\"widget\" data-e-type=\"widget\" data-widget_type=\"toggle.default\">\n\t\t\t\t<div class=\"elementor-widget-container\">\n\t\t\t\t\t\t\t<div class=\"elementor-toggle\">\n\t\t\t\t\t\t\t<div class=\"elementor-toggle-item\">\n\t\t\t\t\t<div id=\"elementor-tab-title-7521\" class=\"elementor-tab-title\" data-tab=\"1\" role=\"button\" aria-controls=\"elementor-tab-content-7521\" aria-expanded=\"false\">\n\t\t\t\t\t\t\t\t\t\t\t\t<span class=\"elementor-toggle-icon elementor-toggle-icon-left\" aria-hidden=\"true\">\n\t\t\t\t\t\t\t\t\t\t\t\t\t\t\t<span class=\"elementor-toggle-icon-closed\"><i class=\" las la-hiking\"><\/i><\/span>\n\t\t\t\t\t\t\t\t<span class=\"elementor-toggle-icon-opened\"><i class=\"elementor-toggle-icon-opened fas fa-caret-up\"><\/i><\/span>\n\t\t\t\t\t\t\t\t\t\t\t\t\t<\/span>\n\t\t\t\t\t\t\t\t\t\t\t\t<a class=\"elementor-toggle-title\" tabindex=\"0\">A piedi<\/a>\n\t\t\t\t\t<\/div>\n\n\t\t\t\t\t<div id=\"elementor-tab-content-7521\" class=\"elementor-tab-content elementor-clearfix\" data-tab=\"1\" role=\"region\" aria-labelledby=\"elementor-tab-title-7521\"><p><span class=\"TextRun SCXW223075346 BCX0\" lang=\"IT-IT\" xml:lang=\"IT-IT\" data-contrast=\"auto\"><span class=\"NormalTextRun SCXW223075346 BCX0\">Per i pi\u00f9 avventurosi, Carbonia \u00e8 raggiungibile anche in bicicletta o a piedi, seguendo percorsi panoramici che attraversano campagne e paesaggi unici. Per chi sceglie di viaggiare in bicicletta, il percorso da Cagliari \u00e8 di circa 68 km e permette di godersi scorci straordinari lungo la SP 2. Chi ama il trekking pu\u00f2 anche decidere di raggiungere Carbonia a piedi, per un\u2019esperienza di turismo lento che offre la possibilit\u00e0 di vivere la natura e fermarsi in punti panoramici e di interesse lungo il tragitto.<\/span><\/span><span class=\"EOP SCXW223075346 BCX0\" data-ccp-props=\"{}\">\u00a0<\/span><\/p><\/div>\n\t\t\t\t<\/div>\n\t\t\t\t\t\t\t\t<\/div>\n\t\t\t\t\t\t<\/div>\n\t\t\t\t<\/div>\n\t\t\t\t\t<\/div>\n\t\t<\/div>\n\t\t\t\t\t<\/div>\n\t\t<\/section>\n\t\t\t\t<section class=\"elementor-section elementor-top-section elementor-element elementor-element-4c5af49 elementor-section-boxed elementor-section-height-default elementor-section-height-default row-top\" data-id=\"4c5af49\" data-element_type=\"section\" data-e-type=\"section\">\n\t\t\t\t\t\t<div class=\"elementor-container elementor-column-gap-default\">\n\t\t\t\t\t<div class=\"elementor-column elementor-col-100 elementor-top-column elementor-element elementor-element-4a552b2\" data-id=\"4a552b2\" data-element_type=\"column\" data-e-type=\"column\">\n\t\t\t<div class=\"elementor-widget-wrap elementor-element-populated\">\n\t\t\t\t\t\t<div class=\"elementor-element elementor-element-4c1e5b1 elementor-widget elementor-widget-image\" data-id=\"4c1e5b1\" data-element_type=\"widget\" data-e-type=\"widget\" data-widget_type=\"image.default\">\n\t\t\t\t<div class=\"elementor-widget-container\">\n\t\t\t\t\t\t\t\t\t\t\t\t\t\t\t<img loading=\"lazy\" decoding=\"async\" width=\"768\" height=\"211\" src=\"https:\/\/carboniaturismo.it\/wp-content\/uploads\/2024\/12\/Risorsa-3-768x211.png\" class=\"attachment-medium_large size-medium_large wp-image-1500\" alt=\"\" srcset=\"https:\/\/carboniaturismo.it\/wp-content\/uploads\/2024\/12\/Risorsa-3-768x211.png 768w, https:\/\/carboniaturismo.it\/wp-content\/uploads\/2024\/12\/Risorsa-3-1024x282.png 1024w, https:\/\/carboniaturismo.it\/wp-content\/uploads\/2024\/12\/Risorsa-3.png 1268w\" sizes=\"(max-width: 768px) 100vw, 768px\" \/>\t\t\t\t\t\t\t\t\t\t\t\t\t\t\t<\/div>\n\t\t\t\t<\/div>\n\t\t\t\t\t<\/div>\n\t\t<\/div>\n\t\t\t\t\t<\/div>\n\t\t<\/section>\n\t\t\t\t<section class=\"elementor-section elementor-top-section elementor-element elementor-element-b7ace3c elementor-section-full_width elementor-section-height-default elementor-section-height-default row-top\" data-id=\"b7ace3c\" data-element_type=\"section\" data-e-type=\"section\">\n\t\t\t\t\t\t<div class=\"elementor-container elementor-column-gap-default\">\n\t\t\t\t\t<div class=\"elementor-column elementor-col-50 elementor-top-column elementor-element elementor-element-ba8a5b0\" data-id=\"ba8a5b0\" data-element_type=\"column\" data-e-type=\"column\" data-settings=\"{&quot;background_background&quot;:&quot;classic&quot;}\">\n\t\t\t<div class=\"elementor-widget-wrap elementor-element-populated\">\n\t\t\t\t\t\t<div class=\"elementor-element elementor-element-2a2be0e elementor-widget elementor-widget-spacer\" data-id=\"2a2be0e\" data-element_type=\"widget\" data-e-type=\"widget\" data-widget_type=\"spacer.default\">\n\t\t\t\t<div class=\"elementor-widget-container\">\n\t\t\t\t\t\t\t<div class=\"elementor-spacer\">\n\t\t\t<div class=\"elementor-spacer-inner\"><\/div>\n\t\t<\/div>\n\t\t\t\t\t\t<\/div>\n\t\t\t\t<\/div>\n\t\t\t\t\t<\/div>\n\t\t<\/div>\n\t\t\t\t<div class=\"elementor-column elementor-col-50 elementor-top-column elementor-element elementor-element-f318a7d\" data-id=\"f318a7d\" data-element_type=\"column\" data-e-type=\"column\" data-settings=\"{&quot;background_background&quot;:&quot;classic&quot;}\">\n\t\t\t<div class=\"elementor-widget-wrap elementor-element-populated\">\n\t\t\t\t\t\t<div class=\"elementor-element elementor-element-940946d elementor-widget elementor-widget-gva-heading-block\" data-id=\"940946d\" data-element_type=\"widget\" data-e-type=\"widget\" data-widget_type=\"gva-heading-block.default\">\n\t\t\t\t<div class=\"elementor-widget-container\">\n\t\t\t\t\t<div class=\"gva-element-gva-heading-block gva-element\">   <div class=\"align-center style-1 widget gsc-heading box-align- auto-responsive\">\r\n      <div class=\"content-inner\">\r\n         \r\n                  \r\n                     <div class=\"sub-title\"><span>Organizza la tua vacanza<\/span><\/div>\r\n           \r\n         \r\n                     <h2 class=\"title\">\r\n               <span>Tutte le informazioni che ti servono per cominciare il tuo viaggio a Carbonia. <\/span>\r\n            <\/h2>\r\n                  \r\n                     <div class=\"heading-action\">\r\n               \t\t  <a href=\"https:\/\/carboniaturismo.it\/it\/idee-vacanza\/\" class=\"btn-cta btn-theme \">\r\n\t\t\t <span>Parti adesso<\/span>\r\n\t\t  <\/a>\r\n\r\n\t\t              <\/div>\r\n         \r\n      <\/div>\r\n   <\/div>\r\n<\/div>\t\t\t\t<\/div>\n\t\t\t\t<\/div>\n\t\t\t\t\t<\/div>\n\t\t<\/div>\n\t\t\t\t\t<\/div>\n\t\t<\/section>\n\t\t\t\t<\/div>\n\t\t","protected":false},"excerpt":{"rendered":"<p>Carbonia per ogni stagioneTutto l\u2019anno, una vacanza fuori dalle solite rotte. Inizia il viaggioLa citt\u00e0 del carboneCarbonia, cuore profondo della Sardegna. DENTRO LE MINIEREDentro il culto delle miniereIl Cammino di [&hellip;]<\/p>\n","protected":false},"author":2,"featured_media":0,"parent":0,"menu_order":0,"comment_status":"closed","ping_status":"closed","template":"elementor_header_footer","meta":{"rs_blank_template":"","rs_page_bg_color":"","slide_template_v7":"","footnotes":""},"class_list":["post-1467","page","type-page","status-publish","hentry","cat_che-cosa-fare-oggi-a-carbonia","cat_raduni","cat_spettacoli","cat_sport"],"_links":{"self":[{"href":"https:\/\/carboniaturismo.it\/it\/wp-json\/wp\/v2\/pages\/1467","targetHints":{"allow":["GET"]}}],"collection":[{"href":"https:\/\/carboniaturismo.it\/it\/wp-json\/wp\/v2\/pages"}],"about":[{"href":"https:\/\/carboniaturismo.it\/it\/wp-json\/wp\/v2\/types\/page"}],"author":[{"embeddable":true,"href":"https:\/\/carboniaturismo.it\/it\/wp-json\/wp\/v2\/users\/2"}],"replies":[{"embeddable":true,"href":"https:\/\/carboniaturismo.it\/it\/wp-json\/wp\/v2\/comments?post=1467"}],"version-history":[{"count":202,"href":"https:\/\/carboniaturismo.it\/it\/wp-json\/wp\/v2\/pages\/1467\/revisions"}],"predecessor-version":[{"id":15609,"href":"https:\/\/carboniaturismo.it\/it\/wp-json\/wp\/v2\/pages\/1467\/revisions\/15609"}],"wp:attachment":[{"href":"https:\/\/carboniaturismo.it\/it\/wp-json\/wp\/v2\/media?parent=1467"}],"curies":[{"name":"wp","href":"https:\/\/api.w.org\/{rel}","templated":true}]}}