{"id":13835,"date":"2025-12-20T14:47:29","date_gmt":"2025-12-20T14:47:29","guid":{"rendered":"https:\/\/carboniaturismo.it\/?page_id=13835"},"modified":"2025-12-27T10:50:24","modified_gmt":"2025-12-27T10:50:24","slug":"rotta-del-gusto","status":"publish","type":"page","link":"https:\/\/carboniaturismo.it\/it\/idee-vacanza\/rotta-del-gusto\/","title":{"rendered":"Rotta del gusto"},"content":{"rendered":"\t\t<div data-elementor-type=\"wp-page\" data-elementor-id=\"13835\" class=\"elementor elementor-13835\" data-elementor-post-type=\"page\">\n\t\t\t\t\t\t<section class=\"elementor-section elementor-top-section elementor-element elementor-element-1d2eff8 elementor-section-stretched elementor-section-boxed elementor-section-height-default elementor-section-height-default row-top\" data-id=\"1d2eff8\" data-element_type=\"section\" data-e-type=\"section\" data-settings=\"{&quot;stretch_section&quot;:&quot;section-stretched&quot;}\">\n\t\t\t\t\t\t<div class=\"elementor-container elementor-column-gap-default\">\n\t\t\t\t\t<div class=\"elementor-column elementor-col-50 elementor-top-column elementor-element elementor-element-f26ea9d\" data-id=\"f26ea9d\" data-element_type=\"column\" data-e-type=\"column\">\n\t\t\t<div class=\"elementor-widget-wrap elementor-element-populated\">\n\t\t\t\t\t\t<div class=\"elementor-element elementor-element-c2a4e05 animated-fast elementor-invisible elementor-widget elementor-widget-gva-heading-block\" data-id=\"c2a4e05\" data-element_type=\"widget\" data-e-type=\"widget\" data-settings=\"{&quot;_animation&quot;:&quot;fadeInUp&quot;}\" data-widget_type=\"gva-heading-block.default\">\n\t\t\t\t<div class=\"elementor-widget-container\">\n\t\t\t\t\t<div class=\"gva-element-gva-heading-block gva-element\">   <div class=\"align-left style-1 widget gsc-heading box-align-left auto-responsive\">\r\n      <div class=\"content-inner\">\r\n         \r\n                  \r\n           \r\n         \r\n                     <h2 class=\"title\">\r\n               <span>Un viaggio tra i sapori del Sulcis.\n<\/span>\r\n            <\/h2>\r\n                  \r\n         \r\n      <\/div>\r\n   <\/div>\r\n<\/div>\t\t\t\t<\/div>\n\t\t\t\t<\/div>\n\t\t\t\t<div class=\"elementor-element elementor-element-923fc14 elementor-widget elementor-widget-text-editor\" data-id=\"923fc14\" data-element_type=\"widget\" data-e-type=\"widget\" data-widget_type=\"text-editor.default\">\n\t\t\t\t<div class=\"elementor-widget-container\">\n\t\t\t\t\t\t\t\t\t<p><strong>Nel Sulcis, l\u2019enogastronomia non \u00e8 un dettaglio.<\/strong> \u00c8 un modo concreto per capire il territorio.<\/p><p><strong>Il vino \u00e8 una porta d\u2019ingresso naturale. Il Carignano del Sulcis \u00e8 la denominazione pi\u00f9 rappresentativa:<\/strong> il disciplinare richiede uve Carignano per almeno l\u201985% e collega il vino a una zona produttiva che include diversi comuni del territorio, tra cui Carbonia e Carloforte.<\/p><p><strong>Accanto al Carignano, molte cantine lavorano anche su vitigni tradizionali della Sardegna.<\/strong> In particolare, nel Sulcis trovano spazio bianchi come <strong>Vermentino, Nuragus e Nasco.<\/strong> Sono vini che accompagnano bene piatti pi\u00f9 delicati e cucina di mare, e aiutano a costruire una proposta completa, non \u201csolo\u201d da rosso importante.<\/p><p><strong>La stessa idea di identit\u00e0 oggi passa anche dalla birra artigianale.<\/strong> Alcuni produttori del territorio operano in modo dichiaratamente artigianale e raccontano ricette, materie prime e legami con la Sardegna. <strong>\u00c8 un settore giovane, ma utile per chi cerca alternative al vino senza rinunciare alla qualit\u00e0.<\/strong><\/p><p><strong>Quando si parla di cucina, nel Sulcis pane e pasta hanno un valore speciale<\/strong>. Il pane sardo vive di grandi differenze: <strong>dal coccoi, legato alle ricorrenze, al civraxu con mollica, fino al carasau e ad altre varianti tradizionali.<\/strong><\/p><p><strong>La pasta segue la stessa logica: lavorazioni semplici, ma precise.<\/strong> Formati come<strong> fregula e malloreddus convivono con paste fresche come i culurgiones.<\/strong> \u00c8 una tradizione versatile, perch\u00e9 sostiene sia sughi di terra sia ricette di mare.<\/p><p><strong>E poi c\u2019\u00e8 la materia prima che distingue davvero il Sulcis: l\u2019incontro tra terra e mare.<\/strong> <strong>Carloforte \u00e8 il luogo simbolo del tonno rosso considerato il pi\u00f9 pregiato del Mediterraneo<\/strong> durante le migrazioni e ricorda il calendario tradizionale della pesca, tra maggio e giugno. <br \/><strong>La tonnara, dal canto suo, lega questo prodotto a una lavorazione artigianale tramandata nel tempo.<\/strong><\/p><p><strong>Sul versante della terra,<\/strong> <strong>la cucina locale valorizza preparazioni e carni legate alla tradizione del territorio,<\/strong> creando un equilibrio che rende l\u2019offerta gastronomica adatta a gusti diversi. <br \/>Tra i formaggi, <strong>il Pecorino Sardo DOP \u00e8 un riferimento chiaro e riconoscibile<\/strong>: \u00e8 prodotto con latte intero di pecora ed esiste nelle tipologie \u201cdolce\u201d e \u201cmaturo\u201d. <strong>\u00c8 ideale in degustazione e in cucina, perch\u00e9 cambia carattere con la stagionatura.<\/strong><\/p><p><strong>A completare il quadro ci sono olio e miele, due ingredienti che uniscono tecnica e paesaggio.<\/strong> <strong>L\u2019olio extravergine \u201cSardegna\u201d DOP \u00e8 regolato da un disciplinare e pu\u00f2 essere prodotto sull\u2019intero territorio regionale,<\/strong> diventando un elemento trasversale in cucina e nei condimenti.<\/p><p><strong>Il miele racconta la macchia mediterranea.<\/strong> La documentazione tecnica regionale descrive <strong>il miele di corbezzolo come raro e dal gusto amaro, intenso e persistente.<\/strong> Accanto a questo esistono <strong>mieli pi\u00f9 delicati, come quello di asfodelo<\/strong>, che ampliano la gamma di abbinamenti, dal formaggio ai dolci.<\/p>\t\t\t\t\t\t\t\t<\/div>\n\t\t\t\t<\/div>\n\t\t\t\t\t<\/div>\n\t\t<\/div>\n\t\t\t\t<div class=\"elementor-column elementor-col-50 elementor-top-column elementor-element elementor-element-99f8fd9 elementor-hidden-tablet elementor-hidden-mobile\" data-id=\"99f8fd9\" data-element_type=\"column\" data-e-type=\"column\">\n\t\t\t<div class=\"elementor-widget-wrap elementor-element-populated\">\n\t\t\t\t\t\t<div class=\"elementor-element elementor-element-3c76866 elementor-widget elementor-widget-image\" data-id=\"3c76866\" data-element_type=\"widget\" data-e-type=\"widget\" data-widget_type=\"image.default\">\n\t\t\t\t<div class=\"elementor-widget-container\">\n\t\t\t\t\t\t\t\t\t\t\t\t\t\t\t<img fetchpriority=\"high\" decoding=\"async\" width=\"900\" height=\"600\" src=\"https:\/\/carboniaturismo.it\/wp-content\/uploads\/2024\/12\/Carbonia-Turismo-Photo-by-Clodimiro-Lievore-Sardegna-a-tavola-1024x683.jpg\" class=\"attachment-large size-large wp-image-1763\" alt=\"\" srcset=\"https:\/\/carboniaturismo.it\/wp-content\/uploads\/2024\/12\/Carbonia-Turismo-Photo-by-Clodimiro-Lievore-Sardegna-a-tavola-1024x683.jpg 1024w, https:\/\/carboniaturismo.it\/wp-content\/uploads\/2024\/12\/Carbonia-Turismo-Photo-by-Clodimiro-Lievore-Sardegna-a-tavola-768x512.jpg 768w, https:\/\/carboniaturismo.it\/wp-content\/uploads\/2024\/12\/Carbonia-Turismo-Photo-by-Clodimiro-Lievore-Sardegna-a-tavola.jpg 1080w\" sizes=\"(max-width: 900px) 100vw, 900px\" \/>\t\t\t\t\t\t\t\t\t\t\t\t\t\t\t<\/div>\n\t\t\t\t<\/div>\n\t\t\t\t\t<\/div>\n\t\t<\/div>\n\t\t\t\t\t<\/div>\n\t\t<\/section>\n\t\t\t\t<section class=\"elementor-section elementor-top-section elementor-element elementor-element-c804d1c elementor-section-boxed elementor-section-height-default elementor-section-height-default row-top\" data-id=\"c804d1c\" data-element_type=\"section\" data-e-type=\"section\">\n\t\t\t\t\t\t<div class=\"elementor-container elementor-column-gap-default\">\n\t\t\t\t\t<div class=\"elementor-column elementor-col-100 elementor-top-column elementor-element elementor-element-8b865bc\" data-id=\"8b865bc\" data-element_type=\"column\" data-e-type=\"column\">\n\t\t\t<div class=\"elementor-widget-wrap elementor-element-populated\">\n\t\t\t\t\t\t<section class=\"elementor-section elementor-inner-section elementor-element elementor-element-da8bad3 elementor-section-boxed elementor-section-height-default elementor-section-height-default row-top\" data-id=\"da8bad3\" data-element_type=\"section\" data-e-type=\"section\">\n\t\t\t\t\t\t<div class=\"elementor-container elementor-column-gap-default\">\n\t\t\t\t\t<div class=\"elementor-column elementor-col-100 elementor-inner-column elementor-element elementor-element-59422a1\" data-id=\"59422a1\" data-element_type=\"column\" data-e-type=\"column\">\n\t\t\t<div class=\"elementor-widget-wrap elementor-element-populated\">\n\t\t\t\t\t\t<div class=\"elementor-element elementor-element-0bd0c51 elementor-widget elementor-widget-image\" data-id=\"0bd0c51\" data-element_type=\"widget\" data-e-type=\"widget\" data-widget_type=\"image.default\">\n\t\t\t\t<div class=\"elementor-widget-container\">\n\t\t\t\t\t\t\t\t\t\t\t\t\t\t\t<img decoding=\"async\" width=\"124\" height=\"124\" src=\"https:\/\/carboniaturismo.it\/wp-content\/uploads\/2024\/12\/Carbonia-Turismo-Vino.png\" class=\"attachment-large size-large wp-image-1764\" alt=\"\" \/>\t\t\t\t\t\t\t\t\t\t\t\t\t\t\t<\/div>\n\t\t\t\t<\/div>\n\t\t\t\t\t<\/div>\n\t\t<\/div>\n\t\t\t\t\t<\/div>\n\t\t<\/section>\n\t\t\t\t\t<\/div>\n\t\t<\/div>\n\t\t\t\t\t<\/div>\n\t\t<\/section>\n\t\t\t\t<section class=\"elementor-section elementor-top-section elementor-element elementor-element-d506fea elementor-section-stretched elementor-section-boxed elementor-section-height-default elementor-section-height-default row-top\" data-id=\"d506fea\" data-element_type=\"section\" data-e-type=\"section\" data-settings=\"{&quot;stretch_section&quot;:&quot;section-stretched&quot;,&quot;background_background&quot;:&quot;classic&quot;}\">\n\t\t\t\t\t\t<div class=\"elementor-container elementor-column-gap-default\">\n\t\t\t\t\t<div class=\"elementor-column elementor-col-50 elementor-top-column elementor-element elementor-element-766ccc1\" data-id=\"766ccc1\" data-element_type=\"column\" data-e-type=\"column\">\n\t\t\t<div class=\"elementor-widget-wrap elementor-element-populated\">\n\t\t\t\t\t\t<div class=\"elementor-element elementor-element-afa27f6 elementor-widget elementor-widget-image\" data-id=\"afa27f6\" data-element_type=\"widget\" data-e-type=\"widget\" data-widget_type=\"image.default\">\n\t\t\t\t<div class=\"elementor-widget-container\">\n\t\t\t\t\t\t\t\t\t\t\t\t\t\t\t<img decoding=\"async\" width=\"900\" height=\"675\" src=\"https:\/\/carboniaturismo.it\/wp-content\/uploads\/2025\/12\/vitigni-1024x768.jpg\" class=\"attachment-large size-large wp-image-13857\" alt=\"\" srcset=\"https:\/\/carboniaturismo.it\/wp-content\/uploads\/2025\/12\/vitigni-1024x768.jpg 1024w, https:\/\/carboniaturismo.it\/wp-content\/uploads\/2025\/12\/vitigni-768x576.jpg 768w\" sizes=\"(max-width: 900px) 100vw, 900px\" \/>\t\t\t\t\t\t\t\t\t\t\t\t\t\t\t<\/div>\n\t\t\t\t<\/div>\n\t\t\t\t<div class=\"elementor-element elementor-element-e9a69f4 elementor-widget elementor-widget-image\" data-id=\"e9a69f4\" data-element_type=\"widget\" data-e-type=\"widget\" data-widget_type=\"image.default\">\n\t\t\t\t<div class=\"elementor-widget-container\">\n\t\t\t\t\t\t\t\t\t\t\t\t\t\t\t<img loading=\"lazy\" decoding=\"async\" width=\"900\" height=\"600\" src=\"https:\/\/carboniaturismo.it\/wp-content\/uploads\/2024\/12\/Carbonia-turismo-Vigneti-1024x683.jpg\" class=\"attachment-large size-large wp-image-1765\" alt=\"\" srcset=\"https:\/\/carboniaturismo.it\/wp-content\/uploads\/2024\/12\/Carbonia-turismo-Vigneti-1024x683.jpg 1024w, https:\/\/carboniaturismo.it\/wp-content\/uploads\/2024\/12\/Carbonia-turismo-Vigneti-768x512.jpg 768w, https:\/\/carboniaturismo.it\/wp-content\/uploads\/2024\/12\/Carbonia-turismo-Vigneti.jpg 1080w\" sizes=\"(max-width: 900px) 100vw, 900px\" \/>\t\t\t\t\t\t\t\t\t\t\t\t\t\t\t<\/div>\n\t\t\t\t<\/div>\n\t\t\t\t\t<\/div>\n\t\t<\/div>\n\t\t\t\t<div class=\"elementor-column elementor-col-50 elementor-top-column elementor-element elementor-element-356b78d\" data-id=\"356b78d\" data-element_type=\"column\" data-e-type=\"column\">\n\t\t\t<div class=\"elementor-widget-wrap elementor-element-populated\">\n\t\t\t\t\t\t<div class=\"elementor-element elementor-element-cc58da5 elementor-widget elementor-widget-heading\" data-id=\"cc58da5\" data-element_type=\"widget\" data-e-type=\"widget\" data-widget_type=\"heading.default\">\n\t\t\t\t<div class=\"elementor-widget-container\">\n\t\t\t\t\t<h2 class=\"elementor-heading-title elementor-size-default\">Il carignano e i vini del Sulcis<\/h2>\t\t\t\t<\/div>\n\t\t\t\t<\/div>\n\t\t\t\t<div class=\"elementor-element elementor-element-b4f7b29 elementor-widget elementor-widget-text-editor\" data-id=\"b4f7b29\" data-element_type=\"widget\" data-e-type=\"widget\" data-widget_type=\"text-editor.default\">\n\t\t\t\t<div class=\"elementor-widget-container\">\n\t\t\t\t\t\t\t\t\t<p><strong>Tra i protagonisti dell\u2019enogastronomia del Sulcis spicca il Carignano<\/strong>, <strong>vitigno a piede franco. Stiamo parlando di uno dei vitigni autoctoni pi\u00f9 antichi e pregiati della Sardegna. <\/strong><\/p><p>Grazie al clima mite, ai terreni sabbiosi e al sole generoso di questa terra, le vigne trovano condizioni ideali per produrre un <strong>vino dall\u2019intenso colore rubino, dal profumo complesso e dal sapore armonico.<\/strong><\/p><p><strong>Il Carignano del Sulcis si distingue per la sua versatilit\u00e0 negli<\/strong> <strong>abbinamenti: dai primi piatti saporiti, come i malloreddus alla campidanese, alle carni speziate e ai formaggi stagionati.<\/strong> Un calice di questo vino completa perfettamente una cena tradizionale, regalando al palato un gusto deciso e avvolgente, perfetto per chi ama i sapori autentici e raffinati.<\/p><p><strong>Durante le tue vacanze nel Sulcis Iglesiente, non perdere l\u2019opportunit\u00e0 di<\/strong> <strong>visitare le cantine locali, dove potrai degustare e acquistare direttamente il Carignano,<\/strong> accompagnando il tutto con una passeggiata tra i vigneti, un\u2019esperienza che unisce sapori e natura.<span style=\"letter-spacing: -0.2px;\">Il vino \u00e8 una porta d\u2019ingresso naturale. Nel Sulcis \u00e8 anche un modo immediato per capire la terra in cui ci si trova. <\/span><\/p><p><strong><span style=\"letter-spacing: -0.2px;\">La denominazione pi\u00f9 rappresentativa \u00e8 il Carignano del Sulcis: il disciplinare richiede uve Carignano per almeno l\u201985% e collega il vino a una zona produttiva che comprende pi\u00f9 comuni, tra cui Carbonia e Carloforte.<\/span><\/strong><\/p><p data-start=\"2965\" data-end=\"3313\"><strong>Qui il Carignano \u00e8 protagonista e, in molte vigne, \u00e8 presente anche a piede franco.<\/strong> \u00c8 considerato uno dei vitigni autoctoni pi\u00f9 antichi e pregiati della Sardegna. Il clima mite, i terreni sabbiosi e il sole costante aiutano la vite a esprimere un profilo riconoscibile. Ne nasce un vino dal colore rubino, con profumi complessi e un gusto armonico.<\/p><p data-start=\"3315\" data-end=\"3605\"><strong>A tavola, il Carignano del Sulcis funziona perch\u00e9 \u00e8 duttile. Si abbina a primi piatti saporiti, come i malloreddus alla campidanese. Accompagna carni speziate e formaggi stagionati.<\/strong> Per chi cerca una cena tradizionale, \u00e8 un rosso capace di sostenere sapori intensi senza perdere equilibrio.<\/p><p data-start=\"3607\" data-end=\"3987\"><strong>La proposta, per\u00f2, non si ferma al rosso. Accanto al Carignano, molte cantine lavorano su vitigni tradizionali della Sardegna. Nel Sulcis trovano spazio bianchi come Vermentino, Nuragus e Nasco.<\/strong> Sono vini utili quando si scelgono piatti pi\u00f9 delicati e cucina di mare. Rendono il percorso pi\u00f9 completo e permettono di costruire abbinamenti coerenti dall\u2019inizio alla fine del pasto.<\/p><p data-start=\"3989\" data-end=\"4304\"><strong>Per questo una visita in cantina ha valore pratico. La degustazione aiuta a orientarsi tra denominazioni e vitigni.<\/strong> E la passeggiata tra i vigneti d\u00e0 forma al racconto, perch\u00e9 collega il calice a un luogo reale. Nel Sulcis, il vino diventa cos\u00ec un\u2019esperienza di territorio, semplice da vivere e facile da ricordare.<\/p>\t\t\t\t\t\t\t\t<\/div>\n\t\t\t\t<\/div>\n\t\t\t\t\t<\/div>\n\t\t<\/div>\n\t\t\t\t\t<\/div>\n\t\t<\/section>\n\t\t\t\t<section class=\"elementor-section elementor-top-section elementor-element elementor-element-733ffe1 elementor-section-stretched elementor-section-boxed elementor-section-height-default elementor-section-height-default row-top\" data-id=\"733ffe1\" data-element_type=\"section\" data-e-type=\"section\" data-settings=\"{&quot;stretch_section&quot;:&quot;section-stretched&quot;,&quot;background_background&quot;:&quot;classic&quot;}\">\n\t\t\t\t\t\t<div class=\"elementor-container elementor-column-gap-default\">\n\t\t\t\t\t<div class=\"elementor-column elementor-col-50 elementor-top-column elementor-element elementor-element-40a19ac\" data-id=\"40a19ac\" data-element_type=\"column\" data-e-type=\"column\">\n\t\t\t<div class=\"elementor-widget-wrap elementor-element-populated\">\n\t\t\t\t\t\t<div class=\"elementor-element elementor-element-7bc0c5d elementor-widget elementor-widget-heading\" data-id=\"7bc0c5d\" data-element_type=\"widget\" data-e-type=\"widget\" data-widget_type=\"heading.default\">\n\t\t\t\t<div class=\"elementor-widget-container\">\n\t\t\t\t\t<h2 class=\"elementor-heading-title elementor-size-default\">Birra artigianale nel Sulcis: identit\u00e0 e gusto\n<\/h2>\t\t\t\t<\/div>\n\t\t\t\t<\/div>\n\t\t\t\t<div class=\"elementor-element elementor-element-52a342d elementor-widget elementor-widget-text-editor\" data-id=\"52a342d\" data-element_type=\"widget\" data-e-type=\"widget\" data-widget_type=\"text-editor.default\">\n\t\t\t\t<div class=\"elementor-widget-container\">\n\t\t\t\t\t\t\t\t\t<div class=\"relative basis-auto flex-col -mb-(--composer-overlap-px) [--composer-overlap-px:28px] grow flex\"><div class=\"flex flex-col text-sm pb-25\"><article class=\"text-token-text-primary w-full focus:outline-none [--shadow-height:45px] has-data-writing-block:pointer-events-none has-data-writing-block:-mt-(--shadow-height) has-data-writing-block:pt-(--shadow-height) [&amp;:has([data-writing-block])&gt;*]:pointer-events-auto scroll-mt-[calc(var(--header-height)+min(200px,max(70px,20svh)))]\" dir=\"auto\" tabindex=\"-1\" data-turn-id=\"request-WEB:ab7b5987-4e12-400c-97a2-6fab07c231d0-10\" data-testid=\"conversation-turn-22\" data-scroll-anchor=\"true\" data-turn=\"assistant\"><div class=\"text-base my-auto mx-auto pb-10 [--thread-content-margin:--spacing(4)] @w-sm\/main:[--thread-content-margin:--spacing(6)] @w-lg\/main:[--thread-content-margin:--spacing(16)] px-(--thread-content-margin)\"><div class=\"[--thread-content-max-width:40rem] @w-lg\/main:[--thread-content-max-width:48rem] mx-auto max-w-(--thread-content-max-width) flex-1 group\/turn-messages focus-visible:outline-hidden relative flex w-full min-w-0 flex-col agent-turn\" tabindex=\"-1\"><div class=\"flex max-w-full flex-col grow\"><div class=\"min-h-8 text-message relative flex w-full flex-col items-end gap-2 text-start break-words whitespace-normal [.text-message+&amp;]:mt-1\" dir=\"auto\" data-message-author-role=\"assistant\" data-message-id=\"7365e9dd-7d18-4a4c-8c83-7c71bb7a0443\" data-message-model-slug=\"gpt-5-2-thinking\"><div class=\"flex w-full flex-col gap-1 empty:hidden first:pt-[1px]\"><div class=\"markdown prose dark:prose-invert w-full break-words light markdown-new-styling\"><p data-start=\"3383\" data-end=\"3703\"><strong>La stessa idea di identit\u00e0 oggi passa anche dalla birra artigianale. Nel Sulcis, accanto al vino, sta prendendo forma una proposta pi\u00f9 contemporanea.\u00a0<\/strong>Non sostituisce la tradizione. La affianca. E offre una scelta in pi\u00f9 a chi vuole conoscere il territorio attraverso ci\u00f2 che beve.<\/p><p data-start=\"3705\" data-end=\"3940\"><strong>Alcuni produttori locali lavorano in modo dichiaratamente artigianale.<\/strong> Curano ricette e materie prime. Puntano su lotti piccoli e controllati. La differenza si sente nella precisione del gusto. E nella coerenza tra una cotta e l\u2019altra.<\/p><p data-start=\"3942\" data-end=\"4269\"><strong>La produzione ha passaggi chiari seguendo le diverse lavorazioni per la sua produzione,<\/strong> dalla sala cottura alla fasi successive, sempre impiegando ingredienti di alta qualit\u00e0, dai profumi armoniosi.<\/p><p data-start=\"3942\" data-end=\"4269\">La trasformazione delle materie prima in birra \u00e8 il lavoro finale di un processo produttivo che ha bisogno di maestri birrai esperti.<\/p><p data-start=\"4360\" data-end=\"4653\"><strong>\u00a0Il confezionamento. \u00c8 un passaggio meno spettacolare, ma fondamentale.<\/strong> Protegge aromi e qualit\u00e0. \u00c8 ci\u00f2 che permette alla birra di arrivare in tavola come \u00e8 stata pensata dal produttore.<\/p><p data-start=\"5081\" data-end=\"5501\"><strong>\u00c8 un settore giovane, ma utile per chi cerca un\u2019alternativa al vino senza rinunciare alla qualit\u00e0.<\/strong> Soprattutto in viaggio. Perch\u00e9 una birra artigianale ben fatta si presta a momenti diversi e a gusti diversi. E <strong>una visita in birrificio, con degustazione guidata, aggiunge un tassello concreto alla scoperta del Sulcis:<\/strong> si vede il processo, si capiscono le differenze, si porta a casa un ricordo che ha sapore e identit\u00e0.<\/p><\/div><\/div><\/div><\/div><\/div><\/div><\/article><\/div><\/div>\t\t\t\t\t\t\t\t<\/div>\n\t\t\t\t<\/div>\n\t\t\t\t\t<\/div>\n\t\t<\/div>\n\t\t\t\t<div class=\"elementor-column elementor-col-50 elementor-top-column elementor-element elementor-element-f4ed6b0\" data-id=\"f4ed6b0\" data-element_type=\"column\" data-e-type=\"column\">\n\t\t\t<div class=\"elementor-widget-wrap elementor-element-populated\">\n\t\t\t\t\t\t<div class=\"elementor-element elementor-element-d3c0e0a elementor-widget elementor-widget-image\" data-id=\"d3c0e0a\" data-element_type=\"widget\" data-e-type=\"widget\" data-widget_type=\"image.default\">\n\t\t\t\t<div class=\"elementor-widget-container\">\n\t\t\t\t\t\t\t\t\t\t\t\t\t\t\t<img loading=\"lazy\" decoding=\"async\" width=\"900\" height=\"599\" src=\"https:\/\/carboniaturismo.it\/wp-content\/uploads\/2025\/12\/Birra-nel-Sulcis-lr.jpg\" class=\"attachment-large size-large wp-image-13866\" alt=\"\" srcset=\"https:\/\/carboniaturismo.it\/wp-content\/uploads\/2025\/12\/Birra-nel-Sulcis-lr.jpg 1000w, https:\/\/carboniaturismo.it\/wp-content\/uploads\/2025\/12\/Birra-nel-Sulcis-lr-768x511.jpg 768w, https:\/\/carboniaturismo.it\/wp-content\/uploads\/2025\/12\/Birra-nel-Sulcis-lr-120x80.jpg 120w\" sizes=\"(max-width: 900px) 100vw, 900px\" \/>\t\t\t\t\t\t\t\t\t\t\t\t\t\t\t<\/div>\n\t\t\t\t<\/div>\n\t\t\t\t\t<\/div>\n\t\t<\/div>\n\t\t\t\t\t<\/div>\n\t\t<\/section>\n\t\t\t\t<section class=\"elementor-section elementor-top-section elementor-element elementor-element-decd38b elementor-section-stretched elementor-section-boxed elementor-section-height-default elementor-section-height-default row-top\" data-id=\"decd38b\" data-element_type=\"section\" data-e-type=\"section\" data-settings=\"{&quot;stretch_section&quot;:&quot;section-stretched&quot;,&quot;background_background&quot;:&quot;classic&quot;}\">\n\t\t\t\t\t\t<div class=\"elementor-container elementor-column-gap-default\">\n\t\t\t\t\t<div class=\"elementor-column elementor-col-50 elementor-top-column elementor-element elementor-element-984234a\" data-id=\"984234a\" data-element_type=\"column\" data-e-type=\"column\">\n\t\t\t<div class=\"elementor-widget-wrap elementor-element-populated\">\n\t\t\t\t\t\t<div class=\"elementor-element elementor-element-1a8e98b elementor-widget elementor-widget-image\" data-id=\"1a8e98b\" data-element_type=\"widget\" data-e-type=\"widget\" data-widget_type=\"image.default\">\n\t\t\t\t<div class=\"elementor-widget-container\">\n\t\t\t\t\t\t\t\t\t\t\t\t\t\t\t<img loading=\"lazy\" decoding=\"async\" width=\"900\" height=\"600\" src=\"https:\/\/carboniaturismo.it\/wp-content\/uploads\/2025\/12\/kate-estes-BRnnJ6vVNdY-unsplash-1024x683.jpg\" class=\"attachment-large size-large wp-image-13902\" alt=\"\" srcset=\"https:\/\/carboniaturismo.it\/wp-content\/uploads\/2025\/12\/kate-estes-BRnnJ6vVNdY-unsplash-1024x683.jpg 1024w, https:\/\/carboniaturismo.it\/wp-content\/uploads\/2025\/12\/kate-estes-BRnnJ6vVNdY-unsplash-768x512.jpg 768w, https:\/\/carboniaturismo.it\/wp-content\/uploads\/2025\/12\/kate-estes-BRnnJ6vVNdY-unsplash-120x80.jpg 120w\" sizes=\"(max-width: 900px) 100vw, 900px\" \/>\t\t\t\t\t\t\t\t\t\t\t\t\t\t\t<\/div>\n\t\t\t\t<\/div>\n\t\t\t\t<div class=\"elementor-element elementor-element-2f21475 elementor-widget elementor-widget-image\" data-id=\"2f21475\" data-element_type=\"widget\" data-e-type=\"widget\" data-widget_type=\"image.default\">\n\t\t\t\t<div class=\"elementor-widget-container\">\n\t\t\t\t\t\t\t\t\t\t\t\t\t\t\t<img loading=\"lazy\" decoding=\"async\" width=\"900\" height=\"599\" src=\"https:\/\/carboniaturismo.it\/wp-content\/uploads\/2025\/12\/Tuna-lr.jpg\" class=\"attachment-large size-large wp-image-13908\" alt=\"\" srcset=\"https:\/\/carboniaturismo.it\/wp-content\/uploads\/2025\/12\/Tuna-lr.jpg 1000w, https:\/\/carboniaturismo.it\/wp-content\/uploads\/2025\/12\/Tuna-lr-768x511.jpg 768w, https:\/\/carboniaturismo.it\/wp-content\/uploads\/2025\/12\/Tuna-lr-120x80.jpg 120w\" sizes=\"(max-width: 900px) 100vw, 900px\" \/>\t\t\t\t\t\t\t\t\t\t\t\t\t\t\t<\/div>\n\t\t\t\t<\/div>\n\t\t\t\t\t<\/div>\n\t\t<\/div>\n\t\t\t\t<div class=\"elementor-column elementor-col-50 elementor-top-column elementor-element elementor-element-d3487fc\" data-id=\"d3487fc\" data-element_type=\"column\" data-e-type=\"column\">\n\t\t\t<div class=\"elementor-widget-wrap elementor-element-populated\">\n\t\t\t\t\t\t<div class=\"elementor-element elementor-element-e917fc2 elementor-widget elementor-widget-heading\" data-id=\"e917fc2\" data-element_type=\"widget\" data-e-type=\"widget\" data-widget_type=\"heading.default\">\n\t\t\t\t<div class=\"elementor-widget-container\">\n\t\t\t\t\t<h2 class=\"elementor-heading-title elementor-size-default\">Tonno rosso di Carloforte: l\u2019incontro tra il  mare e il Sulcis<\/h2>\t\t\t\t<\/div>\n\t\t\t\t<\/div>\n\t\t\t\t<div class=\"elementor-element elementor-element-f1ee1d9 elementor-widget elementor-widget-text-editor\" data-id=\"f1ee1d9\" data-element_type=\"widget\" data-e-type=\"widget\" data-widget_type=\"text-editor.default\">\n\t\t\t\t<div class=\"elementor-widget-container\">\n\t\t\t\t\t\t\t\t\t<p><strong>Nel Sulcis, la materia prima che fa davvero la differenza nasce dall\u2019incontro tra terra e mare.<\/strong> \u00c8 un territorio che mette insieme due culture. Quella marinara, legata alla pesca. E quella agro-pastorale, costruita su allevamento, cucina di casa e cotture lente.<\/p><p><strong>Carloforte \u00e8 il simbolo di questo equilibrio grazie al tonno rosso, una prelibatezza internazionale, considerato il miglior tonno al mondo.<\/strong><\/p><p><strong>Nel linguaggio locale si parla di \u201ctonno di corsa\u201d, perch\u00e9 viene pescato durante la migrazione.<\/strong><\/p><p><strong>La finestra tradizionale della pesca si colloca tra primavera e inizio estate. <\/strong><strong>Questa stagionalit\u00e0 conta. Perch\u00e9 lega la qualit\u00e0 percepita del prodotto al momento in cui arriva in mare<\/strong> e, di conseguenza, al periodo in cui le cucine locali lo valorizzano di pi\u00f9.<\/p><p><strong>La tonnara \u00e8 il ponte tra materia prima e cultura. \u00c8 un sistema di pesca antico e selettivo,<\/strong> <strong>che a Carloforte \u00e8 diventato un patrimonio di gesti e competenze.<\/strong>\u00a0<br \/><strong>\u00c8 un rito regolato dal tempo, dalle condizioni del mare e dalle decisioni di chi guida il lavoro.<\/strong><\/p><p><strong>Questo patrimonio oggi \u00e8 anche un motore di attrazione. Carloforte ospita eventi dedicati al tonno, capaci di richiamare attenzione nazionale e internaziona<\/strong>le, come il Girotonno, che intreccia cucina, racconto e identit\u00e0 del luogo.<\/p><p><strong>La cucina del \u201ctonno di corsa\u201d \u00e8 uno dei tratti pi\u00f9 distintivi del Sulcis perch\u00e9 trasforma una migrazione naturale in cultura gastronomica.<\/strong><\/p><p><strong>A Carloforte il tonno rosso diventa protagonista di un sapere pratico e antico: \u00e8 il Rais a stabilire il momento della mattanza<\/strong>, nel periodo preciso in cui il suo passaggio \u00e8 favorevole.<\/p><p><strong>Da qui nasce una cucina che non si limita al \u201cfiletto\u201d: valorizza tagli e preparazioni con un\u2019attenzione quasi totale alla materia prima<\/strong>, costruendo ricette identitarie legate alla tradizione tabarchina e alla vita della tonnara.<\/p><p>In questo modo, <strong>il \u201ctonno di corsa\u201d non \u00e8 solo un ingrediente pregiato: \u00e8 una stagione, un rito, e una cucina di territorio che rende unico l\u2019incontro tra mare e Sulcis.<\/strong><\/p>\t\t\t\t\t\t\t\t<\/div>\n\t\t\t\t<\/div>\n\t\t\t\t\t<\/div>\n\t\t<\/div>\n\t\t\t\t\t<\/div>\n\t\t<\/section>\n\t\t\t\t<section class=\"elementor-section elementor-top-section elementor-element elementor-element-80e8f93 elementor-section-stretched elementor-section-boxed elementor-section-height-default elementor-section-height-default row-top\" data-id=\"80e8f93\" data-element_type=\"section\" data-e-type=\"section\" data-settings=\"{&quot;stretch_section&quot;:&quot;section-stretched&quot;,&quot;background_background&quot;:&quot;classic&quot;}\">\n\t\t\t\t\t\t<div class=\"elementor-container elementor-column-gap-default\">\n\t\t\t\t\t<div class=\"elementor-column elementor-col-50 elementor-top-column elementor-element elementor-element-94e8c1c\" data-id=\"94e8c1c\" data-element_type=\"column\" data-e-type=\"column\">\n\t\t\t<div class=\"elementor-widget-wrap elementor-element-populated\">\n\t\t\t\t\t\t<div class=\"elementor-element elementor-element-98dead1 elementor-widget elementor-widget-heading\" data-id=\"98dead1\" data-element_type=\"widget\" data-e-type=\"widget\" data-widget_type=\"heading.default\">\n\t\t\t\t<div class=\"elementor-widget-container\">\n\t\t\t\t\t<h2 class=\"elementor-heading-title elementor-size-default\">Cucina del Sulcis: pane sardo, malloreddus, fregula e secondi tipici di Carbonia<\/h2>\t\t\t\t<\/div>\n\t\t\t\t<\/div>\n\t\t\t\t<div class=\"elementor-element elementor-element-20030c5 elementor-widget elementor-widget-text-editor\" data-id=\"20030c5\" data-element_type=\"widget\" data-e-type=\"widget\" data-widget_type=\"text-editor.default\">\n\t\t\t\t<div class=\"elementor-widget-container\">\n\t\t\t\t\t\t\t\t\t<p><strong>Nel Sulcis Iglesiente, pane e pasta hanno un valore speciale perch\u00e9 definiscono la cucina prima ancora delle ricette.<\/strong> Sono la base che sostiene il condimento e, spesso, anche la memoria.<\/p><p><strong>Nel territorio di Carbonia e nel Sulcis, questa tradizione si riconosce subito:<\/strong> pochi ingredienti, lavorazioni precise, risultati che restano autentici.<\/p><p><strong>Il pane sardo \u00e8 un esempio chiaro<\/strong> di come la stessa parola possa indicare mondi diversi.<\/p><p><strong>Il coccoi \u00e8 pi\u00f9 legato alle ricorrenze<\/strong> e porta con s\u00e9 un\u2019idea di cura, fatta di forme e di gesti tramandati.<\/p><p><strong>Il civraxu \u00e8 pi\u00f9 quotidiano, ma non meno importante:<\/strong> la mollica presente e la consistenza lo rendono adatto a piatti saporiti e condimenti generosi.<\/p><p><strong>Il carasau, sottile e croccante, cambia completamente registro<\/strong>. \u00c8 essenziale, asciutto, adatto anche alla conservazione. E proprio per questo diventa spesso un pane \u201cdi servizio\u201d, capace di accompagnare il pasto in modo leggero e pratico.<\/p><p><strong>La pasta segue la stessa logica del pane: semplicit\u00e0 e gusto.<\/strong> Nel Sulcis trovano spazio <strong>formati identitari come fregula e malloreddus, insieme a paste fresche come i culurgiones.<\/strong><\/p><p><strong>La fregula, ottenuta da semola lavorata a mano e tostata<\/strong>, \u00e8 pensata per reggere bene i sughi e mantenere consistenza.<\/p><p><strong>I malloreddus, compatti, trattengono il condimento<\/strong> e valorizzano ricette ricche.<\/p><p><strong> I culurgiones aggiungono un livello di lavorazione pi\u00f9 artigianale,<\/strong> perch\u00e9 il ripieno diventa parte integrante dell\u2019equilibrio del piatto.<\/p><p><strong>Se ci si chiede cosa mangiare nel Sulcis, i malloreddus alla campidanese sono un punto di partenza naturale.<\/strong> Il sugo di pomodoro e salsiccia costruisce dolcezza e intensit\u00e0 nello stesso piatto. Il pecorino sardo completa il profilo e d\u00e0 una chiusura pi\u00f9 decisa. \u00c8 una preparazione lineare, ma capace di soddisfare anche chi cerca sapori pieni.<\/p><p><strong>La fregula sarda \u00e8 il ponte pi\u00f9 evidente tra terra e mare.<\/strong> Con rag\u00f9 di agnello diventa un primo piatto robusto, legato alla tradizione agro-pastorale. Con le arselle cambia tono e diventa pi\u00f9 marittima, pi\u00f9 delicata, ma sempre riconoscibile. \u00c8 qui che si vede la versatilit\u00e0 della cucina del Sulcis: stessi principi, abbinamenti diversi, stessa coerenza.<\/p><p><strong>Tra i secondi piatti, il porceddu sardo resta il riferimento pi\u00f9 iconico.<\/strong> La cottura lenta allo spiedo e l\u2019aromatizzazione con mirto non sono solo tecnica. Sono un rito, spesso legato alla condivisione. <strong>Accanto a lui, agnello e pecora arrosto testimoniano una cultura di allevamento e di cucina paziente.<\/strong> <strong>La pecora in cappotto, stufato ricco e saporito,<\/strong> completa il quadro con un piatto che parla di sostanza e tradizione. Insieme, pane, pasta e secondi tipici raccontano il Sulcis con un linguaggio semplice: quello della tavola.<\/p>\t\t\t\t\t\t\t\t<\/div>\n\t\t\t\t<\/div>\n\t\t\t\t\t<\/div>\n\t\t<\/div>\n\t\t\t\t<div class=\"elementor-column elementor-col-50 elementor-top-column elementor-element elementor-element-b7c66c1\" data-id=\"b7c66c1\" data-element_type=\"column\" data-e-type=\"column\">\n\t\t\t<div class=\"elementor-widget-wrap elementor-element-populated\">\n\t\t\t\t\t\t<div class=\"elementor-element elementor-element-77e1f3c elementor-widget elementor-widget-image\" data-id=\"77e1f3c\" data-element_type=\"widget\" data-e-type=\"widget\" data-widget_type=\"image.default\">\n\t\t\t\t<div class=\"elementor-widget-container\">\n\t\t\t\t\t\t\t\t\t\t\t\t\t\t\t<img loading=\"lazy\" decoding=\"async\" width=\"900\" height=\"600\" src=\"https:\/\/carboniaturismo.it\/wp-content\/uploads\/2025\/12\/Carbonia-Turismo-Civraxu-del-Sulcis-1024x683-1.webp\" class=\"attachment-large size-large wp-image-13889\" alt=\"\" srcset=\"https:\/\/carboniaturismo.it\/wp-content\/uploads\/2025\/12\/Carbonia-Turismo-Civraxu-del-Sulcis-1024x683-1.webp 1024w, https:\/\/carboniaturismo.it\/wp-content\/uploads\/2025\/12\/Carbonia-Turismo-Civraxu-del-Sulcis-1024x683-1-768x512.webp 768w, https:\/\/carboniaturismo.it\/wp-content\/uploads\/2025\/12\/Carbonia-Turismo-Civraxu-del-Sulcis-1024x683-1-120x80.webp 120w\" sizes=\"(max-width: 900px) 100vw, 900px\" \/>\t\t\t\t\t\t\t\t\t\t\t\t\t\t\t<\/div>\n\t\t\t\t<\/div>\n\t\t\t\t<div class=\"elementor-element elementor-element-6453ba8 elementor-widget elementor-widget-image\" data-id=\"6453ba8\" data-element_type=\"widget\" data-e-type=\"widget\" data-widget_type=\"image.default\">\n\t\t\t\t<div class=\"elementor-widget-container\">\n\t\t\t\t\t\t\t\t\t\t\t\t\t\t\t<img loading=\"lazy\" decoding=\"async\" width=\"900\" height=\"600\" src=\"https:\/\/carboniaturismo.it\/wp-content\/uploads\/2024\/12\/Carbonia-Turismo-Photo-by-Monapart-Barcelona-Sa-Fregola-Sarda-1024x683.jpg\" class=\"attachment-large size-large wp-image-1767\" alt=\"\" srcset=\"https:\/\/carboniaturismo.it\/wp-content\/uploads\/2024\/12\/Carbonia-Turismo-Photo-by-Monapart-Barcelona-Sa-Fregola-Sarda-1024x683.jpg 1024w, https:\/\/carboniaturismo.it\/wp-content\/uploads\/2024\/12\/Carbonia-Turismo-Photo-by-Monapart-Barcelona-Sa-Fregola-Sarda-768x512.jpg 768w, https:\/\/carboniaturismo.it\/wp-content\/uploads\/2024\/12\/Carbonia-Turismo-Photo-by-Monapart-Barcelona-Sa-Fregola-Sarda.jpg 1080w\" sizes=\"(max-width: 900px) 100vw, 900px\" \/>\t\t\t\t\t\t\t\t\t\t\t\t\t\t\t<\/div>\n\t\t\t\t<\/div>\n\t\t\t\t\t<\/div>\n\t\t<\/div>\n\t\t\t\t\t<\/div>\n\t\t<\/section>\n\t\t\t\t<section class=\"elementor-section elementor-top-section elementor-element elementor-element-3ab2f42 elementor-section-stretched elementor-section-boxed elementor-section-height-default elementor-section-height-default row-top\" data-id=\"3ab2f42\" data-element_type=\"section\" data-e-type=\"section\" data-settings=\"{&quot;stretch_section&quot;:&quot;section-stretched&quot;,&quot;background_background&quot;:&quot;classic&quot;}\">\n\t\t\t\t\t\t<div class=\"elementor-container elementor-column-gap-default\">\n\t\t\t\t\t<div class=\"elementor-column elementor-col-50 elementor-top-column elementor-element elementor-element-5c43a93\" data-id=\"5c43a93\" data-element_type=\"column\" data-e-type=\"column\">\n\t\t\t<div class=\"elementor-widget-wrap elementor-element-populated\">\n\t\t\t\t\t\t<div class=\"elementor-element elementor-element-4669fe4 elementor-widget elementor-widget-image\" data-id=\"4669fe4\" data-element_type=\"widget\" data-e-type=\"widget\" data-widget_type=\"image.default\">\n\t\t\t\t<div class=\"elementor-widget-container\">\n\t\t\t\t\t\t\t\t\t\t\t\t\t\t\t<img loading=\"lazy\" decoding=\"async\" width=\"666\" height=\"1000\" src=\"https:\/\/carboniaturismo.it\/wp-content\/uploads\/2025\/12\/Pecorino-Sulcis-lr.jpg\" class=\"attachment-large size-large wp-image-13925\" alt=\"\" \/>\t\t\t\t\t\t\t\t\t\t\t\t\t\t\t<\/div>\n\t\t\t\t<\/div>\n\t\t\t\t\t<\/div>\n\t\t<\/div>\n\t\t\t\t<div class=\"elementor-column elementor-col-50 elementor-top-column elementor-element elementor-element-8558953\" data-id=\"8558953\" data-element_type=\"column\" data-e-type=\"column\">\n\t\t\t<div class=\"elementor-widget-wrap elementor-element-populated\">\n\t\t\t\t\t\t<div class=\"elementor-element elementor-element-886e769 elementor-widget elementor-widget-heading\" data-id=\"886e769\" data-element_type=\"widget\" data-e-type=\"widget\" data-widget_type=\"heading.default\">\n\t\t\t\t<div class=\"elementor-widget-container\">\n\t\t\t\t\t<h2 class=\"elementor-heading-title elementor-size-default\">Pecorino Sardo DOP del Sulcis:<\/h2>\t\t\t\t<\/div>\n\t\t\t\t<\/div>\n\t\t\t\t<div class=\"elementor-element elementor-element-40a41c9 elementor-widget elementor-widget-text-editor\" data-id=\"40a41c9\" data-element_type=\"widget\" data-e-type=\"widget\" data-widget_type=\"text-editor.default\">\n\t\t\t\t<div class=\"elementor-widget-container\">\n\t\t\t\t\t\t\t\t\t<div class=\"relative basis-auto flex-col -mb-(--composer-overlap-px) [--composer-overlap-px:28px] grow flex\"><div class=\"flex flex-col text-sm pb-25\"><article class=\"text-token-text-primary w-full focus:outline-none [--shadow-height:45px] has-data-writing-block:pointer-events-none has-data-writing-block:-mt-(--shadow-height) has-data-writing-block:pt-(--shadow-height) [&amp;:has([data-writing-block])&gt;*]:pointer-events-auto scroll-mt-[calc(var(--header-height)+min(200px,max(70px,20svh)))]\" dir=\"auto\" tabindex=\"-1\" data-turn-id=\"request-WEB:e1927ed8-80a0-4715-bf4f-346d14cf0362-2\" data-testid=\"conversation-turn-6\" data-scroll-anchor=\"true\" data-turn=\"assistant\"><div class=\"text-base my-auto mx-auto pb-10 [--thread-content-margin:--spacing(4)] @w-sm\/main:[--thread-content-margin:--spacing(6)] @w-lg\/main:[--thread-content-margin:--spacing(16)] px-(--thread-content-margin)\"><div class=\"[--thread-content-max-width:40rem] @w-lg\/main:[--thread-content-max-width:48rem] mx-auto max-w-(--thread-content-max-width) flex-1 group\/turn-messages focus-visible:outline-hidden relative flex w-full min-w-0 flex-col agent-turn\" tabindex=\"-1\"><div class=\"flex max-w-full flex-col grow\"><div class=\"min-h-8 text-message relative flex w-full flex-col items-end gap-2 text-start break-words whitespace-normal [.text-message+&amp;]:mt-1\" dir=\"auto\" data-message-author-role=\"assistant\" data-message-id=\"e942bdf5-1aa5-436e-995e-f74877d3b15a\" data-message-model-slug=\"gpt-5-2-thinking\"><div class=\"flex w-full flex-col gap-1 empty:hidden first:pt-[1px]\"><div class=\"markdown prose dark:prose-invert w-full break-words light markdown-new-styling\"><p data-start=\"3553\" data-end=\"3930\"><strong>Che cos\u2019\u00e8 il Pecorino Sardo DOP del Sulcis e perch\u00e9 \u00e8 cos\u00ec riconoscibile?<\/strong> \u00c8 un formaggio prodotto con latte intero di pecora. <strong>Si presenta in due tipologie principali, \u201cdolce\u201d e \u201cmaturo\u201d.<\/strong> La differenza non \u00e8 solo nel nome. La fa la stagionatura, che cambia il carattere del formaggio in modo evidente.<\/p><p data-start=\"3932\" data-end=\"4293\"><strong>Il riferimento al Sulcis indica una provenienza territoriale precisa, nel sud-ovest della Sardegna.<\/strong> Per chi cerca \u201cPecorino Sardo prodotto nel Sulcis\u201d, questo dettaglio \u00e8 importante. Perch\u00e9 collega il prodotto a una zona concreta. Allo stesso tempo,<strong> la dicitura DOP resta la garanzia centrale: parla di un formaggio tutelato, con criteri di produzione definiti.<\/strong><\/p><p data-start=\"4295\" data-end=\"4613\">Per capire quale scegliere, basta ragionare in modo semplice. <strong>Il Pecorino Sardo DOP \u201cdolce\u201d ha un profilo pi\u00f9 delicato e misurato. \u00c8 adatto alla degustazione, quando si vuole equilibrio.<\/strong> In cucina \u00e8 versatile, perch\u00e9 accompagna senza coprire. \u00c8 una scelta pratica anche quando si vuole un formaggio facile da abbinare.<\/p><p data-start=\"4615\" data-end=\"4851\"><strong>Il Pecorino Sardo DOP \u201cmaturo\u201d nasce invece da una stagionatura pi\u00f9 lunga. Il suo carattere \u00e8 pi\u00f9 deciso.<\/strong> In degustazione si fa notare di pi\u00f9. In cucina diventa un ingrediente che d\u00e0 identit\u00e0, perch\u00e9 mantiene una presenza riconoscibile.<\/p><p data-start=\"4853\" data-end=\"5259\" data-is-last-node=\"\" data-is-only-node=\"\"><strong>In questo sta il valore del Pecorino Sardo DOP del Sulcis: \u00e8 chiaro, leggibile, concreto. Parte dal latte intero di pecora e cambia grazie alla stagionatura.<\/strong> Offre due strade, entrambe coerenti. \u201cDolce\u201d se cerchi armonia. \u201cMaturo\u201d se vuoi intensit\u00e0. Se vuoi approfondire, il passo successivo \u00e8 semplice: conoscere le stagionature disponibili e scegliere quella pi\u00f9 adatta al tuo modo di portarlo in tavola.<\/p><\/div><\/div><\/div><\/div><\/div><\/div><\/article><\/div><\/div>\t\t\t\t\t\t\t\t<\/div>\n\t\t\t\t<\/div>\n\t\t\t\t\t<\/div>\n\t\t<\/div>\n\t\t\t\t\t<\/div>\n\t\t<\/section>\n\t\t\t\t<section class=\"elementor-section elementor-top-section elementor-element elementor-element-e2bb602 elementor-section-stretched elementor-section-boxed elementor-section-height-default elementor-section-height-default row-top\" data-id=\"e2bb602\" data-element_type=\"section\" data-e-type=\"section\" data-settings=\"{&quot;stretch_section&quot;:&quot;section-stretched&quot;,&quot;background_background&quot;:&quot;classic&quot;}\">\n\t\t\t\t\t\t<div class=\"elementor-container elementor-column-gap-default\">\n\t\t\t\t\t<div class=\"elementor-column elementor-col-50 elementor-top-column elementor-element elementor-element-ad30f56\" data-id=\"ad30f56\" data-element_type=\"column\" data-e-type=\"column\">\n\t\t\t<div class=\"elementor-widget-wrap elementor-element-populated\">\n\t\t\t\t\t\t<div class=\"elementor-element elementor-element-c969ad0 elementor-widget elementor-widget-heading\" data-id=\"c969ad0\" data-element_type=\"widget\" data-e-type=\"widget\" data-widget_type=\"heading.default\">\n\t\t\t\t<div class=\"elementor-widget-container\">\n\t\t\t\t\t<h2 class=\"elementor-heading-title elementor-size-default\">Olio extravergine \u201cSardegna\u201d DOP e mieli del Sulcis<\/h2>\t\t\t\t<\/div>\n\t\t\t\t<\/div>\n\t\t\t\t<div class=\"elementor-element elementor-element-9d58f3f elementor-widget elementor-widget-text-editor\" data-id=\"9d58f3f\" data-element_type=\"widget\" data-e-type=\"widget\" data-widget_type=\"text-editor.default\">\n\t\t\t\t<div class=\"elementor-widget-container\">\n\t\t\t\t\t\t\t\t\t<div class=\"relative basis-auto flex-col -mb-(--composer-overlap-px) [--composer-overlap-px:28px] grow flex\"><div class=\"flex flex-col text-sm pb-25\"><article class=\"text-token-text-primary w-full focus:outline-none [--shadow-height:45px] has-data-writing-block:pointer-events-none has-data-writing-block:-mt-(--shadow-height) has-data-writing-block:pt-(--shadow-height) [&amp;:has([data-writing-block])&gt;*]:pointer-events-auto scroll-mt-[calc(var(--header-height)+min(200px,max(70px,20svh)))]\" dir=\"auto\" tabindex=\"-1\" data-turn-id=\"request-WEB:e1927ed8-80a0-4715-bf4f-346d14cf0362-3\" data-testid=\"conversation-turn-8\" data-scroll-anchor=\"true\" data-turn=\"assistant\"><div class=\"text-base my-auto mx-auto pb-10 [--thread-content-margin:--spacing(4)] @w-sm\/main:[--thread-content-margin:--spacing(6)] @w-lg\/main:[--thread-content-margin:--spacing(16)] px-(--thread-content-margin)\"><div class=\"[--thread-content-max-width:40rem] @w-lg\/main:[--thread-content-max-width:48rem] mx-auto max-w-(--thread-content-max-width) flex-1 group\/turn-messages focus-visible:outline-hidden relative flex w-full min-w-0 flex-col agent-turn\" tabindex=\"-1\"><div class=\"flex max-w-full flex-col grow\"><div class=\"min-h-8 text-message relative flex w-full flex-col items-end gap-2 text-start break-words whitespace-normal [.text-message+&amp;]:mt-1\" dir=\"auto\" data-message-author-role=\"assistant\" data-message-id=\"94c22e2b-fbca-482d-a249-214066a3baa4\" data-message-model-slug=\"gpt-5-2-thinking\"><div class=\"flex w-full flex-col gap-1 empty:hidden first:pt-[1px]\"><div class=\"markdown prose dark:prose-invert w-full break-words light markdown-new-styling\"><p data-start=\"3361\" data-end=\"3841\"><strong>Chi cerca informazioni su olio e miele del Sulcis di solito vuole capire due cose: quali sono le caratteristiche e come usarli bene in cucina.<\/strong> Qui la risposta passa da due parole chiave. Tecnica, per l\u2019olio. Paesaggio, per il miele. Sono ingredienti che sembrano \u201cdi contorno\u201d, ma in realt\u00e0 definiscono il profilo di molti piatti, perch\u00e9 entrano nei condimenti e negli abbinamenti con grande continuit\u00e0.<\/p><p data-start=\"3843\" data-end=\"4294\"><strong>L\u2019olio extravergine \u201cSardegna\u201d DOP \u00e8 regolato da un disciplinare e pu\u00f2 essere prodotto sull\u2019intero territorio regionale.<\/strong> Questo significa che anche nel Sulcis pu\u00f2 rappresentare un riferimento stabile: un olio legato a regole precise e a un\u2019identit\u00e0 tutelata. In cucina \u00e8 un elemento trasversale.<strong> Si usa nei condimenti e accompagna molte preparazioni, perch\u00e9 d\u00e0 equilibrio e coerenza al gusto.<\/strong> \u00c8 un ingrediente che sostiene il piatto senza complicarlo.<\/p><p data-start=\"4296\" data-end=\"4895\"><strong>Il miele, invece, racconta in modo diretto la macchia mediterranea.<\/strong> La documentazione tecnica regionale descrive<strong> il miele di corbezzolo come raro e dal gusto amaro, intenso e persistente.<\/strong> \u00c8 un profilo che si distingue subito, e che pu\u00f2 diventare una scelta precisa quando si cerca una nota decisa in degustazione o negli abbinamenti. <strong>Accanto a questo esistono mieli pi\u00f9 delicati, come il miele di asfodelo, di acacia, di altre essenze, sino anche al millefiori.<\/strong> La loro presenza amplia le possibilit\u00e0 a tavola, dal formaggio ai dolci, perch\u00e9 permette di modulare il risultato finale: pi\u00f9 carattere quando serve, pi\u00f9 morbidezza quando si cerca equilibrio.<\/p><\/div><\/div><\/div><\/div><\/div><\/div><\/article><\/div><\/div>\t\t\t\t\t\t\t\t<\/div>\n\t\t\t\t<\/div>\n\t\t\t\t\t<\/div>\n\t\t<\/div>\n\t\t\t\t<div class=\"elementor-column elementor-col-50 elementor-top-column elementor-element elementor-element-1ba71c9\" data-id=\"1ba71c9\" data-element_type=\"column\" data-e-type=\"column\">\n\t\t\t<div class=\"elementor-widget-wrap elementor-element-populated\">\n\t\t\t\t\t\t<div class=\"elementor-element elementor-element-2ef97b5 elementor-widget elementor-widget-image\" data-id=\"2ef97b5\" data-element_type=\"widget\" data-e-type=\"widget\" data-widget_type=\"image.default\">\n\t\t\t\t<div class=\"elementor-widget-container\">\n\t\t\t\t\t\t\t\t\t\t\t\t\t\t\t<img loading=\"lazy\" decoding=\"async\" width=\"720\" height=\"1000\" src=\"https:\/\/carboniaturismo.it\/wp-content\/uploads\/2025\/12\/Olive-oil-Sulcis-lr.jpg\" class=\"attachment-large size-large wp-image-13951\" alt=\"\" \/>\t\t\t\t\t\t\t\t\t\t\t\t\t\t\t<\/div>\n\t\t\t\t<\/div>\n\t\t\t\t<div class=\"elementor-element elementor-element-cc31f7f elementor-widget elementor-widget-image\" data-id=\"cc31f7f\" data-element_type=\"widget\" data-e-type=\"widget\" data-widget_type=\"image.default\">\n\t\t\t\t<div class=\"elementor-widget-container\">\n\t\t\t\t\t\t\t\t\t\t\t\t\t\t\t<img loading=\"lazy\" decoding=\"async\" width=\"768\" height=\"1024\" src=\"https:\/\/carboniaturismo.it\/wp-content\/uploads\/2025\/12\/Miels-Sulcis-lr-768x1024.jpg\" class=\"attachment-large size-large wp-image-13967\" alt=\"\" srcset=\"https:\/\/carboniaturismo.it\/wp-content\/uploads\/2025\/12\/Miels-Sulcis-lr-768x1024.jpg 768w, https:\/\/carboniaturismo.it\/wp-content\/uploads\/2025\/12\/Miels-Sulcis-lr.jpg 960w\" sizes=\"(max-width: 768px) 100vw, 768px\" \/>\t\t\t\t\t\t\t\t\t\t\t\t\t\t\t<\/div>\n\t\t\t\t<\/div>\n\t\t\t\t\t<\/div>\n\t\t<\/div>\n\t\t\t\t\t<\/div>\n\t\t<\/section>\n\t\t\t\t<section class=\"elementor-section elementor-top-section elementor-element elementor-element-f73a1b5 elementor-section-boxed elementor-section-height-default elementor-section-height-default row-top\" data-id=\"f73a1b5\" data-element_type=\"section\" data-e-type=\"section\">\n\t\t\t\t\t\t<div class=\"elementor-container elementor-column-gap-default\">\n\t\t\t\t\t<div class=\"elementor-column elementor-col-100 elementor-top-column elementor-element elementor-element-dc8dfcb\" data-id=\"dc8dfcb\" data-element_type=\"column\" data-e-type=\"column\">\n\t\t\t<div class=\"elementor-widget-wrap elementor-element-populated\">\n\t\t\t\t\t\t<div class=\"elementor-element elementor-element-5d50a6e elementor-widget elementor-widget-image\" data-id=\"5d50a6e\" data-element_type=\"widget\" data-e-type=\"widget\" data-widget_type=\"image.default\">\n\t\t\t\t<div class=\"elementor-widget-container\">\n\t\t\t\t\t\t\t\t\t\t\t\t\t\t\t<img loading=\"lazy\" decoding=\"async\" width=\"768\" height=\"211\" src=\"https:\/\/carboniaturismo.it\/wp-content\/uploads\/2024\/12\/Risorsa-3-768x211.png\" class=\"attachment-medium_large size-medium_large wp-image-1500\" alt=\"\" srcset=\"https:\/\/carboniaturismo.it\/wp-content\/uploads\/2024\/12\/Risorsa-3-768x211.png 768w, https:\/\/carboniaturismo.it\/wp-content\/uploads\/2024\/12\/Risorsa-3-1024x282.png 1024w, https:\/\/carboniaturismo.it\/wp-content\/uploads\/2024\/12\/Risorsa-3.png 1268w\" sizes=\"(max-width: 768px) 100vw, 768px\" \/>\t\t\t\t\t\t\t\t\t\t\t\t\t\t\t<\/div>\n\t\t\t\t<\/div>\n\t\t\t\t\t<\/div>\n\t\t<\/div>\n\t\t\t\t\t<\/div>\n\t\t<\/section>\n\t\t\t\t<section class=\"elementor-section elementor-top-section elementor-element elementor-element-b90b654 elementor-section-full_width elementor-section-stretched elementor-section-height-default elementor-section-height-default row-top\" data-id=\"b90b654\" data-element_type=\"section\" data-e-type=\"section\" data-settings=\"{&quot;stretch_section&quot;:&quot;section-stretched&quot;}\">\n\t\t\t\t\t\t<div class=\"elementor-container elementor-column-gap-default\">\n\t\t\t\t\t<div class=\"elementor-column elementor-col-50 elementor-top-column elementor-element elementor-element-17f7dfd\" data-id=\"17f7dfd\" data-element_type=\"column\" data-e-type=\"column\" data-settings=\"{&quot;background_background&quot;:&quot;classic&quot;}\">\n\t\t\t<div class=\"elementor-widget-wrap elementor-element-populated\">\n\t\t\t\t\t\t<div class=\"elementor-element elementor-element-ee01268 elementor-widget elementor-widget-spacer\" data-id=\"ee01268\" data-element_type=\"widget\" data-e-type=\"widget\" data-widget_type=\"spacer.default\">\n\t\t\t\t<div class=\"elementor-widget-container\">\n\t\t\t\t\t\t\t<div class=\"elementor-spacer\">\n\t\t\t<div class=\"elementor-spacer-inner\"><\/div>\n\t\t<\/div>\n\t\t\t\t\t\t<\/div>\n\t\t\t\t<\/div>\n\t\t\t\t\t<\/div>\n\t\t<\/div>\n\t\t\t\t<div class=\"elementor-column elementor-col-50 elementor-top-column elementor-element elementor-element-ae98c8a\" data-id=\"ae98c8a\" data-element_type=\"column\" data-e-type=\"column\" data-settings=\"{&quot;background_background&quot;:&quot;classic&quot;}\">\n\t\t\t<div class=\"elementor-widget-wrap elementor-element-populated\">\n\t\t\t\t\t\t<div class=\"elementor-element elementor-element-cf21831 elementor-widget elementor-widget-gva-heading-block\" data-id=\"cf21831\" data-element_type=\"widget\" data-e-type=\"widget\" data-widget_type=\"gva-heading-block.default\">\n\t\t\t\t<div class=\"elementor-widget-container\">\n\t\t\t\t\t<div class=\"gva-element-gva-heading-block gva-element\">   <div class=\"align-center style-1 widget gsc-heading box-align- auto-responsive\">\r\n      <div class=\"content-inner\">\r\n         \r\n                  \r\n                     <div class=\"sub-title\"><span>Organizza la tua vacanza<\/span><\/div>\r\n           \r\n         \r\n                     <h2 class=\"title\">\r\n               <span>Tutte le informazioni che ti servono per cominciare il tuo viaggio a Carbonia. <\/span>\r\n            <\/h2>\r\n                  \r\n                     <div class=\"heading-action\">\r\n               \t\t  <a href=\"https:\/\/carboniaturismo.it\/it\/idee-vacanza\/\" class=\"btn-cta btn-theme \">\r\n\t\t\t <span>Parti adesso<\/span>\r\n\t\t  <\/a>\r\n\r\n\t\t              <\/div>\r\n         \r\n      <\/div>\r\n   <\/div>\r\n<\/div>\t\t\t\t<\/div>\n\t\t\t\t<\/div>\n\t\t\t\t\t<\/div>\n\t\t<\/div>\n\t\t\t\t\t<\/div>\n\t\t<\/section>\n\t\t\t\t<\/div>\n\t\t","protected":false},"excerpt":{"rendered":"<p>Un viaggio tra i sapori del Sulcis. Nel Sulcis, l\u2019enogastronomia non \u00e8 un dettaglio. \u00c8 un modo concreto per capire il territorio. Il vino \u00e8 una porta d\u2019ingresso naturale. Il [&hellip;]<\/p>\n","protected":false},"author":1,"featured_media":0,"parent":1742,"menu_order":0,"comment_status":"closed","ping_status":"closed","template":"","meta":{"rs_blank_template":"","rs_page_bg_color":"","slide_template_v7":"","footnotes":""},"class_list":["post-13835","page","type-page","status-publish","hentry"],"_links":{"self":[{"href":"https:\/\/carboniaturismo.it\/it\/wp-json\/wp\/v2\/pages\/13835","targetHints":{"allow":["GET"]}}],"collection":[{"href":"https:\/\/carboniaturismo.it\/it\/wp-json\/wp\/v2\/pages"}],"about":[{"href":"https:\/\/carboniaturismo.it\/it\/wp-json\/wp\/v2\/types\/page"}],"author":[{"embeddable":true,"href":"https:\/\/carboniaturismo.it\/it\/wp-json\/wp\/v2\/users\/1"}],"replies":[{"embeddable":true,"href":"https:\/\/carboniaturismo.it\/it\/wp-json\/wp\/v2\/comments?post=13835"}],"version-history":[{"count":76,"href":"https:\/\/carboniaturismo.it\/it\/wp-json\/wp\/v2\/pages\/13835\/revisions"}],"predecessor-version":[{"id":14558,"href":"https:\/\/carboniaturismo.it\/it\/wp-json\/wp\/v2\/pages\/13835\/revisions\/14558"}],"up":[{"embeddable":true,"href":"https:\/\/carboniaturismo.it\/it\/wp-json\/wp\/v2\/pages\/1742"}],"wp:attachment":[{"href":"https:\/\/carboniaturismo.it\/it\/wp-json\/wp\/v2\/media?parent=13835"}],"curies":[{"name":"wp","href":"https:\/\/api.w.org\/{rel}","templated":true}]}}