{"id":1075,"date":"2020-12-08T03:54:16","date_gmt":"2020-12-08T03:54:16","guid":{"rendered":"https:\/\/gaviaspreview.com\/wp\/tevily\/?page_id=26"},"modified":"2025-07-03T13:50:28","modified_gmt":"2025-07-03T13:50:28","slug":"eventi-2","status":"publish","type":"page","link":"https:\/\/carboniaturismo.it\/it\/eventi-2\/","title":{"rendered":"Eventi"},"content":{"rendered":"\t\t<div data-elementor-type=\"wp-page\" data-elementor-id=\"1075\" class=\"elementor elementor-1075\" data-elementor-post-type=\"page\">\n\t\t\t\t\t\t<section class=\"elementor-section elementor-top-section elementor-element elementor-element-bab952e elementor-section-full_width elementor-section-height-default elementor-section-height-default row-top\" data-id=\"bab952e\" data-element_type=\"section\" data-e-type=\"section\">\n\t\t\t\t\t\t<div class=\"elementor-container elementor-column-gap-default\">\n\t\t\t\t\t<div class=\"elementor-column elementor-col-100 elementor-top-column elementor-element elementor-element-a9d9793\" data-id=\"a9d9793\" data-element_type=\"column\" data-e-type=\"column\">\n\t\t\t<div class=\"elementor-widget-wrap\">\n\t\t\t\t\t\t\t<\/div>\n\t\t<\/div>\n\t\t\t\t\t<\/div>\n\t\t<\/section>\n\t\t\t\t<section class=\"elementor-section elementor-top-section elementor-element elementor-element-0293e20 elementor-section-boxed elementor-section-height-default elementor-section-height-default row-top\" data-id=\"0293e20\" data-element_type=\"section\" data-e-type=\"section\">\n\t\t\t\t\t\t<div class=\"elementor-container elementor-column-gap-default\">\n\t\t\t\t\t<div class=\"elementor-column elementor-col-100 elementor-top-column elementor-element elementor-element-6d50d21\" data-id=\"6d50d21\" data-element_type=\"column\" data-e-type=\"column\">\n\t\t\t<div class=\"elementor-widget-wrap elementor-element-populated\">\n\t\t\t\t\t\t<div class=\"elementor-element elementor-element-f10a529 elementor-widget elementor-widget-posts\" data-id=\"f10a529\" data-element_type=\"widget\" data-e-type=\"widget\" data-settings=\"{&quot;full_content_row_gap&quot;:{&quot;unit&quot;:&quot;px&quot;,&quot;size&quot;:30,&quot;sizes&quot;:[]}}\" data-widget_type=\"posts.full_content\">\n\t\t\t\t<div class=\"elementor-widget-container\">\n\t\t\t\t\t\t\t<div class=\"elementor-posts-container elementor-posts elementor-posts--skin-full_content elementor-grid\" role=\"list\">\n\t\t\t\t<article class=\"elementor-post elementor-grid-item post-8028 post type-post status-publish format-standard has-post-thumbnail hentry category-event\" role=\"listitem\">\n\t\t\t\t<div class=\"elementor-post__text\">\n\t\t\t\t<h3 class=\"elementor-post__title\">\n\t\t\t<a href=\"https:\/\/carboniaturismo.it\/it\/estiamo-insieme-2022-pubblicato-il-programma-degli-eventi-in-citta\/\" >\n\t\t\t\tEstiamo insieme 2022, pubblicato il programma degli eventi in citt\u00e0\t\t\t<\/a>\n\t\t<\/h3>\n\t\t\t\t<div class=\"elementor-post__meta-data\">\n\t\t\t\t\t<span class=\"elementor-post-date\">\n\t\t\t16 Gennaio 2025\t\t<\/span>\n\t\t\t\t<span class=\"elementor-post-avatar\">\n\t\t\tNessun commento\t\t<\/span>\n\t\t\t\t<\/div>\n\t\t<div class=\"elementor-post__content\"><style>@media(min-width:768px){.elementor-8028 .elementor-element.elementor-element-7620b65{width:34%;}.elementor-8028 .elementor-element.elementor-element-0e430e9{width:66%;}}<\/style>\t\t<div data-elementor-type=\"wp-post\" data-elementor-id=\"8028\" class=\"elementor elementor-8028\" data-elementor-post-type=\"post\">\n\t\t\t\t\t\t<section class=\"elementor-section elementor-top-section elementor-element elementor-element-1023f8c elementor-section-boxed elementor-section-height-default elementor-section-height-default row-top\" data-id=\"1023f8c\" data-element_type=\"section\" data-e-type=\"section\">\n\t\t\t\t\t\t<div class=\"elementor-container elementor-column-gap-default\">\n\t\t\t\t\t<div class=\"elementor-column elementor-col-50 elementor-top-column elementor-element elementor-element-7620b65\" data-id=\"7620b65\" data-element_type=\"column\" data-e-type=\"column\">\n\t\t\t<div class=\"elementor-widget-wrap elementor-element-populated\">\n\t\t\t\t\t\t<div class=\"elementor-element elementor-element-dfc2641 elementor-widget elementor-widget-image\" data-id=\"dfc2641\" data-element_type=\"widget\" data-e-type=\"widget\" data-widget_type=\"image.default\">\n\t\t\t\t<div class=\"elementor-widget-container\">\n\t\t\t\t\t\t\t\t\t\t\t\t\t\t\t<img fetchpriority=\"high\" fetchpriority=\"high\" decoding=\"async\" width=\"300\" height=\"415\" src=\"https:\/\/carboniaturismo.it\/wp-content\/uploads\/2025\/01\/01e8f81570f9a136aa205f697a41fcfb_M.jpg\" class=\"attachment-large size-large wp-image-8030\" alt=\"\" \/>\t\t\t\t\t\t\t\t\t\t\t\t\t\t\t<\/div>\n\t\t\t\t<\/div>\n\t\t\t\t\t<\/div>\n\t\t<\/div>\n\t\t\t\t<div class=\"elementor-column elementor-col-50 elementor-top-column elementor-element elementor-element-0e430e9\" data-id=\"0e430e9\" data-element_type=\"column\" data-e-type=\"column\">\n\t\t\t<div class=\"elementor-widget-wrap elementor-element-populated\">\n\t\t\t\t\t\t<div class=\"elementor-element elementor-element-d3ddba4 elementor-widget elementor-widget-text-editor\" data-id=\"d3ddba4\" data-element_type=\"widget\" data-e-type=\"widget\" data-widget_type=\"text-editor.default\">\n\t\t\t\t<div class=\"elementor-widget-container\">\n\t\t\t\t\t\t\t\t\t<p>Il Comune di Carbonia ha presentato il calendario degli eventi culturali e di intrattenimento che animeranno l\u2019estate cittadina, in collaborazione con Cedac, Pro Loco e tante altre Associazioni. Tutti gli eventi di Estiamoinsieme 2022, sera per sera, fino al 31 agosto.<\/p>\t\t\t\t\t\t\t\t<\/div>\n\t\t\t\t<\/div>\n\t\t\t\t<div class=\"elementor-element elementor-element-ecfb5c2 elementor-widget elementor-widget-text-editor\" data-id=\"ecfb5c2\" data-element_type=\"widget\" data-e-type=\"widget\" data-widget_type=\"text-editor.default\">\n\t\t\t\t<div class=\"elementor-widget-container\">\n\t\t\t\t\t\t\t\t\t<p><strong>Scarica allegati: <\/strong> <br \/><a href=\"http:\/\/carboniaturismo.it\/wp-content\/uploads\/2022\/12\/VIVICARBONIA_-_ESTIAMOINSIEME_2022.pdf\" target=\"_blank\" rel=\"noopener\"><strong>Programma Estiamoinsieme 2022<\/strong><\/a><\/p>\t\t\t\t\t\t\t\t<\/div>\n\t\t\t\t<\/div>\n\t\t\t\t\t<\/div>\n\t\t<\/div>\n\t\t\t\t\t<\/div>\n\t\t<\/section>\n\t\t\t\t<\/div>\n\t\t<\/div>\t\t<\/div>\n\t\t\t\t<\/article>\n\t\t\t\t<\/div>\n\t\t\n\t\t\t\t\t\t<\/div>\n\t\t\t\t<\/div>\n\t\t\t\t\t<\/div>\n\t\t<\/div>\n\t\t\t\t\t<\/div>\n\t\t<\/section>\n\t\t\t\t<section class=\"elementor-section elementor-top-section elementor-element elementor-element-6df7298 elementor-section-boxed elementor-section-height-default elementor-section-height-default row-top\" data-id=\"6df7298\" data-element_type=\"section\" data-e-type=\"section\">\n\t\t\t\t\t\t<div class=\"elementor-container elementor-column-gap-default\">\n\t\t\t\t\t<div class=\"elementor-column elementor-col-100 elementor-top-column elementor-element elementor-element-bcc09c4\" data-id=\"bcc09c4\" data-element_type=\"column\" data-e-type=\"column\">\n\t\t\t<div class=\"elementor-widget-wrap\">\n\t\t\t\t\t\t\t<\/div>\n\t\t<\/div>\n\t\t\t\t\t<\/div>\n\t\t<\/section>\n\t\t\t\t<section class=\"elementor-section elementor-top-section elementor-element elementor-element-e27a674 elementor-section-boxed elementor-section-height-default elementor-section-height-default row-top\" data-id=\"e27a674\" data-element_type=\"section\" data-e-type=\"section\">\n\t\t\t\t\t\t<div class=\"elementor-container elementor-column-gap-default\">\n\t\t\t\t\t<div class=\"elementor-column elementor-col-100 elementor-top-column elementor-element elementor-element-df713aa\" data-id=\"df713aa\" data-element_type=\"column\" data-e-type=\"column\">\n\t\t\t<div class=\"elementor-widget-wrap elementor-element-populated\">\n\t\t\t\t\t\t<div class=\"elementor-element elementor-element-bb1e394 elementor-grid-3 elementor-grid-tablet-2 elementor-grid-mobile-1 elementor-posts--thumbnail-top elementor-widget elementor-widget-posts\" data-id=\"bb1e394\" data-element_type=\"widget\" data-e-type=\"widget\" data-settings=\"{&quot;classic_columns&quot;:&quot;3&quot;,&quot;classic_columns_tablet&quot;:&quot;2&quot;,&quot;classic_columns_mobile&quot;:&quot;1&quot;,&quot;classic_row_gap&quot;:{&quot;unit&quot;:&quot;px&quot;,&quot;size&quot;:35,&quot;sizes&quot;:[]},&quot;classic_row_gap_tablet&quot;:{&quot;unit&quot;:&quot;px&quot;,&quot;size&quot;:&quot;&quot;,&quot;sizes&quot;:[]},&quot;classic_row_gap_mobile&quot;:{&quot;unit&quot;:&quot;px&quot;,&quot;size&quot;:&quot;&quot;,&quot;sizes&quot;:[]}}\" data-widget_type=\"posts.classic\">\n\t\t\t\t<div class=\"elementor-widget-container\">\n\t\t\t\t\t\t\t<div class=\"elementor-posts-container elementor-posts elementor-posts--skin-classic elementor-grid\" role=\"list\">\n\t\t\t\t<article class=\"elementor-post elementor-grid-item post-8028 post type-post status-publish format-standard has-post-thumbnail hentry category-event\" role=\"listitem\">\n\t\t\t\t<a class=\"elementor-post__thumbnail__link\" href=\"https:\/\/carboniaturismo.it\/it\/estiamo-insieme-2022-pubblicato-il-programma-degli-eventi-in-citta\/\" tabindex=\"-1\" >\n\t\t\t<div class=\"elementor-post__thumbnail\"><img decoding=\"async\" width=\"600\" height=\"600\" src=\"https:\/\/carboniaturismo.it\/wp-content\/uploads\/2025\/01\/Carbonia-Turismo-Eventi-Intrattenimento-600x600.png\" class=\"attachment-medium size-medium wp-image-7916\" alt=\"\" srcset=\"https:\/\/carboniaturismo.it\/wp-content\/uploads\/2025\/01\/Carbonia-Turismo-Eventi-Intrattenimento-600x600.png 600w, https:\/\/carboniaturismo.it\/wp-content\/uploads\/2025\/01\/Carbonia-Turismo-Eventi-Intrattenimento-180x180.png 180w, https:\/\/carboniaturismo.it\/wp-content\/uploads\/2025\/01\/Carbonia-Turismo-Eventi-Intrattenimento-100x100.png 100w, https:\/\/carboniaturismo.it\/wp-content\/uploads\/2025\/01\/Carbonia-Turismo-Eventi-Intrattenimento-1024x1024.png 1024w\" sizes=\"(max-width: 600px) 100vw, 600px\" \/><\/div>\n\t\t<\/a>\n\t\t\t\t<div class=\"elementor-post__text\">\n\t\t\t\t<h3 class=\"elementor-post__title\">\n\t\t\t<a href=\"https:\/\/carboniaturismo.it\/it\/estiamo-insieme-2022-pubblicato-il-programma-degli-eventi-in-citta\/\" >\n\t\t\t\tEstiamo insieme 2022, pubblicato il programma degli eventi in citt\u00e0\t\t\t<\/a>\n\t\t<\/h3>\n\t\t\t\t<div class=\"elementor-post__meta-data\">\n\t\t\t\t\t<span class=\"elementor-post-date\">\n\t\t\t16 Gennaio 2025\t\t<\/span>\n\t\t\t\t<span class=\"elementor-post-avatar\">\n\t\t\tNessun commento\t\t<\/span>\n\t\t\t\t<\/div>\n\t\t\t\t<div class=\"elementor-post__excerpt\">\n\t\t\t<p>Il Comune di Carbonia ha presentato il calendario degli eventi culturali e di intrattenimento che animeranno l\u2019estate cittadina, in collaborazione con Cedac, Pro Loco e tante altre Associazioni. Tutti gli<\/p>\n\t\t<\/div>\n\t\t\n\t\t<a class=\"elementor-post__read-more\" href=\"https:\/\/carboniaturismo.it\/it\/estiamo-insieme-2022-pubblicato-il-programma-degli-eventi-in-citta\/\" aria-label=\"Read more about Estiamo insieme 2022, pubblicato il programma degli eventi in citt\u00e0\" tabindex=\"-1\" >\n\t\t\tRead More \u00bb\t\t<\/a>\n\n\t\t\t\t<\/div>\n\t\t\t\t<\/article>\n\t\t\t\t<article class=\"elementor-post elementor-grid-item post-8020 post type-post status-publish format-standard has-post-thumbnail hentry category-event\" role=\"listitem\">\n\t\t\t\t<a class=\"elementor-post__thumbnail__link\" href=\"https:\/\/carboniaturismo.it\/it\/programma-eventi-natale-insieme-2022\/\" tabindex=\"-1\" >\n\t\t\t<div class=\"elementor-post__thumbnail\"><img decoding=\"async\" width=\"600\" height=\"600\" src=\"https:\/\/carboniaturismo.it\/wp-content\/uploads\/2025\/01\/Carbonia-Turismo-Eventi-Intrattenimento-600x600.png\" class=\"attachment-medium size-medium wp-image-7916\" alt=\"\" srcset=\"https:\/\/carboniaturismo.it\/wp-content\/uploads\/2025\/01\/Carbonia-Turismo-Eventi-Intrattenimento-600x600.png 600w, https:\/\/carboniaturismo.it\/wp-content\/uploads\/2025\/01\/Carbonia-Turismo-Eventi-Intrattenimento-180x180.png 180w, https:\/\/carboniaturismo.it\/wp-content\/uploads\/2025\/01\/Carbonia-Turismo-Eventi-Intrattenimento-100x100.png 100w, https:\/\/carboniaturismo.it\/wp-content\/uploads\/2025\/01\/Carbonia-Turismo-Eventi-Intrattenimento-1024x1024.png 1024w\" sizes=\"(max-width: 600px) 100vw, 600px\" \/><\/div>\n\t\t<\/a>\n\t\t\t\t<div class=\"elementor-post__text\">\n\t\t\t\t<h3 class=\"elementor-post__title\">\n\t\t\t<a href=\"https:\/\/carboniaturismo.it\/it\/programma-eventi-natale-insieme-2022\/\" >\n\t\t\t\tProgramma eventi \u201cNatale insieme 2022\u201d\t\t\t<\/a>\n\t\t<\/h3>\n\t\t\t\t<div class=\"elementor-post__meta-data\">\n\t\t\t\t\t<span class=\"elementor-post-date\">\n\t\t\t16 Gennaio 2025\t\t<\/span>\n\t\t\t\t<span class=\"elementor-post-avatar\">\n\t\t\tNessun commento\t\t<\/span>\n\t\t\t\t<\/div>\n\t\t\t\t<div class=\"elementor-post__excerpt\">\n\t\t\t<p>Il programma degli eventi natalizi promossi dall\u2019Amministrazione comunale da gioved\u00ec 8 a domenica 25 dicembre a Carbonia, con la collaborazione di numerosi Enti e Sponsor. Clou col concerto dei Tazenda<\/p>\n\t\t<\/div>\n\t\t\n\t\t<a class=\"elementor-post__read-more\" href=\"https:\/\/carboniaturismo.it\/it\/programma-eventi-natale-insieme-2022\/\" aria-label=\"Read more about Programma eventi \u201cNatale insieme 2022\u201d\" tabindex=\"-1\" >\n\t\t\tRead More \u00bb\t\t<\/a>\n\n\t\t\t\t<\/div>\n\t\t\t\t<\/article>\n\t\t\t\t<article class=\"elementor-post elementor-grid-item post-8021 post type-post status-publish format-standard has-post-thumbnail hentry category-event\" role=\"listitem\">\n\t\t\t\t<a class=\"elementor-post__thumbnail__link\" href=\"https:\/\/carboniaturismo.it\/it\/estiamo-insieme-2023\/\" tabindex=\"-1\" >\n\t\t\t<div class=\"elementor-post__thumbnail\"><img decoding=\"async\" width=\"600\" height=\"600\" src=\"https:\/\/carboniaturismo.it\/wp-content\/uploads\/2025\/01\/Carbonia-Turismo-ViviCarbonia-ESTIAMOINSIEME-2023-600x600.jpg\" class=\"attachment-medium size-medium wp-image-7922\" alt=\"\" srcset=\"https:\/\/carboniaturismo.it\/wp-content\/uploads\/2025\/01\/Carbonia-Turismo-ViviCarbonia-ESTIAMOINSIEME-2023-600x600.jpg 600w, https:\/\/carboniaturismo.it\/wp-content\/uploads\/2025\/01\/Carbonia-Turismo-ViviCarbonia-ESTIAMOINSIEME-2023-180x180.jpg 180w, https:\/\/carboniaturismo.it\/wp-content\/uploads\/2025\/01\/Carbonia-Turismo-ViviCarbonia-ESTIAMOINSIEME-2023-100x100.jpg 100w\" sizes=\"(max-width: 600px) 100vw, 600px\" \/><\/div>\n\t\t<\/a>\n\t\t\t\t<div class=\"elementor-post__text\">\n\t\t\t\t<h3 class=\"elementor-post__title\">\n\t\t\t<a href=\"https:\/\/carboniaturismo.it\/it\/estiamo-insieme-2023\/\" >\n\t\t\t\tEstiamo insieme 2023\t\t\t<\/a>\n\t\t<\/h3>\n\t\t\t\t<div class=\"elementor-post__meta-data\">\n\t\t\t\t\t<span class=\"elementor-post-date\">\n\t\t\t16 Gennaio 2025\t\t<\/span>\n\t\t\t\t<span class=\"elementor-post-avatar\">\n\t\t\tNessun commento\t\t<\/span>\n\t\t\t\t<\/div>\n\t\t\t\t<div class=\"elementor-post__excerpt\">\n\t\t\t<p>Il Comune di Carbonia ha presentato il calendario degli eventi culturali e di intrattenimento di Estiamoinsieme 2023 che animeranno l\u2019estate cittadina. Scarica allegati: Programma Estiamoinsieme 2023<\/p>\n\t\t<\/div>\n\t\t\n\t\t<a class=\"elementor-post__read-more\" href=\"https:\/\/carboniaturismo.it\/it\/estiamo-insieme-2023\/\" aria-label=\"Read more about Estiamo insieme 2023\" tabindex=\"-1\" >\n\t\t\tRead More \u00bb\t\t<\/a>\n\n\t\t\t\t<\/div>\n\t\t\t\t<\/article>\n\t\t\t\t<article class=\"elementor-post elementor-grid-item post-8022 post type-post status-publish format-standard has-post-thumbnail hentry category-event\" role=\"listitem\">\n\t\t\t\t<a class=\"elementor-post__thumbnail__link\" href=\"https:\/\/carboniaturismo.it\/it\/nataleinsieme-2023\/\" tabindex=\"-1\" >\n\t\t\t<div class=\"elementor-post__thumbnail\"><img loading=\"lazy\" decoding=\"async\" width=\"600\" height=\"600\" src=\"https:\/\/carboniaturismo.it\/wp-content\/uploads\/2025\/01\/CarboniaTurismo-Nataleinsieme2023-600x600.jpeg\" class=\"attachment-medium size-medium wp-image-7928\" alt=\"\" srcset=\"https:\/\/carboniaturismo.it\/wp-content\/uploads\/2025\/01\/CarboniaTurismo-Nataleinsieme2023-600x600.jpeg 600w, https:\/\/carboniaturismo.it\/wp-content\/uploads\/2025\/01\/CarboniaTurismo-Nataleinsieme2023-180x180.jpeg 180w, https:\/\/carboniaturismo.it\/wp-content\/uploads\/2025\/01\/CarboniaTurismo-Nataleinsieme2023-100x100.jpeg 100w, https:\/\/carboniaturismo.it\/wp-content\/uploads\/2025\/01\/CarboniaTurismo-Nataleinsieme2023-1024x1024.jpeg 1024w\" sizes=\"(max-width: 600px) 100vw, 600px\" \/><\/div>\n\t\t<\/a>\n\t\t\t\t<div class=\"elementor-post__text\">\n\t\t\t\t<h3 class=\"elementor-post__title\">\n\t\t\t<a href=\"https:\/\/carboniaturismo.it\/it\/nataleinsieme-2023\/\" >\n\t\t\t\tNataleinsieme 2023\t\t\t<\/a>\n\t\t<\/h3>\n\t\t\t\t<div class=\"elementor-post__meta-data\">\n\t\t\t\t\t<span class=\"elementor-post-date\">\n\t\t\t16 Gennaio 2025\t\t<\/span>\n\t\t\t\t<span class=\"elementor-post-avatar\">\n\t\t\tNessun commento\t\t<\/span>\n\t\t\t\t<\/div>\n\t\t\t\t<div class=\"elementor-post__excerpt\">\n\t\t\t<p>Con l\u2019iniziativa Nataleinsieme, la citt\u00e0 di Carbonia, tra dicembre e gennaio, mette in fila una serie di eventi pensati per i pi\u00f9 grandi e per i pi\u00f9 piccoli, tutti dedicati<\/p>\n\t\t<\/div>\n\t\t\n\t\t<a class=\"elementor-post__read-more\" href=\"https:\/\/carboniaturismo.it\/it\/nataleinsieme-2023\/\" aria-label=\"Read more about Nataleinsieme 2023\" tabindex=\"-1\" >\n\t\t\tRead More \u00bb\t\t<\/a>\n\n\t\t\t\t<\/div>\n\t\t\t\t<\/article>\n\t\t\t\t<article class=\"elementor-post elementor-grid-item post-8023 post type-post status-publish format-standard has-post-thumbnail hentry category-event\" role=\"listitem\">\n\t\t\t\t<a class=\"elementor-post__thumbnail__link\" href=\"https:\/\/carboniaturismo.it\/it\/mr-rain-in-concerto\/\" tabindex=\"-1\" >\n\t\t\t<div class=\"elementor-post__thumbnail\"><img loading=\"lazy\" decoding=\"async\" width=\"595\" height=\"422\" src=\"https:\/\/carboniaturismo.it\/wp-content\/uploads\/2025\/01\/CarboniaTurismo-Concerto_Mr_Rain_Carbonia-e1716391106171.jpg\" class=\"attachment-medium size-medium wp-image-7934\" alt=\"\" \/><\/div>\n\t\t<\/a>\n\t\t\t\t<div class=\"elementor-post__text\">\n\t\t\t\t<h3 class=\"elementor-post__title\">\n\t\t\t<a href=\"https:\/\/carboniaturismo.it\/it\/mr-rain-in-concerto\/\" >\n\t\t\t\tMr. Rain in concerto\t\t\t<\/a>\n\t\t<\/h3>\n\t\t\t\t<div class=\"elementor-post__meta-data\">\n\t\t\t\t\t<span class=\"elementor-post-date\">\n\t\t\t16 Gennaio 2025\t\t<\/span>\n\t\t\t\t<span class=\"elementor-post-avatar\">\n\t\t\tNessun commento\t\t<\/span>\n\t\t\t\t<\/div>\n\t\t\t\t<div class=\"elementor-post__excerpt\">\n\t\t\t<p>Direttamente dal palco di Sanremo, Carbonia \u00e8 lieta di ospitare una delle tappe del Tour 2024 di Mr. Rain, artista di grande successo che ha scalato le classifiche dei dischi<\/p>\n\t\t<\/div>\n\t\t\n\t\t<a class=\"elementor-post__read-more\" href=\"https:\/\/carboniaturismo.it\/it\/mr-rain-in-concerto\/\" aria-label=\"Read more about Mr. Rain in concerto\" tabindex=\"-1\" >\n\t\t\tRead More \u00bb\t\t<\/a>\n\n\t\t\t\t<\/div>\n\t\t\t\t<\/article>\n\t\t\t\t<article class=\"elementor-post elementor-grid-item post-7910 post type-post status-publish format-standard has-post-thumbnail hentry category-event\" role=\"listitem\">\n\t\t\t\t<a class=\"elementor-post__thumbnail__link\" href=\"https:\/\/carboniaturismo.it\/it\/il-sulcis-iglesiente-espone\/\" tabindex=\"-1\" >\n\t\t\t<div class=\"elementor-post__thumbnail\"><img loading=\"lazy\" decoding=\"async\" width=\"595\" height=\"330\" src=\"https:\/\/carboniaturismo.it\/wp-content\/uploads\/2025\/01\/CarboniaTurismo-Sulcis_Iglesiente_espone_a_Carbonia-1.jpg\" class=\"attachment-medium size-medium wp-image-7940\" alt=\"\" \/><\/div>\n\t\t<\/a>\n\t\t\t\t<div class=\"elementor-post__text\">\n\t\t\t\t<h3 class=\"elementor-post__title\">\n\t\t\t<a href=\"https:\/\/carboniaturismo.it\/it\/il-sulcis-iglesiente-espone\/\" >\n\t\t\t\tIl Sulcis Iglesiente espone\t\t\t<\/a>\n\t\t<\/h3>\n\t\t\t\t<div class=\"elementor-post__meta-data\">\n\t\t\t\t\t<span class=\"elementor-post-date\">\n\t\t\t16 Gennaio 2025\t\t<\/span>\n\t\t\t\t<span class=\"elementor-post-avatar\">\n\t\t\tNessun commento\t\t<\/span>\n\t\t\t\t<\/div>\n\t\t\t\t<div class=\"elementor-post__excerpt\">\n\t\t\t<p>Sabato 8 e domenica 9 giugno non perderti la XVIII edizione della fiera dell&#8217;artigianato, dell&#8217;agroalimentare e del turismo a Carbonia. Punti ristoro, 280 stands, musica per bambini e grandi ospiti<\/p>\n\t\t<\/div>\n\t\t\n\t\t<a class=\"elementor-post__read-more\" href=\"https:\/\/carboniaturismo.it\/it\/il-sulcis-iglesiente-espone\/\" aria-label=\"Read more about Il Sulcis Iglesiente espone\" tabindex=\"-1\" >\n\t\t\tRead More \u00bb\t\t<\/a>\n\n\t\t\t\t<\/div>\n\t\t\t\t<\/article>\n\t\t\t\t<\/div>\n\t\t\n\t\t\t\t\t\t<\/div>\n\t\t\t\t<\/div>\n\t\t\t\t<div class=\"elementor-element elementor-element-17a2d7e elementor-grid-3 elementor-grid-tablet-2 elementor-grid-mobile-1 elementor-posts--thumbnail-top elementor-widget elementor-widget-posts\" data-id=\"17a2d7e\" data-element_type=\"widget\" data-e-type=\"widget\" data-settings=\"{&quot;classic_columns&quot;:&quot;3&quot;,&quot;classic_columns_tablet&quot;:&quot;2&quot;,&quot;classic_columns_mobile&quot;:&quot;1&quot;,&quot;classic_row_gap&quot;:{&quot;unit&quot;:&quot;px&quot;,&quot;size&quot;:35,&quot;sizes&quot;:[]},&quot;classic_row_gap_tablet&quot;:{&quot;unit&quot;:&quot;px&quot;,&quot;size&quot;:&quot;&quot;,&quot;sizes&quot;:[]},&quot;classic_row_gap_mobile&quot;:{&quot;unit&quot;:&quot;px&quot;,&quot;size&quot;:&quot;&quot;,&quot;sizes&quot;:[]}}\" data-widget_type=\"posts.classic\">\n\t\t\t\t<div class=\"elementor-widget-container\">\n\t\t\t\t\t\t\t<div class=\"elementor-posts-container elementor-posts elementor-posts--skin-classic elementor-grid\" role=\"list\">\n\t\t\t\t<article class=\"elementor-post elementor-grid-item post-8028 post type-post status-publish format-standard has-post-thumbnail hentry category-event\" role=\"listitem\">\n\t\t\t\t<a class=\"elementor-post__thumbnail__link\" href=\"https:\/\/carboniaturismo.it\/it\/estiamo-insieme-2022-pubblicato-il-programma-degli-eventi-in-citta\/\" tabindex=\"-1\" >\n\t\t\t<div class=\"elementor-post__thumbnail\"><img decoding=\"async\" width=\"600\" height=\"600\" src=\"https:\/\/carboniaturismo.it\/wp-content\/uploads\/2025\/01\/Carbonia-Turismo-Eventi-Intrattenimento-600x600.png\" class=\"attachment-medium size-medium wp-image-7916\" alt=\"\" srcset=\"https:\/\/carboniaturismo.it\/wp-content\/uploads\/2025\/01\/Carbonia-Turismo-Eventi-Intrattenimento-600x600.png 600w, https:\/\/carboniaturismo.it\/wp-content\/uploads\/2025\/01\/Carbonia-Turismo-Eventi-Intrattenimento-180x180.png 180w, https:\/\/carboniaturismo.it\/wp-content\/uploads\/2025\/01\/Carbonia-Turismo-Eventi-Intrattenimento-100x100.png 100w, https:\/\/carboniaturismo.it\/wp-content\/uploads\/2025\/01\/Carbonia-Turismo-Eventi-Intrattenimento-1024x1024.png 1024w\" sizes=\"(max-width: 600px) 100vw, 600px\" \/><\/div>\n\t\t<\/a>\n\t\t\t\t<div class=\"elementor-post__text\">\n\t\t\t\t<h3 class=\"elementor-post__title\">\n\t\t\t<a href=\"https:\/\/carboniaturismo.it\/it\/estiamo-insieme-2022-pubblicato-il-programma-degli-eventi-in-citta\/\" >\n\t\t\t\tEstiamo insieme 2022, pubblicato il programma degli eventi in citt\u00e0\t\t\t<\/a>\n\t\t<\/h3>\n\t\t\t\t<div class=\"elementor-post__meta-data\">\n\t\t\t\t\t<span class=\"elementor-post-date\">\n\t\t\t16 Gennaio 2025\t\t<\/span>\n\t\t\t\t<span class=\"elementor-post-avatar\">\n\t\t\tNessun commento\t\t<\/span>\n\t\t\t\t<\/div>\n\t\t\t\t<div class=\"elementor-post__excerpt\">\n\t\t\t<p>Il Comune di Carbonia ha presentato il calendario degli eventi culturali e di intrattenimento che animeranno l\u2019estate cittadina, in collaborazione con Cedac, Pro Loco e tante altre Associazioni. Tutti gli<\/p>\n\t\t<\/div>\n\t\t\n\t\t<a class=\"elementor-post__read-more\" href=\"https:\/\/carboniaturismo.it\/it\/estiamo-insieme-2022-pubblicato-il-programma-degli-eventi-in-citta\/\" aria-label=\"Read more about Estiamo insieme 2022, pubblicato il programma degli eventi in citt\u00e0\" tabindex=\"-1\" >\n\t\t\tRead More \u00bb\t\t<\/a>\n\n\t\t\t\t<\/div>\n\t\t\t\t<\/article>\n\t\t\t\t<article class=\"elementor-post elementor-grid-item post-8020 post type-post status-publish format-standard has-post-thumbnail hentry category-event\" role=\"listitem\">\n\t\t\t\t<a class=\"elementor-post__thumbnail__link\" href=\"https:\/\/carboniaturismo.it\/it\/programma-eventi-natale-insieme-2022\/\" tabindex=\"-1\" >\n\t\t\t<div class=\"elementor-post__thumbnail\"><img decoding=\"async\" width=\"600\" height=\"600\" src=\"https:\/\/carboniaturismo.it\/wp-content\/uploads\/2025\/01\/Carbonia-Turismo-Eventi-Intrattenimento-600x600.png\" class=\"attachment-medium size-medium wp-image-7916\" alt=\"\" srcset=\"https:\/\/carboniaturismo.it\/wp-content\/uploads\/2025\/01\/Carbonia-Turismo-Eventi-Intrattenimento-600x600.png 600w, https:\/\/carboniaturismo.it\/wp-content\/uploads\/2025\/01\/Carbonia-Turismo-Eventi-Intrattenimento-180x180.png 180w, https:\/\/carboniaturismo.it\/wp-content\/uploads\/2025\/01\/Carbonia-Turismo-Eventi-Intrattenimento-100x100.png 100w, https:\/\/carboniaturismo.it\/wp-content\/uploads\/2025\/01\/Carbonia-Turismo-Eventi-Intrattenimento-1024x1024.png 1024w\" sizes=\"(max-width: 600px) 100vw, 600px\" \/><\/div>\n\t\t<\/a>\n\t\t\t\t<div class=\"elementor-post__text\">\n\t\t\t\t<h3 class=\"elementor-post__title\">\n\t\t\t<a href=\"https:\/\/carboniaturismo.it\/it\/programma-eventi-natale-insieme-2022\/\" >\n\t\t\t\tProgramma eventi \u201cNatale insieme 2022\u201d\t\t\t<\/a>\n\t\t<\/h3>\n\t\t\t\t<div class=\"elementor-post__meta-data\">\n\t\t\t\t\t<span class=\"elementor-post-date\">\n\t\t\t16 Gennaio 2025\t\t<\/span>\n\t\t\t\t<span class=\"elementor-post-avatar\">\n\t\t\tNessun commento\t\t<\/span>\n\t\t\t\t<\/div>\n\t\t\t\t<div class=\"elementor-post__excerpt\">\n\t\t\t<p>Il programma degli eventi natalizi promossi dall\u2019Amministrazione comunale da gioved\u00ec 8 a domenica 25 dicembre a Carbonia, con la collaborazione di numerosi Enti e Sponsor. Clou col concerto dei Tazenda<\/p>\n\t\t<\/div>\n\t\t\n\t\t<a class=\"elementor-post__read-more\" href=\"https:\/\/carboniaturismo.it\/it\/programma-eventi-natale-insieme-2022\/\" aria-label=\"Read more about Programma eventi \u201cNatale insieme 2022\u201d\" tabindex=\"-1\" >\n\t\t\tRead More \u00bb\t\t<\/a>\n\n\t\t\t\t<\/div>\n\t\t\t\t<\/article>\n\t\t\t\t<article class=\"elementor-post elementor-grid-item post-8021 post type-post status-publish format-standard has-post-thumbnail hentry category-event\" role=\"listitem\">\n\t\t\t\t<a class=\"elementor-post__thumbnail__link\" href=\"https:\/\/carboniaturismo.it\/it\/estiamo-insieme-2023\/\" tabindex=\"-1\" >\n\t\t\t<div class=\"elementor-post__thumbnail\"><img decoding=\"async\" width=\"600\" height=\"600\" src=\"https:\/\/carboniaturismo.it\/wp-content\/uploads\/2025\/01\/Carbonia-Turismo-ViviCarbonia-ESTIAMOINSIEME-2023-600x600.jpg\" class=\"attachment-medium size-medium wp-image-7922\" alt=\"\" srcset=\"https:\/\/carboniaturismo.it\/wp-content\/uploads\/2025\/01\/Carbonia-Turismo-ViviCarbonia-ESTIAMOINSIEME-2023-600x600.jpg 600w, https:\/\/carboniaturismo.it\/wp-content\/uploads\/2025\/01\/Carbonia-Turismo-ViviCarbonia-ESTIAMOINSIEME-2023-180x180.jpg 180w, https:\/\/carboniaturismo.it\/wp-content\/uploads\/2025\/01\/Carbonia-Turismo-ViviCarbonia-ESTIAMOINSIEME-2023-100x100.jpg 100w\" sizes=\"(max-width: 600px) 100vw, 600px\" \/><\/div>\n\t\t<\/a>\n\t\t\t\t<div class=\"elementor-post__text\">\n\t\t\t\t<h3 class=\"elementor-post__title\">\n\t\t\t<a href=\"https:\/\/carboniaturismo.it\/it\/estiamo-insieme-2023\/\" >\n\t\t\t\tEstiamo insieme 2023\t\t\t<\/a>\n\t\t<\/h3>\n\t\t\t\t<div class=\"elementor-post__meta-data\">\n\t\t\t\t\t<span class=\"elementor-post-date\">\n\t\t\t16 Gennaio 2025\t\t<\/span>\n\t\t\t\t<span class=\"elementor-post-avatar\">\n\t\t\tNessun commento\t\t<\/span>\n\t\t\t\t<\/div>\n\t\t\t\t<div class=\"elementor-post__excerpt\">\n\t\t\t<p>Il Comune di Carbonia ha presentato il calendario degli eventi culturali e di intrattenimento di Estiamoinsieme 2023 che animeranno l\u2019estate cittadina. Scarica allegati: Programma Estiamoinsieme 2023<\/p>\n\t\t<\/div>\n\t\t\n\t\t<a class=\"elementor-post__read-more\" href=\"https:\/\/carboniaturismo.it\/it\/estiamo-insieme-2023\/\" aria-label=\"Read more about Estiamo insieme 2023\" tabindex=\"-1\" >\n\t\t\tRead More \u00bb\t\t<\/a>\n\n\t\t\t\t<\/div>\n\t\t\t\t<\/article>\n\t\t\t\t<article class=\"elementor-post elementor-grid-item post-8022 post type-post status-publish format-standard has-post-thumbnail hentry category-event\" role=\"listitem\">\n\t\t\t\t<a class=\"elementor-post__thumbnail__link\" href=\"https:\/\/carboniaturismo.it\/it\/nataleinsieme-2023\/\" tabindex=\"-1\" >\n\t\t\t<div class=\"elementor-post__thumbnail\"><img loading=\"lazy\" decoding=\"async\" width=\"600\" height=\"600\" src=\"https:\/\/carboniaturismo.it\/wp-content\/uploads\/2025\/01\/CarboniaTurismo-Nataleinsieme2023-600x600.jpeg\" class=\"attachment-medium size-medium wp-image-7928\" alt=\"\" srcset=\"https:\/\/carboniaturismo.it\/wp-content\/uploads\/2025\/01\/CarboniaTurismo-Nataleinsieme2023-600x600.jpeg 600w, https:\/\/carboniaturismo.it\/wp-content\/uploads\/2025\/01\/CarboniaTurismo-Nataleinsieme2023-180x180.jpeg 180w, https:\/\/carboniaturismo.it\/wp-content\/uploads\/2025\/01\/CarboniaTurismo-Nataleinsieme2023-100x100.jpeg 100w, https:\/\/carboniaturismo.it\/wp-content\/uploads\/2025\/01\/CarboniaTurismo-Nataleinsieme2023-1024x1024.jpeg 1024w\" sizes=\"(max-width: 600px) 100vw, 600px\" \/><\/div>\n\t\t<\/a>\n\t\t\t\t<div class=\"elementor-post__text\">\n\t\t\t\t<h3 class=\"elementor-post__title\">\n\t\t\t<a href=\"https:\/\/carboniaturismo.it\/it\/nataleinsieme-2023\/\" >\n\t\t\t\tNataleinsieme 2023\t\t\t<\/a>\n\t\t<\/h3>\n\t\t\t\t<div class=\"elementor-post__meta-data\">\n\t\t\t\t\t<span class=\"elementor-post-date\">\n\t\t\t16 Gennaio 2025\t\t<\/span>\n\t\t\t\t<span class=\"elementor-post-avatar\">\n\t\t\tNessun commento\t\t<\/span>\n\t\t\t\t<\/div>\n\t\t\t\t<div class=\"elementor-post__excerpt\">\n\t\t\t<p>Con l\u2019iniziativa Nataleinsieme, la citt\u00e0 di Carbonia, tra dicembre e gennaio, mette in fila una serie di eventi pensati per i pi\u00f9 grandi e per i pi\u00f9 piccoli, tutti dedicati<\/p>\n\t\t<\/div>\n\t\t\n\t\t<a class=\"elementor-post__read-more\" href=\"https:\/\/carboniaturismo.it\/it\/nataleinsieme-2023\/\" aria-label=\"Read more about Nataleinsieme 2023\" tabindex=\"-1\" >\n\t\t\tRead More \u00bb\t\t<\/a>\n\n\t\t\t\t<\/div>\n\t\t\t\t<\/article>\n\t\t\t\t<article class=\"elementor-post elementor-grid-item post-8023 post type-post status-publish format-standard has-post-thumbnail hentry category-event\" role=\"listitem\">\n\t\t\t\t<a class=\"elementor-post__thumbnail__link\" href=\"https:\/\/carboniaturismo.it\/it\/mr-rain-in-concerto\/\" tabindex=\"-1\" >\n\t\t\t<div class=\"elementor-post__thumbnail\"><img loading=\"lazy\" decoding=\"async\" width=\"595\" height=\"422\" src=\"https:\/\/carboniaturismo.it\/wp-content\/uploads\/2025\/01\/CarboniaTurismo-Concerto_Mr_Rain_Carbonia-e1716391106171.jpg\" class=\"attachment-medium size-medium wp-image-7934\" alt=\"\" \/><\/div>\n\t\t<\/a>\n\t\t\t\t<div class=\"elementor-post__text\">\n\t\t\t\t<h3 class=\"elementor-post__title\">\n\t\t\t<a href=\"https:\/\/carboniaturismo.it\/it\/mr-rain-in-concerto\/\" >\n\t\t\t\tMr. Rain in concerto\t\t\t<\/a>\n\t\t<\/h3>\n\t\t\t\t<div class=\"elementor-post__meta-data\">\n\t\t\t\t\t<span class=\"elementor-post-date\">\n\t\t\t16 Gennaio 2025\t\t<\/span>\n\t\t\t\t<span class=\"elementor-post-avatar\">\n\t\t\tNessun commento\t\t<\/span>\n\t\t\t\t<\/div>\n\t\t\t\t<div class=\"elementor-post__excerpt\">\n\t\t\t<p>Direttamente dal palco di Sanremo, Carbonia \u00e8 lieta di ospitare una delle tappe del Tour 2024 di Mr. Rain, artista di grande successo che ha scalato le classifiche dei dischi<\/p>\n\t\t<\/div>\n\t\t\n\t\t<a class=\"elementor-post__read-more\" href=\"https:\/\/carboniaturismo.it\/it\/mr-rain-in-concerto\/\" aria-label=\"Read more about Mr. Rain in concerto\" tabindex=\"-1\" >\n\t\t\tRead More \u00bb\t\t<\/a>\n\n\t\t\t\t<\/div>\n\t\t\t\t<\/article>\n\t\t\t\t<article class=\"elementor-post elementor-grid-item post-7910 post type-post status-publish format-standard has-post-thumbnail hentry category-event\" role=\"listitem\">\n\t\t\t\t<a class=\"elementor-post__thumbnail__link\" href=\"https:\/\/carboniaturismo.it\/it\/il-sulcis-iglesiente-espone\/\" tabindex=\"-1\" >\n\t\t\t<div class=\"elementor-post__thumbnail\"><img loading=\"lazy\" decoding=\"async\" width=\"595\" height=\"330\" src=\"https:\/\/carboniaturismo.it\/wp-content\/uploads\/2025\/01\/CarboniaTurismo-Sulcis_Iglesiente_espone_a_Carbonia-1.jpg\" class=\"attachment-medium size-medium wp-image-7940\" alt=\"\" \/><\/div>\n\t\t<\/a>\n\t\t\t\t<div class=\"elementor-post__text\">\n\t\t\t\t<h3 class=\"elementor-post__title\">\n\t\t\t<a href=\"https:\/\/carboniaturismo.it\/it\/il-sulcis-iglesiente-espone\/\" >\n\t\t\t\tIl Sulcis Iglesiente espone\t\t\t<\/a>\n\t\t<\/h3>\n\t\t\t\t<div class=\"elementor-post__meta-data\">\n\t\t\t\t\t<span class=\"elementor-post-date\">\n\t\t\t16 Gennaio 2025\t\t<\/span>\n\t\t\t\t<span class=\"elementor-post-avatar\">\n\t\t\tNessun commento\t\t<\/span>\n\t\t\t\t<\/div>\n\t\t\t\t<div class=\"elementor-post__excerpt\">\n\t\t\t<p>Sabato 8 e domenica 9 giugno non perderti la XVIII edizione della fiera dell&#8217;artigianato, dell&#8217;agroalimentare e del turismo a Carbonia. Punti ristoro, 280 stands, musica per bambini e grandi ospiti<\/p>\n\t\t<\/div>\n\t\t\n\t\t<a class=\"elementor-post__read-more\" href=\"https:\/\/carboniaturismo.it\/it\/il-sulcis-iglesiente-espone\/\" aria-label=\"Read more about Il Sulcis Iglesiente espone\" tabindex=\"-1\" >\n\t\t\tRead More \u00bb\t\t<\/a>\n\n\t\t\t\t<\/div>\n\t\t\t\t<\/article>\n\t\t\t\t<\/div>\n\t\t\n\t\t\t\t\t\t<\/div>\n\t\t\t\t<\/div>\n\t\t\t\t\t<\/div>\n\t\t<\/div>\n\t\t\t\t\t<\/div>\n\t\t<\/section>\n\t\t\t\t<section class=\"elementor-section elementor-top-section elementor-element elementor-element-8875b1c elementor-section-boxed elementor-section-height-default elementor-section-height-default row-top\" data-id=\"8875b1c\" data-element_type=\"section\" data-e-type=\"section\">\n\t\t\t\t\t\t<div class=\"elementor-container elementor-column-gap-default\">\n\t\t\t\t\t<div class=\"elementor-column elementor-col-100 elementor-top-column elementor-element elementor-element-6668a7c\" data-id=\"6668a7c\" data-element_type=\"column\" data-e-type=\"column\">\n\t\t\t<div class=\"elementor-widget-wrap elementor-element-populated\">\n\t\t\t\t\t\t<div class=\"elementor-element elementor-element-1da66f6 elementor-grid-3 elementor-grid-tablet-2 elementor-grid-mobile-1 elementor-posts--thumbnail-top elementor-card-shadow-yes elementor-posts__hover-gradient elementor-widget elementor-widget-posts\" data-id=\"1da66f6\" data-element_type=\"widget\" data-e-type=\"widget\" data-settings=\"{&quot;cards_columns&quot;:&quot;3&quot;,&quot;cards_columns_tablet&quot;:&quot;2&quot;,&quot;cards_columns_mobile&quot;:&quot;1&quot;,&quot;cards_row_gap&quot;:{&quot;unit&quot;:&quot;px&quot;,&quot;size&quot;:35,&quot;sizes&quot;:[]},&quot;cards_row_gap_tablet&quot;:{&quot;unit&quot;:&quot;px&quot;,&quot;size&quot;:&quot;&quot;,&quot;sizes&quot;:[]},&quot;cards_row_gap_mobile&quot;:{&quot;unit&quot;:&quot;px&quot;,&quot;size&quot;:&quot;&quot;,&quot;sizes&quot;:[]}}\" data-widget_type=\"posts.cards\">\n\t\t\t\t<div class=\"elementor-widget-container\">\n\t\t\t\t\t\t\t<div class=\"elementor-posts-container elementor-posts elementor-posts--skin-cards elementor-grid\" role=\"list\">\n\t\t\t\t<article class=\"elementor-post elementor-grid-item post-8028 post type-post status-publish format-standard has-post-thumbnail hentry category-event\" role=\"listitem\">\n\t\t\t<div class=\"elementor-post__card\">\n\t\t\t\t<a class=\"elementor-post__thumbnail__link\" href=\"https:\/\/carboniaturismo.it\/it\/estiamo-insieme-2022-pubblicato-il-programma-degli-eventi-in-citta\/\" tabindex=\"-1\" ><div class=\"elementor-post__thumbnail\"><img decoding=\"async\" width=\"600\" height=\"600\" src=\"https:\/\/carboniaturismo.it\/wp-content\/uploads\/2025\/01\/Carbonia-Turismo-Eventi-Intrattenimento-600x600.png\" class=\"attachment-medium size-medium wp-image-7916\" alt=\"\" srcset=\"https:\/\/carboniaturismo.it\/wp-content\/uploads\/2025\/01\/Carbonia-Turismo-Eventi-Intrattenimento-600x600.png 600w, https:\/\/carboniaturismo.it\/wp-content\/uploads\/2025\/01\/Carbonia-Turismo-Eventi-Intrattenimento-180x180.png 180w, https:\/\/carboniaturismo.it\/wp-content\/uploads\/2025\/01\/Carbonia-Turismo-Eventi-Intrattenimento-100x100.png 100w, https:\/\/carboniaturismo.it\/wp-content\/uploads\/2025\/01\/Carbonia-Turismo-Eventi-Intrattenimento-1024x1024.png 1024w\" sizes=\"(max-width: 600px) 100vw, 600px\" \/><\/div><\/a>\n\t\t\t\t<div class=\"elementor-post__text\">\n\t\t\t\t<h3 class=\"elementor-post__title\">\n\t\t\t<a href=\"https:\/\/carboniaturismo.it\/it\/estiamo-insieme-2022-pubblicato-il-programma-degli-eventi-in-citta\/\" >\n\t\t\t\tEstiamo insieme 2022, pubblicato il programma degli eventi in citt\u00e0\t\t\t<\/a>\n\t\t<\/h3>\n\t\t\t\t<div class=\"elementor-post__excerpt\">\n\t\t\t<p>Il Comune di Carbonia ha presentato il calendario degli eventi culturali e di intrattenimento che animeranno l\u2019estate cittadina, in collaborazione con Cedac, Pro Loco e tante altre Associazioni. Tutti gli<\/p>\n\t\t<\/div>\n\t\t\n\t\t<a class=\"elementor-post__read-more\" href=\"https:\/\/carboniaturismo.it\/it\/estiamo-insieme-2022-pubblicato-il-programma-degli-eventi-in-citta\/\" aria-label=\"Read more about Estiamo insieme 2022, pubblicato il programma degli eventi in citt\u00e0\" tabindex=\"-1\" >\n\t\t\tLeggi di pi\u00f9 \u00bb\t\t<\/a>\n\n\t\t\t\t<\/div>\n\t\t\t\t<div class=\"elementor-post__meta-data\">\n\t\t\t\t\t<span class=\"elementor-post-date\">\n\t\t\t16 Gennaio 2025\t\t<\/span>\n\t\t\t\t<\/div>\n\t\t\t\t\t<\/div>\n\t\t<\/article>\n\t\t\t\t<article class=\"elementor-post elementor-grid-item post-8020 post type-post status-publish format-standard has-post-thumbnail hentry category-event\" role=\"listitem\">\n\t\t\t<div class=\"elementor-post__card\">\n\t\t\t\t<a class=\"elementor-post__thumbnail__link\" href=\"https:\/\/carboniaturismo.it\/it\/programma-eventi-natale-insieme-2022\/\" tabindex=\"-1\" ><div class=\"elementor-post__thumbnail\"><img decoding=\"async\" width=\"600\" height=\"600\" src=\"https:\/\/carboniaturismo.it\/wp-content\/uploads\/2025\/01\/Carbonia-Turismo-Eventi-Intrattenimento-600x600.png\" class=\"attachment-medium size-medium wp-image-7916\" alt=\"\" srcset=\"https:\/\/carboniaturismo.it\/wp-content\/uploads\/2025\/01\/Carbonia-Turismo-Eventi-Intrattenimento-600x600.png 600w, https:\/\/carboniaturismo.it\/wp-content\/uploads\/2025\/01\/Carbonia-Turismo-Eventi-Intrattenimento-180x180.png 180w, https:\/\/carboniaturismo.it\/wp-content\/uploads\/2025\/01\/Carbonia-Turismo-Eventi-Intrattenimento-100x100.png 100w, https:\/\/carboniaturismo.it\/wp-content\/uploads\/2025\/01\/Carbonia-Turismo-Eventi-Intrattenimento-1024x1024.png 1024w\" sizes=\"(max-width: 600px) 100vw, 600px\" \/><\/div><\/a>\n\t\t\t\t<div class=\"elementor-post__text\">\n\t\t\t\t<h3 class=\"elementor-post__title\">\n\t\t\t<a href=\"https:\/\/carboniaturismo.it\/it\/programma-eventi-natale-insieme-2022\/\" >\n\t\t\t\tProgramma eventi \u201cNatale insieme 2022\u201d\t\t\t<\/a>\n\t\t<\/h3>\n\t\t\t\t<div class=\"elementor-post__excerpt\">\n\t\t\t<p>Il programma degli eventi natalizi promossi dall\u2019Amministrazione comunale da gioved\u00ec 8 a domenica 25 dicembre a Carbonia, con la collaborazione di numerosi Enti e Sponsor. Clou col concerto dei Tazenda<\/p>\n\t\t<\/div>\n\t\t\n\t\t<a class=\"elementor-post__read-more\" href=\"https:\/\/carboniaturismo.it\/it\/programma-eventi-natale-insieme-2022\/\" aria-label=\"Read more about Programma eventi \u201cNatale insieme 2022\u201d\" tabindex=\"-1\" >\n\t\t\tLeggi di pi\u00f9 \u00bb\t\t<\/a>\n\n\t\t\t\t<\/div>\n\t\t\t\t<div class=\"elementor-post__meta-data\">\n\t\t\t\t\t<span class=\"elementor-post-date\">\n\t\t\t16 Gennaio 2025\t\t<\/span>\n\t\t\t\t<\/div>\n\t\t\t\t\t<\/div>\n\t\t<\/article>\n\t\t\t\t<article class=\"elementor-post elementor-grid-item post-8021 post type-post status-publish format-standard has-post-thumbnail hentry category-event\" role=\"listitem\">\n\t\t\t<div class=\"elementor-post__card\">\n\t\t\t\t<a class=\"elementor-post__thumbnail__link\" href=\"https:\/\/carboniaturismo.it\/it\/estiamo-insieme-2023\/\" tabindex=\"-1\" ><div class=\"elementor-post__thumbnail\"><img decoding=\"async\" width=\"600\" height=\"600\" src=\"https:\/\/carboniaturismo.it\/wp-content\/uploads\/2025\/01\/Carbonia-Turismo-ViviCarbonia-ESTIAMOINSIEME-2023-600x600.jpg\" class=\"attachment-medium size-medium wp-image-7922\" alt=\"\" srcset=\"https:\/\/carboniaturismo.it\/wp-content\/uploads\/2025\/01\/Carbonia-Turismo-ViviCarbonia-ESTIAMOINSIEME-2023-600x600.jpg 600w, https:\/\/carboniaturismo.it\/wp-content\/uploads\/2025\/01\/Carbonia-Turismo-ViviCarbonia-ESTIAMOINSIEME-2023-180x180.jpg 180w, https:\/\/carboniaturismo.it\/wp-content\/uploads\/2025\/01\/Carbonia-Turismo-ViviCarbonia-ESTIAMOINSIEME-2023-100x100.jpg 100w\" sizes=\"(max-width: 600px) 100vw, 600px\" \/><\/div><\/a>\n\t\t\t\t<div class=\"elementor-post__text\">\n\t\t\t\t<h3 class=\"elementor-post__title\">\n\t\t\t<a href=\"https:\/\/carboniaturismo.it\/it\/estiamo-insieme-2023\/\" >\n\t\t\t\tEstiamo insieme 2023\t\t\t<\/a>\n\t\t<\/h3>\n\t\t\t\t<div class=\"elementor-post__excerpt\">\n\t\t\t<p>Il Comune di Carbonia ha presentato il calendario degli eventi culturali e di intrattenimento di Estiamoinsieme 2023 che animeranno l\u2019estate cittadina. Scarica allegati: Programma Estiamoinsieme 2023<\/p>\n\t\t<\/div>\n\t\t\n\t\t<a class=\"elementor-post__read-more\" href=\"https:\/\/carboniaturismo.it\/it\/estiamo-insieme-2023\/\" aria-label=\"Read more about Estiamo insieme 2023\" tabindex=\"-1\" >\n\t\t\tLeggi di pi\u00f9 \u00bb\t\t<\/a>\n\n\t\t\t\t<\/div>\n\t\t\t\t<div class=\"elementor-post__meta-data\">\n\t\t\t\t\t<span class=\"elementor-post-date\">\n\t\t\t16 Gennaio 2025\t\t<\/span>\n\t\t\t\t<\/div>\n\t\t\t\t\t<\/div>\n\t\t<\/article>\n\t\t\t\t<article class=\"elementor-post elementor-grid-item post-8022 post type-post status-publish format-standard has-post-thumbnail hentry category-event\" role=\"listitem\">\n\t\t\t<div class=\"elementor-post__card\">\n\t\t\t\t<a class=\"elementor-post__thumbnail__link\" href=\"https:\/\/carboniaturismo.it\/it\/nataleinsieme-2023\/\" tabindex=\"-1\" ><div class=\"elementor-post__thumbnail\"><img loading=\"lazy\" decoding=\"async\" width=\"600\" height=\"600\" src=\"https:\/\/carboniaturismo.it\/wp-content\/uploads\/2025\/01\/CarboniaTurismo-Nataleinsieme2023-600x600.jpeg\" class=\"attachment-medium size-medium wp-image-7928\" alt=\"\" srcset=\"https:\/\/carboniaturismo.it\/wp-content\/uploads\/2025\/01\/CarboniaTurismo-Nataleinsieme2023-600x600.jpeg 600w, https:\/\/carboniaturismo.it\/wp-content\/uploads\/2025\/01\/CarboniaTurismo-Nataleinsieme2023-180x180.jpeg 180w, https:\/\/carboniaturismo.it\/wp-content\/uploads\/2025\/01\/CarboniaTurismo-Nataleinsieme2023-100x100.jpeg 100w, https:\/\/carboniaturismo.it\/wp-content\/uploads\/2025\/01\/CarboniaTurismo-Nataleinsieme2023-1024x1024.jpeg 1024w\" sizes=\"(max-width: 600px) 100vw, 600px\" \/><\/div><\/a>\n\t\t\t\t<div class=\"elementor-post__text\">\n\t\t\t\t<h3 class=\"elementor-post__title\">\n\t\t\t<a href=\"https:\/\/carboniaturismo.it\/it\/nataleinsieme-2023\/\" >\n\t\t\t\tNataleinsieme 2023\t\t\t<\/a>\n\t\t<\/h3>\n\t\t\t\t<div class=\"elementor-post__excerpt\">\n\t\t\t<p>Con l\u2019iniziativa Nataleinsieme, la citt\u00e0 di Carbonia, tra dicembre e gennaio, mette in fila una serie di eventi pensati per i pi\u00f9 grandi e per i pi\u00f9 piccoli, tutti dedicati<\/p>\n\t\t<\/div>\n\t\t\n\t\t<a class=\"elementor-post__read-more\" href=\"https:\/\/carboniaturismo.it\/it\/nataleinsieme-2023\/\" aria-label=\"Read more about Nataleinsieme 2023\" tabindex=\"-1\" >\n\t\t\tLeggi di pi\u00f9 \u00bb\t\t<\/a>\n\n\t\t\t\t<\/div>\n\t\t\t\t<div class=\"elementor-post__meta-data\">\n\t\t\t\t\t<span class=\"elementor-post-date\">\n\t\t\t16 Gennaio 2025\t\t<\/span>\n\t\t\t\t<\/div>\n\t\t\t\t\t<\/div>\n\t\t<\/article>\n\t\t\t\t<article class=\"elementor-post elementor-grid-item post-8023 post type-post status-publish format-standard has-post-thumbnail hentry category-event\" role=\"listitem\">\n\t\t\t<div class=\"elementor-post__card\">\n\t\t\t\t<a class=\"elementor-post__thumbnail__link\" href=\"https:\/\/carboniaturismo.it\/it\/mr-rain-in-concerto\/\" tabindex=\"-1\" ><div class=\"elementor-post__thumbnail\"><img loading=\"lazy\" decoding=\"async\" width=\"595\" height=\"422\" src=\"https:\/\/carboniaturismo.it\/wp-content\/uploads\/2025\/01\/CarboniaTurismo-Concerto_Mr_Rain_Carbonia-e1716391106171.jpg\" class=\"attachment-medium size-medium wp-image-7934\" alt=\"\" \/><\/div><\/a>\n\t\t\t\t<div class=\"elementor-post__text\">\n\t\t\t\t<h3 class=\"elementor-post__title\">\n\t\t\t<a href=\"https:\/\/carboniaturismo.it\/it\/mr-rain-in-concerto\/\" >\n\t\t\t\tMr. Rain in concerto\t\t\t<\/a>\n\t\t<\/h3>\n\t\t\t\t<div class=\"elementor-post__excerpt\">\n\t\t\t<p>Direttamente dal palco di Sanremo, Carbonia \u00e8 lieta di ospitare una delle tappe del Tour 2024 di Mr. Rain, artista di grande successo che ha scalato le classifiche dei dischi<\/p>\n\t\t<\/div>\n\t\t\n\t\t<a class=\"elementor-post__read-more\" href=\"https:\/\/carboniaturismo.it\/it\/mr-rain-in-concerto\/\" aria-label=\"Read more about Mr. Rain in concerto\" tabindex=\"-1\" >\n\t\t\tLeggi di pi\u00f9 \u00bb\t\t<\/a>\n\n\t\t\t\t<\/div>\n\t\t\t\t<div class=\"elementor-post__meta-data\">\n\t\t\t\t\t<span class=\"elementor-post-date\">\n\t\t\t16 Gennaio 2025\t\t<\/span>\n\t\t\t\t<\/div>\n\t\t\t\t\t<\/div>\n\t\t<\/article>\n\t\t\t\t<article class=\"elementor-post elementor-grid-item post-7910 post type-post status-publish format-standard has-post-thumbnail hentry category-event\" role=\"listitem\">\n\t\t\t<div class=\"elementor-post__card\">\n\t\t\t\t<a class=\"elementor-post__thumbnail__link\" href=\"https:\/\/carboniaturismo.it\/it\/il-sulcis-iglesiente-espone\/\" tabindex=\"-1\" ><div class=\"elementor-post__thumbnail\"><img loading=\"lazy\" decoding=\"async\" width=\"595\" height=\"330\" src=\"https:\/\/carboniaturismo.it\/wp-content\/uploads\/2025\/01\/CarboniaTurismo-Sulcis_Iglesiente_espone_a_Carbonia-1.jpg\" class=\"attachment-medium size-medium wp-image-7940\" alt=\"\" \/><\/div><\/a>\n\t\t\t\t<div class=\"elementor-post__text\">\n\t\t\t\t<h3 class=\"elementor-post__title\">\n\t\t\t<a href=\"https:\/\/carboniaturismo.it\/it\/il-sulcis-iglesiente-espone\/\" >\n\t\t\t\tIl Sulcis Iglesiente espone\t\t\t<\/a>\n\t\t<\/h3>\n\t\t\t\t<div class=\"elementor-post__excerpt\">\n\t\t\t<p>Sabato 8 e domenica 9 giugno non perderti la XVIII edizione della fiera dell&#8217;artigianato, dell&#8217;agroalimentare e del turismo a Carbonia. Punti ristoro, 280 stands, musica per bambini e grandi ospiti<\/p>\n\t\t<\/div>\n\t\t\n\t\t<a class=\"elementor-post__read-more\" href=\"https:\/\/carboniaturismo.it\/it\/il-sulcis-iglesiente-espone\/\" aria-label=\"Read more about Il Sulcis Iglesiente espone\" tabindex=\"-1\" >\n\t\t\tLeggi di pi\u00f9 \u00bb\t\t<\/a>\n\n\t\t\t\t<\/div>\n\t\t\t\t<div class=\"elementor-post__meta-data\">\n\t\t\t\t\t<span class=\"elementor-post-date\">\n\t\t\t16 Gennaio 2025\t\t<\/span>\n\t\t\t\t<\/div>\n\t\t\t\t\t<\/div>\n\t\t<\/article>\n\t\t\t\t<article class=\"elementor-post elementor-grid-item post-7911 post type-post status-publish format-standard has-post-thumbnail hentry category-event\" role=\"listitem\">\n\t\t\t<div class=\"elementor-post__card\">\n\t\t\t\t<a class=\"elementor-post__thumbnail__link\" href=\"https:\/\/carboniaturismo.it\/it\/estiamo-insieme-2024\/\" tabindex=\"-1\" ><div class=\"elementor-post__thumbnail\"><img loading=\"lazy\" decoding=\"async\" width=\"600\" height=\"600\" src=\"https:\/\/carboniaturismo.it\/wp-content\/uploads\/2025\/01\/PHOTO-2024-06-20-18-06-20-1-600x600.jpg\" class=\"attachment-medium size-medium wp-image-7946\" alt=\"\" srcset=\"https:\/\/carboniaturismo.it\/wp-content\/uploads\/2025\/01\/PHOTO-2024-06-20-18-06-20-1-600x600.jpg 600w, https:\/\/carboniaturismo.it\/wp-content\/uploads\/2025\/01\/PHOTO-2024-06-20-18-06-20-1-180x180.jpg 180w, https:\/\/carboniaturismo.it\/wp-content\/uploads\/2025\/01\/PHOTO-2024-06-20-18-06-20-1-100x100.jpg 100w, https:\/\/carboniaturismo.it\/wp-content\/uploads\/2025\/01\/PHOTO-2024-06-20-18-06-20-1-1024x1024.jpg 1024w\" sizes=\"(max-width: 600px) 100vw, 600px\" \/><\/div><\/a>\n\t\t\t\t<div class=\"elementor-post__text\">\n\t\t\t\t<h3 class=\"elementor-post__title\">\n\t\t\t<a href=\"https:\/\/carboniaturismo.it\/it\/estiamo-insieme-2024\/\" >\n\t\t\t\tEstiamo Insieme 2024\t\t\t<\/a>\n\t\t<\/h3>\n\t\t\t\t<div class=\"elementor-post__excerpt\">\n\t\t\t<p>Eventi, cinema, musica e spettacolo. Tutto questo e molto altro ancora \u00e8 Estiamo Insieme 2024. Scarica qui sotto l&#8217;intero programma e salva i tuoi eventi preferiti in agenda. Sar\u00e0 un&#8217;estate<\/p>\n\t\t<\/div>\n\t\t\n\t\t<a class=\"elementor-post__read-more\" href=\"https:\/\/carboniaturismo.it\/it\/estiamo-insieme-2024\/\" aria-label=\"Read more about Estiamo Insieme 2024\" tabindex=\"-1\" >\n\t\t\tLeggi di pi\u00f9 \u00bb\t\t<\/a>\n\n\t\t\t\t<\/div>\n\t\t\t\t<div class=\"elementor-post__meta-data\">\n\t\t\t\t\t<span class=\"elementor-post-date\">\n\t\t\t16 Gennaio 2025\t\t<\/span>\n\t\t\t\t<\/div>\n\t\t\t\t\t<\/div>\n\t\t<\/article>\n\t\t\t\t<article class=\"elementor-post elementor-grid-item post-7912 post type-post status-publish format-standard has-post-thumbnail hentry category-event\" role=\"listitem\">\n\t\t\t<div class=\"elementor-post__card\">\n\t\t\t\t<a class=\"elementor-post__thumbnail__link\" href=\"https:\/\/carboniaturismo.it\/it\/il-natale-arriva-in-citta\/\" tabindex=\"-1\" ><div class=\"elementor-post__thumbnail\"><img loading=\"lazy\" decoding=\"async\" width=\"595\" height=\"330\" src=\"https:\/\/carboniaturismo.it\/wp-content\/uploads\/2025\/01\/natale-citta-carbonia.jpg\" class=\"attachment-medium size-medium wp-image-7952\" alt=\"\" \/><\/div><\/a>\n\t\t\t\t<div class=\"elementor-post__text\">\n\t\t\t\t<h3 class=\"elementor-post__title\">\n\t\t\t<a href=\"https:\/\/carboniaturismo.it\/it\/il-natale-arriva-in-citta\/\" >\n\t\t\t\tIl Natale arriva in citt\u00e0\t\t\t<\/a>\n\t\t<\/h3>\n\t\t\t\t<div class=\"elementor-post__excerpt\">\n\t\t\t<p>Il Natale arriva in citt\u00e0: Carbonia si veste di magia!Sabato 7 e Domenica 8 Dicembre 2024 in Via Manno, Carbonia. Pronti a immergervi nella magia del Natale? Quest\u2019anno Carbonia d\u00e0<\/p>\n\t\t<\/div>\n\t\t\n\t\t<a class=\"elementor-post__read-more\" href=\"https:\/\/carboniaturismo.it\/it\/il-natale-arriva-in-citta\/\" aria-label=\"Read more about Il Natale arriva in citt\u00e0\" tabindex=\"-1\" >\n\t\t\tLeggi di pi\u00f9 \u00bb\t\t<\/a>\n\n\t\t\t\t<\/div>\n\t\t\t\t<div class=\"elementor-post__meta-data\">\n\t\t\t\t\t<span class=\"elementor-post-date\">\n\t\t\t16 Gennaio 2025\t\t<\/span>\n\t\t\t\t<\/div>\n\t\t\t\t\t<\/div>\n\t\t<\/article>\n\t\t\t\t<article class=\"elementor-post elementor-grid-item post-7914 post type-post status-publish format-standard has-post-thumbnail hentry category-event\" role=\"listitem\">\n\t\t\t<div class=\"elementor-post__card\">\n\t\t\t\t<a class=\"elementor-post__thumbnail__link\" href=\"https:\/\/carboniaturismo.it\/it\/castagnata-a-sirri\/\" tabindex=\"-1\" ><div class=\"elementor-post__thumbnail\"><img loading=\"lazy\" decoding=\"async\" width=\"595\" height=\"330\" src=\"https:\/\/carboniaturismo.it\/wp-content\/uploads\/2025\/01\/castagnata-a-sirri.jpg\" class=\"attachment-medium size-medium wp-image-7958\" alt=\"\" \/><\/div><\/a>\n\t\t\t\t<div class=\"elementor-post__text\">\n\t\t\t\t<h3 class=\"elementor-post__title\">\n\t\t\t<a href=\"https:\/\/carboniaturismo.it\/it\/castagnata-a-sirri\/\" >\n\t\t\t\tCastagnata a Sirri\t\t\t<\/a>\n\t\t<\/h3>\n\t\t\t\t<div class=\"elementor-post__excerpt\">\n\t\t\t<p>Domenica 8 dicembre la Castagna a Sirri ti aspetta! Il Comitato di quartiere di Serbariu e la Pro Loco Carbonia organizzano la Castagnata a Sirri presso la chiesa campestre di<\/p>\n\t\t<\/div>\n\t\t\n\t\t<a class=\"elementor-post__read-more\" href=\"https:\/\/carboniaturismo.it\/it\/castagnata-a-sirri\/\" aria-label=\"Read more about Castagnata a Sirri\" tabindex=\"-1\" >\n\t\t\tLeggi di pi\u00f9 \u00bb\t\t<\/a>\n\n\t\t\t\t<\/div>\n\t\t\t\t<div class=\"elementor-post__meta-data\">\n\t\t\t\t\t<span class=\"elementor-post-date\">\n\t\t\t16 Gennaio 2025\t\t<\/span>\n\t\t\t\t<\/div>\n\t\t\t\t\t<\/div>\n\t\t<\/article>\n\t\t\t\t<\/div>\n\t\t\n\t\t\t\t\t\t<\/div>\n\t\t\t\t<\/div>\n\t\t\t\t\t<\/div>\n\t\t<\/div>\n\t\t\t\t\t<\/div>\n\t\t<\/section>\n\t\t\t\t<section class=\"elementor-section elementor-top-section elementor-element elementor-element-6fa9d9d elementor-section-boxed elementor-section-height-default elementor-section-height-default row-top\" data-id=\"6fa9d9d\" data-element_type=\"section\" data-e-type=\"section\">\n\t\t\t\t\t\t<div class=\"elementor-container elementor-column-gap-default\">\n\t\t\t\t\t<div class=\"elementor-column elementor-col-100 elementor-top-column elementor-element elementor-element-aa0d08d\" data-id=\"aa0d08d\" data-element_type=\"column\" data-e-type=\"column\">\n\t\t\t<div class=\"elementor-widget-wrap elementor-element-populated\">\n\t\t\t\t\t\t<div class=\"elementor-element elementor-element-4a340b1 elementor-widget elementor-widget-image\" data-id=\"4a340b1\" data-element_type=\"widget\" data-e-type=\"widget\" data-widget_type=\"image.default\">\n\t\t\t\t<div class=\"elementor-widget-container\">\n\t\t\t\t\t\t\t\t\t\t\t\t\t\t\t<img loading=\"lazy\" decoding=\"async\" width=\"768\" height=\"211\" src=\"https:\/\/carboniaturismo.it\/wp-content\/uploads\/2024\/12\/Risorsa-3-768x211.png\" class=\"attachment-medium_large size-medium_large wp-image-1500\" alt=\"\" srcset=\"https:\/\/carboniaturismo.it\/wp-content\/uploads\/2024\/12\/Risorsa-3-768x211.png 768w, https:\/\/carboniaturismo.it\/wp-content\/uploads\/2024\/12\/Risorsa-3-1024x282.png 1024w, https:\/\/carboniaturismo.it\/wp-content\/uploads\/2024\/12\/Risorsa-3.png 1268w\" sizes=\"(max-width: 768px) 100vw, 768px\" \/>\t\t\t\t\t\t\t\t\t\t\t\t\t\t\t<\/div>\n\t\t\t\t<\/div>\n\t\t\t\t\t<\/div>\n\t\t<\/div>\n\t\t\t\t\t<\/div>\n\t\t<\/section>\n\t\t\t\t<section class=\"elementor-section elementor-top-section elementor-element elementor-element-c998a4a elementor-section-full_width elementor-section-height-default elementor-section-height-default row-top\" data-id=\"c998a4a\" data-element_type=\"section\" data-e-type=\"section\">\n\t\t\t\t\t\t<div class=\"elementor-container elementor-column-gap-default\">\n\t\t\t\t\t<div class=\"elementor-column elementor-col-50 elementor-top-column elementor-element elementor-element-c9fa53a\" data-id=\"c9fa53a\" data-element_type=\"column\" data-e-type=\"column\" data-settings=\"{&quot;background_background&quot;:&quot;classic&quot;}\">\n\t\t\t<div class=\"elementor-widget-wrap elementor-element-populated\">\n\t\t\t\t\t\t<div class=\"elementor-element elementor-element-9f8ce53 elementor-widget elementor-widget-spacer\" data-id=\"9f8ce53\" data-element_type=\"widget\" data-e-type=\"widget\" data-widget_type=\"spacer.default\">\n\t\t\t\t<div class=\"elementor-widget-container\">\n\t\t\t\t\t\t\t<div class=\"elementor-spacer\">\n\t\t\t<div class=\"elementor-spacer-inner\"><\/div>\n\t\t<\/div>\n\t\t\t\t\t\t<\/div>\n\t\t\t\t<\/div>\n\t\t\t\t\t<\/div>\n\t\t<\/div>\n\t\t\t\t<div class=\"elementor-column elementor-col-50 elementor-top-column elementor-element elementor-element-6398966\" data-id=\"6398966\" data-element_type=\"column\" data-e-type=\"column\" data-settings=\"{&quot;background_background&quot;:&quot;classic&quot;}\">\n\t\t\t<div class=\"elementor-widget-wrap\">\n\t\t\t\t\t\t\t<\/div>\n\t\t<\/div>\n\t\t\t\t\t<\/div>\n\t\t<\/section>\n\t\t\t\t<\/div>\n\t\t","protected":false},"excerpt":{"rendered":"","protected":false},"author":1,"featured_media":0,"parent":0,"menu_order":0,"comment_status":"closed","ping_status":"closed","template":"","meta":{"rs_blank_template":"","rs_page_bg_color":"","slide_template_v7":"","footnotes":""},"class_list":["post-1075","page","type-page","status-publish","hentry"],"_links":{"self":[{"href":"https:\/\/carboniaturismo.it\/it\/wp-json\/wp\/v2\/pages\/1075","targetHints":{"allow":["GET"]}}],"collection":[{"href":"https:\/\/carboniaturismo.it\/it\/wp-json\/wp\/v2\/pages"}],"about":[{"href":"https:\/\/carboniaturismo.it\/it\/wp-json\/wp\/v2\/types\/page"}],"author":[{"embeddable":true,"href":"https:\/\/carboniaturismo.it\/it\/wp-json\/wp\/v2\/users\/1"}],"replies":[{"embeddable":true,"href":"https:\/\/carboniaturismo.it\/it\/wp-json\/wp\/v2\/comments?post=1075"}],"version-history":[{"count":17,"href":"https:\/\/carboniaturismo.it\/it\/wp-json\/wp\/v2\/pages\/1075\/revisions"}],"predecessor-version":[{"id":12239,"href":"https:\/\/carboniaturismo.it\/it\/wp-json\/wp\/v2\/pages\/1075\/revisions\/12239"}],"wp:attachment":[{"href":"https:\/\/carboniaturismo.it\/it\/wp-json\/wp\/v2\/media?parent=1075"}],"curies":[{"name":"wp","href":"https:\/\/api.w.org\/{rel}","templated":true}]}}