{"id":21193,"date":"2026-07-21T10:30:17","date_gmt":"2026-07-21T10:30:17","guid":{"rendered":"https:\/\/carboniaturismo.it\/event\/mpi-chapter-2026-a-carbonia-35eme-convention-annuelle-du-monde-du-tourisme-2eme-journee\/"},"modified":"2026-07-21T10:30:17","modified_gmt":"2026-07-21T10:30:17","slug":"mpi-chapter-2026-a-carbonia-35eme-convention-annuelle-du-monde-du-tourisme-2eme-journee","status":"publish","type":"tribe_events","link":"https:\/\/carboniaturismo.it\/fr\/event\/mpi-chapter-2026-a-carbonia-35eme-convention-annuelle-du-monde-du-tourisme-2eme-journee\/","title":{"rendered":"MPI Chapter 2026 \u00e0 Carbonia : 35\u00e8me Convention Annuelle du monde du Tourisme (2\u00e8me journ\u00e9e)"},"content":{"rendered":"<p>Du 26 au 28 juin 2026 Carbonia accueille la 35\u00e8me Convention Annuelle du MPI Italia Chapter, un \u00e9v\u00e9nement important pour le monde de l&#8217;industrie des r\u00e9unions, du tourisme de conf\u00e9rence et de l&#8217;\u00e9v\u00e9nementiel. Organis\u00e9e par la Commune de Carbonia en collaboration avec MPI Italia Chapter, la convention r\u00e9unira les professionnels du secteur, les repr\u00e9sentants institutionnels, les op\u00e9rateurs touristiques, les acheteurs \u00e9trangers et les intervenants internationaux au c\u0153ur du Sulcis, transformant la ville en un lieu de rencontre, de discussion et de relations \u00e0 l&#8217;\u00e9chelle nationale et internationale.<\/p>\n<p>Le th\u00e8me choisi pour cette \u00e9dition, \u00ab Du m\u00e9tro aux routes maritimes mondiales : porte d&#8217;entr\u00e9e vers le Sulcis \u00bb, exprime efficacement la vision d&#8217;un territoire qui part de son identit\u00e9 mini\u00e8re pour s&#8217;ouvrir \u00e0 de nouvelles connexions, de nouvelles routes et de nouvelles opportunit\u00e9s de d\u00e9veloppement. Carbonia et Sulcis Iglesiente se pr\u00e9sentent ainsi comme une destination capable de combiner m\u00e9moire industrielle, paysage, hospitalit\u00e9, durabilit\u00e9 et innovation, offrant une proposition authentique et distinctive dans le panorama de l&#8217;\u00e9v\u00e9nementiel et du tourisme professionnel.<\/p>\n<p>Au cours des trois jours, la convention offrira un espace de moments de formation, de r\u00e9seautage et de d\u00e9couverte du territoire, avec un programme con\u00e7u pour favoriser le dialogue entre diff\u00e9rentes comp\u00e9tences, exp\u00e9riences et perspectives. Une grande attention sera \u00e9galement accord\u00e9e \u00e0 l&#8217;histoire de Sulcis Iglesiente, depuis l&#8217;histoire mini\u00e8re jusqu&#8217;aux lieux symboliques de sa transformation, comme la Grande Mine de Serbariu et Porto Flavia, dans un voyage qui se concentre sur la valeur culturelle et strat\u00e9gique de cette partie de la Sardaigne.<br \/>\nLa pr\u00e9sence de destinations et d&#8217;op\u00e9rateurs de diff\u00e9rents pays confirme la vocation internationale de l&#8217;\u00e9v\u00e9nement et repr\u00e9sente une opportunit\u00e9 importante de visibilit\u00e9 et de positionnement pour Carbonia. La 35\u00e8me Convention Annuelle du Chapitre MPI Italia est en effet propos\u00e9e comme un \u00e9v\u00e9nement capable de renforcer le lien entre identit\u00e9 locale et ouverture mondiale, contribuant \u00e0 promouvoir Carbonia et Sulcis Iglesiente comme destination de r\u00e9f\u00e9rence pour le tourisme de congr\u00e8s, d&#8217;\u00e9v\u00e9nements et de nouvelles relations internationales.<br \/>\nSAMEDI 27 JUIN \u2013 L\u00f9 H\u00f4tel Carbonia<br \/>\n\u00a0<\/p>\n<p>09h00 \u2013 10h00\u00a0>\u00a0Inscription des participants et caf\u00e9 de bienvenue<\/p>\n<p>10h00 \u2013 10h40 >\u00a0Sardaigne \u00e9nergique et myst\u00e9rieuse\u00a0: les signaux de la terre<br \/>\nDe la cavit\u00e9 terrestre \u00e0 la Lumi\u00e8re<br \/>\nL&#8217;\u00e2me de la Sardaigne entre histoires anciennes, culte de la pierre et sacr\u00e9 f\u00e9minin<br \/>\nCristina Muntoni, chercheuse et experte en symbolisme<br \/>\nLeyla Manunza, journaliste et \u00e9crivaine<br \/>\nMod\u00e9r\u00e9 par\u00a0Ileana Coiana, pr\u00e9sidente de la section MPI Italia<\/p>\n<p>10h40 \u2013 11h20 >\u00a0\u0152notourisme et Industrie des Rencontres<br \/>\nMarco Bruschini, minist\u00e8re de l&#8217;Agriculture<br \/>\nAndrea Tarozzi, Chemin de Santa Barbara<br \/>\nMod\u00e9r\u00e9 par\u00a0Mauro Bernardini, pr\u00e9sident \u00e9lu MPI Italia Chapter e<br \/>\nClaudia Guadagni, journaliste<\/p>\n<p>11h20 \u2013 11h30 >\u00a0Pr\u00e9sentation Riviera Maya\u00a0: Carolina Santill\u00e1n<br \/>\nPr\u00e9sent\u00e9 par\u00a0Mauro Bernardini, pr\u00e9sident \u00e9lu de la section MPI Italia<\/p>\n<p>11h30 \u2013 11h50 >\u00a0Pause caf\u00e9<\/p>\n<p>11h50 \u2013 13h00\u00a0>\u00a0Le jeu du site\u00a0: combler le foss\u00e9 entre les planificateurs et les sites<br \/>\nAnim\u00e9 par Thijs Peters, membre du conseil d&#8217;administration international de MPI<br \/>\nFacilite Olimpia Ponno, vice-pr\u00e9sidente de la communication et ancien pr\u00e9sident de la section MPI Italia<\/p>\n<p>13h00 \u2013 13h30 >\u00a0Le fil d&#8217;or qui unit mer et terre entre culture et symbolisme<br \/>\nChiara Vigo, Ma\u00eetre du tissage du byssus marin<br \/>\nAnim\u00e9 par Olimpia Ponno, vice-pr\u00e9sidente de la communication et ancien pr\u00e9sident de la section MPI Italia<\/p>\n<p>13h30 \u2013 14h30 >\u00a0D\u00e9jeuner buffet l\u00e9ger<\/p>\n<p>14h30 \u2013 14h50 >\u00a0Narrer le territoire. Du\u00a0Genius Loci\u00a0\u00e0 l&#8217;Uchronia. Le quartier<br \/>\nL&#8217;exploitation mini\u00e8re de Sulcis dans la transposition de\u00a0l&#8217;Humour Vitr\u00e9<br \/>\nPaola Musa, \u00e9crivain, po\u00e8te et parolier<br \/>\nS\u00e9ance th\u00e9\u00e2trale dirig\u00e9e par\u00a0Maria Rosaria Broggi, vice-pr\u00e9sidente de l&#8217;\u00e9ducation du chapitre MPI Italia<\/p>\n<p>14h50 \u2013 15h20 >\u00a0Hospitalit\u00e9 et exp\u00e9rience g\u00e9n\u00e9ralis\u00e9es\u00a0: le Camino di Santa Barbara<br \/>\nMaurizio Battelli, pr\u00e9sident de l&#8217;association Extra<br \/>\nLuca Zambianchi, Chemin de Santa Barbara<br \/>\nMod\u00e9r\u00e9 par Claudia Conte, vice-pr\u00e9sidente des membres de la section MPI Italia<\/p>\n<p>15h20 \u2013 15h50 >\u00a0Destination Durabilit\u00e9<br \/>\nPr\u00e9sentation des projets RSE Award<br \/>\nLaura Favaretti, vice-pr\u00e9sidente du d\u00e9veloppement durable, section MPI Italia<br \/>\nLorenzo Orlandi, LoCom<br \/>\nMod\u00e9r\u00e9 par\u00a0Simonetta Pili, vice-pr\u00e9sidente des projets sp\u00e9ciaux, chapitre MPI Italia<\/p>\n<p>15h50 \u2013 16h00 >\u00a0Pr\u00e9sentation des nominations aux prix de th\u00e8se<br \/>\nDionisia Saccogna, vice-pr\u00e9sidente \u00e9tudiante du chapitre MPI Italia<\/p>\n<p>19h00 \u2013 20h00 >\u00a0Visite du Mont Sirai (facultatif)<\/p>\n<p>20h15 \u2013 00h00 >\u00a0D\u00eener avec DJ set au L\u00f9 Hotel Porto Pino<\/p>\n<p>24h00 \u2013 00h30 >\u00a0Retour \u00e0 l&#8217;h\u00f4tel<\/p>\n<p>Inscriptions : https:\/\/mpiconvention.it\/<\/p>\n","protected":false},"excerpt":{"rendered":"<p>Du 26 au 28 juin 2026 Carbonia accueille la 35\u00e8me Convention Annuelle du MPI Italia Chapter, un \u00e9v\u00e9nement important pour le monde de l&#8217;industrie des r\u00e9unions, du tourisme de conf\u00e9rence [&hellip;]<\/p>\n","protected":false},"author":3,"featured_media":17613,"template":"","meta":{"rs_blank_template":"","rs_page_bg_color":"","slide_template_v7":"","_tribe_events_status":"","_tribe_events_status_reason":"","footnotes":""},"tags":[],"tribe_events_cat":[186,80],"class_list":["post-21193","tribe_events","type-tribe_events","status-publish","has-post-thumbnail","hentry","tribe_events_cat-che-cosa-fare-oggi-a-carbonia","tribe_events_cat-seminars","cat_che-cosa-fare-oggi-a-carbonia","cat_seminars"],"_links":{"self":[{"href":"https:\/\/carboniaturismo.it\/fr\/wp-json\/wp\/v2\/tribe_events\/21193","targetHints":{"allow":["GET"]}}],"collection":[{"href":"https:\/\/carboniaturismo.it\/fr\/wp-json\/wp\/v2\/tribe_events"}],"about":[{"href":"https:\/\/carboniaturismo.it\/fr\/wp-json\/wp\/v2\/types\/tribe_events"}],"author":[{"embeddable":true,"href":"https:\/\/carboniaturismo.it\/fr\/wp-json\/wp\/v2\/users\/3"}],"version-history":[{"count":0,"href":"https:\/\/carboniaturismo.it\/fr\/wp-json\/wp\/v2\/tribe_events\/21193\/revisions"}],"wp:featuredmedia":[{"embeddable":true,"href":"https:\/\/carboniaturismo.it\/fr\/wp-json\/wp\/v2\/media\/17613"}],"wp:attachment":[{"href":"https:\/\/carboniaturismo.it\/fr\/wp-json\/wp\/v2\/media?parent=21193"}],"wp:term":[{"taxonomy":"post_tag","embeddable":true,"href":"https:\/\/carboniaturismo.it\/fr\/wp-json\/wp\/v2\/tags?post=21193"},{"taxonomy":"tribe_events_cat","embeddable":true,"href":"https:\/\/carboniaturismo.it\/fr\/wp-json\/wp\/v2\/tribe_events_cat?post=21193"}],"curies":[{"name":"wp","href":"https:\/\/api.w.org\/{rel}","templated":true}]}}