{"id":21149,"date":"2026-07-21T10:29:04","date_gmt":"2026-07-21T10:29:04","guid":{"rendered":"https:\/\/carboniaturismo.it\/event\/teatro-centrale-carbonia-sigfrido-ranucci-avec-journal-dun-trapeziste\/"},"modified":"2026-07-21T10:29:04","modified_gmt":"2026-07-21T10:29:04","slug":"teatro-centrale-carbonia-sigfrido-ranucci-avec-journal-dun-trapeziste","status":"publish","type":"tribe_events","link":"https:\/\/carboniaturismo.it\/fr\/event\/teatro-centrale-carbonia-sigfrido-ranucci-avec-journal-dun-trapeziste\/","title":{"rendered":"Teatro Centrale Carbonia : Sigfrido Ranucci avec \u00ab Journal d&#8217;un trap\u00e9ziste \u00bb"},"content":{"rendered":"<p>Le Th\u00e9\u00e2tre Central de Carbonia accueille un \u00e9v\u00e9nement sp\u00e9cial de la saison organis\u00e9 par Cedac Sardegna. Jeudi 12 juin, \u00e0 20h30, aura lieu &#8220;Journal d&#8217;un trap\u00e9ziste&#8221;, le spectacle \u00e9crit et interpr\u00e9t\u00e9 par Sigfrido Ranucci, journaliste, auteur et visage bien connu du programme d&#8217;investigation Report.<br \/>\nPlus qu&#8217;un spectacle th\u00e9\u00e2tral, &#8220;Journal d&#8217;un trap\u00e9ziste&#8221; est un r\u00e9cit intense et prenant qui emm\u00e8ne le public dans les coulisses du journalisme d&#8217;investigation. Sur sc\u00e8ne, Ranucci se pr\u00e9sente sous un nouveau jour, partageant des \u00e9pisodes, des rencontres et des moments qui ont marqu\u00e9 son parcours professionnel et humain. Des missions dans les territoires de guerre aux grands scandales internationaux, en passant par les coulisses des enqu\u00eates t\u00e9l\u00e9vis\u00e9es les plus importantes, se dessine l&#8217;histoire d&#8217;un m\u00e9tier qui demande du courage, de la d\u00e9termination et un profond sens des responsabilit\u00e9s.<\/p>\n<p>\u00a0<\/p>\n<p>\u00c0 travers des histoires v\u00e9cues, dont les attentats de Fallouja, l&#8217;affaire Parmalat, les menaces re\u00e7ues et les rencontres avec des protagonistes de l&#8217;actualit\u00e9 mondiale, l&#8217;\u00e9mission propose une r\u00e9flexion sur la valeur de la libert\u00e9 d&#8217;information, sur le droit des citoyens \u00e0 conna\u00eetre la v\u00e9rit\u00e9 et sur le prix qu&#8217;implique souvent la recherche des faits.<br \/>\nUn \u00e9v\u00e9nement de grand int\u00e9r\u00eat culturel qui r\u00e9unit \u00e0 Carbonia l&#8217;une des figures les plus influentes du journalisme italien contemporain et repr\u00e9sente une opportunit\u00e9 importante d&#8217;analyse et de discussion en profondeur pour les citoyens, les \u00e9tudiants et les passionn\u00e9s d&#8217;actualit\u00e9, de culture et d&#8217;information. Un \u00e9v\u00e9nement \u00e0 ne pas manquer pour ceux qui recherchent des \u00e9v\u00e9nements culturels de qualit\u00e9 et veulent savoir que faire \u00e0 Carbonia aujourd&#8217;hui.<br \/>\n\u00a0<br \/>\nPour informations et achat de billets :<br \/>\nBillet Viva<\/p>\n<p>Informations sur la saison th\u00e9\u00e2trale :<br \/>\nCedac Sardaigne<\/p>\n","protected":false},"excerpt":{"rendered":"<p>Le Th\u00e9\u00e2tre Central de Carbonia accueille un \u00e9v\u00e9nement sp\u00e9cial de la saison organis\u00e9 par Cedac Sardegna. Jeudi 12 juin, \u00e0 20h30, aura lieu &#8220;Journal d&#8217;un trap\u00e9ziste&#8221;, le spectacle \u00e9crit et [&hellip;]<\/p>\n","protected":false},"author":3,"featured_media":16502,"template":"","meta":{"rs_blank_template":"","rs_page_bg_color":"","slide_template_v7":"","_tribe_events_status":"","_tribe_events_status_reason":"","footnotes":""},"tags":[],"tribe_events_cat":[186,188,157],"class_list":["post-21149","tribe_events","type-tribe_events","status-publish","has-post-thumbnail","hentry","tribe_events_cat-che-cosa-fare-oggi-a-carbonia","tribe_events_cat-spettacoli","tribe_events_cat-teatro","cat_che-cosa-fare-oggi-a-carbonia","cat_spettacoli","cat_teatro"],"_links":{"self":[{"href":"https:\/\/carboniaturismo.it\/fr\/wp-json\/wp\/v2\/tribe_events\/21149","targetHints":{"allow":["GET"]}}],"collection":[{"href":"https:\/\/carboniaturismo.it\/fr\/wp-json\/wp\/v2\/tribe_events"}],"about":[{"href":"https:\/\/carboniaturismo.it\/fr\/wp-json\/wp\/v2\/types\/tribe_events"}],"author":[{"embeddable":true,"href":"https:\/\/carboniaturismo.it\/fr\/wp-json\/wp\/v2\/users\/3"}],"version-history":[{"count":0,"href":"https:\/\/carboniaturismo.it\/fr\/wp-json\/wp\/v2\/tribe_events\/21149\/revisions"}],"wp:featuredmedia":[{"embeddable":true,"href":"https:\/\/carboniaturismo.it\/fr\/wp-json\/wp\/v2\/media\/16502"}],"wp:attachment":[{"href":"https:\/\/carboniaturismo.it\/fr\/wp-json\/wp\/v2\/media?parent=21149"}],"wp:term":[{"taxonomy":"post_tag","embeddable":true,"href":"https:\/\/carboniaturismo.it\/fr\/wp-json\/wp\/v2\/tags?post=21149"},{"taxonomy":"tribe_events_cat","embeddable":true,"href":"https:\/\/carboniaturismo.it\/fr\/wp-json\/wp\/v2\/tribe_events_cat?post=21149"}],"curies":[{"name":"wp","href":"https:\/\/api.w.org\/{rel}","templated":true}]}}