{"id":14797,"date":"2026-01-07T17:24:06","date_gmt":"2026-01-07T17:24:06","guid":{"rendered":"https:\/\/carboniaturismo.it\/?page_id=14797"},"modified":"2026-01-07T18:16:46","modified_gmt":"2026-01-07T18:16:46","slug":"necropoli-di-montessu-patrimonio-unesco","status":"publish","type":"page","link":"https:\/\/carboniaturismo.it\/de\/musei-di-carbonia\/necropoli-di-montessu-patrimonio-unesco\/","title":{"rendered":"Nekropole von Montessu \u2013 UNESCO-Erbe"},"content":{"rendered":"\t\t<div data-elementor-type=\"wp-page\" data-elementor-id=\"14797\" class=\"elementor elementor-14797\" data-elementor-post-type=\"page\">\n\t\t\t\t\t\t<section class=\"elementor-section elementor-top-section elementor-element elementor-element-cc2c12f elementor-section-stretched elementor-section-boxed elementor-section-height-default elementor-section-height-default row-top\" data-id=\"cc2c12f\" data-element_type=\"section\" data-e-type=\"section\" data-settings=\"{&quot;stretch_section&quot;:&quot;section-stretched&quot;}\">\n\t\t\t\t\t\t<div class=\"elementor-container elementor-column-gap-default\">\n\t\t\t\t\t<div class=\"elementor-column elementor-col-50 elementor-top-column elementor-element elementor-element-cec8337\" data-id=\"cec8337\" data-element_type=\"column\" data-e-type=\"column\">\n\t\t\t<div class=\"elementor-widget-wrap elementor-element-populated\">\n\t\t\t\t\t\t<div class=\"elementor-element elementor-element-18223d7 elementor-widget elementor-widget-text-editor\" data-id=\"18223d7\" data-element_type=\"widget\" data-e-type=\"widget\" data-widget_type=\"text-editor.default\">\n\t\t\t\t<div class=\"elementor-widget-container\">\n\t\t\t\t\t\t\t\t\t<div class=\"relative basis-auto flex-col -mb-(--composer-overlap-px) [--composer-overlap-px:28px] grow flex\"><div class=\"flex flex-col text-sm pb-25\"><article class=\"text-token-text-primary w-full focus:outline-none [--shadow-height:45px] has-data-writing-block:pointer-events-none has-data-writing-block:-mt-(--shadow-height) has-data-writing-block:pt-(--shadow-height) [&amp;:has([data-writing-block])&gt;*]:pointer-events-auto scroll-mt-[calc(var(--header-height)+min(200px,max(70px,20svh)))]\" dir=\"auto\" tabindex=\"-1\" data-turn-id=\"request-WEB:efeed034-1f28-4ad6-8b52-61e330c45fb2-7\" data-testid=\"conversation-turn-4\" data-scroll-anchor=\"true\" data-turn=\"assistant\"><div class=\"text-base my-auto mx-auto pb-10 [--thread-content-margin:--spacing(4)] @w-sm\/main:[--thread-content-margin:--spacing(6)] @w-lg\/main:[--thread-content-margin:--spacing(16)] px-(--thread-content-margin)\"><div class=\"[--thread-content-max-width:40rem] @w-lg\/main:[--thread-content-max-width:48rem] mx-auto max-w-(--thread-content-max-width) flex-1 group\/turn-messages focus-visible:outline-hidden relative flex w-full min-w-0 flex-col agent-turn\" tabindex=\"-1\"><div class=\"flex max-w-full flex-col grow\"><div class=\"min-h-8 text-message relative flex w-full flex-col items-end gap-2 text-start break-words whitespace-normal [.text-message+&amp;]:mt-1\" dir=\"auto\" data-message-author-role=\"assistant\" data-message-id=\"1755e395-c798-4fd8-ae11-9653a9a475df\" data-message-model-slug=\"gpt-5-2-thinking\"><div class=\"flex w-full flex-col gap-1 empty:hidden first:pt-[1px]\"><div class=\"markdown prose dark:prose-invert w-full break-words light markdown-new-styling\"><div class=\"flex flex-col text-sm pb-25\"><article class=\"text-token-text-primary w-full focus:outline-none [--shadow-height:45px] has-data-writing-block:pointer-events-none has-data-writing-block:-mt-(--shadow-height) has-data-writing-block:pt-(--shadow-height) [&amp;:has([data-writing-block])&gt;*]:pointer-events-auto scroll-mt-[calc(var(--header-height)+min(200px,max(70px,20svh)))]\" dir=\"auto\" tabindex=\"-1\" data-turn-id=\"request-WEB:10dc00cb-2c8f-4668-8ed7-c9d23f844006-1\" data-testid=\"conversation-turn-4\" data-scroll-anchor=\"true\" data-turn=\"assistant\"><div class=\"text-base my-auto mx-auto pb-10 [--thread-content-margin:--spacing(4)] @w-sm\/main:[--thread-content-margin:--spacing(6)] @w-lg\/main:[--thread-content-margin:--spacing(16)] px-(--thread-content-margin)\"><div class=\"[--thread-content-max-width:40rem] @w-lg\/main:[--thread-content-max-width:48rem] mx-auto max-w-(--thread-content-max-width) flex-1 group\/turn-messages focus-visible:outline-hidden relative flex w-full min-w-0 flex-col agent-turn\" tabindex=\"-1\"><div class=\"flex max-w-full flex-col grow\"><div class=\"min-h-8 text-message relative flex w-full flex-col items-end gap-2 text-start break-words whitespace-normal [.text-message+&amp;]:mt-1\" dir=\"auto\" data-message-author-role=\"assistant\" data-message-id=\"323ebbc2-0e77-4ca0-9a98-30633d1451fb\" data-message-model-slug=\"gpt-5-2-thinking\"><div class=\"flex w-full flex-col gap-1 empty:hidden first:pt-[1px]\"><div class=\"markdown prose dark:prose-invert w-full break-words light markdown-new-styling\"><p data-start=\"0\" data-end=\"76\"><strong data-start=\"0\" data-end=\"76\">Wo befindet sich die Nekropole von Montessu und was macht sie besonders?<\/strong><\/p><\/div><\/div><\/div><\/div><div class=\"z-0 flex min-h-[46px] justify-start\"><strong data-start=\"1028\" data-end=\"1194\">Montessu liegt im Sulcis, im Gebiet von Villaperuccio, wenige Kilometer von Carbonia entfernt. <\/strong>Sie ist eine der gr\u00f6\u00dften pr\u00e4nuragischen Nekropolen in S\u00fcdsardinien.<\/div><\/div><\/div><\/article><\/div><div class=\"flex flex-col text-sm pb-25\"><article class=\"text-token-text-primary w-full focus:outline-none [--shadow-height:45px] has-data-writing-block:pointer-events-none has-data-writing-block:-mt-(--shadow-height) has-data-writing-block:pt-(--shadow-height) [&amp;:has([data-writing-block])&gt;*]:pointer-events-auto scroll-mt-[calc(var(--header-height)+min(200px,max(70px,20svh)))]\" dir=\"auto\" tabindex=\"-1\" data-turn-id=\"request-WEB:10dc00cb-2c8f-4668-8ed7-c9d23f844006-2\" data-testid=\"conversation-turn-6\" data-scroll-anchor=\"true\" data-turn=\"assistant\"><div class=\"text-base my-auto mx-auto pb-10 [--thread-content-margin:--spacing(4)] @w-sm\/main:[--thread-content-margin:--spacing(6)] @w-lg\/main:[--thread-content-margin:--spacing(16)] px-(--thread-content-margin)\"><div class=\"[--thread-content-max-width:40rem] @w-lg\/main:[--thread-content-max-width:48rem] mx-auto max-w-(--thread-content-max-width) flex-1 group\/turn-messages focus-visible:outline-hidden relative flex w-full min-w-0 flex-col agent-turn\" tabindex=\"-1\"><div class=\"z-0 flex min-h-[46px] justify-start\">Hier besucht man einen gro\u00dfen Komplex von <strong data-start=\"1257\" data-end=\"1275\">domus de janas<\/strong>, in den Fels gehauene Gr\u00e4ber, die auch als <strong data-start=\"1319\" data-end=\"1335\">\u201eFeenh\u00e4user\u201c<\/strong> bekannt sind. Der Ort nimmt die s\u00fcdliche Flanke des H\u00fcgels <strong data-start=\"1395\" data-end=\"1410\">Sa Pranedda<\/strong> ein. Der Trachyt bildet ein nat\u00fcrliches Amphitheater. Und genau in dieser Wand liegen \u00fcber vierzig Gr\u00e4ber\u00f6ffnungen.<\/div><\/div><\/div><\/article><\/div><div class=\"flex flex-col text-sm pb-25\"><article class=\"text-token-text-primary w-full focus:outline-none [--shadow-height:45px] has-data-writing-block:pointer-events-none has-data-writing-block:-mt-(--shadow-height) has-data-writing-block:pt-(--shadow-height) [&amp;:has([data-writing-block])&gt;*]:pointer-events-auto scroll-mt-[calc(var(--header-height)+min(200px,max(70px,20svh)))]\" dir=\"auto\" tabindex=\"-1\" data-turn-id=\"request-WEB:10dc00cb-2c8f-4668-8ed7-c9d23f844006-4\" data-testid=\"conversation-turn-10\" data-scroll-anchor=\"true\" data-turn=\"assistant\"><div class=\"text-base my-auto mx-auto pb-10 [--thread-content-margin:--spacing(4)] @w-sm\/main:[--thread-content-margin:--spacing(6)] @w-lg\/main:[--thread-content-margin:--spacing(16)] px-(--thread-content-margin)\"><div class=\"[--thread-content-max-width:40rem] @w-lg\/main:[--thread-content-max-width:48rem] mx-auto max-w-(--thread-content-max-width) flex-1 group\/turn-messages focus-visible:outline-hidden relative flex w-full min-w-0 flex-col agent-turn\" tabindex=\"-1\"><div class=\"flex max-w-full flex-col grow\"><div class=\"min-h-8 text-message relative flex w-full flex-col items-end gap-2 text-start break-words whitespace-normal [.text-message+&amp;]:mt-1\" dir=\"auto\" data-message-author-role=\"assistant\" data-message-id=\"787be212-51f8-431a-b2b6-cce67087a6d6\" data-message-model-slug=\"gpt-5-2-thinking\"><div class=\"flex w-full flex-col gap-1 empty:hidden first:pt-[1px]\"><div class=\"markdown prose dark:prose-invert w-full break-words light markdown-new-styling\"><p data-start=\"1135\" data-end=\"1409\"><strong>Montessu beeindruckt, weil die domus nicht zuf\u00e4llig verteilt sind.<\/strong> Viele sind entlang des Felsens ausgerichtet, in einer Anordnung, die symmetrisch wirkt. Der Eindruck ist der eines \u201egebauten\u201c Ortes im vollen Sinn des Wortes, auch wenn er nicht in die H\u00f6he gebaut wurde.<\/p><\/div><\/div><\/div><\/div><div class=\"z-0 flex min-h-[46px] justify-start\"><strong>Die Gr\u00e4ber zeigen unterschiedliche L\u00f6sungen.<\/strong> Es gibt sehr einfache Bestattungen, mit einer runden Kammer und einem niedrigen Gew\u00f6lbe. Der Zugang ist eine schmale T\u00fcr\u00f6ffnung. Der Verstorbene wurde hineingebracht und in F\u00f6tusstellung niedergelegt.\u00a0<\/div><\/div><\/div><\/article><\/div><div class=\"flex flex-col text-sm pb-25\"><article class=\"text-token-text-primary w-full focus:outline-none [--shadow-height:45px] has-data-writing-block:pointer-events-none has-data-writing-block:-mt-(--shadow-height) has-data-writing-block:pt-(--shadow-height) [&amp;:has([data-writing-block])&gt;*]:pointer-events-auto scroll-mt-[calc(var(--header-height)+min(200px,max(70px,20svh)))]\" dir=\"auto\" tabindex=\"-1\" data-turn-id=\"request-WEB:10dc00cb-2c8f-4668-8ed7-c9d23f844006-6\" data-testid=\"conversation-turn-14\" data-scroll-anchor=\"true\" data-turn=\"assistant\"><div class=\"text-base my-auto mx-auto pb-10 [--thread-content-margin:--spacing(4)] @w-sm\/main:[--thread-content-margin:--spacing(6)] @w-lg\/main:[--thread-content-margin:--spacing(16)] px-(--thread-content-margin)\"><div class=\"[--thread-content-max-width:40rem] @w-lg\/main:[--thread-content-max-width:48rem] mx-auto max-w-(--thread-content-max-width) flex-1 group\/turn-messages focus-visible:outline-hidden relative flex w-full min-w-0 flex-col agent-turn\" tabindex=\"-1\"><div class=\"flex max-w-full flex-col grow\"><div class=\"min-h-8 text-message relative flex w-full flex-col items-end gap-2 text-start break-words whitespace-normal [.text-message+&amp;]:mt-1\" dir=\"auto\" data-message-author-role=\"assistant\" data-message-id=\"f9828555-eb70-4c52-8a1f-55ff4328f4c2\" data-message-model-slug=\"gpt-5-2-thinking\"><div class=\"flex w-full flex-col gap-1 empty:hidden first:pt-[1px]\"><div class=\"markdown prose dark:prose-invert w-full break-words light markdown-new-styling\"><p data-start=\"1660\" data-end=\"2232\"><strong>H\u00e4ufiger jedoch ist das Schema mehrzellig. Einer gr\u00f6\u00dferen Kammer sind erh\u00f6hte Nischen zur Seite gestellt.<\/strong> Den R\u00e4umen gehen <strong data-start=\"1791\" data-end=\"1833\">kurvlineare oder rechteckige Vorhallen<\/strong> voraus. Die Eing\u00e4nge konnten durch <strong data-start=\"1869\" data-end=\"1885\">Steinklappen<\/strong> geschlossen werden. Diese waren in <strong data-start=\"1921\" data-end=\"1937\">Aussparungen<\/strong> befestigt, die auf der Schwelle herausgearbeitet wurden. In anderen <strong data-start=\"2006\" data-end=\"2015\">domus<\/strong> erscheinen <strong data-start=\"2027\" data-end=\"2040\">Vorzellen<\/strong> und Kammern in Folge, mit Teilen, die durch <strong data-start=\"2085\" data-end=\"2114\">orthostatische Strukturen<\/strong> abgegrenzt sind. Es ist eine Art zu \u201ebauen\u201c, die eine <strong data-start=\"2169\" data-end=\"2193\">Hierarchie der R\u00e4ume<\/strong> und der <strong data-start=\"2202\" data-end=\"2222\">rituellen Gesten<\/strong> nahelegt.<\/p><\/div><\/div><\/div><\/div><div class=\"z-0 flex min-h-[46px] justify-start\"><strong>Am Ende des Amphitheaters treten zwei monumentale Gr\u00e4ber hervor, eines dem anderen gegen\u00fcber.<\/strong> Sie sind durch megalithische Alignements begrenzt, die halbkreisf\u00f6rmige R\u00e4ume definieren. Sie haben einen gro\u00dfen Eingangs-Pavillon und drei \u00d6ffnungen, die in den hinteren Raum f\u00fchren. Hier befinden sich ausgehauene B\u00e4nke, die n\u00fctzlich sind, um das Innere in verschiedene Bereiche zu gliedern. <strong>Das Vorhandensein von L\u00f6chern im Boden und in der Decke zeugt von verst\u00e4rkten Verschlusssystemen mit Holzpf\u00e4hlen.<\/strong> An diesem Punkt l\u00e4sst Montessu eine besondere Rolle einiger Gr\u00e4ber erahnen, n\u00e4her an der Idee eines \u201eHeiligtums\u201c als an der einer einfachen Bestattung.<\/div><\/div><\/div><\/article><\/div><div class=\"flex flex-col text-sm pb-25\"><article class=\"text-token-text-primary w-full focus:outline-none [--shadow-height:45px] has-data-writing-block:pointer-events-none has-data-writing-block:-mt-(--shadow-height) has-data-writing-block:pt-(--shadow-height) [&amp;:has([data-writing-block])&gt;*]:pointer-events-auto scroll-mt-[calc(var(--header-height)+min(200px,max(70px,20svh)))]\" dir=\"auto\" tabindex=\"-1\" data-turn-id=\"request-WEB:10dc00cb-2c8f-4668-8ed7-c9d23f844006-7\" data-testid=\"conversation-turn-16\" data-scroll-anchor=\"true\" data-turn=\"assistant\"><div class=\"text-base my-auto mx-auto pb-10 [--thread-content-margin:--spacing(4)] @w-sm\/main:[--thread-content-margin:--spacing(6)] @w-lg\/main:[--thread-content-margin:--spacing(16)] px-(--thread-content-margin)\"><div class=\"[--thread-content-max-width:40rem] @w-lg\/main:[--thread-content-max-width:48rem] mx-auto max-w-(--thread-content-max-width) flex-1 group\/turn-messages focus-visible:outline-hidden relative flex w-full min-w-0 flex-col agent-turn\" tabindex=\"-1\"><div class=\"z-0 flex min-h-[46px] justify-start\"><strong>Die St\u00e4rke der St\u00e4tte liegt auch in den gemei\u00dfelten Symbolen. Einige domus weisen Reliefmotive auf, darunter Spiralen, konzentrische Figuren und taurine Protomen.<\/strong><\/div><div>\u00a0<\/div><\/div><\/div><\/article><\/div><div class=\"flex flex-col text-sm pb-25\"><article class=\"text-token-text-primary w-full focus:outline-none [--shadow-height:45px] has-data-writing-block:pointer-events-none has-data-writing-block:-mt-(--shadow-height) has-data-writing-block:pt-(--shadow-height) [&amp;:has([data-writing-block])&gt;*]:pointer-events-auto scroll-mt-[calc(var(--header-height)+min(200px,max(70px,20svh)))]\" dir=\"auto\" tabindex=\"-1\" data-turn-id=\"request-WEB:10dc00cb-2c8f-4668-8ed7-c9d23f844006-8\" data-testid=\"conversation-turn-18\" data-scroll-anchor=\"true\" data-turn=\"assistant\"><div class=\"text-base my-auto mx-auto pb-10 [--thread-content-margin:--spacing(4)] @w-sm\/main:[--thread-content-margin:--spacing(6)] @w-lg\/main:[--thread-content-margin:--spacing(16)] px-(--thread-content-margin)\"><div class=\"[--thread-content-max-width:40rem] @w-lg\/main:[--thread-content-max-width:48rem] mx-auto max-w-(--thread-content-max-width) flex-1 group\/turn-messages focus-visible:outline-hidden relative flex w-full min-w-0 flex-col agent-turn\" tabindex=\"-1\"><div class=\"z-0 flex min-h-[46px] justify-start\"><strong>Das \u201eGrab der Spiralen\u201c bewahrt dekorative Elemente und die \u201efalsche T\u00fcr\u201c<\/strong>, ein Zeichen, das auf den \u00dcbergang in das Jenseits verweist.<\/div><\/div><\/div><\/article><\/div><div class=\"flex flex-col text-sm pb-25\"><article class=\"text-token-text-primary w-full focus:outline-none [--shadow-height:45px] has-data-writing-block:pointer-events-none has-data-writing-block:-mt-(--shadow-height) has-data-writing-block:pt-(--shadow-height) [&amp;:has([data-writing-block])&gt;*]:pointer-events-auto scroll-mt-[calc(var(--header-height)+min(200px,max(70px,20svh)))]\" dir=\"auto\" tabindex=\"-1\" data-turn-id=\"request-WEB:10dc00cb-2c8f-4668-8ed7-c9d23f844006-10\" data-testid=\"conversation-turn-22\" data-scroll-anchor=\"true\" data-turn=\"assistant\"><div class=\"text-base my-auto mx-auto pb-10 [--thread-content-margin:--spacing(4)] @w-sm\/main:[--thread-content-margin:--spacing(6)] @w-lg\/main:[--thread-content-margin:--spacing(16)] px-(--thread-content-margin)\"><div class=\"[--thread-content-max-width:40rem] @w-lg\/main:[--thread-content-max-width:48rem] mx-auto max-w-(--thread-content-max-width) flex-1 group\/turn-messages focus-visible:outline-hidden relative flex w-full min-w-0 flex-col agent-turn\" tabindex=\"-1\"><div class=\"flex max-w-full flex-col grow\"><div class=\"min-h-8 text-message relative flex w-full flex-col items-end gap-2 text-start break-words whitespace-normal [.text-message+&amp;]:mt-1\" dir=\"auto\" data-message-author-role=\"assistant\" data-message-id=\"cac3450d-fa1b-4995-a76f-11c6f60c7271\" data-message-model-slug=\"gpt-5-2-thinking\"><div class=\"flex w-full flex-col gap-1 empty:hidden first:pt-[1px]\"><div class=\"markdown prose dark:prose-invert w-full break-words light markdown-new-styling\"><p data-start=\"1113\" data-end=\"1327\"><strong>Das \u201eGrab der H\u00f6rner\u201c zeigt hornf\u00f6rmige Motive,<\/strong> die mit dem Kult des Stiergottes verbunden sind. Es sind wesentliche, aber beredte Spuren. Sie erz\u00e4hlen von einer Religiosit\u00e4t aus wiederholten und geteilten Bildern.<\/p><\/div><\/div><\/div><\/div><div class=\"z-0 flex min-h-[46px] justify-start\"><strong>Montessu ist ein Ort, der \u00fcber Jahrhunderte genutzt wurde.<\/strong> Die gefundenen Keramiken weisen auf eine lange Frequentierung hin: vom Endneolithikum bis zur fr\u00fchen Bronzezeit. <strong>Studien nennen das Aufeinanderfolgen von Kulturen wie Ozieri, Abealzu-Filigosa, Monte Claro, Vaso campaniforme und Bonnanaro.<\/strong> Das Vorhandensein von Keramiken, die der Kultur von El Argar zugeschrieben werden, best\u00e4tigt, dass das pr\u00e4historische Sardinien nicht isoliert war. Es war vielmehr von Kontakten und Zirkulationen im westlichen Mittelmeerraum durchzogen.<\/div><div>\u00a0<\/div><\/div><\/div><\/article><\/div><div class=\"flex flex-col text-sm pb-25\"><article class=\"text-token-text-primary w-full focus:outline-none [--shadow-height:45px] has-data-writing-block:pointer-events-none has-data-writing-block:-mt-(--shadow-height) has-data-writing-block:pt-(--shadow-height) [&amp;:has([data-writing-block])&gt;*]:pointer-events-auto scroll-mt-[calc(var(--header-height)+min(200px,max(70px,20svh)))]\" dir=\"auto\" tabindex=\"-1\" data-turn-id=\"request-WEB:10dc00cb-2c8f-4668-8ed7-c9d23f844006-11\" data-testid=\"conversation-turn-24\" data-scroll-anchor=\"true\" data-turn=\"assistant\"><div class=\"text-base my-auto mx-auto pb-10 [--thread-content-margin:--spacing(4)] @w-sm\/main:[--thread-content-margin:--spacing(6)] @w-lg\/main:[--thread-content-margin:--spacing(16)] px-(--thread-content-margin)\"><div class=\"[--thread-content-max-width:40rem] @w-lg\/main:[--thread-content-max-width:48rem] mx-auto max-w-(--thread-content-max-width) flex-1 group\/turn-messages focus-visible:outline-hidden relative flex w-full min-w-0 flex-col agent-turn\" tabindex=\"-1\"><div class=\"z-0 flex min-h-[46px] justify-start\"><strong>Die Ausgrabungen hatten in den fr\u00fchen Siebzigerjahren einen Wendepunkt.<\/strong> <strong>Die Forschungen begannen 1972 unter der Leitung von Enrico Atzeni<\/strong> und wurden in mehreren Kampagnen fortgesetzt.<\/div><\/div><\/div><\/article><\/div><div class=\"flex flex-col text-sm pb-25\"><article class=\"text-token-text-primary w-full focus:outline-none [--shadow-height:45px] has-data-writing-block:pointer-events-none has-data-writing-block:-mt-(--shadow-height) has-data-writing-block:pt-(--shadow-height) [&amp;:has([data-writing-block])&gt;*]:pointer-events-auto scroll-mt-[calc(var(--header-height)+min(200px,max(70px,20svh)))]\" dir=\"auto\" tabindex=\"-1\" data-turn-id=\"request-WEB:10dc00cb-2c8f-4668-8ed7-c9d23f844006-13\" data-testid=\"conversation-turn-28\" data-scroll-anchor=\"true\" data-turn=\"assistant\"><div class=\"text-base my-auto mx-auto pb-10 [--thread-content-margin:--spacing(4)] @w-sm\/main:[--thread-content-margin:--spacing(6)] @w-lg\/main:[--thread-content-margin:--spacing(16)] px-(--thread-content-margin)\"><div class=\"[--thread-content-max-width:40rem] @w-lg\/main:[--thread-content-max-width:48rem] mx-auto max-w-(--thread-content-max-width) flex-1 group\/turn-messages focus-visible:outline-hidden relative flex w-full min-w-0 flex-col agent-turn\" tabindex=\"-1\"><div class=\"flex max-w-full flex-col grow\"><div class=\"min-h-8 text-message relative flex w-full flex-col items-end gap-2 text-start break-words whitespace-normal [.text-message+&amp;]:mt-1\" dir=\"auto\" data-message-author-role=\"assistant\" data-message-id=\"e421c5a8-a284-4600-acbc-d4b45b8dc6e6\" data-message-model-slug=\"gpt-5-2-thinking\"><div class=\"flex w-full flex-col gap-1 empty:hidden first:pt-[1px]\"><div class=\"markdown prose dark:prose-invert w-full break-words light markdown-new-styling\"><p data-start=\"806\" data-end=\"895\"><strong>Die Funde werden heute in den arch\u00e4ologischen Museen von Cagliari und Santadi aufbewahrt.<\/strong><\/p><\/div><\/div><\/div><\/div><div class=\"z-0 flex min-h-[46px] justify-start\"><strong>Im Jahr 2025 hat die UNESCO-Anerkennung, die der funer\u00e4ren Tradition der domus de janas gewidmet ist,<\/strong> auch Montessu einbezogen. Der Wert liegt nicht nur in der Menge der Gr\u00e4ber. Er liegt in der Qualit\u00e4t der Erz\u00e4hlung, die sie bieten k\u00f6nnen. <strong>Hier versteht man, wie eine pr\u00e4historische Gemeinschaft den Fels in einen Ort der Erinnerung verwandelt hat: einen Ort,<\/strong> der Grabungstechnik, Raumorganisation und religi\u00f6se Symbole vereint.<\/div><\/div><\/div><\/article><\/div><div class=\"pointer-events-none h-px w-px absolute bottom-0\" aria-hidden=\"true\" data-edge=\"true\">\u00a0<\/div><div class=\"flex flex-col text-sm pb-25\"><article class=\"text-token-text-primary w-full focus:outline-none [--shadow-height:45px] has-data-writing-block:pointer-events-none has-data-writing-block:-mt-(--shadow-height) has-data-writing-block:pt-(--shadow-height) [&amp;:has([data-writing-block])&gt;*]:pointer-events-auto scroll-mt-[calc(var(--header-height)+min(200px,max(70px,20svh)))]\" dir=\"auto\" tabindex=\"-1\" data-turn-id=\"request-WEB:10dc00cb-2c8f-4668-8ed7-c9d23f844006-15\" data-testid=\"conversation-turn-32\" data-scroll-anchor=\"true\" data-turn=\"assistant\"><div class=\"text-base my-auto mx-auto pb-10 [--thread-content-margin:--spacing(4)] @w-sm\/main:[--thread-content-margin:--spacing(6)] @w-lg\/main:[--thread-content-margin:--spacing(16)] px-(--thread-content-margin)\"><div class=\"[--thread-content-max-width:40rem] @w-lg\/main:[--thread-content-max-width:48rem] mx-auto max-w-(--thread-content-max-width) flex-1 group\/turn-messages focus-visible:outline-hidden relative flex w-full min-w-0 flex-col agent-turn\" tabindex=\"-1\"><div class=\"flex max-w-full flex-col grow\"><div class=\"min-h-8 text-message relative flex w-full flex-col items-end gap-2 text-start break-words whitespace-normal [.text-message+&amp;]:mt-1\" dir=\"auto\" data-message-author-role=\"assistant\" data-message-id=\"384b6891-23cd-485f-94b0-5e10c21e9ea7\" data-message-model-slug=\"gpt-5-2-thinking\"><div class=\"flex w-full flex-col gap-1 empty:hidden first:pt-[1px]\"><div class=\"markdown prose dark:prose-invert w-full break-words light markdown-new-styling\"><p data-start=\"1440\" data-end=\"1910\"><strong>Und der Kontext vervollst\u00e4ndigt das Erlebnis.<\/strong> Das Tal beherbergt auch einen arch\u00e4ologischen Park mit einem megalithischen Korridorgrab, zwei Nuraghen und zwei Menhiren, etwa f\u00fcnf Meter hoch. <strong>Es ist eine Landschaft, die Kontinuit\u00e4t und Transformationen zeigt.<\/strong> Man beobachtet das alte Sardinien in mehreren \u201eSprachen\u201c des Steins, eine neben der anderen. <strong>Und das ist der Grund, warum Montessu im Ged\u00e4chtnis bleibt: Es macht sichtbar, wie tief die Geschichte des Sulcis ist.<\/strong><\/p><\/div><\/div><\/div><\/div><\/div><\/div><\/article><\/div><\/div><\/div><\/div><\/div><\/div><\/div><\/article><\/div><\/div>\t\t\t\t\t\t\t\t<\/div>\n\t\t\t\t<\/div>\n\t\t\t\t\t<\/div>\n\t\t<\/div>\n\t\t\t\t<div class=\"elementor-column elementor-col-50 elementor-top-column elementor-element elementor-element-bac9079 elementor-hidden-tablet elementor-hidden-mobile\" data-id=\"bac9079\" data-element_type=\"column\" data-e-type=\"column\" data-settings=\"{&quot;background_background&quot;:&quot;classic&quot;}\">\n\t\t\t<div class=\"elementor-widget-wrap elementor-element-populated\">\n\t\t\t\t\t\t<div class=\"elementor-element elementor-element-f2496e0 elementor-widget elementor-widget-image\" data-id=\"f2496e0\" data-element_type=\"widget\" data-e-type=\"widget\" data-widget_type=\"image.default\">\n\t\t\t\t<div class=\"elementor-widget-container\">\n\t\t\t\t\t\t\t\t\t\t\t\t\t\t\t<img fetchpriority=\"high\" decoding=\"async\" width=\"815\" height=\"492\" src=\"https:\/\/carboniaturismo.it\/wp-content\/uploads\/2025\/12\/Necropoli-di-Montessu-patrimonio-UNESCO-lr.jpg\" class=\"attachment-large size-large wp-image-14210\" alt=\"\" srcset=\"https:\/\/carboniaturismo.it\/wp-content\/uploads\/2025\/12\/Necropoli-di-Montessu-patrimonio-UNESCO-lr.jpg 815w, https:\/\/carboniaturismo.it\/wp-content\/uploads\/2025\/12\/Necropoli-di-Montessu-patrimonio-UNESCO-lr-768x464.jpg 768w\" sizes=\"(max-width: 815px) 100vw, 815px\" \/>\t\t\t\t\t\t\t\t\t\t\t\t\t\t\t<\/div>\n\t\t\t\t<\/div>\n\t\t\t\t\t<\/div>\n\t\t<\/div>\n\t\t\t\t\t<\/div>\n\t\t<\/section>\n\t\t\t\t<\/div>\n\t\t","protected":false},"excerpt":{"rendered":"<p>Wo befindet sich die Nekropole von Montessu und was macht sie besonders? Montessu liegt im Sulcis, im Gebiet von Villaperuccio, wenige Kilometer von Carbonia entfernt. Sie ist eine der gr\u00f6\u00dften [&hellip;]<\/p>\n","protected":false},"author":1,"featured_media":0,"parent":2486,"menu_order":0,"comment_status":"closed","ping_status":"closed","template":"","meta":{"rs_blank_template":"","rs_page_bg_color":"","slide_template_v7":"","footnotes":""},"class_list":["post-14797","page","type-page","status-publish","hentry"],"_links":{"self":[{"href":"https:\/\/carboniaturismo.it\/de\/wp-json\/wp\/v2\/pages\/14797","targetHints":{"allow":["GET"]}}],"collection":[{"href":"https:\/\/carboniaturismo.it\/de\/wp-json\/wp\/v2\/pages"}],"about":[{"href":"https:\/\/carboniaturismo.it\/de\/wp-json\/wp\/v2\/types\/page"}],"author":[{"embeddable":true,"href":"https:\/\/carboniaturismo.it\/de\/wp-json\/wp\/v2\/users\/1"}],"replies":[{"embeddable":true,"href":"https:\/\/carboniaturismo.it\/de\/wp-json\/wp\/v2\/comments?post=14797"}],"version-history":[{"count":5,"href":"https:\/\/carboniaturismo.it\/de\/wp-json\/wp\/v2\/pages\/14797\/revisions"}],"predecessor-version":[{"id":14803,"href":"https:\/\/carboniaturismo.it\/de\/wp-json\/wp\/v2\/pages\/14797\/revisions\/14803"}],"up":[{"embeddable":true,"href":"https:\/\/carboniaturismo.it\/de\/wp-json\/wp\/v2\/pages\/2486"}],"wp:attachment":[{"href":"https:\/\/carboniaturismo.it\/de\/wp-json\/wp\/v2\/media?parent=14797"}],"curies":[{"name":"wp","href":"https:\/\/api.w.org\/{rel}","templated":true}]}}